{"id":30538,"date":"2023-02-06T18:27:21","date_gmt":"2023-02-06T17:27:21","guid":{"rendered":"https:\/\/car4rent.fr\/luxury-car-rental\/bmw-x6-x-drive-m40-diesel\/"},"modified":"2024-10-06T11:52:02","modified_gmt":"2024-10-06T09:52:02","slug":"louer-une-bmw-x6","status":"publish","type":"product","link":"https:\/\/car4rent.fr\/fr\/luxury-car-rental\/louer-une-bmw-x6\/","title":{"rendered":"Louer une BMW X6"},"content":{"rendered":"<h2>Louer une BMW X6<\/h2>\n<p>Louer une BMW X6 dans le <strong><span style=\"color: #800080;\">Sud de la France <\/span><\/strong>ne pourrait pas \u00eatre plus facile. Car4rent propose une large gamme de voitures de luxe \u00e0 louer, dont certaines des marques les plus prestigieuses telles que <a href=\"https:\/\/car4rent.fr\/fr\/louer-une-ferrari\/\"><strong>Ferrari<\/strong><\/a>,\n            <a href=\"https:\/\/car4rent.fr\/fr\/louer-une-lamborghini\/\"><strong>Lamborghini<\/strong><\/a>,\n            <a href=\"https:\/\/car4rent.fr\/fr\/louer-une-porsche\/\"><strong>Porsche<\/strong><\/a>,\n            <a href=\"https:\/\/car4rent.fr\/fr\/louer-un-land-rover\/\"><strong>Land Rover<\/strong><\/a>,\n            <a href=\"https:\/\/car4rent.fr\/fr\/louer-une-mercedes\/\"><strong>Mercedes AMG<\/strong><\/a>,\n            <a href=\"https:\/\/car4rent.fr\/fr\/louer-une-bentley\/\"><strong>Bentley<\/strong><\/a>,\n            <a href=\"https:\/\/car4rent.fr\/fr\/louer-une-rolls-royce\/\"><strong>Rolls-Royce<\/strong><\/a>, et\n            <a href=\"https:\/\/car4rent.fr\/fr\/louer-une-audi\/\"><strong>Audi<\/strong><\/a>.. Notre BMW X6 X-Drive M40 Diesel est l&rsquo;une des voitures les plus dynamiques et les plus polyvalentes disponibles \u00e0 la location. \u00c9quip\u00e9 d&rsquo;un puissant et athl\u00e9tique moteur diesel de 340 ch, le SUV offre un design unique, con\u00e7u pour se d\u00e9marquer de la foule.<\/p>\n<h2>Le concept du SUV Coup\u00e9<\/h2>\n<p>En inventant le concept de SUV coup\u00e9, le BMW X6 a provoqu\u00e9 un v\u00e9ritable ph\u00e9nom\u00e8ne de mode. Avec un design dynamique et \u00e9l\u00e9gant, le mod\u00e8le affiche une ligne sportive, avec un pavillon fuyant. De quoi faire impression, sans para\u00eetre ostentatoire, le SUV offre un design attrayant et dispose aussi de r\u00e9els atouts. Envie d&rsquo;un week-end au bord de la mer ou \u00e0 la montagne en famille ou entre amis ? Choisissiez la BMW X6 en tant que voiture de location, vous ne serez pas d\u00e9\u00e7u.<\/p>\n<p>Comme toujours, la marque premium allemande vise \u00e0 offrir une exp\u00e9rience de conduite des plus agr\u00e9ables en combinant des performances routi\u00e8res exceptionnelles avec un environnement de la plus haute qualit\u00e9 pour une conduite exaltante.<\/p>\n<p><img loading=\"lazy\" decoding=\"async\" class=\"alignnone wp-image-40596\" src=\"https:\/\/car4rent.fr\/wp-content\/uploads\/\/BMW-X6-Car4Rent-image00007-scaled-1-300x225.jpg\" alt=\"Louer une BMW X6\" width=\"277\" height=\"208\" title=\"Car4Rent Cannes\" srcset=\"https:\/\/car4rent.fr\/wp-content\/uploads\/BMW-X6-Car4Rent-image00007-scaled-1-300x225.jpg 300w, https:\/\/car4rent.fr\/wp-content\/uploads\/BMW-X6-Car4Rent-image00007-scaled-1-768x576.jpg 768w, https:\/\/car4rent.fr\/wp-content\/uploads\/BMW-X6-Car4Rent-image00007-scaled-1-705x529.jpg 705w, https:\/\/car4rent.fr\/wp-content\/uploads\/BMW-X6-Car4Rent-image00007-scaled-1-450x338.jpg 450w, https:\/\/car4rent.fr\/wp-content\/uploads\/BMW-X6-Car4Rent-image00007-scaled-1.jpg 1024w\" sizes=\"auto, (max-width: 277px) 100vw, 277px\" \/><img loading=\"lazy\" decoding=\"async\" class=\"alignnone wp-image-40584\" src=\"https:\/\/car4rent.fr\/wp-content\/uploads\/\/BMW-X6-Car4Rent-image00006-scaled-1-300x225.jpg\" alt=\"Location de BMW X6\" width=\"277\" height=\"208\" title=\"Car4Rent Cannes\" srcset=\"https:\/\/car4rent.fr\/wp-content\/uploads\/BMW-X6-Car4Rent-image00006-scaled-1-300x225.jpg 300w, https:\/\/car4rent.fr\/wp-content\/uploads\/BMW-X6-Car4Rent-image00006-scaled-1-768x576.jpg 768w, https:\/\/car4rent.fr\/wp-content\/uploads\/BMW-X6-Car4Rent-image00006-scaled-1-705x529.jpg 705w, https:\/\/car4rent.fr\/wp-content\/uploads\/BMW-X6-Car4Rent-image00006-scaled-1-450x338.jpg 450w, https:\/\/car4rent.fr\/wp-content\/uploads\/BMW-X6-Car4Rent-image00006-scaled-1.jpg 1024w\" sizes=\"auto, (max-width: 277px) 100vw, 277px\" \/><img loading=\"lazy\" decoding=\"async\" class=\"alignnone wp-image-40586\" src=\"https:\/\/car4rent.fr\/wp-content\/uploads\/\/BMW-X6-Car4Rent-image00005-scaled-1-300x225.jpg\" alt=\"Location de BMW X6\" width=\"277\" height=\"208\" title=\"Car4Rent Cannes\" srcset=\"https:\/\/car4rent.fr\/wp-content\/uploads\/BMW-X6-Car4Rent-image00005-scaled-1-300x225.jpg 300w, https:\/\/car4rent.fr\/wp-content\/uploads\/BMW-X6-Car4Rent-image00005-scaled-1-768x576.jpg 768w, https:\/\/car4rent.fr\/wp-content\/uploads\/BMW-X6-Car4Rent-image00005-scaled-1-705x529.jpg 705w, https:\/\/car4rent.fr\/wp-content\/uploads\/BMW-X6-Car4Rent-image00005-scaled-1-450x338.jpg 450w, https:\/\/car4rent.fr\/wp-content\/uploads\/BMW-X6-Car4Rent-image00005-scaled-1.jpg 1024w\" sizes=\"auto, (max-width: 277px) 100vw, 277px\" \/><img loading=\"lazy\" decoding=\"async\" class=\"alignnone wp-image-40588\" src=\"https:\/\/car4rent.fr\/wp-content\/uploads\/\/BMW-X6-Car4Rent-image00002-scaled-1-300x225.jpg\" alt=\"Loue une BMW X6\" width=\"277\" height=\"208\" title=\"Car4Rent Cannes\" srcset=\"https:\/\/car4rent.fr\/wp-content\/uploads\/BMW-X6-Car4Rent-image00002-scaled-1-300x225.jpg 300w, https:\/\/car4rent.fr\/wp-content\/uploads\/BMW-X6-Car4Rent-image00002-scaled-1-768x576.jpg 768w, https:\/\/car4rent.fr\/wp-content\/uploads\/BMW-X6-Car4Rent-image00002-scaled-1-705x529.jpg 705w, https:\/\/car4rent.fr\/wp-content\/uploads\/BMW-X6-Car4Rent-image00002-scaled-1-450x338.jpg 450w, https:\/\/car4rent.fr\/wp-content\/uploads\/BMW-X6-Car4Rent-image00002-scaled-1.jpg 1024w\" sizes=\"auto, (max-width: 277px) 100vw, 277px\" \/><img loading=\"lazy\" decoding=\"async\" class=\"alignnone wp-image-40590\" src=\"https:\/\/car4rent.fr\/wp-content\/uploads\/\/BMW-X6-Car4Rent-image00001-scaled-1-300x225.jpg\" alt=\"Loue une BMW\" width=\"277\" height=\"208\" title=\"Car4Rent Cannes\" srcset=\"https:\/\/car4rent.fr\/wp-content\/uploads\/BMW-X6-Car4Rent-image00001-scaled-1-300x225.jpg 300w, https:\/\/car4rent.fr\/wp-content\/uploads\/BMW-X6-Car4Rent-image00001-scaled-1-768x576.jpg 768w, https:\/\/car4rent.fr\/wp-content\/uploads\/BMW-X6-Car4Rent-image00001-scaled-1-705x529.jpg 705w, https:\/\/car4rent.fr\/wp-content\/uploads\/BMW-X6-Car4Rent-image00001-scaled-1-450x338.jpg 450w, https:\/\/car4rent.fr\/wp-content\/uploads\/BMW-X6-Car4Rent-image00001-scaled-1.jpg 1024w\" sizes=\"auto, (max-width: 277px) 100vw, 277px\" \/><img loading=\"lazy\" decoding=\"async\" class=\"alignnone wp-image-33235 \" src=\"https:\/\/car4rent.fr\/wp-content\/uploads\/BMW-X6-Car4Rent-image00004-scaled.jpg\" alt=\"Location de BMW\" width=\"277\" height=\"208\" title=\"Car4Rent Cannes\" srcset=\"https:\/\/car4rent.fr\/wp-content\/uploads\/BMW-X6-Car4Rent-image00004-scaled.jpg 2560w, https:\/\/car4rent.fr\/wp-content\/uploads\/BMW-X6-Car4Rent-image00004-300x225.jpg 300w, https:\/\/car4rent.fr\/wp-content\/uploads\/BMW-X6-Car4Rent-image00004-1030x773.jpg 1030w, https:\/\/car4rent.fr\/wp-content\/uploads\/BMW-X6-Car4Rent-image00004-768x576.jpg 768w, https:\/\/car4rent.fr\/wp-content\/uploads\/BMW-X6-Car4Rent-image00004-1536x1152.jpg 1536w, https:\/\/car4rent.fr\/wp-content\/uploads\/BMW-X6-Car4Rent-image00004-2048x1536.jpg 2048w, https:\/\/car4rent.fr\/wp-content\/uploads\/BMW-X6-Car4Rent-image00004-1500x1125.jpg 1500w, https:\/\/car4rent.fr\/wp-content\/uploads\/BMW-X6-Car4Rent-image00004-705x529.jpg 705w, https:\/\/car4rent.fr\/wp-content\/uploads\/BMW-X6-Car4Rent-image00004-450x338.jpg 450w\" sizes=\"auto, (max-width: 277px) 100vw, 277px\" \/><br \/>\nEn louant une BMW X6, vous appr\u00e9cierez sa silhouette unique, imm\u00e9diatement reconnaissable avec son toit de style coup\u00e9 pos\u00e9 sur une carrosserie puissante et masculine. Avec un look et une sensation d&rsquo;\u00e9lite, c&rsquo;est le choix parfait pour louer une voiture en France pour un voyage d&rsquo;affaires, un week-end, ou m\u00eame pour une utilisation quotidienne \u00e0 long terme.<\/p>\n<p>Quelle que soit l&rsquo;occasion, Car4rent a la voiture de luxe ou la supercar de location qu&rsquo;il vous faut.<\/p>\n<h3 class=\"LC20lb MBeuO DKV0Md\">Les plus beaux endroits du Sud de la France<\/h3>\n<p>La France a beaucoup \u00e0 offrir et particuli\u00e8rement la r\u00e9gion Provence Alpes C\u00f4te d\u2019Azur (PACA). En ces temps de crise. Vous avez besoin d\u00e9vasion et de d\u00e9tente, de soleil et de farniente, ne cherchez pas pus loin, vous avez trouv\u00e9.<\/p>\n<h3>Bienvenue sur la C\u00f4te d&rsquo;Azur<\/h3>\n<p>La C\u00f4te d&rsquo;Azur regorge des joyaux souvent m\u00e9connus. Sans devoir chercher trop loin, ils sont \u00e0 votre port\u00e9e. Vous partirez \u00e0 la d\u00e9couverte de panoramas magnifiques en parcourant des routes sinueuses o\u00f9 vous profiterez pleinement de la puissance d&rsquo;un v\u00e9hicule au caract\u00e8re sportif comme le X6.<\/p>\n<h4 id=\"verdon\">Un lieu incroyable en France : Les Gorges du Verdon<\/h4>\n<p>Partez \u00e0 la d\u00e9couverte de l&rsquo;un des plus beaux canyons au monde! Profitez-en pour vous baigner dans les eaux turquoises de la Provence. Il y a peu de lieux comparables dans le monde, et il s&rsquo;agit du canyon le plus grand d&rsquo;Europe. Il y fait chaud une grande partie de l\u2019ann\u00e9e et vous pourrez nager dans une eau plut\u00f4t fra\u00eeche en \u00e9t\u00e9. Aucune interdiction cot\u00e9 lacs et les rives sont si vastes que l\u2019on ne se marche pas dessus.<\/p>\n<h3>Agences \u00e0 l\u2019a\u00e9roport de Nice, Cannes, Monaco et Saint-Tropez<\/h3>\n<p>Nous proposons \u00e0 la location des voitures de sport et de luxe, mais \u00e9galement une large gamme de SUV et de cabriolets. D\u00e9couvrez nos voitures de r\u00eave.<\/p>\n<h3>Un service sur mesure<\/h3>\n<p>Une \u00e9quipe d\u00e9vou\u00e9e et attentive se tient \u00e0 votre disposition pour vous fournir toute information ou r\u00e9pondre \u00e0 vos demandes. Votre voiture peut \u00eatre livr\u00e9e sur demande directement \u00e0 votre arriv\u00e9e \u00e0 l&rsquo;a\u00e9roport de Nice, sur votre lieu de vill\u00e9giature, \u00e0 votre h\u00f4tel ou n&rsquo;importe o\u00f9 en France \u00e0 la destination de votre choix. Les membres de notre \u00e9quipe sont toujours pr\u00eats \u00e0 r\u00e9pondre \u00e0 vos demandes et nous nous effor\u00e7ons de satisfaire tous les besoins et toutes les exigences sp\u00e9cifiques.<\/p>\n<h4>Location de voitures de luxe et de sport<\/h4>\n<p>Vous ne trouvez pas le X6 \u00e0 votre go\u00fbt, nous disposons de nombreux mod\u00e8les de sport et de luxe disponibles \u00e0 la location, tels que Ferrari, Lamborghini, Porsche, Land Rover, Mercedes AMG, Bentley, Rolls-Royce et autres Audi et BMW. Toutes ces marques sont synonymes de puissance, de performance, d&rsquo;agilit\u00e9 et de s\u00e9curit\u00e9, en un mot d&rsquo;excellence.<\/p>\n<h6>Location Land Rover Range Rover<\/h6>\n<p>Si vous n&rsquo;\u00eates pas BMW et pr\u00e9f\u00e9rez le classicisme de la marque anglaise Land Rover, nous pouvons vous proposer \u00e0 la location le denier Land Rover dans sa version la plus luxueuse, l&rsquo;Autobiography en version P440e Hybride, mais \u00e9galement le dernier Range Rover Sport, en version hybride.<\/p>\n<h2><img loading=\"lazy\" decoding=\"async\" class=\"alignnone wp-image-28789 \" src=\"https:\/\/car4rent.fr\/wp-content\/uploads\/csspartners_10.png\" alt=\"louer une bmw, The image displays a BMW logo, which is a circle divided into four quadrants with alternating colors of white and blue.\" width=\"34\" height=\"34\" title=\"Car4Rent Cannes\" srcset=\"https:\/\/car4rent.fr\/wp-content\/uploads\/\/csspartners_10.png 50w, https:\/\/car4rent.fr\/wp-content\/uploads\/\/csspartners_10-36x36.png 36w\" sizes=\"auto, (max-width: 34px) 100vw, 34px\" \/> A la recherche d&rsquo;une location de BMW X6 avec Car4rent<\/h2>\n<p>N&rsquo;h\u00e9sitez pas \u00e0 prendre <strong><span style=\"color: #800080;\"><a style=\"color: #800080;\" href=\"https:\/\/car4rent.fr\/fr\/contact\/\" target=\"_blank\" rel=\"noopener\">contact<\/a><\/span><\/strong>\u00a0avec notre \u00e9quipe pour obtenir toute information ou demande particuli\u00e8re.<\/p>\n","protected":false},"excerpt":{"rendered":"<p>Louer une BMW X6 dans le sud de la France n&rsquo;a jamais \u00e9t\u00e9 aussi facile. Car4rent est le sp\u00e9cialiste de la location de BMW X6 \u00e0 Cannes et propose une large gamme de voitures de luxe des marques les plus prestigieuses.<\/p>\n","protected":false},"featured_media":33710,"comment_status":"open","ping_status":"closed","template":"","meta":{"_acf_changed":false},"product_brand":[],"product_cat":[5400,5414],"product_tag":[],"class_list":{"0":"post-30538","1":"product","2":"type-product","3":"status-publish","4":"has-post-thumbnail","6":"product_cat-bmw-fr","7":"product_cat-suv-sport-utility-vehicle","9":"first","10":"instock","11":"shipping-taxable","12":"purchasable","13":"product-type-variable","14":"has-default-attributes"},"acf":[],"_links":{"self":[{"href":"https:\/\/car4rent.fr\/fr\/wp-json\/wp\/v2\/product\/30538","targetHints":{"allow":["GET"]}}],"collection":[{"href":"https:\/\/car4rent.fr\/fr\/wp-json\/wp\/v2\/product"}],"about":[{"href":"https:\/\/car4rent.fr\/fr\/wp-json\/wp\/v2\/types\/product"}],"replies":[{"embeddable":true,"href":"https:\/\/car4rent.fr\/fr\/wp-json\/wp\/v2\/comments?post=30538"}],"wp:featuredmedia":[{"embeddable":true,"href":"https:\/\/car4rent.fr\/fr\/wp-json\/wp\/v2\/media\/33710"}],"wp:attachment":[{"href":"https:\/\/car4rent.fr\/fr\/wp-json\/wp\/v2\/media?parent=30538"}],"wp:term":[{"taxonomy":"product_brand","embeddable":true,"href":"https:\/\/car4rent.fr\/fr\/wp-json\/wp\/v2\/product_brand?post=30538"},{"taxonomy":"product_cat","embeddable":true,"href":"https:\/\/car4rent.fr\/fr\/wp-json\/wp\/v2\/product_cat?post=30538"},{"taxonomy":"product_tag","embeddable":true,"href":"https:\/\/car4rent.fr\/fr\/wp-json\/wp\/v2\/product_tag?post=30538"}],"curies":[{"name":"wp","href":"https:\/\/api.w.org\/{rel}","templated":true}]}}