{"id":40269,"date":"2024-04-14T11:23:05","date_gmt":"2024-04-14T09:23:05","guid":{"rendered":"https:\/\/car4rent.fr\/mini-rental\/"},"modified":"2025-05-30T18:31:54","modified_gmt":"2025-05-30T16:31:54","slug":"location-mini-cabrio","status":"publish","type":"page","link":"https:\/\/car4rent.fr\/fr\/location-mini-cabrio\/","title":{"rendered":"Location Mini Cabrio"},"content":{"rendered":"\n<style type=\"text\/css\" data-created_by=\"avia_inline_auto\" id=\"style-css-av-6huhukm-781d606fa95f7eff2e28f8adfdc1dcb2\">\n.avia-section.av-6huhukm-781d606fa95f7eff2e28f8adfdc1dcb2 .av-parallax .av-parallax-inner{\nbackground-repeat:no-repeat;\nbackground-image:url(https:\/\/car4rent.fr\/wp-content\/uploads\/mini-rental.jpg);\nbackground-position:50% 50%;\nbackground-attachment:scroll;\n}\n<\/style>\n<div id='av_section_1'  class='avia-section av-6huhukm-781d606fa95f7eff2e28f8adfdc1dcb2 main_color avia-section-huge avia-no-border-styling  avia-builder-el-0  el_before_av_section  avia-builder-el-first  avia-full-stretch av-parallax-section avia-bg-style-parallax av-minimum-height av-minimum-height-custom av-height-custom  container_wrap fullsize'  data-section-bg-repeat='stretch' data-av_minimum_height_px='350'><div class='av-parallax' data-avia-parallax-ratio='0.3' ><div class='av-parallax-inner main_color avia-full-stretch'><\/div><\/div><div class=\"av-section-color-overlay-wrap\"><a href='#next-section' title='' class='scroll-down-link  avia-svg-icon avia-font-svg_entypo-fontello' data-av_svg_icon='down-open-mini' data-av_iconset='svg_entypo-fontello'><svg version=\"1.1\" xmlns=\"http:\/\/www.w3.org\/2000\/svg\" width=\"15\" height=\"32\" viewBox=\"0 0 15 32\" preserveAspectRatio=\"xMidYMid meet\" aria-labelledby='av-svg-title-1' aria-describedby='av-svg-desc-1' role=\"graphics-symbol\" aria-hidden=\"true\">\n<title id='av-svg-title-1'>Scroller vers la prochaine section<\/title>\n<desc id='av-svg-desc-1'>Scroller vers la prochaine section<\/desc>\n<path d=\"M12.96 12.16q0.704-0.832 1.536 0 0.832 0.704 0 1.536l-6.272 6.144q-0.704 0.704-1.536 0l-6.272-6.144q-0.832-0.832 0-1.536 0.768-0.768 1.6 0l5.44 4.992z\"><\/path>\n<\/svg><\/a><div class='container av-section-cont-open' style='height:350px'><main  class='template-page content  av-content-full alpha units'><div class='post-entry post-entry-type-page post-entry-40269'><div class='entry-content-wrapper clearfix'>\n<\/div><\/div><\/main><!-- close content main element --><\/div><\/div><\/div><div id='av_section_2'  class='avia-section av-66fzgyu-688bd81ce824cec947a7bf33360d07a7 main_color avia-section-default avia-no-shadow  avia-builder-el-1  el_after_av_section  el_before_av_section  avia-bg-style-scroll container_wrap fullsize'  ><div class='container av-section-cont-open' ><div class='template-page content  av-content-full alpha units'><div class='post-entry post-entry-type-page post-entry-40269'><div class='entry-content-wrapper clearfix'>\n\n<style type=\"text\/css\" data-created_by=\"avia_inline_auto\" id=\"style-css-av-luz7kjoq-96f963c4b2720d6063599b3d7bfb4dd7\">\n#top .av-special-heading.av-luz7kjoq-96f963c4b2720d6063599b3d7bfb4dd7{\npadding-bottom:10px;\nfont-size:35px;\n}\nbody .av-special-heading.av-luz7kjoq-96f963c4b2720d6063599b3d7bfb4dd7 .av-special-heading-tag .heading-char{\nfont-size:25px;\n}\n#top #wrap_all .av-special-heading.av-luz7kjoq-96f963c4b2720d6063599b3d7bfb4dd7 .av-special-heading-tag{\nfont-size:35px;\n}\n.av-special-heading.av-luz7kjoq-96f963c4b2720d6063599b3d7bfb4dd7 .av-subheading{\nfont-size:15px;\n}\n\n@media only screen and (min-width: 480px) and (max-width: 767px){ \n#top #wrap_all .av-special-heading.av-luz7kjoq-96f963c4b2720d6063599b3d7bfb4dd7 .av-special-heading-tag{\nfont-size:0.8em;\n}\n}\n\n@media only screen and (max-width: 479px){ \n#top #wrap_all .av-special-heading.av-luz7kjoq-96f963c4b2720d6063599b3d7bfb4dd7 .av-special-heading-tag{\nfont-size:0.8em;\n}\n}\n<\/style>\n<div  class='av-special-heading av-luz7kjoq-96f963c4b2720d6063599b3d7bfb4dd7 av-special-heading-h2 blockquote modern-quote modern-centered  avia-builder-el-2  el_before_av_hr  avia-builder-el-first  av-inherit-size'><h2 class='av-special-heading-tag '  >Location MiNi Cabrio sur la C\u00f4te d\u2019Azur<\/h2><div class=\"special-heading-border\"><div class=\"special-heading-inner-border\"><\/div><\/div><\/div>\n<div  class='hr av-5sooyti-bfd728fd6cf67da9eb18bf056b10aa47 hr-default  avia-builder-el-3  el_after_av_heading  el_before_av_textblock '><span class='hr-inner '><span class=\"hr-inner-style\"><\/span><\/span><\/div>\n<section  class='av_textblock_section av-luz7rf7o-58dbcf423e7f666353c6f6c0b9fc426b '  ><div class='avia_textblock' ><section id=\"block0\" class=\"stripe row-content block0 fullwidth\">\n<div class=\"column small-five small-push-one reset last\">\n<div class=\"boxcontent\">\n<h2>Offrez-vous une escapade de r\u00eave avec une location MiNi Cabrio sur la C\u00f4te d&rsquo;Azur<\/h2>\n<p>Explorez la \u00ab\u00a0French Riviera\u00a0\u00bb les cheveux au vent avec style et en toute libert\u00e9. Admirez la beaut\u00e9 enchanteresse de la <a href=\"https:\/\/generationvoyage.fr\/visiter-cote-azur-faire-voir\/\" target=\"_blank\" rel=\"noopener\">C\u00f4te d&rsquo;Azur<\/a> avec nos services de location de voitures exclusives.<\/p>\n<p>Lorsque vous planifiez votre d\u00e9placement, vous pouvez choisir l&rsquo;option autoroute ou mieux choisir l&rsquo;option routes d\u00e9partementales, dont les routes c\u00f4ti\u00e8res traversant de petits villages pittoresques. Vous pouvez \u00e9galement vous lancer dans une aventure culinaire. La r\u00e9gion s&rsquo;y pr\u00eate bien.<\/p>\n<p>Notre flotte de voitures compactes offre la combinaison parfaite de style, de confort et de commodit\u00e9 pour votre voyage sur la C\u00f4te d&rsquo;Azur.<\/p>\n<p><img loading=\"lazy\" decoding=\"async\" class=\"alignnone size-full wp-image-29986\" src=\"https:\/\/car4rent.fr\/wp-content\/uploads\/rent-mini-convertible.png\" alt=\"location mini cabrio, Location Mini Cabrio, Louer une Mini, Rent Mini Convertible\" width=\"320\" height=\"220\" title=\"Car4Rent Cannes\" srcset=\"https:\/\/car4rent.fr\/wp-content\/uploads\/\/rent-mini-convertible.png 320w, https:\/\/car4rent.fr\/wp-content\/uploads\/\/rent-mini-convertible-300x206.png 300w\" sizes=\"auto, (max-width: 320px) 100vw, 320px\" \/><\/p>\n<p><span style=\"font-size: 14pt;\">Exploration sans effort<\/span><\/p>\n<p>Parcourez facilement les routes c\u00f4ti\u00e8res sinueuses et les paysages pittoresques de l&rsquo;<a href=\"https:\/\/generationvoyage.fr\/visiter-arriere-pays-nicois-faire-voir\/\" target=\"_blank\" rel=\"noopener\">arri\u00e8re pays<\/a> ni\u00e7ois avec une \u00e9l\u00e9gante Mini de location. Con\u00e7ues et appr\u00e9ci\u00e9es pour leur maniabilit\u00e9 et leur agilit\u00e9, ces petits cabriolets compacts sont parfaitement adapt\u00e9s pour explorer les joyaux cach\u00e9s de la r\u00e9gion, les stations baln\u00e9aires glamour et les villages perch\u00e9s. Dites adieu aux probl\u00e8mes de stationnement et bonjour \u00e0 une exploration fluide avec une locations MiNi Cabrio.<\/p>\n<p><span style=\"font-size: 14pt;\">Confort appr\u00e9ci\u00e9<\/span><\/p>\n<p>Louer une Mini Cabrio chez Car4rent, c&rsquo;est l&rsquo;assurance de disposer d&rsquo;une voiture r\u00e9cente et parfaitement entretenue.<\/p>\n<p>Plongez dans un rembourrage moelleux, profitez d&rsquo;un grand espace pour vos jambes et restez connect\u00e9 gr\u00e2ce aux \u00e9quipements connect\u00e9s pendant votre d\u00e9placement le long du bord de mer ensoleill\u00e9. Que vous vous lanciez dans une aventure en solo ou que vous voyagiez avec votre compagne ouy compagnon, nos Mini offrent une conduite styl\u00e9e et \u00e9l\u00e9gante pour chaque voyage.<\/p>\n<p><span style=\"font-size: 14pt;\">R\u00e9servation pratique<\/span><\/p>\n<p>Effectuez votre r\u00e9servation en toute simplicit\u00e9 en prenant contact soit par mail soit par t\u00e9l\u00e9phone avec l&rsquo;un des membres de notre \u00e9quipe. Avec plusieurs points de prise en charge et de restitution, \u00e0 <a href=\"https:\/\/generationvoyage.fr\/visiter-cannes-faire-voir\/\" target=\"_blank\" rel=\"noopener\">Cannes<\/a>, Monaco ou \u00e0 l&rsquo;a\u00e9roport de Nice. Sur demande, votre v\u00e9hicule peut vous \u00eatre livr\u00e9 \u00e0 la destination de votre choix partout en France et dans le nord de l&rsquo;Italie, pour commencer votre aventure sans tarder, et sans tracas.<\/p>\n<h5><span style=\"font-size: 14pt;\">Service personnalis\u00e9<\/span><\/h5>\n<p>Chez Car4rent, l&rsquo;accent est mis sur la personnalisation du service et l&rsquo;accueil cliennt est notre priorit\u00e9. Notre \u00e9quipe d\u00e9vou\u00e9e s&rsquo;engage \u00e0 vous offrir une exp\u00e9rience de location inoubliable et sans stress, de l&rsquo;aide dans ke choix de votre v\u00e9hicule, ainsi que d&rsquo;\u00e9ventuelles recommandations locales.<\/p>\n<p>Que vous planifiiez une excursion d&rsquo;une journ\u00e9e \u00e0 Monaco ou une escapade le long de la corniche de l&rsquo;Est\u00e9rel offrant des paysages \u00e0 couper le soiuffle, nous sommes l\u00e0 pour garantir que chaque aspect de votre voyage d\u00e9passe vos attentes.<\/p>\n<p>Embarquez pour un voyage inoubliable le long des c\u00f4tes ensoleill\u00e9es de la C\u00f4te d&rsquo;Azur au volant d&rsquo;un Mini Cabriolet.<\/p>\n<p><img loading=\"lazy\" decoding=\"async\" class=\"wp-image-41167 size-full aligncenter\" src=\"https:\/\/car4rent.fr\/wp-content\/uploads\/white-collection-car4rent-cannes-1-3-scaled.jpg\" alt=\"Luxury car hire for movie, premium vehicle rental, luxury car rental at Car4rent, White-collection-Car4rent-Cannes\" width=\"1024\" height=\"283\" title=\"Car4Rent Cannes\" srcset=\"https:\/\/car4rent.fr\/wp-content\/uploads\/white-collection-car4rent-cannes-1-3-scaled.jpg 1024w, https:\/\/car4rent.fr\/wp-content\/uploads\/white-collection-car4rent-cannes-1-3-scaled-300x83.jpg 300w, https:\/\/car4rent.fr\/wp-content\/uploads\/white-collection-car4rent-cannes-1-3-scaled-768x212.jpg 768w, https:\/\/car4rent.fr\/wp-content\/uploads\/white-collection-car4rent-cannes-1-3-scaled-705x195.jpg 705w, https:\/\/car4rent.fr\/wp-content\/uploads\/white-collection-car4rent-cannes-1-3-scaled-450x124.jpg 450w\" sizes=\"auto, (max-width: 1024px) 100vw, 1024px\" \/><\/p>\n<h3><span style=\"font-size: 14pt;\">Location de voitures de sport de luxe<\/span><\/h3>\n<p>Que vous ayez envie d&rsquo;aventure, de d\u00e9tente ou d&rsquo;exploration culturelle, nos v\u00e9hicules constituent le moyen id\u00e9al pour d\u00e9couvrir tout ce que la C\u00f4te d&rsquo;Azur a \u00e0 offrir.<\/p>\n<p>Chez Car4rent Cannes, nous sommes sp\u00e9cialis\u00e9s dans la location de voitures de luxe et de sport. Prenez le volant de Ferrari, Lamborghini, Porsche, Land Rover, Mercedes AMG, Bentley, Rolls-Royce et bien d&rsquo;autres, toutes des marques synonymes de puissance, de performance et d&rsquo;agilit\u00e9 dans les virages, en un mot Excellence.<\/p>\n<p>Vous souhaitez louer une MiNi aujourd&rsquo;hui et partir \u00e0 l&rsquo;aventure. Une escapade de r\u00eave vous attend. N&rsquo;h\u00e9sitez pas \u00e0 prendre <a href=\"https:\/\/car4rent.fr\/fr\/contact\/\" target=\"_blank\" rel=\"noopener\">contact<\/a> un membre de notre \u00e9quipe pour toute information ou demande particuli\u00e8re.<\/p>\n<\/div>\n<\/div>\n<\/section>\n<section id=\"block1\" class=\"stripe row-content block1 fullwidth\">\n<\/section>\n<\/div><\/section>\n\n<style type=\"text\/css\" data-created_by=\"avia_inline_auto\" id=\"style-css-av-5h6q9wm-fb8e0eacc9994a2099471936a94b62f1\">\n.flex_column.av-5h6q9wm-fb8e0eacc9994a2099471936a94b62f1{\nborder-radius:0px 0px 0px 0px;\npadding:0px 0px 0px 0px;\n}\n<\/style>\n<div  class='flex_column av-5h6q9wm-fb8e0eacc9994a2099471936a94b62f1 av_one_third  avia-builder-el-5  el_after_av_textblock  el_before_av_one_third  first flex_column_div av-zero-column-padding  column-top-margin'     ><style type=\"text\/css\" data-created_by=\"avia_inline_auto\" id=\"style-css-av-luz8j487-b9e16fafc3780e2b079df37d94452751\">\n.iconbox.av-luz8j487-b9e16fafc3780e2b079df37d94452751 .iconbox_icon{\nbackground-color:#6834bd;\n}\n<\/style>\n<article  class='iconbox iconbox_top av-luz8j487-b9e16fafc3780e2b079df37d94452751  avia-builder-el-6  avia-builder-el-no-sibling  main_color' ><div class=\"iconbox_content\"><header class=\"entry-content-header\" aria-label=\"Ic\u00f4ne : \"><div class='iconbox_icon heading-color avia-iconfont avia-font-entypo-fontello' data-av_icon='\ue82a' data-av_iconfont='entypo-fontello'  ><\/div><\/header><div class='iconbox_content_container ' ><p><span style=\"font-size: 14pt;\">Louer une MiNi Cabrio sur la C\u00f4te d&rsquo;Azur<\/span><\/p>\n<hr \/>\n<p>Nous proposons \u00e0 la location des voitures de luxe et de sport, mais \u00e9galement une large gamme de SUV et de cabriolets. D\u00e9couvrez nos voitures de r\u00eave.<\/p>\n<p>Prix \u00e0 partir de 260\u20ac \/ jour.<\/p>\n<\/div><\/div><footer class=\"entry-footer\"><\/footer><\/article><\/div>\n<style type=\"text\/css\" data-created_by=\"avia_inline_auto\" id=\"style-css-av-4nv4qcm-cb5bb4f4a4c6cc0d549915ce044b9dd5\">\n.flex_column.av-4nv4qcm-cb5bb4f4a4c6cc0d549915ce044b9dd5{\nborder-radius:0px 0px 0px 0px;\npadding:0px 0px 0px 0px;\n}\n<\/style>\n<div  class='flex_column av-4nv4qcm-cb5bb4f4a4c6cc0d549915ce044b9dd5 av_one_third  avia-builder-el-7  el_after_av_one_third  el_before_av_one_third  flex_column_div av-zero-column-padding  column-top-margin'     ><style type=\"text\/css\" data-created_by=\"avia_inline_auto\" id=\"style-css-av-luz8k00k-dc758cfe6f979352d400773fd88588e6\">\n.iconbox.av-luz8k00k-dc758cfe6f979352d400773fd88588e6 .iconbox_icon{\nbackground-color:#6834bd;\n}\n<\/style>\n<article  class='iconbox iconbox_top av-luz8k00k-dc758cfe6f979352d400773fd88588e6  avia-builder-el-8  avia-builder-el-no-sibling  main_color' ><div class=\"iconbox_content\"><header class=\"entry-content-header\" aria-label=\"Ic\u00f4ne : \"><div class='iconbox_icon heading-color avia-iconfont avia-font-entypo-fontello' data-av_icon='\ue842' data-av_iconfont='entypo-fontello'  ><\/div><\/header><div class='iconbox_content_container ' ><p><span style=\"font-size: 14pt;\">Agences \u00e0 l\u2019a\u00e9roport de Nice, Cannes, Monaco et Saint-Tropez\u00a0<\/span><\/p>\n<hr \/>\n<p>Nous proposons \u00e0 la location des voitures de sport et de luxe, mais \u00e9galement une large gamme de SUV et de cabriolets. D\u00e9couvrez nos voitures de r\u00eave.<\/p>\n<\/div><\/div><footer class=\"entry-footer\"><\/footer><\/article><\/div>\n<style type=\"text\/css\" data-created_by=\"avia_inline_auto\" id=\"style-css-av-4e0vteu-aee7b011e361419bd02ac0555bf936b7\">\n.flex_column.av-4e0vteu-aee7b011e361419bd02ac0555bf936b7{\nborder-radius:0px 0px 0px 0px;\npadding:0px 0px 0px 0px;\n}\n<\/style>\n<div  class='flex_column av-4e0vteu-aee7b011e361419bd02ac0555bf936b7 av_one_third  avia-builder-el-9  el_after_av_one_third  avia-builder-el-last  flex_column_div av-zero-column-padding  column-top-margin'     ><style type=\"text\/css\" data-created_by=\"avia_inline_auto\" id=\"style-css-av-luz8l2sq-fe7b9f9011dedc76b05ff0aaa7999612\">\n.iconbox.av-luz8l2sq-fe7b9f9011dedc76b05ff0aaa7999612 .iconbox_icon{\nbackground-color:#6834bd;\n}\n<\/style>\n<article  class='iconbox iconbox_top av-luz8l2sq-fe7b9f9011dedc76b05ff0aaa7999612  avia-builder-el-10  avia-builder-el-no-sibling  main_color' ><div class=\"iconbox_content\"><header class=\"entry-content-header\" aria-label=\"Ic\u00f4ne : \"><div class='iconbox_icon heading-color avia-iconfont avia-font-entypo-fontello' data-av_icon='\ue80b' data-av_iconfont='entypo-fontello'  ><\/div><\/header><div class='iconbox_content_container ' ><p><span style=\"font-size: 14pt;\">Un service sur mesure<\/span><\/p>\n<hr \/>\n<p>Une \u00e9quipe d\u00e9vou\u00e9e et attentive se tient \u00e0 votre disposition pour vous fournir toute information ou r\u00e9pondre \u00e0 vos demandes. Votre voiture peut \u00eatre livr\u00e9e sur demande directement \u00e0 votre arriv\u00e9e aux a\u00e9roports de Nice, de Grenoble, ou de Lyon Saint-Exup\u00e9ry, ou encore directement sur votre lieu de vill\u00e9giature, \u00e0 votre h\u00f4tel ou n&rsquo;importe o\u00f9 en France \u00e0 la destination de votre choix.<\/p>\n<\/div><\/div><footer class=\"entry-footer\"><\/footer><\/article><\/div><\/div><\/div><\/div><!-- close content main div --><\/div><\/div><div id='contactez-nous'  class='avia-section av-3wmq8hy-e59aef63dbc5d3b6d9295c8b66251aeb main_color avia-section-default avia-no-border-styling  avia-builder-el-11  el_after_av_section  el_before_av_section  avia-bg-style-scroll container_wrap fullsize'  ><div class='container av-section-cont-open' ><div class='template-page content  av-content-full alpha units'><div class='post-entry post-entry-type-page post-entry-40269'><div class='entry-content-wrapper clearfix'>\n<div  class='hr av-3m40eli-17adc6e21642dc786fb8aa3af70c87a0 hr-default  avia-builder-el-12  el_before_av_heading  avia-builder-el-first '><span class='hr-inner '><span class=\"hr-inner-style\"><\/span><\/span><\/div>\n\n<style type=\"text\/css\" data-created_by=\"avia_inline_auto\" id=\"style-css-av-luz8gc5d-338e16e55b75d5cd23ba2facb87467a4\">\n#top .av-special-heading.av-luz8gc5d-338e16e55b75d5cd23ba2facb87467a4{\npadding-bottom:25px;\n}\nbody .av-special-heading.av-luz8gc5d-338e16e55b75d5cd23ba2facb87467a4 .av-special-heading-tag .heading-char{\nfont-size:25px;\n}\n.av-special-heading.av-luz8gc5d-338e16e55b75d5cd23ba2facb87467a4 .av-subheading{\nfont-size:20px;\n}\n<\/style>\n<div  class='av-special-heading av-luz8gc5d-338e16e55b75d5cd23ba2facb87467a4 av-special-heading-h4 blockquote modern-quote modern-centered  avia-builder-el-13  el_after_av_hr  el_before_av_hr '><h4 class='av-special-heading-tag '  >Louer LA MiNi Cabrio ? Besoin d\u2019un conseil ?<\/h4><div class=\"special-heading-border\"><div class=\"special-heading-inner-border\"><\/div><\/div><\/div>\n\n<style type=\"text\/css\" data-created_by=\"avia_inline_auto\" id=\"style-css-av-34tsa9y-d666f4cd2cbb6756f3359f98efc717ae\">\n#top .hr.hr-invisible.av-34tsa9y-d666f4cd2cbb6756f3359f98efc717ae{\nheight:25px;\n}\n<\/style>\n<div  class='hr av-34tsa9y-d666f4cd2cbb6756f3359f98efc717ae hr-invisible  avia-builder-el-14  el_after_av_heading  el_before_av_two_third '><span class='hr-inner '><span class=\"hr-inner-style\"><\/span><\/span><\/div>\n\n<style type=\"text\/css\" data-created_by=\"avia_inline_auto\" id=\"style-css-av-2gk0iva-240b5c6675ae61daff908e2400768dce\">\n.flex_column.av-2gk0iva-240b5c6675ae61daff908e2400768dce{\nborder-radius:0px 0px 0px 0px;\npadding:0px 0px 0px 0px;\n}\n<\/style>\n<div  class='flex_column av-2gk0iva-240b5c6675ae61daff908e2400768dce av_two_third  avia-builder-el-15  el_after_av_hr  el_before_av_one_third  first flex_column_div av-zero-column-padding  '     ><p><section  class='av_textblock_section av-luz81bkp-c5c1afcdf1421823e8d193989b42f95a '  ><div class='avia_textblock' ><p><span style=\"font-size: 14pt;\">Nous contacter \u00e0 l&rsquo;aide du formulaire ci-dessous<\/span><\/p>\n<\/div><\/section><br \/>\n<section  class='av_textblock_section av-22qgkme-ad448b82181a9e6a86abf5b73d162443 '  ><div class='avia_textblock' ><div class=\"wpforms-container wpforms-container-full\" id=\"wpforms-27233\"><form id=\"wpforms-form-27233\" class=\"wpforms-validate wpforms-form\" data-formid=\"27233\" method=\"post\" enctype=\"multipart\/form-data\" action=\"\/fr\/wp-json\/wp\/v2\/pages\/40269\" data-token=\"10d94bb5d601b0fca13a9155a6633d88\" data-token-time=\"1777398944\"><noscript class=\"wpforms-error-noscript\">Veuillez activer JavaScript dans votre navigateur pour remplir ce formulaire.<\/noscript><div class=\"wpforms-field-container\"><div id=\"wpforms-27233-field_5-container\" class=\"wpforms-field wpforms-field-name\" data-field-id=\"5\"><label class=\"wpforms-field-label\">Nom <span class=\"wpforms-required-label\">*<\/span><\/label><div class=\"wpforms-field-row wpforms-field-medium\"><div class=\"wpforms-field-row-block wpforms-first wpforms-one-half\"><input type=\"text\" id=\"wpforms-27233-field_5\" class=\"wpforms-field-name-first wpforms-field-required\" name=\"wpforms[fields][5][first]\" required><label for=\"wpforms-27233-field_5\" class=\"wpforms-field-sublabel after\">First<\/label><\/div><div class=\"wpforms-field-row-block wpforms-one-half\"><input type=\"text\" id=\"wpforms-27233-field_5-last\" class=\"wpforms-field-name-last wpforms-field-required\" name=\"wpforms[fields][5][last]\" required><label for=\"wpforms-27233-field_5-last\" class=\"wpforms-field-sublabel after\">Last<\/label><\/div><\/div><\/div><div id=\"wpforms-27233-field_9-container\" class=\"wpforms-field wpforms-field-layout\" data-field-id=\"9\"><div class=\"wpforms-field-layout-rows wpforms-field-large\"><div class=\"wpforms-layout-row\"><div class=\"wpforms-layout-column wpforms-layout-column-50\"><div id=\"wpforms-27233-field_7-container\" class=\"wpforms-field wpforms-field-email\" data-field-id=\"7\"><label class=\"wpforms-field-label\" for=\"wpforms-27233-field_7\">Courriel <span class=\"wpforms-required-label\">*<\/span><\/label><input type=\"email\" id=\"wpforms-27233-field_7\" class=\"wpforms-field-medium wpforms-field-required\" name=\"wpforms[fields][7]\" spellcheck=\"false\" required><\/div><\/div><div class=\"wpforms-layout-column wpforms-layout-column-50\"><div id=\"wpforms-27233-field_8-container\" class=\"wpforms-field wpforms-field-phone\" data-field-id=\"8\"><label class=\"wpforms-field-label\" for=\"wpforms-27233-field_8\">T\u00e9l\u00e9phone <span class=\"wpforms-required-label\">*<\/span><\/label><input type=\"tel\" id=\"wpforms-27233-field_8\" class=\"wpforms-field-medium wpforms-field-required\" data-rule-int-phone-field=\"true\" name=\"wpforms[fields][8]\" aria-label=\"T\u00e9l\u00e9phone\" required><\/div><\/div><\/div><\/div><\/div><div id=\"wpforms-27233-field_4-container\" class=\"wpforms-field wpforms-field-textarea\" data-field-id=\"4\"><label class=\"wpforms-field-label\" for=\"wpforms-27233-field_4\">Message<\/label><textarea id=\"wpforms-27233-field_4\" class=\"wpforms-field-medium\" name=\"wpforms[fields][4]\" ><\/textarea><\/div><\/div><!-- .wpforms-field-container --><div class=\"wpforms-recaptcha-container wpforms-is-recaptcha wpforms-is-recaptcha-type-v3\" ><input type=\"hidden\" name=\"wpforms[recaptcha]\" value=\"\"><\/div><div class=\"wpforms-submit-container\" ><input type=\"hidden\" name=\"wpforms[id]\" value=\"27233\"><input type=\"hidden\" name=\"page_title\" value=\"\"><input type=\"hidden\" name=\"page_url\" value=\"https:\/\/car4rent.fr\/fr\/wp-json\/wp\/v2\/pages\/40269\"><input type=\"hidden\" name=\"url_referer\" value=\"\"><button type=\"submit\" name=\"wpforms[submit]\" id=\"wpforms-submit-27233\" class=\"wpforms-submit\" data-alt-text=\"Envoi\" data-submit-text=\"Soumettre\" aria-live=\"assertive\" value=\"wpforms-submit\">Soumettre<\/button><\/div><\/form><\/div>  <!-- .wpforms-container -->\n<\/div><\/section><\/p><\/div>\n<style type=\"text\/css\" data-created_by=\"avia_inline_auto\" id=\"style-css-av-1ma4eva-2443d237e6e8b33b01ec217f612557eb\">\n.flex_column.av-1ma4eva-2443d237e6e8b33b01ec217f612557eb{\nborder-radius:0px 0px 0px 0px;\npadding:0px 0px 0px 0px;\n}\n<\/style>\n<div  class='flex_column av-1ma4eva-2443d237e6e8b33b01ec217f612557eb av_one_third  avia-builder-el-18  el_after_av_two_third  avia-builder-el-last  flex_column_div av-zero-column-padding  '     ><p><section  class='av_textblock_section av-luz82aer-cd2af1be528f40251635858df8c2d826 '  ><div class='avia_textblock' ><p><span style=\"font-size: 14pt;\">Nous contacter par t\u00e9l\u00e9phone<\/span><\/p>\n<\/div><\/section><br \/>\n<section  class='av_textblock_section av-luz8o32i-003aa879a081fffce9a601a0f1505246 '  ><div class='avia_textblock' ><p>Agence de Cannes (09H-12H00 et 15H00-19H00)<br \/>\n10, rue Hibert &#8211; 06400 Cannes<br \/>\nTel.: <a href=\"tel:0033788278586\">+33(0)7 88 27 85 86<\/a><br \/>\nMail : <a href=\"mailto:info@car4rent.fr\">info@car4rent.fr<\/a><\/p>\n<\/div><\/section><\/p><\/div>\n<\/p>\n<\/div><\/div><\/div><!-- close content main div --><\/div><\/div><div id='av_section_4'  class='avia-section av-13obrba-c5d42bc21f93dc43ef353a6f3c02d178 main_color avia-section-default avia-no-border-styling  avia-builder-el-21  el_after_av_section  avia-builder-el-last  avia-bg-style-scroll container_wrap fullsize'  ><div class='container av-section-cont-open' ><div class='template-page content  av-content-full alpha units'><div class='post-entry post-entry-type-page post-entry-40269'><div class='entry-content-wrapper clearfix'>\n<div  class='avia-builder-widget-area clearfix  avia-builder-el-22  avia-builder-el-no-sibling '><div id=\"text-9\" class=\"widget clearfix widget_text\">\t\t\t<div class=\"textwidget\"><p style=\"text-align: center;\">    <div class=\"car4rent-share-block car4rent-fr\">\n        <a href=\"https:\/\/www.facebook.com\/sharer\/sharer.php?u=\" target=\"_blank\" rel=\"noopener\"><i class=\"fa-brands fa-facebook\"><\/i> Partager<\/a>\n        <a href=\"https:\/\/x.com\/intent\/tweet?url=&amp;text=\" target=\"_blank\" rel=\"noopener\"><i class=\"fa-brands fa-x-twitter\"><\/i> X<\/a>\n        <a href=\"https:\/\/wa.me\/?text=%20\" target=\"_blank\" rel=\"noopener\"><i class=\"fa-brands fa-whatsapp\"><\/i> WhatsApp<\/a>\n        <a href=\"https:\/\/www.instagram.com\/car4rent_cannes\/\" target=\"_blank\" rel=\"noopener\"><i class=\"fa-brands fa-instagram\"><\/i> Instagram<\/a>\n        <a href=\"https:\/\/www.linkedin.com\/company\/car4rent\/about\/\" target=\"_blank\" rel=\"noopener\"><i class=\"fa-brands fa-linkedin\"><\/i> LinkedIn<\/a>\n        <a href=\"https:\/\/www.youtube.com\/@car4rentcannes839\" target=\"_blank\" rel=\"noopener\"><i class=\"fa-brands fa-youtube\"><\/i> YouTube<\/a>\n    <\/div>\n    <\/p>\n<\/div>\n\t\t<\/div><\/div>\n\n","protected":false},"excerpt":{"rendered":"","protected":false},"author":3,"featured_media":29986,"parent":0,"menu_order":570,"comment_status":"closed","ping_status":"closed","template":"","meta":{"_acf_changed":false,"footnotes":""},"class_list":["post-40269","page","type-page","status-publish","has-post-thumbnail","hentry"],"acf":[],"_links":{"self":[{"href":"https:\/\/car4rent.fr\/fr\/wp-json\/wp\/v2\/pages\/40269","targetHints":{"allow":["GET"]}}],"collection":[{"href":"https:\/\/car4rent.fr\/fr\/wp-json\/wp\/v2\/pages"}],"about":[{"href":"https:\/\/car4rent.fr\/fr\/wp-json\/wp\/v2\/types\/page"}],"author":[{"embeddable":true,"href":"https:\/\/car4rent.fr\/fr\/wp-json\/wp\/v2\/users\/3"}],"replies":[{"embeddable":true,"href":"https:\/\/car4rent.fr\/fr\/wp-json\/wp\/v2\/comments?post=40269"}],"version-history":[{"count":0,"href":"https:\/\/car4rent.fr\/fr\/wp-json\/wp\/v2\/pages\/40269\/revisions"}],"wp:featuredmedia":[{"embeddable":true,"href":"https:\/\/car4rent.fr\/fr\/wp-json\/wp\/v2\/media\/29986"}],"wp:attachment":[{"href":"https:\/\/car4rent.fr\/fr\/wp-json\/wp\/v2\/media?parent=40269"}],"curies":[{"name":"wp","href":"https:\/\/api.w.org\/{rel}","templated":true}]}}