{"id":40194,"date":"2024-04-10T11:31:33","date_gmt":"2024-04-10T09:31:33","guid":{"rendered":"https:\/\/car4rent.fr\/dream-car-rental-french-riviera\/"},"modified":"2024-04-24T00:06:35","modified_gmt":"2024-04-23T22:06:35","slug":"loueur-de-voiture-de-luxe","status":"publish","type":"page","link":"https:\/\/car4rent.fr\/fr\/loueur-de-voiture-de-luxe\/","title":{"rendered":"Location de voiture de r\u00eave C\u00f4te d&rsquo;Azur"},"content":{"rendered":"\n<style type=\"text\/css\" data-created_by=\"avia_inline_auto\" id=\"style-css-av-1fup7yf-5f62bd3be20cfa43d23d5bf686f607c2\">\n.avia-section.av-1fup7yf-5f62bd3be20cfa43d23d5bf686f607c2 .av-parallax .av-parallax-inner{\nbackground-repeat:no-repeat;\nbackground-image:url(https:\/\/car4rent.fr\/wp-content\/uploads\/P1001068-scaled-1.jpg);\nbackground-position:50% 50%;\nbackground-attachment:scroll;\n}\n<\/style>\n<div id='av_section_1'  class='avia-section av-1fup7yf-5f62bd3be20cfa43d23d5bf686f607c2 main_color avia-section-huge avia-no-border-styling  avia-builder-el-0  el_before_av_section  avia-builder-el-first  avia-full-stretch av-parallax-section avia-bg-style-parallax av-minimum-height av-minimum-height-custom av-height-custom  container_wrap fullsize'  data-section-bg-repeat='stretch' data-av_minimum_height_px='350'><div class='av-parallax' data-avia-parallax-ratio='0.3' ><div class='av-parallax-inner main_color avia-full-stretch'><\/div><\/div><div class=\"av-section-color-overlay-wrap\"><a href='#next-section' title='' class='scroll-down-link  avia-svg-icon avia-font-svg_entypo-fontello' data-av_svg_icon='down-open-mini' data-av_iconset='svg_entypo-fontello'><svg version=\"1.1\" xmlns=\"http:\/\/www.w3.org\/2000\/svg\" width=\"15\" height=\"32\" viewBox=\"0 0 15 32\" preserveAspectRatio=\"xMidYMid meet\" aria-labelledby='av-svg-title-1' aria-describedby='av-svg-desc-1' role=\"graphics-symbol\" aria-hidden=\"true\">\n<title id='av-svg-title-1'>Scroller vers la prochaine section<\/title>\n<desc id='av-svg-desc-1'>Scroller vers la prochaine section<\/desc>\n<path d=\"M12.96 12.16q0.704-0.832 1.536 0 0.832 0.704 0 1.536l-6.272 6.144q-0.704 0.704-1.536 0l-6.272-6.144q-0.832-0.832 0-1.536 0.768-0.768 1.6 0l5.44 4.992z\"><\/path>\n<\/svg><\/a><div class='container av-section-cont-open' style='height:350px'><main  class='template-page content  av-content-full alpha units'><div class='post-entry post-entry-type-page post-entry-40194'><div class='entry-content-wrapper clearfix'>\n<\/div><\/div><\/main><!-- close content main element --><\/div><\/div><\/div><div id='av_section_2'  class='avia-section av-e54dodj-3cfd970b7da41303ceade43ee406aee2 main_color avia-section-small avia-no-border-styling  avia-builder-el-1  el_after_av_section  el_before_av_section  avia-bg-style-scroll container_wrap fullsize'  ><div class='container av-section-cont-open' ><div class='template-page content  av-content-full alpha units'><div class='post-entry post-entry-type-page post-entry-40194'><div class='entry-content-wrapper clearfix'>\n\n<style type=\"text\/css\" data-created_by=\"avia_inline_auto\" id=\"style-css-av-dmboe7b-9f4bf6144e5e437e2523b091dcd59bb0\">\n#top .avia-logo-element-container.av-dmboe7b-9f4bf6144e5e437e2523b091dcd59bb0 img{\nborder-radius:0 0 0 0;\n}\n<\/style>\n<div  class='avia-logo-element-container av-dmboe7b-9f4bf6144e5e437e2523b091dcd59bb0 avia-logo-slider avia-content-slider avia-smallarrow-slider avia-content-slider-active noHover avia-content-slider-even  avia-builder-el-2  avia-builder-el-no-sibling  av-slideshow-ui av-control-default av-nav-arrows-visible av-nav-dots-visible av-hide-nav-arrows av-slideshow-manual av-loop-once av-loop-manual-endless avia-content-slider1' data-slideshow-options=\"{&quot;animation&quot;:&quot;slide&quot;,&quot;autoplay&quot;:false,&quot;loop_autoplay&quot;:&quot;once&quot;,&quot;interval&quot;:5,&quot;loop_manual&quot;:&quot;manual-endless&quot;,&quot;autoplay_stopper&quot;:false,&quot;noNavigation&quot;:false,&quot;bg_slider&quot;:false,&quot;keep_padding&quot;:&quot;&quot;,&quot;hoverpause&quot;:false,&quot;show_slide_delay&quot;:0}\"><div class='avia-smallarrow-slider-heading  no-logo-slider-heading '><div class='new-special-heading'>&nbsp;<\/div><\/div><div class=\"avia-content-slider-inner\"><div class=\"slide-entry-wrap\"><div data-avia-tooltip=\"Car4rent - Location de voitures de luxe sur la C\u00f4te d&#039;Azur pour Audi\" class='slide-entry av-1bdew6f-f9216dbd8a64a11c1180a63d4df9f02f flex_column no_margin av_one_eighth real-thumbnail post-entry slide-entry-overview slide-loop-1 slide-parity-odd  first'><a href=\"https:\/\/car4rent.fr\/fr\/louer-une-audi\/\" data-rel='slide-1' class='slide-image' title='Loue une voiture' ><img width=\"100\" height=\"100\" src=\"https:\/\/car4rent.fr\/wp-content\/uploads\/Car4rent Audi Logo-100x100.png\" class=\"wp-image-33855 avia-img-lazy-loading-33855 attachment-woocommerce_gallery_thumbnail size-woocommerce_gallery_thumbnail\" alt=\"Car4rent audi logo 100x100\" srcset=\"https:\/\/car4rent.fr\/wp-content\/uploads\/\/Car4rent%20Audi%20Logo-100x100.png 100w, https:\/\/car4rent.fr\/wp-content\/uploads\/\/Car4rent%20Audi%20Logo-80x80.png 80w, https:\/\/car4rent.fr\/wp-content\/uploads\/\/Car4rent%20Audi%20Logo-36x36.png 36w, https:\/\/car4rent.fr\/wp-content\/uploads\/\/Car4rent%20Audi%20Logo-180x180.png 180w, https:\/\/car4rent.fr\/wp-content\/uploads\/\/Car4rent%20Audi%20Logo-120x120.png 120w, https:\/\/car4rent.fr\/wp-content\/uploads\/\/Car4rent%20Audi%20Logo-450x450.png 450w\" sizes=\"auto, (max-width: 100px) 100vw, 100px\" loading=\"lazy\" decoding=\"async\" title=\"Car4Rent Cannes\"><\/a><\/div><div data-avia-tooltip=\"Car4rent - Location de voitures de luxe en France C\u00f4te d&#039;Azur pour Bentley\" class='slide-entry av-clpteo7-1e9869f811cca05544274febdf6e4f17 flex_column no_margin av_one_eighth real-thumbnail post-entry slide-entry-overview slide-loop-2 slide-parity-even  '><a href=\"https:\/\/car4rent.fr\/fr\/louer-une-bentley\/\" data-rel='slide-1' class='slide-image' title='' ><img width=\"100\" height=\"100\" src=\"https:\/\/car4rent.fr\/wp-content\/uploads\/car4rent bentley  logo 1-100x100.png\" class=\"wp-image-33662 avia-img-lazy-loading-33662 attachment-woocommerce_gallery_thumbnail size-woocommerce_gallery_thumbnail\" alt=\"Bentley Motors luxury car logo with wings on green background.\" srcset=\"https:\/\/car4rent.fr\/wp-content\/uploads\/\/car4rent%20bentley%20%20logo%201-100x100.png 100w, https:\/\/car4rent.fr\/wp-content\/uploads\/\/car4rent%20bentley%20%20logo%201-300x300.png 300w, https:\/\/car4rent.fr\/wp-content\/uploads\/\/car4rent%20bentley%20%20logo%201-1030x1030.png 1030w, https:\/\/car4rent.fr\/wp-content\/uploads\/\/car4rent%20bentley%20%20logo%201-80x80.png 80w, https:\/\/car4rent.fr\/wp-content\/uploads\/\/car4rent%20bentley%20%20logo%201-768x768.png 768w, https:\/\/car4rent.fr\/wp-content\/uploads\/\/car4rent%20bentley%20%20logo%201-36x36.png 36w, https:\/\/car4rent.fr\/wp-content\/uploads\/\/car4rent%20bentley%20%20logo%201-180x180.png 180w, https:\/\/car4rent.fr\/wp-content\/uploads\/\/car4rent%20bentley%20%20logo%201-705x705.png 705w, https:\/\/car4rent.fr\/wp-content\/uploads\/\/car4rent%20bentley%20%20logo%201-120x120.png 120w, https:\/\/car4rent.fr\/wp-content\/uploads\/\/car4rent%20bentley%20%20logo%201-450x450.png 450w, https:\/\/car4rent.fr\/wp-content\/uploads\/\/car4rent%20bentley%20%20logo%201.png 1280w\" sizes=\"auto, (max-width: 100px) 100vw, 100px\" loading=\"lazy\" decoding=\"async\" title=\"Car4Rent Cannes\"><\/a><\/div><div data-avia-tooltip=\"Car4rent - Location de voitures de luxe sur la C\u00f4te d&#039;Azur pour Ferrari  \" class='slide-entry av-c70cmef-8672f6293b36f78d0f21fc815b6de5d9 flex_column no_margin av_one_eighth real-thumbnail post-entry slide-entry-overview slide-loop-3 slide-parity-odd  '><a href=\"https:\/\/car4rent.fr\/fr\/louer-une-ferrari\/\" data-rel='slide-1' class='slide-image' title='' ><img width=\"100\" height=\"100\" src=\"https:\/\/car4rent.fr\/wp-content\/uploads\/car4rent-ferrari-100x100.jpg\" class=\"wp-image-29292 avia-img-lazy-loading-29292 attachment-woocommerce_gallery_thumbnail size-woocommerce_gallery_thumbnail\" alt=\"Car4rent ferrari 100x100\" srcset=\"https:\/\/car4rent.fr\/wp-content\/uploads\/car4rent-ferrari-100x100.jpg 100w, https:\/\/car4rent.fr\/wp-content\/uploads\/car4rent-ferrari-450x450.jpg 450w, https:\/\/car4rent.fr\/wp-content\/uploads\/car4rent-ferrari-80x80.jpg 80w, https:\/\/car4rent.fr\/wp-content\/uploads\/car4rent-ferrari-36x36.jpg 36w, https:\/\/car4rent.fr\/wp-content\/uploads\/car4rent-ferrari-180x180.jpg 180w\" sizes=\"auto, (max-width: 100px) 100vw, 100px\" loading=\"lazy\" decoding=\"async\" title=\"Car4Rent Cannes\"><\/a><\/div><div data-avia-tooltip=\"Car4rent - Location de voitures de luxe sur la C\u00f4te d&#039;Azur pour Lamborghini\" class='slide-entry av-buns8zr-29f6e014f2e94eb0c178eca0205c18b1 flex_column no_margin av_one_eighth real-thumbnail post-entry slide-entry-overview slide-loop-4 slide-parity-even  '><a href=\"https:\/\/car4rent.fr\/fr\/louer-une-lamborghini\/\" data-rel='slide-1' class='slide-image' title='' ><img width=\"100\" height=\"100\" src=\"https:\/\/car4rent.fr\/wp-content\/uploads\/3d___lamborghini_logo_by_llexandro-d9kncg1-100x100.png\" class=\"wp-image-29279 avia-img-lazy-loading-29279 attachment-woocommerce_gallery_thumbnail size-woocommerce_gallery_thumbnail\" alt=\"3d lamborghini logo by llexandro d9kncg1 100x100\" srcset=\"https:\/\/car4rent.fr\/wp-content\/uploads\/\/3d___lamborghini_logo_by_llexandro-d9kncg1-100x100.png 100w, https:\/\/car4rent.fr\/wp-content\/uploads\/\/3d___lamborghini_logo_by_llexandro-d9kncg1-450x450.png 450w, https:\/\/car4rent.fr\/wp-content\/uploads\/\/3d___lamborghini_logo_by_llexandro-d9kncg1-80x80.png 80w, https:\/\/car4rent.fr\/wp-content\/uploads\/\/3d___lamborghini_logo_by_llexandro-d9kncg1-300x300.png 300w, https:\/\/car4rent.fr\/wp-content\/uploads\/\/3d___lamborghini_logo_by_llexandro-d9kncg1-768x768.png 768w, https:\/\/car4rent.fr\/wp-content\/uploads\/\/3d___lamborghini_logo_by_llexandro-d9kncg1-192x192.png 192w, https:\/\/car4rent.fr\/wp-content\/uploads\/\/3d___lamborghini_logo_by_llexandro-d9kncg1-36x36.png 36w, https:\/\/car4rent.fr\/wp-content\/uploads\/\/3d___lamborghini_logo_by_llexandro-d9kncg1-180x180.png 180w, https:\/\/car4rent.fr\/wp-content\/uploads\/\/3d___lamborghini_logo_by_llexandro-d9kncg1-705x705.png 705w, https:\/\/car4rent.fr\/wp-content\/uploads\/\/3d___lamborghini_logo_by_llexandro-d9kncg1.png 894w\" sizes=\"auto, (max-width: 100px) 100vw, 100px\" loading=\"lazy\" decoding=\"async\" title=\"Car4Rent Cannes\"><\/a><\/div><div data-avia-tooltip=\"Car4rent - Location de voitures de luxe en France C\u00f4te d&#039;Azur pour Mercedes\" class='slide-entry av-b793bd3-e745dfd347a3b0fdc81aa2c477c2c08e flex_column no_margin av_one_eighth real-thumbnail post-entry slide-entry-overview slide-loop-5 slide-parity-odd  '><a href=\"https:\/\/car4rent.fr\/fr\/louer-une-mercedes\/\" data-rel='slide-1' class='slide-image' title='' ><img width=\"100\" height=\"100\" src=\"https:\/\/car4rent.fr\/wp-content\/uploads\/car4rent-mercedes-100x100.jpg\" class=\"wp-image-29287 avia-img-lazy-loading-29287 attachment-woocommerce_gallery_thumbnail size-woocommerce_gallery_thumbnail\" alt=\"Car4rent mercedes 100x100\" srcset=\"https:\/\/car4rent.fr\/wp-content\/uploads\/car4rent-mercedes-100x100.jpg 100w, https:\/\/car4rent.fr\/wp-content\/uploads\/car4rent-mercedes-80x80.jpg 80w, https:\/\/car4rent.fr\/wp-content\/uploads\/car4rent-mercedes-300x300.jpg 300w, https:\/\/car4rent.fr\/wp-content\/uploads\/car4rent-mercedes-192x192.jpg 192w, https:\/\/car4rent.fr\/wp-content\/uploads\/car4rent-mercedes-36x36.jpg 36w, https:\/\/car4rent.fr\/wp-content\/uploads\/car4rent-mercedes-180x180.jpg 180w, https:\/\/car4rent.fr\/wp-content\/uploads\/car4rent-mercedes.jpg 400w\" sizes=\"auto, (max-width: 100px) 100vw, 100px\" loading=\"lazy\" decoding=\"async\" title=\"Car4Rent Cannes\"><\/a><\/div><div data-avia-tooltip=\"Car4rent - Location de voitures de luxe sur la C\u00f4te d&#039;Azur pour Range Rover\" class='slide-entry av-12pbgvb-02dc8752823465e4f716a61601c699b2 flex_column no_margin av_one_eighth real-thumbnail post-entry slide-entry-overview slide-loop-6 slide-parity-even  '><a href=\"https:\/\/car4rent.fr\/fr\/louer-un-land-rover\/\" data-rel='slide-1' class='slide-image' title='' ><img width=\"100\" height=\"100\" src=\"https:\/\/car4rent.fr\/wp-content\/uploads\/car4rent-Range-Rover-100x100.png\" class=\"wp-image-29290 avia-img-lazy-loading-29290 attachment-woocommerce_gallery_thumbnail size-woocommerce_gallery_thumbnail\" alt=\"Car4rent range rover 100x100\" srcset=\"https:\/\/car4rent.fr\/wp-content\/uploads\/\/car4rent-Range-Rover-100x100.png 100w, https:\/\/car4rent.fr\/wp-content\/uploads\/\/car4rent-Range-Rover-450x450.png 450w, https:\/\/car4rent.fr\/wp-content\/uploads\/\/car4rent-Range-Rover-80x80.png 80w, https:\/\/car4rent.fr\/wp-content\/uploads\/\/car4rent-Range-Rover-36x36.png 36w, https:\/\/car4rent.fr\/wp-content\/uploads\/\/car4rent-Range-Rover-180x180.png 180w\" sizes=\"auto, (max-width: 100px) 100vw, 100px\" loading=\"lazy\" decoding=\"async\" title=\"Car4Rent Cannes\"><\/a><\/div><div data-avia-tooltip=\"Car4rent - Location de voitures de luxe sur la C\u00f4te d&#039;Azur pour Rolls Royce\" class='slide-entry av-agt11wn-cfae89b277e95a3f17c2cf5ffab784d0 flex_column no_margin av_one_eighth real-thumbnail post-entry slide-entry-overview slide-loop-7 slide-parity-odd  '><a href=\"https:\/\/car4rent.fr\/fr\/louer-une-rolls-royce\/\" data-rel='slide-1' class='slide-image' title='' ><img width=\"100\" height=\"100\" src=\"https:\/\/car4rent.fr\/wp-content\/uploads\/car4rent-Rolls-Royce-Logo-100x100.png\" class=\"wp-image-29297 avia-img-lazy-loading-29297 attachment-woocommerce_gallery_thumbnail size-woocommerce_gallery_thumbnail\" alt=\"Car4rent rolls royce logo 100x100\" srcset=\"https:\/\/car4rent.fr\/wp-content\/uploads\/\/car4rent-Rolls-Royce-Logo-100x100.png 100w, https:\/\/car4rent.fr\/wp-content\/uploads\/\/car4rent-Rolls-Royce-Logo-450x450.png 450w, https:\/\/car4rent.fr\/wp-content\/uploads\/\/car4rent-Rolls-Royce-Logo-80x80.png 80w, https:\/\/car4rent.fr\/wp-content\/uploads\/\/car4rent-Rolls-Royce-Logo-300x300.png 300w, https:\/\/car4rent.fr\/wp-content\/uploads\/\/car4rent-Rolls-Royce-Logo-192x192.png 192w, https:\/\/car4rent.fr\/wp-content\/uploads\/\/car4rent-Rolls-Royce-Logo-36x36.png 36w, https:\/\/car4rent.fr\/wp-content\/uploads\/\/car4rent-Rolls-Royce-Logo-180x180.png 180w, https:\/\/car4rent.fr\/wp-content\/uploads\/\/car4rent-Rolls-Royce-Logo.png 500w\" sizes=\"auto, (max-width: 100px) 100vw, 100px\" loading=\"lazy\" decoding=\"async\" title=\"Car4Rent Cannes\"><\/a><\/div><div data-avia-tooltip=\"Car4rent - Location de voitures de luxe sur la C\u00f4te d&#039;Azur pour Porsche\" class='slide-entry av-yxox9j-a4df849f90acc9bf4367a58f84ade6d5 flex_column no_margin av_one_eighth real-thumbnail post-entry slide-entry-overview slide-loop-8 slide-parity-even post-entry-last '><a href=\"https:\/\/car4rent.fr\/fr\/louer-une-porsche\/\" data-rel='slide-1' class='slide-image' title='' ><img width=\"100\" height=\"100\" src=\"https:\/\/car4rent.fr\/wp-content\/uploads\/car4rent-porsche-100x100.png\" class=\"wp-image-29284 avia-img-lazy-loading-29284 attachment-woocommerce_gallery_thumbnail size-woocommerce_gallery_thumbnail\" alt=\"Car4rent porsche 100x100\" srcset=\"https:\/\/car4rent.fr\/wp-content\/uploads\/\/car4rent-porsche-100x100.png 100w, https:\/\/car4rent.fr\/wp-content\/uploads\/\/car4rent-porsche-450x450.png 450w, https:\/\/car4rent.fr\/wp-content\/uploads\/\/car4rent-porsche-80x80.png 80w, https:\/\/car4rent.fr\/wp-content\/uploads\/\/car4rent-porsche-36x36.png 36w, https:\/\/car4rent.fr\/wp-content\/uploads\/\/car4rent-porsche-180x180.png 180w\" sizes=\"auto, (max-width: 100px) 100vw, 100px\" loading=\"lazy\" decoding=\"async\" title=\"Car4Rent Cannes\"><\/a><\/div><\/div><\/div><\/div>\n\n<\/div><\/div><\/div><!-- close content main div --><\/div><\/div><div id='av_section_3'  class='avia-section av-9cetsuf-bd1da79c5eaf7767345a8763c9718460 main_color avia-section-default avia-no-shadow  avia-builder-el-3  el_after_av_section  el_before_av_section  avia-bg-style-scroll container_wrap fullsize'  ><div class='container av-section-cont-open' ><div class='template-page content  av-content-full alpha units'><div class='post-entry post-entry-type-page post-entry-40194'><div class='entry-content-wrapper clearfix'>\n\n<style type=\"text\/css\" data-created_by=\"avia_inline_auto\" id=\"style-css-av-lutk1a8o-801dcaa53eecdd46675cfde8dd970e48\">\n#top .av-special-heading.av-lutk1a8o-801dcaa53eecdd46675cfde8dd970e48{\npadding-bottom:10px;\nfont-size:35px;\n}\nbody .av-special-heading.av-lutk1a8o-801dcaa53eecdd46675cfde8dd970e48 .av-special-heading-tag .heading-char{\nfont-size:25px;\n}\n#top #wrap_all .av-special-heading.av-lutk1a8o-801dcaa53eecdd46675cfde8dd970e48 .av-special-heading-tag{\nfont-size:35px;\n}\n.av-special-heading.av-lutk1a8o-801dcaa53eecdd46675cfde8dd970e48 .av-subheading{\nfont-size:15px;\n}\n\n@media only screen and (min-width: 480px) and (max-width: 767px){ \n#top #wrap_all .av-special-heading.av-lutk1a8o-801dcaa53eecdd46675cfde8dd970e48 .av-special-heading-tag{\nfont-size:0.8em;\n}\n}\n\n@media only screen and (max-width: 479px){ \n#top #wrap_all .av-special-heading.av-lutk1a8o-801dcaa53eecdd46675cfde8dd970e48 .av-special-heading-tag{\nfont-size:0.8em;\n}\n}\n<\/style>\n<div  class='av-special-heading av-lutk1a8o-801dcaa53eecdd46675cfde8dd970e48 av-special-heading-h2 blockquote modern-quote modern-centered  avia-builder-el-4  el_before_av_hr  avia-builder-el-first  av-inherit-size'><h2 class='av-special-heading-tag '  >Location de voiture de r\u00eave C\u00f4te d\u2019Azur<\/h2><div class=\"special-heading-border\"><div class=\"special-heading-inner-border\"><\/div><\/div><\/div>\n<div  class='hr av-904rg6f-d7f63ca61e15d2bbd42e725c6f330e7c hr-default  avia-builder-el-5  el_after_av_heading  el_before_av_textblock '><span class='hr-inner '><span class=\"hr-inner-style\"><\/span><\/span><\/div>\n<section  class='av_textblock_section av-lutkzcnw-1b1477439e33c270eadf50def39d5804 '  ><div class='avia_textblock' ><section id=\"block0\" class=\"stripe row-content block0 fullwidth\">\n<div class=\"column small-five small-push-one reset last\">\n<div class=\"boxcontent\">\n<h2 class=\"header2\">Le plus grand choix de voitures de luxe \u00e0 louer sur la C\u00f4te d&rsquo;Azur<\/h2>\n<div class=\"header4\">\n<p>Toutes les voitures que tu as toujours r\u00eav\u00e9 de conduire peuvent maintenant \u00eatre trouv\u00e9es en un seul endroit sur la <a href=\"https:\/\/cotedazurfrance.com\/\" target=\"_blank\" rel=\"noopener\">C\u00f4te d&rsquo;Azur<\/a>. Car4rent rassemble la plus large gamme de locations de voitures de luxe dans la r\u00e9gion PACA &#8211; PACA est le nom fran\u00e7ais pour \u00ab\u00a0Provence Alpes C\u00f4te d&rsquo;Azur\u00a0\u00bb &#8211; une partie du sud de la France qui s&rsquo;\u00e9tend de Marseille \u00e0 Menton.<\/p>\n<p>Bienvenue chez Car4rent Dream Car Rental French Riviera, o\u00f9 le luxe rencontre la route. Explore le magnifique littoral, les routes sinueuses et les villes pittoresques de la C\u00f4te d&rsquo;Azur avec style gr\u00e2ce \u00e0 notre s\u00e9lection premium de v\u00e9hicules exotiques et performants.<\/p>\n<p><strong>Notre flotte de voitures de luxe et de sport<\/strong><\/p>\n<ol>\n<li><strong>Supercars<\/strong>: Ressens le frisson de la route ouverte dans l&rsquo;une de nos supercars haut de gamme. Des \u00e9l\u00e9gantes Ferrari aux puissantes Lamborghini, nous proposons une gamme de mod\u00e8les qui satisferont m\u00eame les amateurs les plus exigeants.<\/li>\n<li><strong>Berlines de luxe<\/strong>: Pour ceux qui pr\u00e9f\u00e8rent le confort et la sophistication, nos berlines de luxe offrent le m\u00e9lange parfait d&rsquo;\u00e9l\u00e9gance et de performance. Fais une croisi\u00e8re le long de la c\u00f4te dans une Mercedes-Benz Classe S ou une BMW S\u00e9rie 7, en profitant du summum du confort et du style.<\/li>\n<li><strong>Exp\u00e9riences d\u00e9c<\/strong>apotables : D\u00e9couvre la joie de conduire avec le vent dans les cheveux dans l&rsquo;un de nos mod\u00e8les d\u00e9capotables. Que tu choisisses une Porsche 911 classique ou une \u00e9l\u00e9gante Chevrolet Corvette C8 Z51, tu feras tourner les t\u00eates en profitant du soleil et de la brise marine.<\/li>\n<li><strong>VUS et 4&#215;4<\/strong>: Si tu pr\u00e9vois d&rsquo;explorer hors des sentiers battus, notre s\u00e9lection de SUV et de 4&#215;4 haut de gamme a de quoi te satisfaire. Des robustes Range Rovers aux polyvalents Mercedes G Wagon, ces v\u00e9hicules combinent le luxe et les capacit\u00e9s pour l&rsquo;aventure ultime.<\/li>\n<\/ol>\n<p><strong>Pourquoi choisir Dream Car Rental French Riviera ?<\/strong><\/p>\n<ol>\n<li>Une <strong>qualit\u00e9 in\u00e9gal\u00e9e<\/strong>: Notre flotte se compose de v\u00e9hicules m\u00e9ticuleusement entretenus provenant des plus grandes marques de luxe et de performance au monde. Chaque voiture est minutieusement inspect\u00e9e et entretenue pour garantir une exp\u00e9rience de conduite sans faille.<\/li>\n<li><strong>Commodit\u00e9<\/strong>: Nous comprenons que ton temps est pr\u00e9cieux, c&rsquo;est pourquoi nous proposons des lieux de ramassage et de d\u00e9p\u00f4t pratiques sur toute la C\u00f4te d&rsquo;Azur. Que tu arrives \u00e0 l&rsquo;a\u00e9roport ou que tu loges dans un h\u00f4tel de luxe, nous veillerons \u00e0 ce que la voiture de tes r\u00eaves soit pr\u00eate et t&rsquo;attende.<\/li>\n<li><strong>Service personnalis\u00e9<\/strong>: Notre \u00e9quipe se consacre \u00e0 offrir un service \u00e0 la client\u00e8le exceptionnel, du moment o\u00f9 tu te renseignes sur une location jusqu&rsquo;\u00e0 ce que tu rendes le v\u00e9hicule. Nous travaillerons avec toi pour adapter ton exp\u00e9rience de location \u00e0 tes pr\u00e9f\u00e9rences, que tu pr\u00e9voies une escapade romantique ou une vir\u00e9e palpitante entre amis.<\/li>\n<li><strong>Flexibilit\u00e9<\/strong>: Que tu cherches une location \u00e0 court terme ou un bail prolong\u00e9, nous offrons des options de location flexibles pour r\u00e9pondre \u00e0 tes besoins. Choisis une location \u00e0 la journ\u00e9e, \u00e0 la semaine ou au mois, et profite de la libert\u00e9 d&rsquo;explorer la C\u00f4te d&rsquo;Azur \u00e0 ton rythme.<\/li>\n<li><strong>Extras exquis<\/strong>: Am\u00e9liore ton exp\u00e9rience de conduite gr\u00e2ce \u00e0 notre gamme d&rsquo;options, notamment les si\u00e8ges de s\u00e9curit\u00e9 pour enfants, les services de chauffeur et l&rsquo;\u00e9quipement d&rsquo;hiver. Nous nous d\u00e9passerons pour que chaque aspect de ta location d\u00e9passe tes attentes.<\/li>\n<\/ol>\n<h5>Louer une BMW, Louer une Porsche, Louer une Ferrari, Louer une Lamborghini, Louer une Range Rover<\/h5>\n<p>Chez Car4rent Luxury car rental in <a href=\"https:\/\/cotedazurfrance.com\/discover\/cities-on-the-cote-dazur\/visit-cannes\/\" target=\"_blank\" rel=\"noopener\">Cannes<\/a>, nous sommes sp\u00e9cialis\u00e9s dans la location de voitures de luxe et de sport. Prends le volant de mod\u00e8les sportifs et de luxe, comme <a href=\"https:\/\/car4rent.fr\/fr\/rent-ferrari\/\"><strong>Ferrari<\/strong><\/a>,\n            <a href=\"https:\/\/car4rent.fr\/fr\/rent-lamborghini\/\"><strong>Lamborghini<\/strong><\/a>,\n            <a href=\"https:\/\/car4rent.fr\/fr\/rent-porsche\/\"><strong>Porsche<\/strong><\/a>,\n            <a href=\"https:\/\/car4rent.fr\/fr\/range-rover-rental\/\"><strong>Range Rover<\/strong><\/a>,\n            <a href=\"https:\/\/car4rent.fr\/fr\/bentley-hire\/\"><strong>Bentley<\/strong><\/a>,\n            <a href=\"https:\/\/car4rent.fr\/fr\/rent-rolls-royce\/\"><strong>Rolls Royce<\/strong><\/a>, and\n            <a href=\"https:\/\/car4rent.fr\/fr\/mercedes-rental\/\"><strong>Mercedes AMG<\/strong><\/a>. toutes les marques qui sont synonymes de puissance, de performance et d&rsquo;agilit\u00e9 dans les virages, en un mot d&rsquo;excellence.<\/p>\n<p>Fais l&rsquo;exp\u00e9rience de la location de voitures de luxe sur la C\u00f4te d&rsquo;Azur comme jamais auparavant avec Dream Car Rental. <a href=\"https:\/\/car4rent.fr\/fr\/contact\/\" target=\"_blank\" rel=\"noopener\">Contacte-nous<\/a> d\u00e8s aujourd&rsquo;hui pour r\u00e9server la voiture de tes r\u00eaves et commencer \u00e0 planifier ton voyage inoubliable le long de la c\u00f4te ensoleill\u00e9e du sud de la France.<\/p>\n<\/div>\n<\/div>\n<\/div>\n<\/section>\n<section id=\"block1\" class=\"stripe row-content block1 fullwidth\">\n<\/section>\n<\/div><\/section>\n\n<style type=\"text\/css\" data-created_by=\"avia_inline_auto\" id=\"style-css-av-8d6md5z-33d06d6dd7383d7bb7ad8f172418078f\">\n.flex_column.av-8d6md5z-33d06d6dd7383d7bb7ad8f172418078f{\nborder-radius:0px 0px 0px 0px;\npadding:0px 0px 0px 0px;\n}\n<\/style>\n<div  class='flex_column av-8d6md5z-33d06d6dd7383d7bb7ad8f172418078f av_one_third  avia-builder-el-7  el_after_av_textblock  el_before_av_one_third  first flex_column_div av-zero-column-padding  column-top-margin'     ><style type=\"text\/css\" data-created_by=\"avia_inline_auto\" id=\"style-css-av-7zymb0n-017f9c4444d7a2bd13f2cadcfd74e2be\">\n.iconbox.av-7zymb0n-017f9c4444d7a2bd13f2cadcfd74e2be .iconbox_icon{\nbackground-color:#6834bd;\n}\n<\/style>\n<article  class='iconbox iconbox_top av-7zymb0n-017f9c4444d7a2bd13f2cadcfd74e2be  avia-builder-el-8  avia-builder-el-no-sibling  main_color' ><div class=\"iconbox_content\"><header class=\"entry-content-header\" aria-label=\"Ic\u00f4ne : \"><div class='iconbox_icon heading-color avia-iconfont avia-font-entypo-fontello' data-av_icon='\ue82a' data-av_iconfont='entypo-fontello'  ><\/div><\/header><div class='iconbox_content_container ' ><h3>Location de voiture de r\u00eave C\u00f4te d&rsquo;Azur<\/h3>\n<hr>\n<p>Nous proposons une large gamme de location de SUV, de cabriolets, de voitures de sport et de voitures exotiques. D\u00e9couvre notre collection de voitures de r\u00eave. Lamborghini, Porsche, Ferrari, Bentley, Rolls Royce, Mercedes AMG, Jaguar, Range Rover.<\/p>\n<p>Prise en charge et d\u00e9pose \u00e0 l&rsquo;a\u00e9roport de Nice ou \u00e0 tout autre endroit hors a\u00e9roport.<\/p>\n<p>Une \u00e9quipe d\u00e9vou\u00e9e \u00e0 ton service. Vous appr\u00e9cierez notre approche sur mesure.<\/p>\n<hr>\n<p>Prix abordables \u00e0 partir de 260\u20ac\/jour.<\/p>\n<\/div><\/div><footer class=\"entry-footer\"><\/footer><\/article><\/div>\n<style type=\"text\/css\" data-created_by=\"avia_inline_auto\" id=\"style-css-av-7hw1yav-a26fed1b7d5f5b6ec6c444d179215399\">\n.flex_column.av-7hw1yav-a26fed1b7d5f5b6ec6c444d179215399{\nborder-radius:0px 0px 0px 0px;\npadding:0px 0px 0px 0px;\n}\n<\/style>\n<div  class='flex_column av-7hw1yav-a26fed1b7d5f5b6ec6c444d179215399 av_one_third  avia-builder-el-9  el_after_av_one_third  el_before_av_one_third  flex_column_div av-zero-column-padding  column-top-margin'     ><style type=\"text\/css\" data-created_by=\"avia_inline_auto\" id=\"style-css-av-6zbbvmv-0204035a71366b80a68d532a209edbb5\">\n.iconbox.av-6zbbvmv-0204035a71366b80a68d532a209edbb5 .iconbox_icon{\nbackground-color:#6834bd;\n}\n<\/style>\n<article  class='iconbox iconbox_top av-6zbbvmv-0204035a71366b80a68d532a209edbb5  avia-builder-el-10  avia-builder-el-no-sibling  main_color' ><div class=\"iconbox_content\"><header class=\"entry-content-header\" aria-label=\"Ic\u00f4ne : \"><div class='iconbox_icon heading-color avia-iconfont avia-font-entypo-fontello' data-av_icon='\ue842' data-av_iconfont='entypo-fontello'  ><\/div><\/header><div class='iconbox_content_container ' ><h3>A\u00e9roport de Cannes, Saint-Tropez, Monaco et Nice<\/h3>\n<hr>\n<p>Pour ta commodit\u00e9 et tes informations, pr\u00e8s de chez toi.<\/p>\n<\/div><\/div><footer class=\"entry-footer\"><\/footer><\/article><\/div>\n<style type=\"text\/css\" data-created_by=\"avia_inline_auto\" id=\"style-css-av-6r4fvpj-ef609013c212a66d957598cece57cdcd\">\n.flex_column.av-6r4fvpj-ef609013c212a66d957598cece57cdcd{\nborder-radius:0px 0px 0px 0px;\npadding:0px 0px 0px 0px;\n}\n<\/style>\n<div  class='flex_column av-6r4fvpj-ef609013c212a66d957598cece57cdcd av_one_third  avia-builder-el-11  el_after_av_one_third  avia-builder-el-last  flex_column_div av-zero-column-padding  column-top-margin'     ><style type=\"text\/css\" data-created_by=\"avia_inline_auto\" id=\"style-css-av-6f7w2h3-76177492c0d08751d6e3191c650888dc\">\n.iconbox.av-6f7w2h3-76177492c0d08751d6e3191c650888dc .iconbox_icon{\nbackground-color:#6834bd;\n}\n<\/style>\n<article  class='iconbox iconbox_top av-6f7w2h3-76177492c0d08751d6e3191c650888dc  avia-builder-el-12  avia-builder-el-no-sibling  main_color' ><div class=\"iconbox_content\"><header class=\"entry-content-header\" aria-label=\"Ic\u00f4ne : \"><div class='iconbox_icon heading-color avia-iconfont avia-font-entypo-fontello' data-av_icon='\ue80b' data-av_iconfont='entypo-fontello'  ><\/div><\/header><div class='iconbox_content_container ' ><h3>Test Drive &#8211; Fais de ton r\u00eave une r\u00e9alit\u00e9<\/h3>\n<hr>\n<p>Pourquoi une exp\u00e9rience de conduite exotique est le cadeau ultime pour l&rsquo;amoureux des voitures dans ta vie. Avec Car4rent, tu peux profiter d&rsquo;une exp\u00e9rience de conduite exotique sans te ruiner. \u00c0 partir de 195\u20ac pp\/une voiture.<\/p>\n<\/div><\/div><footer class=\"entry-footer\"><\/footer><\/article><\/div>\n\n<\/div><\/div><\/div><!-- close content main div --><\/div><\/div><div id='contactez-nous'  class='avia-section av-5kwxdl3-bd0a21966ae47ebb8d7d02e156892569 main_color avia-section-default avia-no-border-styling  avia-builder-el-13  el_after_av_section  el_before_av_section  avia-bg-style-scroll container_wrap fullsize'  ><div class='container av-section-cont-open' ><div class='template-page content  av-content-full alpha units'><div class='post-entry post-entry-type-page post-entry-40194'><div class='entry-content-wrapper clearfix'>\n<div  class='hr av-5hip33b-9b6d6944d0d664313b3c90f285abc3a9 hr-default  avia-builder-el-14  el_before_av_heading  avia-builder-el-first '><span class='hr-inner '><span class=\"hr-inner-style\"><\/span><\/span><\/div>\n\n<style type=\"text\/css\" data-created_by=\"avia_inline_auto\" id=\"style-css-av-4x1g0p3-531d6db3652049d7e6ec731a6c0312c3\">\n#top .av-special-heading.av-4x1g0p3-531d6db3652049d7e6ec731a6c0312c3{\npadding-bottom:25px;\n}\nbody .av-special-heading.av-4x1g0p3-531d6db3652049d7e6ec731a6c0312c3 .av-special-heading-tag .heading-char{\nfont-size:25px;\n}\n.av-special-heading.av-4x1g0p3-531d6db3652049d7e6ec731a6c0312c3 .av-subheading{\nfont-size:20px;\n}\n<\/style>\n<div  class='av-special-heading av-4x1g0p3-531d6db3652049d7e6ec731a6c0312c3 av-special-heading-h3 blockquote modern-quote modern-centered  avia-builder-el-15  el_after_av_hr  el_before_av_hr '><h3 class='av-special-heading-tag '  >Vous souhaitez louer un v\u00e9hicule haut de gamme ? Besoin d\u2019un conseil ?<\/h3><div class=\"special-heading-border\"><div class=\"special-heading-inner-border\"><\/div><\/div><\/div>\n\n<style type=\"text\/css\" data-created_by=\"avia_inline_auto\" id=\"style-css-av-4l6bnbb-6e58fa0155d372c11ad9713745ca6cae\">\n#top .hr.hr-invisible.av-4l6bnbb-6e58fa0155d372c11ad9713745ca6cae{\nheight:25px;\n}\n<\/style>\n<div  class='hr av-4l6bnbb-6e58fa0155d372c11ad9713745ca6cae hr-invisible  avia-builder-el-16  el_after_av_heading  el_before_av_two_third '><span class='hr-inner '><span class=\"hr-inner-style\"><\/span><\/span><\/div>\n\n<style type=\"text\/css\" data-created_by=\"avia_inline_auto\" id=\"style-css-av-43xn95z-fc811fef5490172ad7170f6925c1bdc6\">\n.flex_column.av-43xn95z-fc811fef5490172ad7170f6925c1bdc6{\nborder-radius:0px 0px 0px 0px;\npadding:0px 0px 0px 0px;\n}\n<\/style>\n<div  class='flex_column av-43xn95z-fc811fef5490172ad7170f6925c1bdc6 av_two_third  avia-builder-el-17  el_after_av_hr  el_before_av_one_third  first flex_column_div av-zero-column-padding  '     ><p>\n<style type=\"text\/css\" data-created_by=\"avia_inline_auto\" id=\"style-css-av-3dqkmxz-9b2ef0cda87092723a783071ba9e2838\">\n#top .av-special-heading.av-3dqkmxz-9b2ef0cda87092723a783071ba9e2838{\npadding-bottom:10px;\n}\nbody .av-special-heading.av-3dqkmxz-9b2ef0cda87092723a783071ba9e2838 .av-special-heading-tag .heading-char{\nfont-size:25px;\n}\n#top #wrap_all .av-special-heading.av-3dqkmxz-9b2ef0cda87092723a783071ba9e2838 .av-special-heading-tag{\nfont-size:25px;\n}\n.av-special-heading.av-3dqkmxz-9b2ef0cda87092723a783071ba9e2838 .av-subheading{\nfont-size:15px;\n}\n<\/style>\n<div  class='av-special-heading av-3dqkmxz-9b2ef0cda87092723a783071ba9e2838 av-special-heading-h3  avia-builder-el-18  el_before_av_textblock  avia-builder-el-first '><h3 class='av-special-heading-tag '  >Contactez-nous \u00e0 l\u2019aide du formulaire ci-dessous<\/h3><div class=\"special-heading-border\"><div class=\"special-heading-inner-border\"><\/div><\/div><\/div><br \/>\n<section  class='av_textblock_section av-30lq6av-800950c2e1cb11ee1779ff4f91a049e6 '  ><div class='avia_textblock' ><div class=\"wpforms-container wpforms-container-full\" id=\"wpforms-27233\"><form id=\"wpforms-form-27233\" class=\"wpforms-validate wpforms-form\" data-formid=\"27233\" method=\"post\" enctype=\"multipart\/form-data\" action=\"\/fr\/wp-json\/wp\/v2\/pages\/40194\" data-token=\"6ba5f000c7e8e5598884cf382fca1852\" data-token-time=\"1777568129\"><noscript class=\"wpforms-error-noscript\">Veuillez activer JavaScript dans votre navigateur pour remplir ce formulaire.<\/noscript><div class=\"wpforms-field-container\"><div id=\"wpforms-27233-field_5-container\" class=\"wpforms-field wpforms-field-name\" data-field-id=\"5\"><label class=\"wpforms-field-label\">Nom <span class=\"wpforms-required-label\">*<\/span><\/label><div class=\"wpforms-field-row wpforms-field-medium\"><div class=\"wpforms-field-row-block wpforms-first wpforms-one-half\"><input type=\"text\" id=\"wpforms-27233-field_5\" class=\"wpforms-field-name-first wpforms-field-required\" name=\"wpforms[fields][5][first]\" required><label for=\"wpforms-27233-field_5\" class=\"wpforms-field-sublabel after\">First<\/label><\/div><div class=\"wpforms-field-row-block wpforms-one-half\"><input type=\"text\" id=\"wpforms-27233-field_5-last\" class=\"wpforms-field-name-last wpforms-field-required\" name=\"wpforms[fields][5][last]\" required><label for=\"wpforms-27233-field_5-last\" class=\"wpforms-field-sublabel after\">Last<\/label><\/div><\/div><\/div><div id=\"wpforms-27233-field_9-container\" class=\"wpforms-field wpforms-field-layout\" data-field-id=\"9\"><div class=\"wpforms-field-layout-rows wpforms-field-large\"><div class=\"wpforms-layout-row\"><div class=\"wpforms-layout-column wpforms-layout-column-50\"><div id=\"wpforms-27233-field_7-container\" class=\"wpforms-field wpforms-field-email\" data-field-id=\"7\"><label class=\"wpforms-field-label\" for=\"wpforms-27233-field_7\">Courriel <span class=\"wpforms-required-label\">*<\/span><\/label><input type=\"email\" id=\"wpforms-27233-field_7\" class=\"wpforms-field-medium wpforms-field-required\" name=\"wpforms[fields][7]\" spellcheck=\"false\" required><\/div><\/div><div class=\"wpforms-layout-column wpforms-layout-column-50\"><div id=\"wpforms-27233-field_8-container\" class=\"wpforms-field wpforms-field-phone\" data-field-id=\"8\"><label class=\"wpforms-field-label\" for=\"wpforms-27233-field_8\">T\u00e9l\u00e9phone <span class=\"wpforms-required-label\">*<\/span><\/label><input type=\"tel\" id=\"wpforms-27233-field_8\" class=\"wpforms-field-medium wpforms-field-required\" data-rule-int-phone-field=\"true\" name=\"wpforms[fields][8]\" aria-label=\"T\u00e9l\u00e9phone\" required><\/div><\/div><\/div><\/div><\/div><div id=\"wpforms-27233-field_4-container\" class=\"wpforms-field wpforms-field-textarea\" data-field-id=\"4\"><label class=\"wpforms-field-label\" for=\"wpforms-27233-field_4\">Message<\/label><textarea id=\"wpforms-27233-field_4\" class=\"wpforms-field-medium\" name=\"wpforms[fields][4]\" ><\/textarea><\/div><\/div><!-- .wpforms-field-container --><div class=\"wpforms-recaptcha-container wpforms-is-recaptcha wpforms-is-recaptcha-type-v3\" ><input type=\"hidden\" name=\"wpforms[recaptcha]\" value=\"\"><\/div><div class=\"wpforms-submit-container\" ><input type=\"hidden\" name=\"wpforms[id]\" value=\"27233\"><input type=\"hidden\" name=\"page_title\" value=\"\"><input type=\"hidden\" name=\"page_url\" value=\"https:\/\/car4rent.fr\/fr\/wp-json\/wp\/v2\/pages\/40194\"><input type=\"hidden\" name=\"url_referer\" value=\"\"><button type=\"submit\" name=\"wpforms[submit]\" id=\"wpforms-submit-27233\" class=\"wpforms-submit\" data-alt-text=\"Envoi\" data-submit-text=\"Soumettre\" aria-live=\"assertive\" value=\"wpforms-submit\">Soumettre<\/button><\/div><\/form><\/div>  <!-- .wpforms-container -->\n<\/div><\/section><\/p><\/div>\n<style type=\"text\/css\" data-created_by=\"avia_inline_auto\" id=\"style-css-av-2hqivdz-515a5527bf45253c45f43dd914f3241f\">\n.flex_column.av-2hqivdz-515a5527bf45253c45f43dd914f3241f{\nborder-radius:0px 0px 0px 0px;\npadding:0px 0px 0px 0px;\n}\n<\/style>\n<div  class='flex_column av-2hqivdz-515a5527bf45253c45f43dd914f3241f av_one_third  avia-builder-el-20  el_after_av_two_third  avia-builder-el-last  flex_column_div av-zero-column-padding  '     ><p>\n<style type=\"text\/css\" data-created_by=\"avia_inline_auto\" id=\"style-css-av-2ao029z-e3a06f1013961e0db1a8fc55ba94ee5d\">\n#top .av-special-heading.av-2ao029z-e3a06f1013961e0db1a8fc55ba94ee5d{\npadding-bottom:10px;\n}\nbody .av-special-heading.av-2ao029z-e3a06f1013961e0db1a8fc55ba94ee5d .av-special-heading-tag .heading-char{\nfont-size:25px;\n}\n.av-special-heading.av-2ao029z-e3a06f1013961e0db1a8fc55ba94ee5d .av-subheading{\nfont-size:15px;\n}\n<\/style>\n<div  class='av-special-heading av-2ao029z-e3a06f1013961e0db1a8fc55ba94ee5d av-special-heading-h3  avia-builder-el-21  el_before_av_textblock  avia-builder-el-first '><h3 class='av-special-heading-tag '  >Nous contacter par t\u00e9l\u00e9phone<\/h3><div class=\"special-heading-border\"><div class=\"special-heading-inner-border\"><\/div><\/div><\/div><br \/>\n<section  class='av_textblock_section av-1q4hjs7-85dd020506fbac6a56b7d1c1aca8b4aa '  ><div class='avia_textblock' ><p>Bureau de Cannes (09H-12H00 et 15H00-19H00)<br \/>\n10, rue Hibert &#8211; 06400 Cannes<br \/>\nT\u00e9l\u00e9phone : <a href=\"tel:0033788278586\">0033 7 88 27 85 86<\/a><br \/>\nMail : <a href=\"mailto:info@car4rent.fr\">info@car4rent.fr<\/a><\/p>\n<\/div><\/section><\/p><\/div>\n\n<\/div><\/div><\/div><!-- close content main div --><\/div><\/div><div id='av_section_5'  class='avia-section av-13u5syv-7463086ba07d3daca06cf3aa6e563eb4 main_color avia-section-default avia-no-border-styling  avia-builder-el-23  el_after_av_section  avia-builder-el-last  avia-bg-style-scroll container_wrap fullsize'  ><div class='container av-section-cont-open' ><div class='template-page content  av-content-full alpha units'><div class='post-entry post-entry-type-page post-entry-40194'><div class='entry-content-wrapper clearfix'>\n<div  class='avia-builder-widget-area clearfix  avia-builder-el-24  avia-builder-el-no-sibling '><div id=\"text-9\" class=\"widget clearfix widget_text\">\t\t\t<div class=\"textwidget\"><p style=\"text-align: center;\">    <div class=\"car4rent-share-block car4rent-fr\">\n        <a href=\"https:\/\/www.facebook.com\/sharer\/sharer.php?u=\" target=\"_blank\" rel=\"noopener\"><i class=\"fa-brands fa-facebook\"><\/i> Partager<\/a>\n        <a href=\"https:\/\/x.com\/intent\/tweet?url=&amp;text=\" target=\"_blank\" rel=\"noopener\"><i class=\"fa-brands fa-x-twitter\"><\/i> X<\/a>\n        <a href=\"https:\/\/wa.me\/?text=%20\" target=\"_blank\" rel=\"noopener\"><i class=\"fa-brands fa-whatsapp\"><\/i> WhatsApp<\/a>\n        <a href=\"https:\/\/www.instagram.com\/car4rent_cannes\/\" target=\"_blank\" rel=\"noopener\"><i class=\"fa-brands fa-instagram\"><\/i> Instagram<\/a>\n        <a href=\"https:\/\/www.linkedin.com\/company\/car4rent\/about\/\" target=\"_blank\" rel=\"noopener\"><i class=\"fa-brands fa-linkedin\"><\/i> LinkedIn<\/a>\n        <a href=\"https:\/\/www.youtube.com\/@car4rentcannes839\" target=\"_blank\" rel=\"noopener\"><i class=\"fa-brands fa-youtube\"><\/i> YouTube<\/a>\n    <\/div>\n    <\/p>\n<\/div>\n\t\t<\/div><\/div>\n\n","protected":false},"excerpt":{"rendered":"","protected":false},"author":3,"featured_media":39607,"parent":0,"menu_order":1655,"comment_status":"closed","ping_status":"closed","template":"","meta":{"_acf_changed":false,"footnotes":""},"class_list":["post-40194","page","type-page","status-publish","has-post-thumbnail","hentry"],"acf":[],"_links":{"self":[{"href":"https:\/\/car4rent.fr\/fr\/wp-json\/wp\/v2\/pages\/40194","targetHints":{"allow":["GET"]}}],"collection":[{"href":"https:\/\/car4rent.fr\/fr\/wp-json\/wp\/v2\/pages"}],"about":[{"href":"https:\/\/car4rent.fr\/fr\/wp-json\/wp\/v2\/types\/page"}],"author":[{"embeddable":true,"href":"https:\/\/car4rent.fr\/fr\/wp-json\/wp\/v2\/users\/3"}],"replies":[{"embeddable":true,"href":"https:\/\/car4rent.fr\/fr\/wp-json\/wp\/v2\/comments?post=40194"}],"version-history":[{"count":0,"href":"https:\/\/car4rent.fr\/fr\/wp-json\/wp\/v2\/pages\/40194\/revisions"}],"wp:featuredmedia":[{"embeddable":true,"href":"https:\/\/car4rent.fr\/fr\/wp-json\/wp\/v2\/media\/39607"}],"wp:attachment":[{"href":"https:\/\/car4rent.fr\/fr\/wp-json\/wp\/v2\/media?parent=40194"}],"curies":[{"name":"wp","href":"https:\/\/api.w.org\/{rel}","templated":true}]}}