{"id":39977,"date":"2024-04-05T20:06:52","date_gmt":"2024-04-05T18:06:52","guid":{"rendered":"https:\/\/car4rent.fr\/rent-a-van\/"},"modified":"2025-05-30T18:31:54","modified_gmt":"2025-05-30T16:31:54","slug":"louer-un-van","status":"publish","type":"page","link":"https:\/\/car4rent.fr\/fr\/louer-un-van\/","title":{"rendered":"Louer un Van"},"content":{"rendered":"\n<style type=\"text\/css\" data-created_by=\"avia_inline_auto\" id=\"style-css-av-1k1161t-f0336d51fa027a3fb322288cef1a1318\">\n.avia-section.av-1k1161t-f0336d51fa027a3fb322288cef1a1318 .av-parallax .av-parallax-inner{\nbackground-repeat:no-repeat;\nbackground-image:url(https:\/\/car4rent.fr\/wp-content\/uploads\/rent-a-van.jpg);\nbackground-position:50% 50%;\nbackground-attachment:scroll;\n}\n<\/style>\n<div id='av_section_1'  class='avia-section av-1k1161t-f0336d51fa027a3fb322288cef1a1318 main_color avia-section-huge avia-no-border-styling  avia-builder-el-0  el_before_av_section  avia-builder-el-first  avia-full-stretch av-parallax-section avia-bg-style-parallax av-minimum-height av-minimum-height-custom av-height-custom  container_wrap fullsize'  data-section-bg-repeat='stretch' data-av_minimum_height_px='350'><div class='av-parallax' data-avia-parallax-ratio='0.3' ><div class='av-parallax-inner main_color avia-full-stretch'><\/div><\/div><div class=\"av-section-color-overlay-wrap\"><a href='#next-section' title='' class='scroll-down-link  avia-svg-icon avia-font-svg_entypo-fontello' data-av_svg_icon='down-open-mini' data-av_iconset='svg_entypo-fontello'><svg version=\"1.1\" xmlns=\"http:\/\/www.w3.org\/2000\/svg\" width=\"15\" height=\"32\" viewBox=\"0 0 15 32\" preserveAspectRatio=\"xMidYMid meet\" aria-labelledby='av-svg-title-1' aria-describedby='av-svg-desc-1' role=\"graphics-symbol\" aria-hidden=\"true\">\n<title id='av-svg-title-1'>Scroller vers la prochaine section<\/title>\n<desc id='av-svg-desc-1'>Scroller vers la prochaine section<\/desc>\n<path d=\"M12.96 12.16q0.704-0.832 1.536 0 0.832 0.704 0 1.536l-6.272 6.144q-0.704 0.704-1.536 0l-6.272-6.144q-0.832-0.832 0-1.536 0.768-0.768 1.6 0l5.44 4.992z\"><\/path>\n<\/svg><\/a><div class='container av-section-cont-open' style='height:350px'><main  class='template-page content  av-content-full alpha units'><div class='post-entry post-entry-type-page post-entry-39977'><div class='entry-content-wrapper clearfix'>\n<\/div><\/div><\/main><!-- close content main element --><\/div><\/div><\/div><div id='av_section_2'  class='avia-section av-av_section-1fd9857e04421f8a1b324f4dd17348a0 main_color avia-section-small avia-no-border-styling  avia-builder-el-1  el_after_av_section  el_before_av_section  avia-bg-style-scroll container_wrap fullsize'  ><div class='container av-section-cont-open' ><div class='template-page content  av-content-full alpha units'><div class='post-entry post-entry-type-page post-entry-39977'><div class='entry-content-wrapper clearfix'>\n<div  class='avia-logo-element-container av-av_partner-a9f1cd784ab651baed548dea6a770268 avia-logo-slider avia-content-slider avia-smallarrow-slider avia-content-slider-active noHover avia-content-slider-even  avia-builder-el-2  avia-builder-el-no-sibling  av-slideshow-ui av-control-default av-nav-arrows-visible av-nav-dots-visible av-hide-nav-arrows av-slideshow-manual av-loop-once av-loop-manual-endless avia-content-slider1' data-slideshow-options=\"{&quot;animation&quot;:&quot;slide&quot;,&quot;autoplay&quot;:false,&quot;loop_autoplay&quot;:&quot;once&quot;,&quot;interval&quot;:5,&quot;loop_manual&quot;:&quot;manual-endless&quot;,&quot;autoplay_stopper&quot;:false,&quot;noNavigation&quot;:false,&quot;bg_slider&quot;:false,&quot;keep_padding&quot;:&quot;&quot;,&quot;hoverpause&quot;:false,&quot;show_slide_delay&quot;:0}\"><div class='avia-smallarrow-slider-heading  no-logo-slider-heading '><div class='new-special-heading'>&nbsp;<\/div><\/div><div class=\"avia-content-slider-inner\"><div class=\"slide-entry-wrap\"><div data-avia-tooltip=\"Bienvenue chez Car4rent La location de voiture de luxe - Audi\" class='slide-entry av-av_partner_logo-15c4457981ae6e165186b10b4da406ee flex_column no_margin av_one_eighth real-thumbnail post-entry slide-entry-overview slide-loop-1 slide-parity-odd  first'><a href=\"https:\/\/car4rent.fr\/fr\/louer-une-audi\/\" data-rel='slide-1' class='slide-image' title='' ><img width=\"100\" height=\"100\" src=\"https:\/\/car4rent.fr\/wp-content\/uploads\/Car4rent Audi Logo-100x100.png\" class=\"wp-image-33855 avia-img-lazy-loading-33855 attachment-woocommerce_gallery_thumbnail size-woocommerce_gallery_thumbnail\" alt=\"Car4rent audi logo 100x100\" srcset=\"https:\/\/car4rent.fr\/wp-content\/uploads\/\/Car4rent%20Audi%20Logo-100x100.png 100w, https:\/\/car4rent.fr\/wp-content\/uploads\/\/Car4rent%20Audi%20Logo-80x80.png 80w, https:\/\/car4rent.fr\/wp-content\/uploads\/\/Car4rent%20Audi%20Logo-36x36.png 36w, https:\/\/car4rent.fr\/wp-content\/uploads\/\/Car4rent%20Audi%20Logo-180x180.png 180w, https:\/\/car4rent.fr\/wp-content\/uploads\/\/Car4rent%20Audi%20Logo-120x120.png 120w, https:\/\/car4rent.fr\/wp-content\/uploads\/\/Car4rent%20Audi%20Logo-450x450.png 450w\" sizes=\"auto, (max-width: 100px) 100vw, 100px\" loading=\"lazy\" decoding=\"async\" title=\"Car4Rent Cannes\"><\/a><\/div><div data-avia-tooltip=\"Bienvenue chez Car4rent La location de voiture de luxe - Bentley\" class='slide-entry av-av_partner_logo-6dabae93aeb2a6bd0f650351df6bf61a flex_column no_margin av_one_eighth real-thumbnail post-entry slide-entry-overview slide-loop-2 slide-parity-even  '><a href=\"https:\/\/car4rent.fr\/fr\/louer-une-bentley\/\" data-rel='slide-1' class='slide-image' title='' ><img width=\"100\" height=\"100\" src=\"https:\/\/car4rent.fr\/wp-content\/uploads\/car4rent bentley  logo 1-100x100.png\" class=\"wp-image-33662 avia-img-lazy-loading-33662 attachment-woocommerce_gallery_thumbnail size-woocommerce_gallery_thumbnail\" alt=\"Bentley Motors luxury car logo with wings on green background.\" srcset=\"https:\/\/car4rent.fr\/wp-content\/uploads\/\/car4rent%20bentley%20%20logo%201-100x100.png 100w, https:\/\/car4rent.fr\/wp-content\/uploads\/\/car4rent%20bentley%20%20logo%201-300x300.png 300w, https:\/\/car4rent.fr\/wp-content\/uploads\/\/car4rent%20bentley%20%20logo%201-1030x1030.png 1030w, https:\/\/car4rent.fr\/wp-content\/uploads\/\/car4rent%20bentley%20%20logo%201-80x80.png 80w, https:\/\/car4rent.fr\/wp-content\/uploads\/\/car4rent%20bentley%20%20logo%201-768x768.png 768w, https:\/\/car4rent.fr\/wp-content\/uploads\/\/car4rent%20bentley%20%20logo%201-36x36.png 36w, https:\/\/car4rent.fr\/wp-content\/uploads\/\/car4rent%20bentley%20%20logo%201-180x180.png 180w, https:\/\/car4rent.fr\/wp-content\/uploads\/\/car4rent%20bentley%20%20logo%201-705x705.png 705w, https:\/\/car4rent.fr\/wp-content\/uploads\/\/car4rent%20bentley%20%20logo%201-120x120.png 120w, https:\/\/car4rent.fr\/wp-content\/uploads\/\/car4rent%20bentley%20%20logo%201-450x450.png 450w, https:\/\/car4rent.fr\/wp-content\/uploads\/\/car4rent%20bentley%20%20logo%201.png 1280w\" sizes=\"auto, (max-width: 100px) 100vw, 100px\" loading=\"lazy\" decoding=\"async\" title=\"Car4Rent Cannes\"><\/a><\/div><div data-avia-tooltip=\"Bienvenue chez Car4rent La location de voiture de luxe - Ferrari\" class='slide-entry av-av_partner_logo-d8343b229d6d089584765432d381bbdb flex_column no_margin av_one_eighth real-thumbnail post-entry slide-entry-overview slide-loop-3 slide-parity-odd  '><a href=\"https:\/\/car4rent.fr\/fr\/louer-une-ferrari\/\" data-rel='slide-1' class='slide-image' title='' ><img width=\"100\" height=\"100\" src=\"https:\/\/car4rent.fr\/wp-content\/uploads\/car4rent-ferrari-100x100.jpg\" class=\"wp-image-29292 avia-img-lazy-loading-29292 attachment-woocommerce_gallery_thumbnail size-woocommerce_gallery_thumbnail\" alt=\"Car4rent ferrari 100x100\" srcset=\"https:\/\/car4rent.fr\/wp-content\/uploads\/car4rent-ferrari-100x100.jpg 100w, https:\/\/car4rent.fr\/wp-content\/uploads\/car4rent-ferrari-450x450.jpg 450w, https:\/\/car4rent.fr\/wp-content\/uploads\/car4rent-ferrari-80x80.jpg 80w, https:\/\/car4rent.fr\/wp-content\/uploads\/car4rent-ferrari-36x36.jpg 36w, https:\/\/car4rent.fr\/wp-content\/uploads\/car4rent-ferrari-180x180.jpg 180w\" sizes=\"auto, (max-width: 100px) 100vw, 100px\" loading=\"lazy\" decoding=\"async\" title=\"Car4Rent Cannes\"><\/a><\/div><div data-avia-tooltip=\"Bienvenue chez Car4rent La location de voiture de luxe - Lamborghini\" class='slide-entry av-av_partner_logo-144f003d3189065d431d285380ab5e36 flex_column no_margin av_one_eighth real-thumbnail post-entry slide-entry-overview slide-loop-4 slide-parity-even  '><a href=\"https:\/\/car4rent.fr\/fr\/louer-une-lamborghini\/\" data-rel='slide-1' class='slide-image' title='' ><img width=\"100\" height=\"100\" src=\"https:\/\/car4rent.fr\/wp-content\/uploads\/3d___lamborghini_logo_by_llexandro-d9kncg1-100x100.png\" class=\"wp-image-29279 avia-img-lazy-loading-29279 attachment-woocommerce_gallery_thumbnail size-woocommerce_gallery_thumbnail\" alt=\"3d lamborghini logo by llexandro d9kncg1 100x100\" srcset=\"https:\/\/car4rent.fr\/wp-content\/uploads\/\/3d___lamborghini_logo_by_llexandro-d9kncg1-100x100.png 100w, https:\/\/car4rent.fr\/wp-content\/uploads\/\/3d___lamborghini_logo_by_llexandro-d9kncg1-450x450.png 450w, https:\/\/car4rent.fr\/wp-content\/uploads\/\/3d___lamborghini_logo_by_llexandro-d9kncg1-80x80.png 80w, https:\/\/car4rent.fr\/wp-content\/uploads\/\/3d___lamborghini_logo_by_llexandro-d9kncg1-300x300.png 300w, https:\/\/car4rent.fr\/wp-content\/uploads\/\/3d___lamborghini_logo_by_llexandro-d9kncg1-768x768.png 768w, https:\/\/car4rent.fr\/wp-content\/uploads\/\/3d___lamborghini_logo_by_llexandro-d9kncg1-192x192.png 192w, https:\/\/car4rent.fr\/wp-content\/uploads\/\/3d___lamborghini_logo_by_llexandro-d9kncg1-36x36.png 36w, https:\/\/car4rent.fr\/wp-content\/uploads\/\/3d___lamborghini_logo_by_llexandro-d9kncg1-180x180.png 180w, https:\/\/car4rent.fr\/wp-content\/uploads\/\/3d___lamborghini_logo_by_llexandro-d9kncg1-705x705.png 705w, https:\/\/car4rent.fr\/wp-content\/uploads\/\/3d___lamborghini_logo_by_llexandro-d9kncg1.png 894w\" sizes=\"auto, (max-width: 100px) 100vw, 100px\" loading=\"lazy\" decoding=\"async\" title=\"Car4Rent Cannes\"><\/a><\/div><div data-avia-tooltip=\"Bienvenue chez Car4rent La location de voiture de luxe - Mercedes\" class='slide-entry av-av_partner_logo-d168effb08ae4782d0510fa3ecd6b090 flex_column no_margin av_one_eighth real-thumbnail post-entry slide-entry-overview slide-loop-5 slide-parity-odd  '><a href=\"https:\/\/car4rent.fr\/fr\/louer-une-mercedes\/\" data-rel='slide-1' class='slide-image' title='' ><img width=\"100\" height=\"100\" src=\"https:\/\/car4rent.fr\/wp-content\/uploads\/car4rent-mercedes-100x100.jpg\" class=\"wp-image-29287 avia-img-lazy-loading-29287 attachment-woocommerce_gallery_thumbnail size-woocommerce_gallery_thumbnail\" alt=\"Car4rent mercedes 100x100\" srcset=\"https:\/\/car4rent.fr\/wp-content\/uploads\/car4rent-mercedes-100x100.jpg 100w, https:\/\/car4rent.fr\/wp-content\/uploads\/car4rent-mercedes-80x80.jpg 80w, https:\/\/car4rent.fr\/wp-content\/uploads\/car4rent-mercedes-300x300.jpg 300w, https:\/\/car4rent.fr\/wp-content\/uploads\/car4rent-mercedes-192x192.jpg 192w, https:\/\/car4rent.fr\/wp-content\/uploads\/car4rent-mercedes-36x36.jpg 36w, https:\/\/car4rent.fr\/wp-content\/uploads\/car4rent-mercedes-180x180.jpg 180w, https:\/\/car4rent.fr\/wp-content\/uploads\/car4rent-mercedes.jpg 400w\" sizes=\"auto, (max-width: 100px) 100vw, 100px\" loading=\"lazy\" decoding=\"async\" title=\"Car4Rent Cannes\"><\/a><\/div><div data-avia-tooltip=\"Bienvenue chez Car4rent La location de voiture de luxe - Land Rover\" class='slide-entry av-av_partner_logo-9630f8135f934aca4d0c61ebfe1d8dc6 flex_column no_margin av_one_eighth real-thumbnail post-entry slide-entry-overview slide-loop-6 slide-parity-even  '><a href=\"https:\/\/car4rent.fr\/fr\/louer-un-land-rover\/\" data-rel='slide-1' class='slide-image' title='' ><img width=\"100\" height=\"100\" src=\"https:\/\/car4rent.fr\/wp-content\/uploads\/car4rent-Range-Rover-100x100.png\" class=\"wp-image-29290 avia-img-lazy-loading-29290 attachment-woocommerce_gallery_thumbnail size-woocommerce_gallery_thumbnail\" alt=\"Car4rent range rover 100x100\" srcset=\"https:\/\/car4rent.fr\/wp-content\/uploads\/\/car4rent-Range-Rover-100x100.png 100w, https:\/\/car4rent.fr\/wp-content\/uploads\/\/car4rent-Range-Rover-450x450.png 450w, https:\/\/car4rent.fr\/wp-content\/uploads\/\/car4rent-Range-Rover-80x80.png 80w, https:\/\/car4rent.fr\/wp-content\/uploads\/\/car4rent-Range-Rover-36x36.png 36w, https:\/\/car4rent.fr\/wp-content\/uploads\/\/car4rent-Range-Rover-180x180.png 180w\" sizes=\"auto, (max-width: 100px) 100vw, 100px\" loading=\"lazy\" decoding=\"async\" title=\"Car4Rent Cannes\"><\/a><\/div><div data-avia-tooltip=\"Bienvenue chez Car4rent La location de voiture de luxe - Rolls Royce\" class='slide-entry av-av_partner_logo-38e7778f7d05e707c77fb5832779de62 flex_column no_margin av_one_eighth real-thumbnail post-entry slide-entry-overview slide-loop-7 slide-parity-odd  '><a href=\"https:\/\/car4rent.fr\/fr\/louer-une-rolls-royce\/\" data-rel='slide-1' class='slide-image' title='' ><img width=\"100\" height=\"100\" src=\"https:\/\/car4rent.fr\/wp-content\/uploads\/car4rent-Rolls-Royce-Logo-100x100.png\" class=\"wp-image-29297 avia-img-lazy-loading-29297 attachment-woocommerce_gallery_thumbnail size-woocommerce_gallery_thumbnail\" alt=\"Car4rent rolls royce logo 100x100\" srcset=\"https:\/\/car4rent.fr\/wp-content\/uploads\/\/car4rent-Rolls-Royce-Logo-100x100.png 100w, https:\/\/car4rent.fr\/wp-content\/uploads\/\/car4rent-Rolls-Royce-Logo-450x450.png 450w, https:\/\/car4rent.fr\/wp-content\/uploads\/\/car4rent-Rolls-Royce-Logo-80x80.png 80w, https:\/\/car4rent.fr\/wp-content\/uploads\/\/car4rent-Rolls-Royce-Logo-300x300.png 300w, https:\/\/car4rent.fr\/wp-content\/uploads\/\/car4rent-Rolls-Royce-Logo-192x192.png 192w, https:\/\/car4rent.fr\/wp-content\/uploads\/\/car4rent-Rolls-Royce-Logo-36x36.png 36w, https:\/\/car4rent.fr\/wp-content\/uploads\/\/car4rent-Rolls-Royce-Logo-180x180.png 180w, https:\/\/car4rent.fr\/wp-content\/uploads\/\/car4rent-Rolls-Royce-Logo.png 500w\" sizes=\"auto, (max-width: 100px) 100vw, 100px\" loading=\"lazy\" decoding=\"async\" title=\"Car4Rent Cannes\"><\/a><\/div><div data-avia-tooltip=\"Bienvenue chez Car4rent La location de voiture de luxe - Porsche\" class='slide-entry av-av_partner_logo-875b099aecc3438384dcc5cb344edd66 flex_column no_margin av_one_eighth real-thumbnail post-entry slide-entry-overview slide-loop-8 slide-parity-even post-entry-last '><a href=\"https:\/\/car4rent.fr\/fr\/louer-une-porsche\/\" data-rel='slide-1' class='slide-image' title='' ><img width=\"100\" height=\"100\" src=\"https:\/\/car4rent.fr\/wp-content\/uploads\/car4rent-porsche-100x100.png\" class=\"wp-image-29284 avia-img-lazy-loading-29284 attachment-woocommerce_gallery_thumbnail size-woocommerce_gallery_thumbnail\" alt=\"Car4rent porsche 100x100\" srcset=\"https:\/\/car4rent.fr\/wp-content\/uploads\/\/car4rent-porsche-100x100.png 100w, https:\/\/car4rent.fr\/wp-content\/uploads\/\/car4rent-porsche-450x450.png 450w, https:\/\/car4rent.fr\/wp-content\/uploads\/\/car4rent-porsche-80x80.png 80w, https:\/\/car4rent.fr\/wp-content\/uploads\/\/car4rent-porsche-36x36.png 36w, https:\/\/car4rent.fr\/wp-content\/uploads\/\/car4rent-porsche-180x180.png 180w\" sizes=\"auto, (max-width: 100px) 100vw, 100px\" loading=\"lazy\" decoding=\"async\" title=\"Car4Rent Cannes\"><\/a><\/div><\/div><\/div><\/div>\n\n<\/div><\/div><\/div><!-- close content main div --><\/div><\/div><div id='av_section_3'  class='avia-section av-aauxkm9-28464d65e8eb9cb6e557f511d8f794e4 main_color avia-section-default avia-no-shadow  avia-builder-el-3  el_after_av_section  el_before_av_section  avia-bg-style-scroll container_wrap fullsize'  ><div class='container av-section-cont-open' ><div class='template-page content  av-content-full alpha units'><div class='post-entry post-entry-type-page post-entry-39977'><div class='entry-content-wrapper clearfix'>\n\n<style type=\"text\/css\" data-created_by=\"avia_inline_auto\" id=\"style-css-av-9ylzy01-c8f5e68a6396c4d5ce11c288bd98650a\">\n#top .av-special-heading.av-9ylzy01-c8f5e68a6396c4d5ce11c288bd98650a{\npadding-bottom:10px;\nfont-size:35px;\n}\nbody .av-special-heading.av-9ylzy01-c8f5e68a6396c4d5ce11c288bd98650a .av-special-heading-tag .heading-char{\nfont-size:25px;\n}\n#top #wrap_all .av-special-heading.av-9ylzy01-c8f5e68a6396c4d5ce11c288bd98650a .av-special-heading-tag{\nfont-size:35px;\n}\n.av-special-heading.av-9ylzy01-c8f5e68a6396c4d5ce11c288bd98650a .av-subheading{\nfont-size:15px;\n}\n\n@media only screen and (min-width: 480px) and (max-width: 767px){ \n#top #wrap_all .av-special-heading.av-9ylzy01-c8f5e68a6396c4d5ce11c288bd98650a .av-special-heading-tag{\nfont-size:0.8em;\n}\n}\n\n@media only screen and (max-width: 479px){ \n#top #wrap_all .av-special-heading.av-9ylzy01-c8f5e68a6396c4d5ce11c288bd98650a .av-special-heading-tag{\nfont-size:0.8em;\n}\n}\n<\/style>\n<div  class='av-special-heading av-9ylzy01-c8f5e68a6396c4d5ce11c288bd98650a av-special-heading-h2 blockquote modern-quote modern-centered  avia-builder-el-4  el_before_av_hr  avia-builder-el-first  av-inherit-size'><h2 class='av-special-heading-tag '  >Louer un Van<\/h2><div class=\"special-heading-border\"><div class=\"special-heading-inner-border\"><\/div><\/div><\/div>\n<div  class='hr av-9ew2o9t-d28e98c3691135567c7db4d5b0fa825a hr-default  avia-builder-el-5  el_after_av_heading  el_before_av_textblock '><span class='hr-inner '><span class=\"hr-inner-style\"><\/span><\/span><\/div>\n<section  class='av_textblock_section av-95uaa1t-b1305ae6a5038dcdc6308a1c1bb516a4 '  ><div class='avia_textblock' ><section id=\"block0\" class=\"stripe row-content block0 fullwidth\">\n<div class=\"column small-five small-push-one reset last\">\n<div class=\"boxcontent\">\n<h2>Louer un Van avec Car4rent<\/h2>\n<p>Louer un Van en France sur la <a href=\"https:\/\/cotedazurfrance.fr\/decouvrir\/les-spots-incontournables\/top-12-des-lieux-incontournables-a-visiter-sur-la-cote-dazur\/\" target=\"_blank\" rel=\"noopener\">C\u00f4te d&rsquo;Azur<\/a> au meilleur prix avec Car4rent est votre meilleur choix. Vous pouvez louer un Van ou un minivan de luxe pour votre entreprise ou pour des vacances en famille ou entre amis.<\/p>\n<p>La France regorge de r\u00e9gions paradisiaques. La C\u00f4te d&rsquo;Azur en fait partie, c\u2019est certain et jouit d&rsquo;une aura unique, presque mythique. Son nom seul sonne comme une invitation au voyage et \u00e0 la d\u00e9tente, un appel qui s\u2019entend d\u2019ailleurs bien au-del\u00e0 des fronti\u00e8res de l\u2019hexagone. Et pour y r\u00e9pondre, rien de tel qu\u2019une location de Van.<\/p>\n<p>Vous vous imaginez d\u00e9j\u00e0 en train de bronzer sur les somptueuses \u00e9tendues de sable (ou de galets) de la r\u00e9gion, comme la plage de Passable ou de la Mala, r\u00e9put\u00e9es comme faisant partie des plus belles plages du Cap Ferrat, ou la plage des Fossettes, non loin de l\u00e0. Louer un Van \u00e0 Nice vous permet, en toute libert\u00e9, de passer de l\u2019une \u00e0 l\u2019autre pour un s\u00e9jour plac\u00e9 sous le signe de la farniente.<\/p>\n<p>Notre \u00e9quipe d\u00e9vou\u00e9e peut vous livrer votre location de Van pour\u00a0 vos vacances et d\u00e8s votre arriv\u00e9e dans les principaux a\u00e9roports de France. Choisissez parmi une s\u00e9lection comprenant les Mercedes Classe V et Vito, le Volkswagen Multivan, le BMW X7 ou le Land Rover Defender, et bien d&rsquo;autres encore.<\/p>\n<p>Nous effectuons \u00e9galement des livraisons et restitutions personnalis\u00e9es partout en France, Suisse, Allemagne et Italie. R\u00e9servez votre Van de luxe avec Car4rent et contactez-nous directement par email ou par t\u00e9l\u00e9phone.<\/p>\n<h2>\u00c0 propos des Vans et des Minivans<\/h2>\n<p>M\u00eame si leur utilisation est avant tout utilitaire, notre flotte comprend \u00e9galement des Vans luxueux et bien am\u00e9nag\u00e9s. Chacun dispose des \u00e9quipements que l\u2019on peut attendre d\u2019un v\u00e9hicule haut de gamme.<\/p>\n<p>Pour ceux qui privil\u00e9gient l\u2019espace et la praticit\u00e9, les vans sont id\u00e9aux. Cette cat\u00e9gorie de v\u00e9hicules est particuli\u00e8rement attractive pour voyager entre amis, en famille ou en groupe.<\/p>\n<p>La cat\u00e9gorie des Vans ne fait pas exception. Alors que d&rsquo;autres mod\u00e8les sont propos\u00e9s, l&rsquo;option de Van standard et la plus populaire de Car4rent est la Mercedes-Benz Classe V extra-long offrant 8 places. Le Classe V int\u00e8gre toutes les caract\u00e9ristiques de s\u00e9curit\u00e9 telles que la transmission int\u00e9grale 4Matic et le r\u00e9gulateur de vitesse adaptatif. La cat\u00e9gorie Van est id\u00e9ale pour les familles nombreuses pour partir en vacances. Avec de l&rsquo;espace pour les bagages et des si\u00e8ges pour au moins huit personnes, un Van devient un v\u00e9hicule d&rsquo;exp\u00e9dition id\u00e9al.<\/p>\n<p>Pour s&rsquo;adapter au reste de sa gamme de voitures, Car4rent commande ses v\u00e9hicules sur mesure. Cela signifie que la finition globale est sup\u00e9rieure aux int\u00e9rieurs standards et qu\u2019une qualit\u00e9 sup\u00e9rieure de mat\u00e9riaux est utilis\u00e9e.<\/p>\n<p>Si l&rsquo;aspect pratique de l&rsquo;espace est un facteur contraignant, alors le Mercedes Classe V est vraiment l&rsquo;une des, sinon la meilleure option. Les minivans sont un excellent choix pour ceux qui souhaitent effectuer de longs trajets en voiture.<\/p>\n<p>Bien entendu, nous proposons \u00e9galement d&rsquo;autres v\u00e9hicules comme le Land Rover Defender ou le BMW X7.<\/p>\n<h3>Location de voiture de luxe<\/h3>\n<p>Chez Car4rent Cannes, nous sommes sp\u00e9cialis\u00e9s dans la location de voitures de luxe et de sport. Prenez le volant de Ferrari, Lamborghini, Porsche, Land Rover, Mercedes AMG, Bentley, Rolls-Royce et bien d&rsquo;autres, toutes des marques synonymes de puissance, de performance, d&rsquo;agilit\u00e9 et de s\u00e9curit\u00e9, en un mot Excellence.<\/p>\n<p><span style=\"font-size: 14pt;\">\u00c0 propos de Car4rent<\/span><\/p>\n<p>Car4rent a \u00e9t\u00e9 fond\u00e9e en 2015 sur le concept d&rsquo;une exp\u00e9rience de location de luxe et sans souci, qu&rsquo;il s&rsquo;agisse d&rsquo;une escapade d&rsquo;un week-end en amoureux ou d&rsquo;un voyage de deux mois en famille \u00e0 travers le pays.<\/p>\n<p>Quelque chose que vous ne pensez pas pouvoir obtenir d&rsquo;une soci\u00e9t\u00e9 de location classique sur la C\u00f4te d&rsquo;Azur ? Vous pensez avoir une demande particuli\u00e8re ? Notre premi\u00e8re priorit\u00e9 est de vous rendre service !<\/p>\n<p>Car4rent est fi\u00e8re d&rsquo;\u00eatre un type d&rsquo;agence de location de voitures diff\u00e9rent, le genre d&rsquo;entreprise qui traite tous ses clients non pas comme des num\u00e9ros mais comme des rock stars.<\/p>\n<p>Prenez <a href=\"https:\/\/car4rent.fr\/fr\/contact\/\" target=\"_blank\" rel=\"noopener\">contact<\/a> avec Car4Rent d\u00e8s aujourd\u2019hui. Notre \u00e9quipe sera ravie de vous aider \u00e0 choisir le van id\u00e9al pour votre prochain voyage.<\/p>\n<\/div>\n<\/div>\n<\/section>\n<section id=\"block1\" class=\"stripe row-content block1 fullwidth\">\n<\/section>\n<\/div><\/section>\n\n<style type=\"text\/css\" data-created_by=\"avia_inline_auto\" id=\"style-css-av-8msex5t-2605f9d85b374a78c09213f78548bd4c\">\n.flex_column.av-8msex5t-2605f9d85b374a78c09213f78548bd4c{\nborder-radius:0px 0px 0px 0px;\npadding:0px 0px 0px 0px;\n}\n<\/style>\n<div  class='flex_column av-8msex5t-2605f9d85b374a78c09213f78548bd4c av_one_third  avia-builder-el-7  el_after_av_textblock  el_before_av_one_third  first flex_column_div av-zero-column-padding  column-top-margin'     ><style type=\"text\/css\" data-created_by=\"avia_inline_auto\" id=\"style-css-av-88id9gh-0336501d374152cef8d9608852f5a606\">\n.iconbox.av-88id9gh-0336501d374152cef8d9608852f5a606 .iconbox_icon{\nbackground-color:#6834bd;\n}\n<\/style>\n<article  class='iconbox iconbox_top av-88id9gh-0336501d374152cef8d9608852f5a606  avia-builder-el-8  avia-builder-el-no-sibling  main_color' ><div class=\"iconbox_content\"><header class=\"entry-content-header\" aria-label=\"Ic\u00f4ne : \"><div class='iconbox_icon heading-color avia-iconfont avia-font-entypo-fontello' data-av_icon='\ue82a' data-av_iconfont='entypo-fontello'  ><\/div><\/header><div class='iconbox_content_container ' ><p><span style=\"font-size: 14pt;\">Location de voiture de luxe<\/span><\/p>\n<hr \/>\n<p>Nous proposons \u00e0 la location des voitures de luxe et de sport, mais \u00e9galement une large gamme de SUV et de cabriolets. D\u00e9couvrez nos voitures de r\u00eave.<\/p>\n<p>Prix \u00e0 partir de 260\u20ac \/ jour.<\/p>\n<\/div><\/div><footer class=\"entry-footer\"><\/footer><\/article><\/div>\n<style type=\"text\/css\" data-created_by=\"avia_inline_auto\" id=\"style-css-av-7hqxmch-d7bf1f47bd5fd20c060ee94b83f66f8c\">\n.flex_column.av-7hqxmch-d7bf1f47bd5fd20c060ee94b83f66f8c{\nborder-radius:0px 0px 0px 0px;\npadding:0px 0px 0px 0px;\n}\n<\/style>\n<div  class='flex_column av-7hqxmch-d7bf1f47bd5fd20c060ee94b83f66f8c av_one_third  avia-builder-el-9  el_after_av_one_third  el_before_av_one_third  flex_column_div av-zero-column-padding  column-top-margin'     ><style type=\"text\/css\" data-created_by=\"avia_inline_auto\" id=\"style-css-av-7a5w8bl-ab4b86d0a1b61a9d8439c73461cf616c\">\n.iconbox.av-7a5w8bl-ab4b86d0a1b61a9d8439c73461cf616c .iconbox_icon{\nbackground-color:#6834bd;\n}\n<\/style>\n<article  class='iconbox iconbox_top av-7a5w8bl-ab4b86d0a1b61a9d8439c73461cf616c  avia-builder-el-10  avia-builder-el-no-sibling  main_color' ><div class=\"iconbox_content\"><header class=\"entry-content-header\" aria-label=\"Ic\u00f4ne : \"><div class='iconbox_icon heading-color avia-iconfont avia-font-entypo-fontello' data-av_icon='\ue842' data-av_iconfont='entypo-fontello'  ><\/div><\/header><div class='iconbox_content_container ' ><p><span style=\"font-size: 14pt;\">Agences \u00e0 l\u2019a\u00e9roport de Nice, Cannes, Monaco et Saint-Tropez\u00a0<\/span><\/p>\n<hr \/>\n<p>Nous proposons \u00e0 la location des voitures de sport et de luxe, mais \u00e9galement une large gamme de SUV et de cabriolets. D\u00e9couvrez nos voitures de r\u00eave.<\/p>\n<\/div><\/div><footer class=\"entry-footer\"><\/footer><\/article><\/div>\n<style type=\"text\/css\" data-created_by=\"avia_inline_auto\" id=\"style-css-av-6pm7ach-069dab63bbc139a4bb8ba26a12fe7bf5\">\n.flex_column.av-6pm7ach-069dab63bbc139a4bb8ba26a12fe7bf5{\nborder-radius:0px 0px 0px 0px;\npadding:0px 0px 0px 0px;\n}\n<\/style>\n<div  class='flex_column av-6pm7ach-069dab63bbc139a4bb8ba26a12fe7bf5 av_one_third  avia-builder-el-11  el_after_av_one_third  avia-builder-el-last  flex_column_div av-zero-column-padding  column-top-margin'     ><style type=\"text\/css\" data-created_by=\"avia_inline_auto\" id=\"style-css-av-62jh5z5-7bf24a9f642929c2b61e9d659d6c41b7\">\n.iconbox.av-62jh5z5-7bf24a9f642929c2b61e9d659d6c41b7 .iconbox_icon{\nbackground-color:#6834bd;\n}\n<\/style>\n<article  class='iconbox iconbox_top av-62jh5z5-7bf24a9f642929c2b61e9d659d6c41b7  avia-builder-el-12  avia-builder-el-no-sibling  main_color' ><div class=\"iconbox_content\"><header class=\"entry-content-header\" aria-label=\"Ic\u00f4ne : \"><div class='iconbox_icon heading-color avia-iconfont avia-font-entypo-fontello' data-av_icon='\ue80b' data-av_iconfont='entypo-fontello'  ><\/div><\/header><div class='iconbox_content_container ' ><p><span style=\"font-size: 14pt;\">Un service sur mesure<\/span><\/p>\n<hr \/>\n<p>Une \u00e9quipe d\u00e9vou\u00e9e et attentive se tient \u00e0 votre disposition pour vous fournir toute information ou r\u00e9pondre \u00e0 vos demandes. Votre voiture peut \u00eatre livr\u00e9e sur demande directement \u00e0 votre arriv\u00e9e aux a\u00e9roports de Nice, de Grenoble, ou de Lyon Saint-Exup\u00e9ry, ou encore directement sur votre lieu de vill\u00e9giature, \u00e0 votre h\u00f4tel ou n&rsquo;importe o\u00f9 en France \u00e0 la destination de votre choix.<\/p>\n<\/div><\/div><footer class=\"entry-footer\"><\/footer><\/article><\/div><\/div><\/div><\/div><!-- close content main div --><\/div><\/div><div id='contactez-nous'  class='avia-section av-5l2gpcx-a7408c8572adec022550aae5cbf49e2c main_color avia-section-default avia-no-border-styling  avia-builder-el-13  el_after_av_section  el_before_av_section  avia-bg-style-scroll container_wrap fullsize'  ><div class='container av-section-cont-open' ><div class='template-page content  av-content-full alpha units'><div class='post-entry post-entry-type-page post-entry-39977'><div class='entry-content-wrapper clearfix'>\n<div  class='hr av-5f3anc1-1705bda5ae3efca9cccb7327f6b7ef03 hr-default  avia-builder-el-14  el_before_av_heading  avia-builder-el-first '><span class='hr-inner '><span class=\"hr-inner-style\"><\/span><\/span><\/div>\n\n<style type=\"text\/css\" data-created_by=\"avia_inline_auto\" id=\"style-css-av-50y9141-72e98c8823e147aca3fe252136e5308c\">\n#top .av-special-heading.av-50y9141-72e98c8823e147aca3fe252136e5308c{\npadding-bottom:25px;\n}\nbody .av-special-heading.av-50y9141-72e98c8823e147aca3fe252136e5308c .av-special-heading-tag .heading-char{\nfont-size:25px;\n}\n.av-special-heading.av-50y9141-72e98c8823e147aca3fe252136e5308c .av-subheading{\nfont-size:20px;\n}\n<\/style>\n<div  class='av-special-heading av-50y9141-72e98c8823e147aca3fe252136e5308c av-special-heading-h2 blockquote modern-quote modern-centered  avia-builder-el-15  el_after_av_hr  el_before_av_hr '><h2 class='av-special-heading-tag '  >Vous recherchez une location de Van ? Besoin d\u2019un conseil ?<\/h2><div class=\"special-heading-border\"><div class=\"special-heading-inner-border\"><\/div><\/div><\/div>\n\n<style type=\"text\/css\" data-created_by=\"avia_inline_auto\" id=\"style-css-av-4l75nep-94e9452ee27893ca591986406fd04949\">\n#top .hr.hr-invisible.av-4l75nep-94e9452ee27893ca591986406fd04949{\nheight:25px;\n}\n<\/style>\n<div  class='hr av-4l75nep-94e9452ee27893ca591986406fd04949 hr-invisible  avia-builder-el-16  el_after_av_heading  el_before_av_two_third '><span class='hr-inner '><span class=\"hr-inner-style\"><\/span><\/span><\/div>\n\n<style type=\"text\/css\" data-created_by=\"avia_inline_auto\" id=\"style-css-av-3smj1k1-634932ac9c575e396d59f31846875837\">\n.flex_column.av-3smj1k1-634932ac9c575e396d59f31846875837{\nborder-radius:0px 0px 0px 0px;\npadding:0px 0px 0px 0px;\n}\n<\/style>\n<div  class='flex_column av-3smj1k1-634932ac9c575e396d59f31846875837 av_two_third  avia-builder-el-17  el_after_av_hr  el_before_av_one_third  first flex_column_div av-zero-column-padding  '     ><p><section  class='av_textblock_section av-1hwrjgh-8a21d9b4641d43ff674ab306e4252040 '  ><div class='avia_textblock' ><p><span style=\"font-size: 14pt;\">Nous contacter \u00e0 l&rsquo;aide du formulaire ci-dessous<\/span><\/p>\n<\/div><\/section><br \/>\n<section  class='av_textblock_section av-af889t-74d1c40c2d97f88a09c2ec8b41c14d85 '  ><div class='avia_textblock' ><div class=\"wpforms-container wpforms-container-full\" id=\"wpforms-27233\"><form id=\"wpforms-form-27233\" class=\"wpforms-validate wpforms-form\" data-formid=\"27233\" method=\"post\" enctype=\"multipart\/form-data\" action=\"\/fr\/wp-json\/wp\/v2\/pages\/39977\" data-token=\"10d94bb5d601b0fca13a9155a6633d88\" data-token-time=\"1777398833\"><noscript class=\"wpforms-error-noscript\">Veuillez activer JavaScript dans votre navigateur pour remplir ce formulaire.<\/noscript><div class=\"wpforms-field-container\"><div id=\"wpforms-27233-field_5-container\" class=\"wpforms-field wpforms-field-name\" data-field-id=\"5\"><label class=\"wpforms-field-label\">Nom <span class=\"wpforms-required-label\">*<\/span><\/label><div class=\"wpforms-field-row wpforms-field-medium\"><div class=\"wpforms-field-row-block wpforms-first wpforms-one-half\"><input type=\"text\" id=\"wpforms-27233-field_5\" class=\"wpforms-field-name-first wpforms-field-required\" name=\"wpforms[fields][5][first]\" required><label for=\"wpforms-27233-field_5\" class=\"wpforms-field-sublabel after\">First<\/label><\/div><div class=\"wpforms-field-row-block wpforms-one-half\"><input type=\"text\" id=\"wpforms-27233-field_5-last\" class=\"wpforms-field-name-last wpforms-field-required\" name=\"wpforms[fields][5][last]\" required><label for=\"wpforms-27233-field_5-last\" class=\"wpforms-field-sublabel after\">Last<\/label><\/div><\/div><\/div><div id=\"wpforms-27233-field_9-container\" class=\"wpforms-field wpforms-field-layout\" data-field-id=\"9\"><div class=\"wpforms-field-layout-rows wpforms-field-large\"><div class=\"wpforms-layout-row\"><div class=\"wpforms-layout-column wpforms-layout-column-50\"><div id=\"wpforms-27233-field_7-container\" class=\"wpforms-field wpforms-field-email\" data-field-id=\"7\"><label class=\"wpforms-field-label\" for=\"wpforms-27233-field_7\">Courriel <span class=\"wpforms-required-label\">*<\/span><\/label><input type=\"email\" id=\"wpforms-27233-field_7\" class=\"wpforms-field-medium wpforms-field-required\" name=\"wpforms[fields][7]\" spellcheck=\"false\" required><\/div><\/div><div class=\"wpforms-layout-column wpforms-layout-column-50\"><div id=\"wpforms-27233-field_8-container\" class=\"wpforms-field wpforms-field-phone\" data-field-id=\"8\"><label class=\"wpforms-field-label\" for=\"wpforms-27233-field_8\">T\u00e9l\u00e9phone <span class=\"wpforms-required-label\">*<\/span><\/label><input type=\"tel\" id=\"wpforms-27233-field_8\" class=\"wpforms-field-medium wpforms-field-required\" data-rule-int-phone-field=\"true\" name=\"wpforms[fields][8]\" aria-label=\"T\u00e9l\u00e9phone\" required><\/div><\/div><\/div><\/div><\/div><div id=\"wpforms-27233-field_4-container\" class=\"wpforms-field wpforms-field-textarea\" data-field-id=\"4\"><label class=\"wpforms-field-label\" for=\"wpforms-27233-field_4\">Message<\/label><textarea id=\"wpforms-27233-field_4\" class=\"wpforms-field-medium\" name=\"wpforms[fields][4]\" ><\/textarea><\/div><\/div><!-- .wpforms-field-container --><div class=\"wpforms-recaptcha-container wpforms-is-recaptcha wpforms-is-recaptcha-type-v3\" ><input type=\"hidden\" name=\"wpforms[recaptcha]\" value=\"\"><\/div><div class=\"wpforms-submit-container\" ><input type=\"hidden\" name=\"wpforms[id]\" value=\"27233\"><input type=\"hidden\" name=\"page_title\" value=\"\"><input type=\"hidden\" name=\"page_url\" value=\"https:\/\/car4rent.fr\/fr\/wp-json\/wp\/v2\/pages\/39977\"><input type=\"hidden\" name=\"url_referer\" value=\"\"><button type=\"submit\" name=\"wpforms[submit]\" id=\"wpforms-submit-27233\" class=\"wpforms-submit\" data-alt-text=\"Envoi\" data-submit-text=\"Soumettre\" aria-live=\"assertive\" value=\"wpforms-submit\">Soumettre<\/button><\/div><\/form><\/div>  <!-- .wpforms-container -->\n<\/div><\/section><\/p><\/div>\n<style type=\"text\/css\" data-created_by=\"avia_inline_auto\" id=\"style-css-av-2m3el4x-7da72f8912e87bd0dc20c6818d03e143\">\n.flex_column.av-2m3el4x-7da72f8912e87bd0dc20c6818d03e143{\nborder-radius:0px 0px 0px 0px;\npadding:0px 0px 0px 0px;\n}\n<\/style>\n<div  class='flex_column av-2m3el4x-7da72f8912e87bd0dc20c6818d03e143 av_one_third  avia-builder-el-20  el_after_av_two_third  avia-builder-el-last  flex_column_div av-zero-column-padding  '     ><p><section  class='av_textblock_section av-18uma9t-dbbd352abac080d7262c46c452ee40cc '  ><div class='avia_textblock' ><p><span style=\"font-size: 14pt;\">Nous contacter par t\u00e9l\u00e9phone<\/span><\/p>\n<\/div><\/section><br \/>\n<section  class='av_textblock_section av-20d0u9-9df9a27a11641be59b45d7bad4bb2302 '  ><div class='avia_textblock' ><p>Agence de Cannes (09H-12H00 et 15H00-19H00)<br \/>\n10, rue Hibert &#8211; 06400 Cannes<br \/>\nTel.: : <a href=\"tel:0033788278586\">0033 7 88 27 85 86<\/a><br \/>\nMail : <a href=\"mailto:info@car4rent.fr\">info@car4rent.fr<\/a><\/p>\n<\/div><\/section><\/p><\/div>\n<\/p>\n<\/div><\/div><\/div><!-- close content main div --><\/div><\/div><div id='av_section_5'  class='avia-section av-18foazl-182bcabffcd14efe68000753722d4eb4 main_color avia-section-default avia-no-border-styling  avia-builder-el-23  el_after_av_section  avia-builder-el-last  avia-bg-style-scroll container_wrap fullsize'  ><div class='container av-section-cont-open' ><div class='template-page content  av-content-full alpha units'><div class='post-entry post-entry-type-page post-entry-39977'><div class='entry-content-wrapper clearfix'>\n<div  class='avia-builder-widget-area clearfix  avia-builder-el-24  avia-builder-el-no-sibling '><div id=\"text-9\" class=\"widget clearfix widget_text\">\t\t\t<div class=\"textwidget\"><p style=\"text-align: center;\">    <div class=\"car4rent-share-block car4rent-fr\">\n        <a href=\"https:\/\/www.facebook.com\/sharer\/sharer.php?u=\" target=\"_blank\" rel=\"noopener\"><i class=\"fa-brands fa-facebook\"><\/i> Partager<\/a>\n        <a href=\"https:\/\/x.com\/intent\/tweet?url=&amp;text=\" target=\"_blank\" rel=\"noopener\"><i class=\"fa-brands fa-x-twitter\"><\/i> X<\/a>\n        <a href=\"https:\/\/wa.me\/?text=%20\" target=\"_blank\" rel=\"noopener\"><i class=\"fa-brands fa-whatsapp\"><\/i> WhatsApp<\/a>\n        <a href=\"https:\/\/www.instagram.com\/car4rent_cannes\/\" target=\"_blank\" rel=\"noopener\"><i class=\"fa-brands fa-instagram\"><\/i> Instagram<\/a>\n        <a href=\"https:\/\/www.linkedin.com\/company\/car4rent\/about\/\" target=\"_blank\" rel=\"noopener\"><i class=\"fa-brands fa-linkedin\"><\/i> LinkedIn<\/a>\n        <a href=\"https:\/\/www.youtube.com\/@car4rentcannes839\" target=\"_blank\" rel=\"noopener\"><i class=\"fa-brands fa-youtube\"><\/i> YouTube<\/a>\n    <\/div>\n    <\/p>\n<\/div>\n\t\t<\/div><\/div>\n\n","protected":false},"excerpt":{"rendered":"","protected":false},"author":3,"featured_media":31287,"parent":0,"menu_order":750,"comment_status":"closed","ping_status":"closed","template":"","meta":{"_acf_changed":false,"footnotes":""},"class_list":["post-39977","page","type-page","status-publish","has-post-thumbnail","hentry"],"acf":[],"_links":{"self":[{"href":"https:\/\/car4rent.fr\/fr\/wp-json\/wp\/v2\/pages\/39977","targetHints":{"allow":["GET"]}}],"collection":[{"href":"https:\/\/car4rent.fr\/fr\/wp-json\/wp\/v2\/pages"}],"about":[{"href":"https:\/\/car4rent.fr\/fr\/wp-json\/wp\/v2\/types\/page"}],"author":[{"embeddable":true,"href":"https:\/\/car4rent.fr\/fr\/wp-json\/wp\/v2\/users\/3"}],"replies":[{"embeddable":true,"href":"https:\/\/car4rent.fr\/fr\/wp-json\/wp\/v2\/comments?post=39977"}],"version-history":[{"count":0,"href":"https:\/\/car4rent.fr\/fr\/wp-json\/wp\/v2\/pages\/39977\/revisions"}],"wp:featuredmedia":[{"embeddable":true,"href":"https:\/\/car4rent.fr\/fr\/wp-json\/wp\/v2\/media\/31287"}],"wp:attachment":[{"href":"https:\/\/car4rent.fr\/fr\/wp-json\/wp\/v2\/media?parent=39977"}],"curies":[{"name":"wp","href":"https:\/\/api.w.org\/{rel}","templated":true}]}}