{"id":38607,"date":"2024-01-31T20:10:30","date_gmt":"2024-01-31T19:10:30","guid":{"rendered":"https:\/\/car4rent.fr\/?page_id=38607"},"modified":"2025-05-28T21:39:06","modified_gmt":"2025-05-28T19:39:06","slug":"location-de-voiture-de-luxe-a-mandelieu","status":"publish","type":"page","link":"https:\/\/car4rent.fr\/fr\/location-de-voiture-de-luxe-a-mandelieu\/","title":{"rendered":"Location de voiture de luxe \u00e0 Mandelieu"},"content":{"rendered":"\n<style type=\"text\/css\" data-created_by=\"avia_inline_auto\" id=\"style-css-av-4h8ogcy-08fae109ad831994f0d90fb1abb565b6\">\n.avia-section.av-4h8ogcy-08fae109ad831994f0d90fb1abb565b6 .av-parallax .av-parallax-inner{\nbackground-repeat:no-repeat;\nbackground-image:url(https:\/\/car4rent.fr\/wp-content\/uploads\/luxury-car-rental-mandelieu-airport-car4rent.jpg);\nbackground-position:50% 100%;\nbackground-attachment:scroll;\n}\n<\/style>\n<div id='av_section_1'  class='avia-section av-4h8ogcy-08fae109ad831994f0d90fb1abb565b6 main_color avia-section-huge avia-no-border-styling  avia-builder-el-0  el_before_av_section  avia-builder-el-first  avia-full-stretch av-parallax-section avia-bg-style-parallax av-minimum-height av-minimum-height-custom av-height-custom  container_wrap fullsize'  data-section-bg-repeat='stretch' data-av_minimum_height_px='450'><div class='av-parallax' data-avia-parallax-ratio='0.3' ><div class='av-parallax-inner main_color avia-full-stretch'><\/div><\/div><div class='container av-section-cont-open' style='height:450px'><main  class='template-page content  av-content-full alpha units'><div class='post-entry post-entry-type-page post-entry-38607'><div class='entry-content-wrapper clearfix'>\n<div  class='flex_column av-5n64qcy-4af1eeab9fcb7f2cd3dfe1b659944be1 av_one_full  avia-builder-el-1  avia-builder-el-no-sibling  first flex_column_div  '     ><style type=\"text\/css\" data-created_by=\"avia_inline_auto\" id=\"style-css-av-li0la0fg-d5d54383b70606f4e0e676210fa306fc\">\n#top .av-special-heading.av-li0la0fg-d5d54383b70606f4e0e676210fa306fc{\npadding-bottom:10px;\ncolor:#ffffff;\n}\nbody .av-special-heading.av-li0la0fg-d5d54383b70606f4e0e676210fa306fc .av-special-heading-tag .heading-char{\nfont-size:25px;\n}\n.av-special-heading.av-li0la0fg-d5d54383b70606f4e0e676210fa306fc .special-heading-inner-border{\nborder-color:#ffffff;\n}\n.av-special-heading.av-li0la0fg-d5d54383b70606f4e0e676210fa306fc .av-subheading{\nfont-size:15px;\n}\n<\/style>\n<div  class='av-special-heading av-li0la0fg-d5d54383b70606f4e0e676210fa306fc av-special-heading-h3 custom-color-heading  avia-builder-el-2  avia-builder-el-no-sibling '><h3 class='av-special-heading-tag '  >Location de voiture de luxe \u00e0 Mandelieu<\/h3><div class=\"special-heading-border\"><div class=\"special-heading-inner-border\"><\/div><\/div><\/div><\/div>\n\n<\/div><\/div><\/main><!-- close content main element --><\/div><\/div><div id='av_section_2'  class='avia-section av-av_section-1fd9857e04421f8a1b324f4dd17348a0 main_color avia-section-small avia-no-border-styling  avia-builder-el-3  el_after_av_section  el_before_av_one_full  avia-bg-style-scroll container_wrap fullsize'  ><div class='container av-section-cont-open' ><div class='template-page content  av-content-full alpha units'><div class='post-entry post-entry-type-page post-entry-38607'><div class='entry-content-wrapper clearfix'>\n<div  class='avia-logo-element-container av-ls4siczk-f0ce1b887bb5f11700efc3e12eb11ad8 avia-logo-slider avia-content-slider avia-smallarrow-slider avia-content-slider-active noHover avia-content-slider-even  avia-builder-el-4  avia-builder-el-no-sibling  av-slideshow-ui av-control-default av-nav-arrows-visible av-nav-dots-visible av-hide-nav-arrows av-slideshow-manual av-loop-once av-loop-manual-endless avia-content-slider1' data-slideshow-options=\"{&quot;animation&quot;:&quot;slide&quot;,&quot;autoplay&quot;:false,&quot;loop_autoplay&quot;:&quot;once&quot;,&quot;interval&quot;:5,&quot;loop_manual&quot;:&quot;manual-endless&quot;,&quot;autoplay_stopper&quot;:false,&quot;noNavigation&quot;:false,&quot;bg_slider&quot;:false,&quot;keep_padding&quot;:&quot;&quot;,&quot;hoverpause&quot;:false,&quot;show_slide_delay&quot;:0}\"><div class='avia-smallarrow-slider-heading  no-logo-slider-heading '><div class='new-special-heading'>&nbsp;<\/div><\/div><div class=\"avia-content-slider-inner\"><div class=\"slide-entry-wrap\"><div data-avia-tooltip=\"Bienvenue chez Car4rent La location de voiture de luxe - Bentley\" class='slide-entry av-av_partner_logo-6dabae93aeb2a6bd0f650351df6bf61a flex_column no_margin av_one_sixth real-thumbnail post-entry slide-entry-overview slide-loop-1 slide-parity-odd  first'><a href=\"https:\/\/car4rent.fr\/fr\/louer-une-bentley\/\" data-rel='slide-1' class='slide-image' title='' ><img width=\"100\" height=\"100\" src=\"https:\/\/car4rent.fr\/wp-content\/uploads\/car4rent bentley  logo 1-100x100.png\" class=\"wp-image-33662 avia-img-lazy-loading-33662 attachment-woocommerce_gallery_thumbnail size-woocommerce_gallery_thumbnail\" alt=\"Bentley Motors luxury car logo with wings on green background.\" srcset=\"https:\/\/car4rent.fr\/wp-content\/uploads\/\/car4rent%20bentley%20%20logo%201-100x100.png 100w, https:\/\/car4rent.fr\/wp-content\/uploads\/\/car4rent%20bentley%20%20logo%201-300x300.png 300w, https:\/\/car4rent.fr\/wp-content\/uploads\/\/car4rent%20bentley%20%20logo%201-1030x1030.png 1030w, https:\/\/car4rent.fr\/wp-content\/uploads\/\/car4rent%20bentley%20%20logo%201-80x80.png 80w, https:\/\/car4rent.fr\/wp-content\/uploads\/\/car4rent%20bentley%20%20logo%201-768x768.png 768w, https:\/\/car4rent.fr\/wp-content\/uploads\/\/car4rent%20bentley%20%20logo%201-36x36.png 36w, https:\/\/car4rent.fr\/wp-content\/uploads\/\/car4rent%20bentley%20%20logo%201-180x180.png 180w, https:\/\/car4rent.fr\/wp-content\/uploads\/\/car4rent%20bentley%20%20logo%201-705x705.png 705w, https:\/\/car4rent.fr\/wp-content\/uploads\/\/car4rent%20bentley%20%20logo%201-120x120.png 120w, https:\/\/car4rent.fr\/wp-content\/uploads\/\/car4rent%20bentley%20%20logo%201-450x450.png 450w, https:\/\/car4rent.fr\/wp-content\/uploads\/\/car4rent%20bentley%20%20logo%201.png 1280w\" sizes=\"auto, (max-width: 100px) 100vw, 100px\" loading=\"lazy\" decoding=\"async\" title=\"Car4Rent Cannes\"><\/a><\/div><div data-avia-tooltip=\"Bienvenue chez Car4rent La location de voiture de luxe - Ferrari\" class='slide-entry av-av_partner_logo-d8343b229d6d089584765432d381bbdb flex_column no_margin av_one_sixth real-thumbnail post-entry slide-entry-overview slide-loop-2 slide-parity-even  '><a href=\"https:\/\/car4rent.fr\/fr\/louer-une-ferrari\/\" data-rel='slide-1' class='slide-image' title='' ><img width=\"100\" height=\"100\" src=\"https:\/\/car4rent.fr\/wp-content\/uploads\/car4rent-ferrari-100x100.jpg\" class=\"wp-image-29292 avia-img-lazy-loading-29292 attachment-woocommerce_gallery_thumbnail size-woocommerce_gallery_thumbnail\" alt=\"Car4rent ferrari 100x100\" srcset=\"https:\/\/car4rent.fr\/wp-content\/uploads\/car4rent-ferrari-100x100.jpg 100w, https:\/\/car4rent.fr\/wp-content\/uploads\/car4rent-ferrari-450x450.jpg 450w, https:\/\/car4rent.fr\/wp-content\/uploads\/car4rent-ferrari-80x80.jpg 80w, https:\/\/car4rent.fr\/wp-content\/uploads\/car4rent-ferrari-36x36.jpg 36w, https:\/\/car4rent.fr\/wp-content\/uploads\/car4rent-ferrari-180x180.jpg 180w\" sizes=\"auto, (max-width: 100px) 100vw, 100px\" loading=\"lazy\" decoding=\"async\" title=\"Car4Rent Cannes\"><\/a><\/div><div data-avia-tooltip=\"Bienvenue chez Car4rent La location de voiture de luxe - Lamborghini\" class='slide-entry av-av_partner_logo-144f003d3189065d431d285380ab5e36 flex_column no_margin av_one_sixth real-thumbnail post-entry slide-entry-overview slide-loop-3 slide-parity-odd  '><a href=\"https:\/\/car4rent.fr\/fr\/louer-une-lamborghini\/\" data-rel='slide-1' class='slide-image' title='' ><img width=\"100\" height=\"100\" src=\"https:\/\/car4rent.fr\/wp-content\/uploads\/3d___lamborghini_logo_by_llexandro-d9kncg1-100x100.png\" class=\"wp-image-29279 avia-img-lazy-loading-29279 attachment-woocommerce_gallery_thumbnail size-woocommerce_gallery_thumbnail\" alt=\"3d lamborghini logo by llexandro d9kncg1 100x100\" srcset=\"https:\/\/car4rent.fr\/wp-content\/uploads\/\/3d___lamborghini_logo_by_llexandro-d9kncg1-100x100.png 100w, https:\/\/car4rent.fr\/wp-content\/uploads\/\/3d___lamborghini_logo_by_llexandro-d9kncg1-450x450.png 450w, https:\/\/car4rent.fr\/wp-content\/uploads\/\/3d___lamborghini_logo_by_llexandro-d9kncg1-80x80.png 80w, https:\/\/car4rent.fr\/wp-content\/uploads\/\/3d___lamborghini_logo_by_llexandro-d9kncg1-300x300.png 300w, https:\/\/car4rent.fr\/wp-content\/uploads\/\/3d___lamborghini_logo_by_llexandro-d9kncg1-768x768.png 768w, https:\/\/car4rent.fr\/wp-content\/uploads\/\/3d___lamborghini_logo_by_llexandro-d9kncg1-192x192.png 192w, https:\/\/car4rent.fr\/wp-content\/uploads\/\/3d___lamborghini_logo_by_llexandro-d9kncg1-36x36.png 36w, https:\/\/car4rent.fr\/wp-content\/uploads\/\/3d___lamborghini_logo_by_llexandro-d9kncg1-180x180.png 180w, https:\/\/car4rent.fr\/wp-content\/uploads\/\/3d___lamborghini_logo_by_llexandro-d9kncg1-705x705.png 705w, https:\/\/car4rent.fr\/wp-content\/uploads\/\/3d___lamborghini_logo_by_llexandro-d9kncg1.png 894w\" sizes=\"auto, (max-width: 100px) 100vw, 100px\" loading=\"lazy\" decoding=\"async\" title=\"Car4Rent Cannes\"><\/a><\/div><div data-avia-tooltip=\"Bienvenue chez Car4rent La location de voiture de luxe - Mercedes\" class='slide-entry av-av_partner_logo-d168effb08ae4782d0510fa3ecd6b090 flex_column no_margin av_one_sixth real-thumbnail post-entry slide-entry-overview slide-loop-4 slide-parity-even  '><a href=\"https:\/\/car4rent.fr\/fr\/louer-une-mercedes\/\" data-rel='slide-1' class='slide-image' title='' ><img width=\"100\" height=\"100\" src=\"https:\/\/car4rent.fr\/wp-content\/uploads\/car4rent-mercedes-100x100.jpg\" class=\"wp-image-29287 avia-img-lazy-loading-29287 attachment-woocommerce_gallery_thumbnail size-woocommerce_gallery_thumbnail\" alt=\"Car4rent mercedes 100x100\" srcset=\"https:\/\/car4rent.fr\/wp-content\/uploads\/car4rent-mercedes-100x100.jpg 100w, https:\/\/car4rent.fr\/wp-content\/uploads\/car4rent-mercedes-80x80.jpg 80w, https:\/\/car4rent.fr\/wp-content\/uploads\/car4rent-mercedes-300x300.jpg 300w, https:\/\/car4rent.fr\/wp-content\/uploads\/car4rent-mercedes-192x192.jpg 192w, https:\/\/car4rent.fr\/wp-content\/uploads\/car4rent-mercedes-36x36.jpg 36w, https:\/\/car4rent.fr\/wp-content\/uploads\/car4rent-mercedes-180x180.jpg 180w, https:\/\/car4rent.fr\/wp-content\/uploads\/car4rent-mercedes.jpg 400w\" sizes=\"auto, (max-width: 100px) 100vw, 100px\" loading=\"lazy\" decoding=\"async\" title=\"Car4Rent Cannes\"><\/a><\/div><div data-avia-tooltip=\"Bienvenue chez Car4rent La location de voiture de luxe - Land Rover\" class='slide-entry av-av_partner_logo-9630f8135f934aca4d0c61ebfe1d8dc6 flex_column no_margin av_one_sixth real-thumbnail post-entry slide-entry-overview slide-loop-5 slide-parity-odd  '><a href=\"https:\/\/car4rent.fr\/fr\/louer-un-land-rover\/\" data-rel='slide-1' class='slide-image' title='' ><img width=\"100\" height=\"100\" src=\"https:\/\/car4rent.fr\/wp-content\/uploads\/car4rent-Range-Rover-100x100.png\" class=\"wp-image-29290 avia-img-lazy-loading-29290 attachment-woocommerce_gallery_thumbnail size-woocommerce_gallery_thumbnail\" alt=\"Car4rent range rover 100x100\" srcset=\"https:\/\/car4rent.fr\/wp-content\/uploads\/\/car4rent-Range-Rover-100x100.png 100w, https:\/\/car4rent.fr\/wp-content\/uploads\/\/car4rent-Range-Rover-450x450.png 450w, https:\/\/car4rent.fr\/wp-content\/uploads\/\/car4rent-Range-Rover-80x80.png 80w, https:\/\/car4rent.fr\/wp-content\/uploads\/\/car4rent-Range-Rover-36x36.png 36w, https:\/\/car4rent.fr\/wp-content\/uploads\/\/car4rent-Range-Rover-180x180.png 180w\" sizes=\"auto, (max-width: 100px) 100vw, 100px\" loading=\"lazy\" decoding=\"async\" title=\"Car4Rent Cannes\"><\/a><\/div><div data-avia-tooltip=\"Bienvenue chez Car4rent La location de voiture de luxe - Porsche\" class='slide-entry av-av_partner_logo-875b099aecc3438384dcc5cb344edd66 flex_column no_margin av_one_sixth real-thumbnail post-entry slide-entry-overview slide-loop-6 slide-parity-even post-entry-last '><a href=\"https:\/\/car4rent.fr\/fr\/louer-une-porsche\/\" data-rel='slide-1' class='slide-image' title='' ><img width=\"100\" height=\"100\" src=\"https:\/\/car4rent.fr\/wp-content\/uploads\/car4rent-porsche-100x100.png\" class=\"wp-image-29284 avia-img-lazy-loading-29284 attachment-woocommerce_gallery_thumbnail size-woocommerce_gallery_thumbnail\" alt=\"Car4rent porsche 100x100\" srcset=\"https:\/\/car4rent.fr\/wp-content\/uploads\/\/car4rent-porsche-100x100.png 100w, https:\/\/car4rent.fr\/wp-content\/uploads\/\/car4rent-porsche-450x450.png 450w, https:\/\/car4rent.fr\/wp-content\/uploads\/\/car4rent-porsche-80x80.png 80w, https:\/\/car4rent.fr\/wp-content\/uploads\/\/car4rent-porsche-36x36.png 36w, https:\/\/car4rent.fr\/wp-content\/uploads\/\/car4rent-porsche-180x180.png 180w\" sizes=\"auto, (max-width: 100px) 100vw, 100px\" loading=\"lazy\" decoding=\"async\" title=\"Car4Rent Cannes\"><\/a><\/div><\/div><\/div><\/div>\n<\/div><\/div><\/div><!-- close content main div --><\/div><\/div><div id='after_section_2'  class='main_color av_default_container_wrap container_wrap fullsize'  ><div class='container av-section-cont-open' ><div class='template-page content  av-content-full alpha units'><div class='post-entry post-entry-type-page post-entry-38607'><div class='entry-content-wrapper clearfix'>\n<div  class='flex_column av-2vwebpu-daa4e5c5c9c1b3e4c0167e0141a20271 av_one_full  avia-builder-el-5  el_after_av_section  el_before_av_one_fourth  avia-builder-el-first  first flex_column_div  '     ><section  class='av_textblock_section av-li0guxhi-a8becaf3ba653cdb180f6d1c3093fd6c '  ><div class='avia_textblock' ><h1>Location de voiture de luxe \u00e0 Mandelieu<\/h1>\n<p>La location de voiture de luxe \u00e0 Mandelieu-la-Napoule au meilleur prix avec Car4rent. <a href=\"https:\/\/generationvoyage.fr\/visiter-mandelieu-napoule-faire-voir\/\" target=\"_blank\" rel=\"noopener\">Mandelieuu-la-Napoule<\/a>\u00a0la destination id\u00e9ale pour passer vos vacances. Pour louer une voiture de luxe \u00e0 Mandelieu-la-Napoule, toutes les formalit\u00e9s peuvent \u00eatre remplies \u00e0 l\u2019avance et la remise de vos clefs ne prendra que quelques minutes \u00e0 votre arriv\u00e9e.<\/p>\n<p>La location de voiture de luxe \u00e0 Mandelieu vous fera partir \u00e0 la d\u00e9couverte des paysages magnifiques qui s\u2019offrent \u00e0 vous sur la <a href=\"https:\/\/generationvoyage.fr\/visiter-cote-azur-faire-voir\/\" target=\"_blank\" rel=\"noopener\">C\u00f4te d\u2019Azur<\/a>.<\/p>\n<p>Car4rent vous offre une large gamme de voitures de luxe et de sport. De cette collection ressortent les marques prestigieuses comme [rental_car_fr]\u00a0qui vous sont propos\u00e9es \u00e0 la location, au prix le plus bas.<\/p>\n<h3>Location de voiture de luxe \u00e0 Mandelieu<\/h3>\n<p>A quelques minutes du centre de <a href=\"https:\/\/www.cannes-destination.fr\/visites-incontournables\" target=\"_blank\" rel=\"noopener\">Cannes<\/a> et du Palais des Festivals, Mandelieu vous attend.<\/p>\n<p>La ville est partag\u00e9e en deux parties, La Napoule en bord de mer et ses ports \u2013 en r\u00e9alit\u00e9 on en compte trois \u2013 et la ville elle-m\u00eame de Mandelieu-la-Napoule plus \u00e0 l\u2019int\u00e9rieur des terres. Les trois ports sont, du plus petit au plus grand, Le Riou de l\u2019Argenti\u00e8re, La Rague et Port La Napoule, le plus important.<\/p>\n<p>Les plages se sont vu d\u00e9cerner le label \u00ab\u00a0Plage Bleue\u00a0\u00bb pour la qualit\u00e9 de l\u2019eau de mer et de leurs installations.<\/p>\n<h2>Louer une voiture de luxe \u00e0 Mandelieu pour jouer au Cannes Mandelieu Old Course<\/h2>\n<p>Les amateurs de golf ne resteront pas en reste. Le Cannes <a href=\"https:\/\/www.golfstars.com\/fr\/golfs\/golf-de-mandelieu\" target=\"_blank\" rel=\"noopener\">Mandelieu Old Course<\/a> les accueille. Situ\u00e9 en bord de mer, de part et d\u2019autre de la Siagne \u2013 une rivi\u00e8re \u2013 ce parcours vous offrira un fairway bord\u00e9 de pins parasols centenaires. Vous appr\u00e9cierez d\u2019y jouer avec vos amis lors d\u2019une journ\u00e9e ensoleill\u00e9e agr\u00e9ablement a\u00e9r\u00e9e par la brise du bord de mer.<\/p>\n<p>R\u00e9cup\u00e9rez votre voiture \u00e0 l\u2019a\u00e9roport de Mandelieu d\u00e8s que vous aurez atterri. De Mandelieu, vous acc\u00e9derez facilement \u00e0 l\u2019autoroute A8 toute proche, qui vous permettra de rejoindre <a href=\"https:\/\/generationvoyage.fr\/visiter-monaco-faire-voir\/\" target=\"_blank\" rel=\"noopener\">Monaco<\/a>, <a href=\"https:\/\/www.nicetourisme.com\/\" target=\"_blank\" rel=\"noopener\">Nice<\/a>, et <a href=\"https:\/\/generationvoyage.fr\/visiter-marseille-faire-voir\/\" target=\"_blank\" rel=\"noopener\">Marseille<\/a>.<\/p>\n<p>La location de voiture de luxe \u00e0 Mandelieu : un service sur mesure<\/p>\n<p>Pensez \u00e0 r\u00e9server votre location de voiture de luxe \u00e0 Mandelieu d\u00e8s maintenant pour votre prochain s\u00e9jour \u00e0 Mandelieu. L\u2019\u00e9quipe de Car4rent est votre \u00e9coute pour vous donner toutes les informations que vous souhaiteriez obtenir.<\/p>\n<p>Nous nous engageons \u00e0 vous fournir le v\u00e9hicule de votre choix et selon vos d\u00e9sirs, que vous souhaitiez prendre livraison \u00e0 l&rsquo;a\u00e9roport de Mandelieu ou partout ailleurs en France.<\/p>\n<p>N\u2019h\u00e9sitez pas \u00e0 prendre <a href=\"https:\/\/car4rent.fr\/fr\/contact\/\">contact<\/a> avec nous.<\/p>\n<\/div><\/section><br \/>\n<div  class='hr av-rweydu-9d0497880c0a5eb1a8dd30ae040af8ad hr-default  avia-builder-el-7  el_after_av_textblock  avia-builder-el-last '><span class='hr-inner '><span class=\"hr-inner-style\"><\/span><\/span><\/div><\/p><\/div><div  class='flex_column av-2jbbgcy-717ac91531cb55cfa3df801c6c12c438 av_one_fourth  avia-builder-el-8  el_after_av_one_full  el_before_av_one_fourth  first flex_column_div  column-top-margin'     ><section  class='av_textblock_section av-li0gxy9k-dd75ecb3f6aafea28222c0f6dd173720 '  ><div class='avia_textblock' ><p>Location de voiture de luxe \u00e0 Mandelieu<\/p>\n<hr \/>\n<p>Nous proposons \u00e0 la location des voitures de luxe et de sport, mais \u00e9galement une large gamme de SUV et de cabriolets. D\u00e9couvrez nos voitures de r\u00eave.<\/p>\n<p>Prix \u00e0 partir de 260\u20ac \/ jour.<\/p>\n<\/div><\/section><\/div><\/p>\n<div  class='flex_column av-21cx4vm-a3e28ace7ba5751e2c68890864b3cb8f av_one_fourth  avia-builder-el-10  el_after_av_one_fourth  el_before_av_one_fourth  flex_column_div  column-top-margin'     ><section  class='av_textblock_section av-li0gyr0g-f2bab218653af71419b497f197e7b61a '  ><div class='avia_textblock' ><p>Agences \u00e0 l\u2019a\u00e9roport de Nice, Cannes, Monaco et Saint-Tropez<\/p>\n<hr \/>\n<p>Nous proposons \u00e0 la location des voitures de sport et de luxe, mais \u00e9galement une large gamme de SUV et de cabriolets. D\u00e9couvrez nos voitures de r\u00eave.<\/p>\n<\/div><\/section><\/div>\n<div  class='flex_column av-6d6fle-db51bc28dd9ea50e12ba3571c1b06954 av_one_fourth  avia-builder-el-12  el_after_av_one_fourth  el_before_av_one_fourth  flex_column_div  column-top-margin'     ><section  class='av_textblock_section av-li0gzoaf-4eb7bbb0aa8d812799b56819408e0bd6 '  ><div class='avia_textblock' ><p>Un service sur mesure<\/p>\n<hr \/>\n<p>Une \u00e9quipe d\u00e9vou\u00e9e et attentive se tient \u00e0 votre disposition pour vous fournir toute information ou r\u00e9pondre \u00e0 vos demandes. Votre voiture peut \u00eatre livr\u00e9e sur demande directement \u00e0 votre arriv\u00e9e \u00e0 l&rsquo;a\u00e9roport de Nice, sur votre lieu de vill\u00e9giature, \u00e0 votre h\u00f4tel ou n&rsquo;importe o\u00f9 en France \u00e0 la destination de votre choix.<\/p>\n<\/div><\/section><\/div>\n<div  class='flex_column av-113me7m-dd60ce25c231178a3da9f8f992ddd8a5 av_one_fourth  avia-builder-el-14  el_after_av_one_fourth  el_before_av_section  avia-builder-el-last  flex_column_div  column-top-margin'     ><section  class='av_textblock_section av-li0h0og5-32b2832fd7f290352cf69e432bba707e '  ><div class='avia_textblock' ><p>Test Drive &#8211; Faites de votre r\u00eave une r\u00e9alit\u00e9<\/p>\n<hr \/>\n<p>Offrez-vous une exp\u00e9rience de conduite unique au volant d&rsquo;une supercar. Prenez le volant d&rsquo;une Lamborghini, d&rsquo;une Ferrari ou d&rsquo;une Porsche sans vous ruiner. Pour des raisons de s\u00e9curit\u00e9, vous roulerez accompagn\u00e9. \u00c0 partir de 195\u20ac pp.<\/p>\n<\/div><\/section><\/div>\n<\/div><\/div><\/div><!-- close content main div --><\/div><\/div><div id='av_section_3'  class='avia-section av-w3cc8i-7631a276b16e65df3bd918b19c27f703 main_color avia-section-default avia-no-border-styling  avia-builder-el-16  el_after_av_one_fourth  el_before_av_google_map  avia-bg-style-scroll container_wrap fullsize'  ><div class='container av-section-cont-open' ><div class='template-page content  av-content-full alpha units'><div class='post-entry post-entry-type-page post-entry-38607'><div class='entry-content-wrapper clearfix'>\n\n<style type=\"text\/css\" data-created_by=\"avia_inline_auto\" id=\"style-css-av-li0hz22k-2ec3d5c4439df4aec5d8b36881ab3e45\">\n#top .av-special-heading.av-li0hz22k-2ec3d5c4439df4aec5d8b36881ab3e45{\npadding-bottom:10px;\n}\nbody .av-special-heading.av-li0hz22k-2ec3d5c4439df4aec5d8b36881ab3e45 .av-special-heading-tag .heading-char{\nfont-size:25px;\n}\n.av-special-heading.av-li0hz22k-2ec3d5c4439df4aec5d8b36881ab3e45 .av-subheading{\nfont-size:15px;\n}\n<\/style>\n<div  class='av-special-heading av-li0hz22k-2ec3d5c4439df4aec5d8b36881ab3e45 av-special-heading-h3 blockquote modern-quote modern-centered  avia-builder-el-17  avia-builder-el-no-sibling '><h3 class='av-special-heading-tag '  >Notre agence de location voiture de prestige \u00e0 la\u00e9roport de Cannes Mandelieu<\/h3><div class=\"special-heading-border\"><div class=\"special-heading-inner-border\"><\/div><\/div><\/div>\n\n<div  class='av_gmaps_sc_main_wrap av_gmaps_main_wrap '><div id='av_gmap_0' class='avia-google-map-container avia-google-map-sc av_gmaps_show_unconditionally av-no-fallback-img ' data-mapid='av_gmap_0'  style='height: 400px;'><a class=\"av_gmaps_browser_disabled av_text_confirm_link av_text_confirm_link_visible\" href=\"https:\/\/www.google.com\/maps\/search\/?api=1&#038;query=10%20Rue%20Hibert%2006400a%20Cannes%20%20France\" target=\"_blank\" rel=\"noopener\">Les cartes ont \u00e9t\u00e9 d\u00e9sactiv\u00e9es par le visiteur sur ce site. Cliquer pour ouvrir la carte dans une nouvelle fen\u00eatre.<\/a><\/div><\/div>\n\n<style type=\"text\/css\" data-created_by=\"avia_inline_auto\" id=\"style-css-av-li0h59qj-e991ea3ad85c05201fe7ddf0ffa859bb\">\n.avia-section.av-li0h59qj-e991ea3ad85c05201fe7ddf0ffa859bb{\nbackground-color:#6834bd;\nbackground-image:unset;\n}\n<\/style>\n<div id='av_section_4'  class='avia-section av-li0h59qj-e991ea3ad85c05201fe7ddf0ffa859bb main_color avia-section-default avia-no-border-styling  avia-builder-el-19  el_after_av_google_map  el_before_av_section  avia-bg-style-scroll container_wrap fullsize'  ><div class='container av-section-cont-open' ><div class='template-page content  av-content-full alpha units'><div class='post-entry post-entry-type-page post-entry-38607'><div class='entry-content-wrapper clearfix'>\n\n<style type=\"text\/css\" data-created_by=\"avia_inline_auto\" id=\"style-css-av-li0geujk-6e3d29d93b28b7126d81cd0256255d81\">\n#top .av-special-heading.av-li0geujk-6e3d29d93b28b7126d81cd0256255d81{\npadding-bottom:10px;\n}\nbody .av-special-heading.av-li0geujk-6e3d29d93b28b7126d81cd0256255d81 .av-special-heading-tag .heading-char{\nfont-size:25px;\n}\n.av-special-heading.av-li0geujk-6e3d29d93b28b7126d81cd0256255d81 .av-subheading{\nfont-size:15px;\n}\n<\/style>\n<div  class='av-special-heading av-li0geujk-6e3d29d93b28b7126d81cd0256255d81 av-special-heading-h5 blockquote modern-quote modern-centered  avia-builder-el-20  el_before_av_button  avia-builder-el-first '><h5 class='av-special-heading-tag '  >Louer une voiture de luxe \u00e0 Mandelieu juste pour vous faire plaisir<\/h5><div class=\"special-heading-border\"><div class=\"special-heading-inner-border\"><\/div><\/div><\/div>\n<div  class='avia-button-wrap av-li0gikk7-7d74715dff93cbf20bb4f34c073c65a6-wrap avia-button-center  avia-builder-el-21  el_after_av_heading  avia-builder-el-last '><a href=''  class='avia-button av-li0gikk7-7d74715dff93cbf20bb4f34c073c65a6 av-link-btn avia-icon_select-yes-left-icon avia-size-large avia-position-center avia-color-grey'   aria-label=\"Contact one of our experts !\"><span class='avia_button_icon avia_button_icon_left avia-iconfont avia-font-entypo-fontello' data-av_icon='\ue85d' data-av_iconfont='entypo-fontello' ><\/span><span class='avia_iconbox_title' >Contact one of our experts !<\/span><\/a><\/div>\n\n<\/div><\/div><\/div><!-- close content main div --><\/div><\/div>\n<style type=\"text\/css\" data-created_by=\"avia_inline_auto\" id=\"style-css-av-li0h7ew6-52700cd5b208d777e986b581b72b4370\">\n.avia-section.av-li0h7ew6-52700cd5b208d777e986b581b72b4370{\nbackground-color:#27202d;\nbackground-image:unset;\n}\n<\/style>\n<div id='av_section_5'  class='avia-section av-li0h7ew6-52700cd5b208d777e986b581b72b4370 main_color avia-section-default avia-no-border-styling  avia-builder-el-22  el_after_av_section  avia-builder-el-last  avia-bg-style-scroll container_wrap fullsize'  ><div class='container av-section-cont-open' ><div class='template-page content  av-content-full alpha units'><div class='post-entry post-entry-type-page post-entry-38607'><div class='entry-content-wrapper clearfix'>\n<div  class='avia-builder-widget-area clearfix  avia-builder-el-23  avia-builder-el-no-sibling '><div id=\"text-9\" class=\"widget clearfix widget_text\">\t\t\t<div class=\"textwidget\"><p style=\"text-align: center;\">    <div class=\"car4rent-share-block car4rent-fr\">\n        <a href=\"https:\/\/www.facebook.com\/sharer\/sharer.php?u=\" target=\"_blank\" rel=\"noopener\"><i class=\"fa-brands fa-facebook\"><\/i> Partager<\/a>\n        <a href=\"https:\/\/x.com\/intent\/tweet?url=&amp;text=\" target=\"_blank\" rel=\"noopener\"><i class=\"fa-brands fa-x-twitter\"><\/i> X<\/a>\n        <a href=\"https:\/\/wa.me\/?text=%20\" target=\"_blank\" rel=\"noopener\"><i class=\"fa-brands fa-whatsapp\"><\/i> WhatsApp<\/a>\n        <a href=\"https:\/\/www.instagram.com\/car4rent_cannes\/\" target=\"_blank\" rel=\"noopener\"><i class=\"fa-brands fa-instagram\"><\/i> Instagram<\/a>\n        <a href=\"https:\/\/www.linkedin.com\/company\/car4rent\/about\/\" target=\"_blank\" rel=\"noopener\"><i class=\"fa-brands fa-linkedin\"><\/i> LinkedIn<\/a>\n        <a href=\"https:\/\/www.youtube.com\/@car4rentcannes839\" target=\"_blank\" rel=\"noopener\"><i class=\"fa-brands fa-youtube\"><\/i> YouTube<\/a>\n    <\/div>\n    <\/p>\n<\/div>\n\t\t<\/div><\/div>\n\n","protected":false},"excerpt":{"rendered":"","protected":false},"author":3,"featured_media":29649,"parent":0,"menu_order":1865,"comment_status":"closed","ping_status":"closed","template":"","meta":{"_acf_changed":false,"footnotes":""},"class_list":["post-38607","page","type-page","status-publish","has-post-thumbnail","hentry"],"acf":[],"_links":{"self":[{"href":"https:\/\/car4rent.fr\/fr\/wp-json\/wp\/v2\/pages\/38607","targetHints":{"allow":["GET"]}}],"collection":[{"href":"https:\/\/car4rent.fr\/fr\/wp-json\/wp\/v2\/pages"}],"about":[{"href":"https:\/\/car4rent.fr\/fr\/wp-json\/wp\/v2\/types\/page"}],"author":[{"embeddable":true,"href":"https:\/\/car4rent.fr\/fr\/wp-json\/wp\/v2\/users\/3"}],"replies":[{"embeddable":true,"href":"https:\/\/car4rent.fr\/fr\/wp-json\/wp\/v2\/comments?post=38607"}],"version-history":[{"count":0,"href":"https:\/\/car4rent.fr\/fr\/wp-json\/wp\/v2\/pages\/38607\/revisions"}],"wp:featuredmedia":[{"embeddable":true,"href":"https:\/\/car4rent.fr\/fr\/wp-json\/wp\/v2\/media\/29649"}],"wp:attachment":[{"href":"https:\/\/car4rent.fr\/fr\/wp-json\/wp\/v2\/media?parent=38607"}],"curies":[{"name":"wp","href":"https:\/\/api.w.org\/{rel}","templated":true}]}}