{"id":36338,"date":"2023-11-13T08:02:10","date_gmt":"2023-11-13T07:02:10","guid":{"rendered":"https:\/\/car4rent.fr\/?page_id=36338"},"modified":"2024-09-13T19:23:24","modified_gmt":"2024-09-13T17:23:24","slug":"location-de-voiture-de-luxe-a-courchevel","status":"publish","type":"page","link":"https:\/\/car4rent.fr\/fr\/location-de-voiture-de-luxe-a-courchevel\/","title":{"rendered":"Location de voiture de luxe \u00e0 Courchevel"},"content":{"rendered":"\n<style type=\"text\/css\" data-created_by=\"avia_inline_auto\" id=\"style-css-av-dygbmb2-e1ae5af3d2176153c31384527a1c2be7\">\n.avia-section.av-dygbmb2-e1ae5af3d2176153c31384527a1c2be7 .av-parallax .av-parallax-inner{\nbackground-repeat:no-repeat;\nbackground-image:url(https:\/\/car4rent.fr\/wp-content\/uploads\/Louer-Mercedes-Classe-G-Sations-de-ski.jpg);\nbackground-position:50% 50%;\nbackground-attachment:scroll;\n}\n<\/style>\n<div id='av_section_1'  class='avia-section av-dygbmb2-e1ae5af3d2176153c31384527a1c2be7 main_color avia-section-huge avia-no-border-styling  avia-builder-el-0  el_before_av_section  avia-builder-el-first  avia-full-stretch av-parallax-section avia-bg-style-parallax av-minimum-height av-minimum-height-custom av-height-custom  container_wrap fullsize'  data-section-bg-repeat='stretch' data-av_minimum_height_px='450'><div class='av-parallax' data-avia-parallax-ratio='0.3' ><div class='av-parallax-inner main_color avia-full-stretch'><\/div><\/div><div class=\"av-section-color-overlay-wrap\"><a href='#next-section' title='' class='scroll-down-link  avia-svg-icon avia-font-svg_entypo-fontello' data-av_svg_icon='down-open-mini' data-av_iconset='svg_entypo-fontello'><svg version=\"1.1\" xmlns=\"http:\/\/www.w3.org\/2000\/svg\" width=\"15\" height=\"32\" viewBox=\"0 0 15 32\" preserveAspectRatio=\"xMidYMid meet\" aria-labelledby='av-svg-title-1' aria-describedby='av-svg-desc-1' role=\"graphics-symbol\" aria-hidden=\"true\">\n<title id='av-svg-title-1'>Scroller vers la prochaine section<\/title>\n<desc id='av-svg-desc-1'>Scroller vers la prochaine section<\/desc>\n<path d=\"M12.96 12.16q0.704-0.832 1.536 0 0.832 0.704 0 1.536l-6.272 6.144q-0.704 0.704-1.536 0l-6.272-6.144q-0.832-0.832 0-1.536 0.768-0.768 1.6 0l5.44 4.992z\"><\/path>\n<\/svg><\/a><div class='container av-section-cont-open' style='height:450px'><main  class='template-page content  av-content-full alpha units'><div class='post-entry post-entry-type-page post-entry-36338'><div class='entry-content-wrapper clearfix'>\n\n<style type=\"text\/css\" data-created_by=\"avia_inline_auto\" id=\"style-css-av-drtinke-ce8cca699e603f517f77b924bd7f281e\">\n.flex_column.av-drtinke-ce8cca699e603f517f77b924bd7f281e{\nborder-radius:0px 0px 0px 0px;\npadding:20px 20px 20px 20px;\nbackground-color:rgba(0,0,0,0.47);\n}\n<\/style>\n<div  class='flex_column av-drtinke-ce8cca699e603f517f77b924bd7f281e av_two_third  avia-builder-el-1  avia-builder-el-no-sibling  first flex_column_div  '     ><section  class='av_textblock_section av-lovv49me-89406c4536a2d26ae83354d371773adf '  ><div class='avia_textblock' ><p>Louer un SUV Premium \u00e0 Courchevel<\/p>\n<\/div><\/section><\/div>\n\n<\/div><\/div><\/main><!-- close content main element --><\/div><\/div><\/div><div id='av_section_2'  class='avia-section av-8dpm0em-7a294c7468913c4df8cbd061f93a5918 main_color avia-section-default avia-no-shadow  avia-builder-el-3  el_after_av_section  el_before_av_section  avia-bg-style-scroll container_wrap fullsize'  ><div class='container av-section-cont-open' ><div class='template-page content  av-content-full alpha units'><div class='post-entry post-entry-type-page post-entry-36338'><div class='entry-content-wrapper clearfix'>\n\n<style type=\"text\/css\" data-created_by=\"avia_inline_auto\" id=\"style-css-av-loj1jqh9-b471b4a85f4cba8d51c58592d4420216\">\n#top .av-special-heading.av-loj1jqh9-b471b4a85f4cba8d51c58592d4420216{\npadding-bottom:10px;\nfont-size:35px;\n}\nbody .av-special-heading.av-loj1jqh9-b471b4a85f4cba8d51c58592d4420216 .av-special-heading-tag .heading-char{\nfont-size:25px;\n}\n#top #wrap_all .av-special-heading.av-loj1jqh9-b471b4a85f4cba8d51c58592d4420216 .av-special-heading-tag{\nfont-size:35px;\n}\n.av-special-heading.av-loj1jqh9-b471b4a85f4cba8d51c58592d4420216 .av-subheading{\nfont-size:15px;\n}\n\n@media only screen and (min-width: 480px) and (max-width: 767px){ \n#top #wrap_all .av-special-heading.av-loj1jqh9-b471b4a85f4cba8d51c58592d4420216 .av-special-heading-tag{\nfont-size:0.8em;\n}\n}\n\n@media only screen and (max-width: 479px){ \n#top #wrap_all .av-special-heading.av-loj1jqh9-b471b4a85f4cba8d51c58592d4420216 .av-special-heading-tag{\nfont-size:0.8em;\n}\n}\n<\/style>\n<div  class='av-special-heading av-loj1jqh9-b471b4a85f4cba8d51c58592d4420216 av-special-heading-h1 blockquote modern-quote modern-centered  avia-builder-el-4  el_before_av_hr  avia-builder-el-first  av-inherit-size'><h1 class='av-special-heading-tag '  >Location de voiture de luxe \u00e0 Courchevel &#8211; Profitez d\u2019une exp\u00e9rience inoubliable<\/h1><div class=\"special-heading-border\"><div class=\"special-heading-inner-border\"><\/div><\/div><\/div>\n<div  class='hr av-2wkhv2-d68af5d00fd4f745a14aacf49e4abd8f hr-default  avia-builder-el-5  el_after_av_heading  el_before_av_textblock '><span class='hr-inner '><span class=\"hr-inner-style\"><\/span><\/span><\/div>\n<section  class='av_textblock_section av-loj1xpzv-6e99f375fc84112ee7514e228f3c5b72 '  ><div class='avia_textblock' ><section id=\"block0\" class=\"stripe row-content block0 fullwidth\">\n<div class=\"column small-five small-push-one reset last\">\n<div class=\"boxcontent\">\n<h2>Location de voiture de Luxe \u00e0 Courchevel<\/h2>\n<p><a href=\"https:\/\/www.mountainpassions.com\/winter\/ski-resort-reviews\/alps\/ski-courchevel-moriond\/\" target=\"_blank\" rel=\"noopener\">Courchevel<\/a> est une station de ski de classe mondiale et fait partie du c\u00e9l\u00e8bre domaine skiable des Trois Vall\u00e9es. Avec plus de 600 km de pistes balis\u00e9es, la station est l&rsquo;une des plus grandes au monde.<\/p>\n<p>C\u2019est un endroit o\u00f9 le luxe existe vraiment. Vous y trouverez des boutiques de mode des plus grands couturiers,\u00a0 des restaurants \u00e9toil\u00e9s au guide Michelin, des chalets exclusifs, des h\u00f4tels haut de gamme, des cr\u00e9ateurs \u00e9l\u00e9gants et une vie nocturne glamour.<\/p>\n<p>Pour un s\u00e9jour en famille ou un week-end en amoureux, d\u00e9couvrez simplement les Alpes fran\u00e7aises avec style au volant d&rsquo;une voiture de luxe.<\/p>\n<p><img loading=\"lazy\" decoding=\"async\" class=\"alignnone wp-image-29798 size-full\" src=\"https:\/\/car4rent.fr\/wp-content\/uploads\/PORSCHE-992-RENTAL-1.jpg\" alt=\"louer Porsche\" width=\"320\" height=\"320\" title=\"Car4Rent Cannes\" srcset=\"https:\/\/car4rent.fr\/wp-content\/uploads\/PORSCHE-992-RENTAL-1.jpg 320w, https:\/\/car4rent.fr\/wp-content\/uploads\/PORSCHE-992-RENTAL-1-300x300.jpg 300w, https:\/\/car4rent.fr\/wp-content\/uploads\/PORSCHE-992-RENTAL-1-80x80.jpg 80w, https:\/\/car4rent.fr\/wp-content\/uploads\/PORSCHE-992-RENTAL-1-36x36.jpg 36w, https:\/\/car4rent.fr\/wp-content\/uploads\/PORSCHE-992-RENTAL-1-180x180.jpg 180w, https:\/\/car4rent.fr\/wp-content\/uploads\/PORSCHE-992-RENTAL-1-120x120.jpg 120w, https:\/\/car4rent.fr\/wp-content\/uploads\/PORSCHE-992-RENTAL-1-100x100.jpg 100w\" sizes=\"auto, (max-width: 320px) 100vw, 320px\" \/><\/p>\n<h2>Courchevel Location de voiture de Prestige avec Car4rent<\/h2>\n<p><span style=\"font-size: 16px;\">Car4rent vous accompagne dans le choix de votre voiture \u00e0 Courchevel, pour un voyage en toute s\u00e9curit\u00e9. Nous proposons un large choix de 4\u00d74, et SUV sportifs luxueux, pour atteindre les sommets les plus prestigieux.<\/span><\/p>\n<p>Nous pouvons livrer d\u00e8s votre arriv\u00e9e dans les principaux a\u00e9roports de Gen\u00e8ve, Lyon, Grenoble ou Nice. R\u00e9servez une voiture avec Car4rent pour plus de flexibilit\u00e9 et optez pour une location de voiture sans souci. De quoi profiter de Courchevel, en famille entre amis, o\u00f9 tout n&rsquo;est que luxe, beaut\u00e9 et plaisir !<\/p>\n<h3>Location de SUV \u00e0 Courchevel et d\u00e9couvrez les 3 Vall\u00e9es<\/h3>\n<p>Pourquoi visiter une seule station de ski quand vous pouvez en profiterde\u00a0 quatre ? Courchevel, <a href=\"https:\/\/www.meribel.net\/\" target=\"_blank\" rel=\"noopener\">M\u00e9ribel<\/a>, Val Thorens et Les Menuires d&rsquo;un seul coup.<\/p>\n<p>Ces stations font partie des <a href=\"https:\/\/www.skieur.com\/station-ski-domaine-les-3-vallees\" target=\"_blank\" rel=\"noopener\">3 Vall\u00e9es<\/a> et offrent vraiment quelque chose de plus, pour tous les go\u00fbts et tous les niveaux de ski. Pour vous d\u00e9placer, rien de mieux qu&rsquo;un <a href=\"https:\/\/car4rent.fr\/fr\/location-mercedes-classe-g-courchevel\/\" target=\"_blank\" rel=\"noopener\">Mercedes Class G 63 AMG<\/a> ou un <a href=\"https:\/\/car4rent.fr\/fr\/location-land-rover\/\" target=\"_blank\" rel=\"noopener\">Range Rover Autobiography<\/a> pour votre confort et votre s\u00e9curit\u00e9.<\/p>\n<p><img loading=\"lazy\" decoding=\"async\" class=\"alignnone wp-image-36726 size-large\" src=\"https:\/\/car4rent.fr\/wp-content\/uploads\/Louer-une-voiture-de-luxe-a-Courchevel-1030x687.jpg\" alt=\"Louer un Range Rover\" width=\"1030\" height=\"687\" title=\"Car4Rent Cannes\" srcset=\"https:\/\/car4rent.fr\/wp-content\/uploads\/\/Louer-une-voiture-de-luxe-a-Courchevel-1030x687.jpg 1030w, https:\/\/car4rent.fr\/wp-content\/uploads\/\/Louer-une-voiture-de-luxe-a-Courchevel-300x200.jpg 300w, https:\/\/car4rent.fr\/wp-content\/uploads\/\/Louer-une-voiture-de-luxe-a-Courchevel-768x512.jpg 768w, https:\/\/car4rent.fr\/wp-content\/uploads\/\/Louer-une-voiture-de-luxe-a-Courchevel-1536x1024.jpg 1536w, https:\/\/car4rent.fr\/wp-content\/uploads\/\/Louer-une-voiture-de-luxe-a-Courchevel-1500x1000.jpg 1500w, https:\/\/car4rent.fr\/wp-content\/uploads\/\/Louer-une-voiture-de-luxe-a-Courchevel-705x470.jpg 705w, https:\/\/car4rent.fr\/wp-content\/uploads\/\/Louer-une-voiture-de-luxe-a-Courchevel-450x300.jpg 450w, https:\/\/car4rent.fr\/wp-content\/uploads\/\/Louer-une-voiture-de-luxe-a-Courchevel.jpg 1920w\" sizes=\"auto, (max-width: 1030px) 100vw, 1030px\" \/><\/p>\n<p><strong>Location de v\u00e9hicules de sport et haut de prestige \u00e0 Courchevel, un haut-lieu du luxe<\/strong><\/p>\n<p>\u00c9galement connue sous le nom de Saint-Tropez des sports d&rsquo;hiver, la station propose environ 11 h\u00f4tels de luxe class\u00e9s 5 \u00e9toiles et des restaurants 7 \u00e9toiles Michelin. Les noms des diff\u00e9rentes stations de ski ont \u00e9t\u00e9 r\u00e9cemment modifi\u00e9s. Courchevel &#8211; anciennement Courchevel 1850 &#8211; es id\u00e9alement situ\u00e9e en for\u00eat et se caract\u00e9rise par ses nombreux \u00e9tablissements exclusifs et ses b\u00e2timents \u00e9l\u00e9gants de style chalet.<\/p>\n<p><strong>Location de voitures de prestige Courchevel au meilleur prix<\/strong><\/p>\n<p>\u200bNous ne disposons pas d&rsquo;agence dans les stations de sports d&rsquo;hiver pour r\u00e9server physiquement, mais nous pouvons vous livrer votre v\u00e9hicule pour toute location de plus de trois jours, dans les principales stations des Alpes fran\u00e7aises que sont les 3 Vall\u00e9es, les Portes du Soleil ou Meg\u00e8ve. Sur demande, nous pouvons vous mettre en contact avec un chauffeur priv\u00e9 \u00e0 Courchevel.<\/p>\n<p><img loading=\"lazy\" decoding=\"async\" class=\"aligncenter wp-image-36521\" src=\"https:\/\/car4rent.fr\/wp-content\/uploads\/Hire-Mercedes-G-Wagon.jpg\" alt=\"Location de voitures de prestige \u00e0 Courchevel\" width=\"1030\" height=\"587\" title=\"Car4Rent Cannes\" srcset=\"https:\/\/car4rent.fr\/wp-content\/uploads\/Hire-Mercedes-G-Wagon.jpg 800w, https:\/\/car4rent.fr\/wp-content\/uploads\/Hire-Mercedes-G-Wagon-300x171.jpg 300w, https:\/\/car4rent.fr\/wp-content\/uploads\/Hire-Mercedes-G-Wagon-768x438.jpg 768w, https:\/\/car4rent.fr\/wp-content\/uploads\/Hire-Mercedes-G-Wagon-705x402.jpg 705w, https:\/\/car4rent.fr\/wp-content\/uploads\/Hire-Mercedes-G-Wagon-450x257.jpg 450w\" sizes=\"auto, (max-width: 1030px) 100vw, 1030px\" \/><\/p>\n<p>Pour pratiquer des tarifs attractifs, nos voitures de location sont gar\u00e9es dans des garages priv\u00e9s, et toutes les r\u00e9servations sont confirm\u00e9es par \u00e9change d&#8217;emails et par t\u00e9l\u00e9phone.<\/p>\n<p>Nous avons tous les derniers mod\u00e8les disponibles \u00e0 la location, comme Ferrari, Lamborghini, Porsche, Land Rover, Mercedes AMG, Bentley, Rolls-Royce, et autres Audi et BMW, toutes les marques synonymes de puissance, de performance et d&rsquo;agilit\u00e9, en un mot Excellence.<\/p>\n<p>N&rsquo;h\u00e9sitez pas \u00e0 <a href=\"https:\/\/car4rent.fr\/fr\/contact\/\">contacter<\/a> notre \u00e9quipe pour toute demande sp\u00e9ciale ou information !<\/p>\n<\/div>\n<\/div>\n<\/section>\n<section id=\"block1\" class=\"stripe row-content block1 fullwidth\">\n<\/section>\n<\/div><\/section>\n\n<style type=\"text\/css\" data-created_by=\"avia_inline_auto\" id=\"style-css-av-7giilta-1e79690189bbc3bd88c23a34b245fc81\">\n.flex_column.av-7giilta-1e79690189bbc3bd88c23a34b245fc81{\nborder-radius:0px 0px 0px 0px;\npadding:0px 0px 0px 0px;\n}\n<\/style>\n<div  class='flex_column av-7giilta-1e79690189bbc3bd88c23a34b245fc81 av_one_third  avia-builder-el-7  el_after_av_textblock  el_before_av_one_third  first flex_column_div av-zero-column-padding  column-top-margin'     ><style type=\"text\/css\" data-created_by=\"avia_inline_auto\" id=\"style-css-av-7av72q6-325aecd795e40c97bcb8678b98fea83c\">\n.iconbox.av-7av72q6-325aecd795e40c97bcb8678b98fea83c .iconbox_icon{\nbackground-color:#6834bd;\n}\n<\/style>\n<article  class='iconbox iconbox_top av-7av72q6-325aecd795e40c97bcb8678b98fea83c  avia-builder-el-8  avia-builder-el-no-sibling  main_color' ><div class=\"iconbox_content\"><header class=\"entry-content-header\" aria-label=\"Ic\u00f4ne : \"><div class='iconbox_icon heading-color avia-iconfont avia-font-entypo-fontello' data-av_icon='\ue819' data-av_iconfont='entypo-fontello'  ><\/div><\/header><div class='iconbox_content_container ' ><p><strong>Louer une voiture \u00e0 Courchevel<\/strong><\/p>\n<hr \/>\n<p>Nous proposons \u00e0 la location des voitures de luxe et de sport, mais \u00e9galement une large gamme de SUV et de cabriolets. D\u00e9couvrez nos voitures de r\u00eave.<\/p>\n<p>Prix \u00e0 partir de 260\u20ac \/ jour.<\/p>\n<\/div><\/div><footer class=\"entry-footer\"><\/footer><\/article><\/div>\n<style type=\"text\/css\" data-created_by=\"avia_inline_auto\" id=\"style-css-av-6p9gj72-2705a403fc9e9e2ad2a2a463873e5ee4\">\n.flex_column.av-6p9gj72-2705a403fc9e9e2ad2a2a463873e5ee4{\nborder-radius:0px 0px 0px 0px;\npadding:0px 0px 0px 0px;\n}\n<\/style>\n<div  class='flex_column av-6p9gj72-2705a403fc9e9e2ad2a2a463873e5ee4 av_one_third  avia-builder-el-9  el_after_av_one_third  el_before_av_one_third  flex_column_div av-zero-column-padding  column-top-margin'     ><style type=\"text\/css\" data-created_by=\"avia_inline_auto\" id=\"style-css-av-6aovi32-cb6febd17476a38f2a81d495c954bdd5\">\n.iconbox.av-6aovi32-cb6febd17476a38f2a81d495c954bdd5 .iconbox_icon{\nbackground-color:#6834bd;\n}\n<\/style>\n<article  class='iconbox iconbox_top av-6aovi32-cb6febd17476a38f2a81d495c954bdd5  avia-builder-el-10  avia-builder-el-no-sibling  main_color' ><div class=\"iconbox_content\"><header class=\"entry-content-header\" aria-label=\"Ic\u00f4ne : \"><div class='iconbox_icon heading-color avia-iconfont avia-font-entypo-fontello' data-av_icon='\ue842' data-av_iconfont='entypo-fontello'  ><\/div><\/header><div class='iconbox_content_container ' ><p><strong>Courchevel, Meg\u00e8ve, Avoriaz ou Val d\u2019Is\u00e8re<\/strong><\/p>\n<hr \/>\n<p>A votre service pour un service de proximit\u00e9<\/p>\n<\/div><\/div><footer class=\"entry-footer\"><\/footer><\/article><\/div>\n<style type=\"text\/css\" data-created_by=\"avia_inline_auto\" id=\"style-css-av-5mv8l66-d8db5c29641485594f6047bd1932fba7\">\n.flex_column.av-5mv8l66-d8db5c29641485594f6047bd1932fba7{\nborder-radius:0px 0px 0px 0px;\npadding:0px 0px 0px 0px;\n}\n<\/style>\n<div  class='flex_column av-5mv8l66-d8db5c29641485594f6047bd1932fba7 av_one_third  avia-builder-el-11  el_after_av_one_third  avia-builder-el-last  flex_column_div av-zero-column-padding  column-top-margin'     ><style type=\"text\/css\" data-created_by=\"avia_inline_auto\" id=\"style-css-av-5blse7i-7843b512b7c8b67f0d3cb9b35a11d331\">\n.iconbox.av-5blse7i-7843b512b7c8b67f0d3cb9b35a11d331 .iconbox_icon{\nbackground-color:#6834bd;\n}\n<\/style>\n<article  class='iconbox iconbox_top av-5blse7i-7843b512b7c8b67f0d3cb9b35a11d331  avia-builder-el-12  avia-builder-el-no-sibling  main_color' ><div class=\"iconbox_content\"><header class=\"entry-content-header\" aria-label=\"Ic\u00f4ne : \"><div class='iconbox_icon heading-color avia-iconfont avia-font-entypo-fontello' data-av_icon='\ue80b' data-av_iconfont='entypo-fontello'  ><\/div><\/header><div class='iconbox_content_container ' ><p><strong>Un service sur mesure<\/strong><\/p>\n<hr \/>\n<p>Une \u00e9quipe d\u00e9vou\u00e9e et attentive se tient \u00e0 votre disposition pour vous fournir toute information ou r\u00e9pondre \u00e0 vos demandes. Votre voiture peut \u00eatre livr\u00e9e sur demande directement \u00e0 votre arriv\u00e9e aux a\u00e9roports de Gen\u00e8ve, Grenoble, Lyon ou Nice, sur votre lieu de vill\u00e9giature, \u00e0 votre h\u00f4tel ou n&rsquo;importe o\u00f9 en France \u00e0 la destination de votre choix.<\/p>\n<\/div><\/div><footer class=\"entry-footer\"><\/footer><\/article><\/div><\/div><\/div><\/div><!-- close content main div --><\/div><\/div><div id='contactez-nous'  class='avia-section av-4vei0um-1b202a4720eec1f9e9d153545b0084b9 main_color avia-section-default avia-no-border-styling  avia-builder-el-13  el_after_av_section  el_before_av_one_full  avia-bg-style-scroll container_wrap fullsize'  ><div class='container av-section-cont-open' ><div class='template-page content  av-content-full alpha units'><div class='post-entry post-entry-type-page post-entry-36338'><div class='entry-content-wrapper clearfix'>\n<div  class='hr av-4fafe5q-401778d1271d853b661bc41294465bfc hr-default  avia-builder-el-14  el_before_av_heading  avia-builder-el-first '><span class='hr-inner '><span class=\"hr-inner-style\"><\/span><\/span><\/div>\n\n<style type=\"text\/css\" data-created_by=\"avia_inline_auto\" id=\"style-css-av-3v09dv2-67ae6c197989eb0ce1391b8a567ecdfd\">\n#top .av-special-heading.av-3v09dv2-67ae6c197989eb0ce1391b8a567ecdfd{\npadding-bottom:25px;\n}\nbody .av-special-heading.av-3v09dv2-67ae6c197989eb0ce1391b8a567ecdfd .av-special-heading-tag .heading-char{\nfont-size:25px;\n}\n.av-special-heading.av-3v09dv2-67ae6c197989eb0ce1391b8a567ecdfd .av-subheading{\nfont-size:20px;\n}\n<\/style>\n<div  class='av-special-heading av-3v09dv2-67ae6c197989eb0ce1391b8a567ecdfd av-special-heading-h4 blockquote modern-quote modern-centered  avia-builder-el-15  el_after_av_hr  el_before_av_hr '><h4 class='av-special-heading-tag '  >Vous souhaitez louer un SUV premium \u00e0 Courchevel ? Besoin d\u2019un conseil ?<\/h4><div class=\"special-heading-border\"><div class=\"special-heading-inner-border\"><\/div><\/div><\/div>\n\n<style type=\"text\/css\" data-created_by=\"avia_inline_auto\" id=\"style-css-av-3ksbi0e-8d0607ce85537948216cc1b197f2ac0d\">\n#top .hr.hr-invisible.av-3ksbi0e-8d0607ce85537948216cc1b197f2ac0d{\nheight:25px;\n}\n<\/style>\n<div  class='hr av-3ksbi0e-8d0607ce85537948216cc1b197f2ac0d hr-invisible  avia-builder-el-16  el_after_av_heading  el_before_av_one_third '><span class='hr-inner '><span class=\"hr-inner-style\"><\/span><\/span><\/div>\n<div  class='flex_column av-av_one_third-7420270dda896a7728e3c90b94d24f81 av_one_third  avia-builder-el-17  el_after_av_hr  el_before_av_two_third  first flex_column_div  '     ><p><section  class='av_textblock_section av-av_textblock-0165d6d04a7ef8dcb05aced91fa9179c '  ><div class='avia_textblock' ><p>Nous contacter par mail<\/p>\n<\/div><\/section><br \/>\n<section  class='av_textblock_section av-25hrlam-9fb2fb74e3c1554635167c6f95fa8e2f '  ><div class='avia_textblock' ><div class=\"wpforms-container wpforms-container-full\" id=\"wpforms-27233\"><form id=\"wpforms-form-27233\" class=\"wpforms-validate wpforms-form\" data-formid=\"27233\" method=\"post\" enctype=\"multipart\/form-data\" action=\"\/fr\/wp-json\/wp\/v2\/pages\/36338\" data-token=\"10d94bb5d601b0fca13a9155a6633d88\" data-token-time=\"1777397516\"><noscript class=\"wpforms-error-noscript\">Veuillez activer JavaScript dans votre navigateur pour remplir ce formulaire.<\/noscript><div class=\"wpforms-field-container\"><div id=\"wpforms-27233-field_5-container\" class=\"wpforms-field wpforms-field-name\" data-field-id=\"5\"><label class=\"wpforms-field-label\">Nom <span class=\"wpforms-required-label\">*<\/span><\/label><div class=\"wpforms-field-row wpforms-field-medium\"><div class=\"wpforms-field-row-block wpforms-first wpforms-one-half\"><input type=\"text\" id=\"wpforms-27233-field_5\" class=\"wpforms-field-name-first wpforms-field-required\" name=\"wpforms[fields][5][first]\" required><label for=\"wpforms-27233-field_5\" class=\"wpforms-field-sublabel after\">First<\/label><\/div><div class=\"wpforms-field-row-block wpforms-one-half\"><input type=\"text\" id=\"wpforms-27233-field_5-last\" class=\"wpforms-field-name-last wpforms-field-required\" name=\"wpforms[fields][5][last]\" required><label for=\"wpforms-27233-field_5-last\" class=\"wpforms-field-sublabel after\">Last<\/label><\/div><\/div><\/div><div id=\"wpforms-27233-field_9-container\" class=\"wpforms-field wpforms-field-layout\" data-field-id=\"9\"><div class=\"wpforms-field-layout-rows wpforms-field-large\"><div class=\"wpforms-layout-row\"><div class=\"wpforms-layout-column wpforms-layout-column-50\"><div id=\"wpforms-27233-field_7-container\" class=\"wpforms-field wpforms-field-email\" data-field-id=\"7\"><label class=\"wpforms-field-label\" for=\"wpforms-27233-field_7\">Courriel <span class=\"wpforms-required-label\">*<\/span><\/label><input type=\"email\" id=\"wpforms-27233-field_7\" class=\"wpforms-field-medium wpforms-field-required\" name=\"wpforms[fields][7]\" spellcheck=\"false\" required><\/div><\/div><div class=\"wpforms-layout-column wpforms-layout-column-50\"><div id=\"wpforms-27233-field_8-container\" class=\"wpforms-field wpforms-field-phone\" data-field-id=\"8\"><label class=\"wpforms-field-label\" for=\"wpforms-27233-field_8\">T\u00e9l\u00e9phone <span class=\"wpforms-required-label\">*<\/span><\/label><input type=\"tel\" id=\"wpforms-27233-field_8\" class=\"wpforms-field-medium wpforms-field-required\" data-rule-int-phone-field=\"true\" name=\"wpforms[fields][8]\" aria-label=\"T\u00e9l\u00e9phone\" required><\/div><\/div><\/div><\/div><\/div><div id=\"wpforms-27233-field_4-container\" class=\"wpforms-field wpforms-field-textarea\" data-field-id=\"4\"><label class=\"wpforms-field-label\" for=\"wpforms-27233-field_4\">Message<\/label><textarea id=\"wpforms-27233-field_4\" class=\"wpforms-field-medium\" name=\"wpforms[fields][4]\" ><\/textarea><\/div><\/div><!-- .wpforms-field-container --><div class=\"wpforms-recaptcha-container wpforms-is-recaptcha wpforms-is-recaptcha-type-v3\" ><input type=\"hidden\" name=\"wpforms[recaptcha]\" value=\"\"><\/div><div class=\"wpforms-submit-container\" ><input type=\"hidden\" name=\"wpforms[id]\" value=\"27233\"><input type=\"hidden\" name=\"page_title\" value=\"\"><input type=\"hidden\" name=\"page_url\" value=\"https:\/\/car4rent.fr\/fr\/wp-json\/wp\/v2\/pages\/36338\"><input type=\"hidden\" name=\"url_referer\" value=\"\"><button type=\"submit\" name=\"wpforms[submit]\" id=\"wpforms-submit-27233\" class=\"wpforms-submit\" data-alt-text=\"Envoi\" data-submit-text=\"Soumettre\" aria-live=\"assertive\" value=\"wpforms-submit\">Soumettre<\/button><\/div><\/form><\/div>  <!-- .wpforms-container -->\n<\/div><\/section><\/p><\/div>\n<style type=\"text\/css\" data-created_by=\"avia_inline_auto\" id=\"style-css-av-37j6pta-9d9e33bdee18f4d4428c493dd8dcd86e\">\n.flex_column.av-37j6pta-9d9e33bdee18f4d4428c493dd8dcd86e{\nborder-radius:0px 0px 0px 0px;\npadding:0px 0px 0px 0px;\n}\n<\/style>\n<div  class='flex_column av-37j6pta-9d9e33bdee18f4d4428c493dd8dcd86e av_two_third  avia-builder-el-20  el_after_av_one_third  avia-builder-el-last  flex_column_div av-zero-column-padding  '     ><p><section  class='av_textblock_section av-lovv8v1h-fae84d71ae5f926fd07bcae009efd2fd '  ><div class='avia_textblock' ><p>Nous contacter par t\u00e9l\u00e9phone<\/p>\n<\/div><\/section><br \/>\n<section  class='av_textblock_section av-w3xv0u-9b6309d77ee4b41b482e010b70a8959b '  ><div class='avia_textblock' ><p>Agence de Cannes (09H-12H00 et 15H00-19H00)<br \/>\n10, rue Hibert &#8211;\u00a0 06400 Cannes<br \/>\nT\u00e9l.: : +<a href=\"tel:0033788278586\">33(0)7 88 27 85 86<\/a><br \/>\nMail : <a href=\"mailto:info@car4rent.fr\">info@car4rent.fr<\/a><\/p>\n<\/div><\/section><\/p><\/div>\n<\/div><\/div><\/div><!-- close content main div --><\/div><\/div><div id='after_section_3'  class='main_color av_default_container_wrap container_wrap fullsize'  ><div class='container av-section-cont-open' ><div class='template-page content  av-content-full alpha units'><div class='post-entry post-entry-type-page post-entry-36338'><div class='entry-content-wrapper clearfix'><\/p>\n<div  class='flex_column av-av_one_full-7420270dda896a7728e3c90b94d24f81 av_one_full  avia-builder-el-23  el_after_av_section  avia-builder-el-no-sibling  first flex_column_div  '     ><\/div>\n","protected":false},"excerpt":{"rendered":"","protected":false},"author":3,"featured_media":36246,"parent":0,"menu_order":1720,"comment_status":"closed","ping_status":"closed","template":"","meta":{"_acf_changed":false,"footnotes":""},"class_list":["post-36338","page","type-page","status-publish","has-post-thumbnail","hentry"],"acf":[],"_links":{"self":[{"href":"https:\/\/car4rent.fr\/fr\/wp-json\/wp\/v2\/pages\/36338","targetHints":{"allow":["GET"]}}],"collection":[{"href":"https:\/\/car4rent.fr\/fr\/wp-json\/wp\/v2\/pages"}],"about":[{"href":"https:\/\/car4rent.fr\/fr\/wp-json\/wp\/v2\/types\/page"}],"author":[{"embeddable":true,"href":"https:\/\/car4rent.fr\/fr\/wp-json\/wp\/v2\/users\/3"}],"replies":[{"embeddable":true,"href":"https:\/\/car4rent.fr\/fr\/wp-json\/wp\/v2\/comments?post=36338"}],"version-history":[{"count":0,"href":"https:\/\/car4rent.fr\/fr\/wp-json\/wp\/v2\/pages\/36338\/revisions"}],"wp:featuredmedia":[{"embeddable":true,"href":"https:\/\/car4rent.fr\/fr\/wp-json\/wp\/v2\/media\/36246"}],"wp:attachment":[{"href":"https:\/\/car4rent.fr\/fr\/wp-json\/wp\/v2\/media?parent=36338"}],"curies":[{"name":"wp","href":"https:\/\/api.w.org\/{rel}","templated":true}]}}