{"id":30955,"date":"2023-11-10T16:56:12","date_gmt":"2023-11-10T15:56:12","guid":{"rendered":"https:\/\/car4rent.fr\/location-de-ferrari-monaco\/"},"modified":"2024-08-08T13:52:18","modified_gmt":"2024-08-08T11:52:18","slug":"location-ferrari-monaco","status":"publish","type":"page","link":"https:\/\/car4rent.fr\/fr\/location-ferrari-monaco\/","title":{"rendered":"Location Ferrari Monaco"},"content":{"rendered":"\n<style type=\"text\/css\" data-created_by=\"avia_inline_auto\" id=\"style-css-av-zxpemy-6cbf2c69b0541305a262eb20d819e2a6\">\n.avia-section.av-zxpemy-6cbf2c69b0541305a262eb20d819e2a6{\nbackground-color:#27202d;\nbackground-image:unset;\n}\n<\/style>\n<div id='av_section_1'  class='avia-section av-zxpemy-6cbf2c69b0541305a262eb20d819e2a6 main_color avia-section-large avia-no-shadow  avia-builder-el-0  el_before_av_one_full  avia-builder-el-first  avia-bg-style-scroll av-minimum-height av-minimum-height-75 av-height-75  container_wrap fullsize'   data-av_minimum_height_pc='75' data-av_min_height_opt='75'><div class='container av-section-cont-open' ><main  class='template-page content  av-content-full alpha units'><div class='post-entry post-entry-type-page post-entry-30955'><div class='entry-content-wrapper clearfix'>\n\n<style type=\"text\/css\" data-created_by=\"avia_inline_auto\" id=\"style-css-av-y5sya2-101697b840b408f2699e963f837a8e9e\">\n.flex_column.av-y5sya2-101697b840b408f2699e963f837a8e9e{\nborder-radius:0px 0px 0px 0px;\npadding:0px 0px 0px 0px;\n}\n<\/style>\n<div  class='flex_column av-y5sya2-101697b840b408f2699e963f837a8e9e av_two_third  avia-builder-el-1  el_before_av_two_third  avia-builder-el-first  first flex_column_div av-zero-column-padding  '     ><style type=\"text\/css\" data-created_by=\"avia_inline_auto\" id=\"style-css-av-vsy1fe-f280ac69eed8be99c34eb5591db275da\">\n#top .av-special-heading.av-vsy1fe-f280ac69eed8be99c34eb5591db275da{\npadding-bottom:10px;\ncolor:#ffffff;\nfont-size:30px;\n}\nbody .av-special-heading.av-vsy1fe-f280ac69eed8be99c34eb5591db275da .av-special-heading-tag .heading-char{\nfont-size:25px;\n}\n#top #wrap_all .av-special-heading.av-vsy1fe-f280ac69eed8be99c34eb5591db275da .av-special-heading-tag{\nfont-size:30px;\n}\n.av-special-heading.av-vsy1fe-f280ac69eed8be99c34eb5591db275da .special-heading-inner-border{\nborder-color:#ffffff;\n}\n.av-special-heading.av-vsy1fe-f280ac69eed8be99c34eb5591db275da .av-subheading{\nfont-size:15px;\n}\n\n@media only screen and (min-width: 480px) and (max-width: 767px){ \n#top #wrap_all .av-special-heading.av-vsy1fe-f280ac69eed8be99c34eb5591db275da .av-special-heading-tag{\nfont-size:0.8em;\n}\n}\n\n@media only screen and (max-width: 479px){ \n#top #wrap_all .av-special-heading.av-vsy1fe-f280ac69eed8be99c34eb5591db275da .av-special-heading-tag{\nfont-size:0.8em;\n}\n}\n<\/style>\n<div  class='av-special-heading av-vsy1fe-f280ac69eed8be99c34eb5591db275da av-special-heading-h1 custom-color-heading blockquote modern-quote  avia-builder-el-2  avia-builder-el-no-sibling  av-inherit-size'><h1 class='av-special-heading-tag '  >Location Ferrari Monaco<\/h1><div class=\"special-heading-border\"><div class=\"special-heading-inner-border\"><\/div><\/div><\/div><\/div>\n<style type=\"text\/css\" data-created_by=\"avia_inline_auto\" id=\"style-css-av-ub662i-2aba6e5c76c94776bbd66f674724fcd7\">\n#top .flex_column.av-ub662i-2aba6e5c76c94776bbd66f674724fcd7{\nmargin-top:0px;\nmargin-bottom:0px;\n}\n.flex_column.av-ub662i-2aba6e5c76c94776bbd66f674724fcd7{\nborder-radius:0px 0px 0px 0px;\npadding:0px 0px 0px 0px;\n}\n.responsive #top #wrap_all .flex_column.av-ub662i-2aba6e5c76c94776bbd66f674724fcd7{\nmargin-top:0px;\nmargin-bottom:0px;\n}\n<\/style>\n<div  class='flex_column av-ub662i-2aba6e5c76c94776bbd66f674724fcd7 av_two_third  avia-builder-el-3  el_after_av_two_third  el_before_av_one_third  first flex_column_div av-zero-column-padding  column-top-margin'     ><p>\n<style type=\"text\/css\" data-created_by=\"avia_inline_auto\" id=\"style-css-av-skq856-4e2865683d07da44426d0341a42d8c02\">\n.avia-image-container.av-skq856-4e2865683d07da44426d0341a42d8c02 img.avia_image{\nbox-shadow:none;\n}\n.avia-image-container.av-skq856-4e2865683d07da44426d0341a42d8c02 .av-image-caption-overlay-center{\ncolor:#ffffff;\nfont-size:14px;\n}\n<\/style>\n<div  class='avia-image-container av-skq856-4e2865683d07da44426d0341a42d8c02 av-styling- avia-align-center  avia-builder-el-4  el_before_av_gallery  avia-builder-el-first '  ><div class=\"avia-image-container-inner\"><div class=\"avia-image-overlay-wrap\"><img decoding=\"async\" fetchpriority=\"high\" class=\"wp-image-29344 avia-img-lazy-loading-not-29344 avia_image \" src=\"https:\/\/car4rent.fr\/wp-content\/uploads\/harold-f12-nb-1500x630.jpg\" alt=\"Car4Rent\" title=\"wonderful ferrari f12 berlinetta for hire Car4Rent\" height=\"630\" width=\"1500\"><\/div><\/div><\/div><br \/>\n\n<style type=\"text\/css\" data-created_by=\"avia_inline_auto\" id=\"style-css-av-r38uve-3084bc060666cb1e1512343f9cd2ea97\">\n#top .avia-gallery.av-r38uve-3084bc060666cb1e1512343f9cd2ea97 .avia-gallery-thumb a{\nwidth:16.6667%;\n}\n<\/style>\n<div  class='avia-gallery av-r38uve-3084bc060666cb1e1512343f9cd2ea97 avia_animate_when_visible  avia-builder-el-5  el_after_av_image  avia-builder-el-last  avia_lazyload avia-gallery-animate avia-gallery-1' ><meta itemprop=\"contentURL\" content=\"https:\/\/car4rent.fr\/fr\/location-ferrari-monaco\/\"><div class='avia-gallery-thumb'><a href=\"https:\/\/car4rent.fr\/wp-content\/uploads\/harold-f12-couleur-esterel-1030x773.jpg\" data-srcset=\"https:\/\/car4rent.fr\/wp-content\/uploads\/harold-f12-couleur-esterel-1030x773.jpg 1030w, https:\/\/car4rent.fr\/wp-content\/uploads\/harold-f12-couleur-esterel-450x338.jpg 450w, https:\/\/car4rent.fr\/wp-content\/uploads\/harold-f12-couleur-esterel-300x225.jpg 300w, https:\/\/car4rent.fr\/wp-content\/uploads\/harold-f12-couleur-esterel-768x576.jpg 768w, https:\/\/car4rent.fr\/wp-content\/uploads\/harold-f12-couleur-esterel-248x186.jpg 248w, https:\/\/car4rent.fr\/wp-content\/uploads\/harold-f12-couleur-esterel-107x80.jpg 107w, https:\/\/car4rent.fr\/wp-content\/uploads\/harold-f12-couleur-esterel-1500x1125.jpg 1500w, https:\/\/car4rent.fr\/wp-content\/uploads\/harold-f12-couleur-esterel-705x529.jpg 705w\" data-sizes=\"(max-width: 1030px) 100vw, 1030px\" data-rel='gallery-1' data-prev-img='https:\/\/car4rent.fr\/wp-content\/uploads\/harold-f12-couleur-esterel-495x400.jpg' class='first_thumb lightbox ' data-onclick='1' title='Location Ferrari C\u00f4te d&#039;Azur'  ><img decoding=\"async\" fetchpriority=\"high\" class=\"wp-image-29340 avia-img-lazy-loading-not-29340\"   src=\"https:\/\/car4rent.fr\/wp-content\/uploads\/harold-f12-couleur-esterel-495x400.jpg\" width=\"495\" height=\"400\"  title='Location Ferrari C\u00f4te d&#039;Azur' alt='Location Ferrari C\u00f4te d&#039;Azur' srcset=\"https:\/\/car4rent.fr\/wp-content\/uploads\/harold-f12-couleur-esterel-495x400.jpg 495w, https:\/\/car4rent.fr\/wp-content\/uploads\/harold-f12-couleur-esterel-845x684.jpg 845w\" sizes=\"(max-width: 495px) 100vw, 495px\" \/><div class='big-prev-fake'><img decoding=\"async\" loading=\"lazy\" class=\"wp-image-29340 avia-img-lazy-loading-29340\"  width=\"495\" height=\"400\" src=\"https:\/\/car4rent.fr\/wp-content\/uploads\/harold-f12-couleur-esterel-495x400.jpg\" title='Location Ferrari C\u00f4te d&#039;Azur' alt='Location Ferrari C\u00f4te d&#039;Azur' srcset=\"https:\/\/car4rent.fr\/wp-content\/uploads\/harold-f12-couleur-esterel-495x400.jpg 495w, https:\/\/car4rent.fr\/wp-content\/uploads\/harold-f12-couleur-esterel-845x684.jpg 845w\" sizes=\"auto, (max-width: 495px) 100vw, 495px\" \/><\/div><\/a><a href=\"https:\/\/car4rent.fr\/wp-content\/uploads\/monaco-3-voitures-2.jpg\" data-srcset=\"https:\/\/car4rent.fr\/wp-content\/uploads\/monaco-3-voitures-2.jpg 1024w, https:\/\/car4rent.fr\/wp-content\/uploads\/monaco-3-voitures-2-450x253.jpg 450w, https:\/\/car4rent.fr\/wp-content\/uploads\/monaco-3-voitures-2-300x169.jpg 300w, https:\/\/car4rent.fr\/wp-content\/uploads\/monaco-3-voitures-2-768x432.jpg 768w, https:\/\/car4rent.fr\/wp-content\/uploads\/monaco-3-voitures-2-248x140.jpg 248w, https:\/\/car4rent.fr\/wp-content\/uploads\/monaco-3-voitures-2-126x71.jpg 126w, https:\/\/car4rent.fr\/wp-content\/uploads\/monaco-3-voitures-2-705x397.jpg 705w\" data-sizes=\"(max-width: 1024px) 100vw, 1024px\" data-rel='gallery-1' data-prev-img='https:\/\/car4rent.fr\/wp-content\/uploads\/monaco-3-voitures-2-495x400.jpg' class='lightbox ' data-onclick='2' title='monaco Car4Rent driving experience 3 voitures'  ><img decoding=\"async\" fetchpriority=\"high\" class=\"wp-image-29346 avia-img-lazy-loading-not-29346\" src=\"https:\/\/car4rent.fr\/wp-content\/uploads\/monaco-3-voitures-2-495x400.jpg\" width=\"495\" height=\"400\" title=\"monaco Car4Rent driving experience 3 voitures\" alt=\"Car4Rent\"><div class='big-prev-fake'><img decoding=\"async\" loading=\"lazy\" class=\"wp-image-29346 avia-img-lazy-loading-29346\" width=\"495\" height=\"400\" src=\"https:\/\/car4rent.fr\/wp-content\/uploads\/monaco-3-voitures-2-495x400.jpg\" title=\"monaco Car4Rent driving experience 3 voitures\" alt=\"Car4Rent\"><\/div><\/a><a href=\"https:\/\/car4rent.fr\/wp-content\/uploads\/f12-frejus.jpg\" data-srcset=\"https:\/\/car4rent.fr\/wp-content\/uploads\/f12-frejus.jpg 1024w, https:\/\/car4rent.fr\/wp-content\/uploads\/f12-frejus-450x338.jpg 450w, https:\/\/car4rent.fr\/wp-content\/uploads\/f12-frejus-300x225.jpg 300w, https:\/\/car4rent.fr\/wp-content\/uploads\/f12-frejus-768x576.jpg 768w, https:\/\/car4rent.fr\/wp-content\/uploads\/f12-frejus-248x186.jpg 248w, https:\/\/car4rent.fr\/wp-content\/uploads\/f12-frejus-107x80.jpg 107w, https:\/\/car4rent.fr\/wp-content\/uploads\/f12-frejus-705x529.jpg 705w\" data-sizes=\"(max-width: 1024px) 100vw, 1024px\" data-rel='gallery-1' data-prev-img='https:\/\/car4rent.fr\/wp-content\/uploads\/f12-frejus-495x400.jpg' class='lightbox ' data-onclick='3' title='f12 berlinetta hire cannes Car4Rent'  ><img decoding=\"async\" fetchpriority=\"high\" class=\"wp-image-29343 avia-img-lazy-loading-not-29343\" src=\"https:\/\/car4rent.fr\/wp-content\/uploads\/f12-frejus-495x400.jpg\" width=\"495\" height=\"400\" title=\"f12 berlinetta hire cannes Car4Rent\" alt=\"Car4Rent\" srcset=\"https:\/\/car4rent.fr\/wp-content\/uploads\/f12-frejus-495x400.jpg 495w, https:\/\/car4rent.fr\/wp-content\/uploads\/f12-frejus-845x684.jpg 845w\" sizes=\"(max-width: 495px) 100vw, 495px\"><div class='big-prev-fake'><img decoding=\"async\" loading=\"lazy\" class=\"wp-image-29343 avia-img-lazy-loading-29343\" width=\"495\" height=\"400\" src=\"https:\/\/car4rent.fr\/wp-content\/uploads\/f12-frejus-495x400.jpg\" title=\"f12 berlinetta hire cannes Car4Rent\" alt=\"Car4Rent\" srcset=\"https:\/\/car4rent.fr\/wp-content\/uploads\/f12-frejus-495x400.jpg 495w, https:\/\/car4rent.fr\/wp-content\/uploads\/f12-frejus-845x684.jpg 845w\" sizes=\"auto, (max-width: 495px) 100vw, 495px\"><\/div><\/a><a href=\"https:\/\/car4rent.fr\/wp-content\/uploads\/f12-tableau-de-bord.jpg\" data-srcset=\"https:\/\/car4rent.fr\/wp-content\/uploads\/f12-tableau-de-bord.jpg 750w, https:\/\/car4rent.fr\/wp-content\/uploads\/f12-tableau-de-bord-450x245.jpg 450w, https:\/\/car4rent.fr\/wp-content\/uploads\/f12-tableau-de-bord-300x163.jpg 300w, https:\/\/car4rent.fr\/wp-content\/uploads\/f12-tableau-de-bord-248x135.jpg 248w, https:\/\/car4rent.fr\/wp-content\/uploads\/f12-tableau-de-bord-126x69.jpg 126w, https:\/\/car4rent.fr\/wp-content\/uploads\/f12-tableau-de-bord-705x384.jpg 705w\" data-sizes=\"(max-width: 750px) 100vw, 750px\" data-rel='gallery-1' data-prev-img='https:\/\/car4rent.fr\/wp-content\/uploads\/f12-tableau-de-bord-495x400.jpg' class='lightbox ' data-onclick='4' title='f12 berlinetta Car4rent dashboard'  ><img decoding=\"async\" fetchpriority=\"high\" class=\"wp-image-29345 avia-img-lazy-loading-not-29345\" src=\"https:\/\/car4rent.fr\/wp-content\/uploads\/f12-tableau-de-bord-495x400.jpg\" width=\"495\" height=\"400\" title=\"f12 berlinetta Car4rent dashboard\" alt=\"Car4Rent\"><div class='big-prev-fake'><img decoding=\"async\" loading=\"lazy\" class=\"wp-image-29345 avia-img-lazy-loading-29345\" width=\"495\" height=\"400\" src=\"https:\/\/car4rent.fr\/wp-content\/uploads\/f12-tableau-de-bord-495x400.jpg\" title=\"f12 berlinetta Car4rent dashboard\" alt=\"Car4Rent\"><\/div><\/a><a href=\"https:\/\/car4rent.fr\/wp-content\/uploads\/f12-tdf-interieur.jpg\" data-srcset=\"https:\/\/car4rent.fr\/wp-content\/uploads\/f12-tdf-interieur.jpg 750w, https:\/\/car4rent.fr\/wp-content\/uploads\/f12-tdf-interieur-450x313.jpg 450w, https:\/\/car4rent.fr\/wp-content\/uploads\/f12-tdf-interieur-300x209.jpg 300w, https:\/\/car4rent.fr\/wp-content\/uploads\/f12-tdf-interieur-248x173.jpg 248w, https:\/\/car4rent.fr\/wp-content\/uploads\/f12-tdf-interieur-115x80.jpg 115w, https:\/\/car4rent.fr\/wp-content\/uploads\/f12-tdf-interieur-705x491.jpg 705w\" data-sizes=\"(max-width: 750px) 100vw, 750px\" data-rel='gallery-1' data-prev-img='https:\/\/car4rent.fr\/wp-content\/uploads\/f12-tdf-interieur-495x400.jpg' class='lightbox ' data-onclick='5' title='f12 tdf interieur'  ><img decoding=\"async\" fetchpriority=\"high\" class=\"wp-image-29349 avia-img-lazy-loading-not-29349\" src=\"https:\/\/car4rent.fr\/wp-content\/uploads\/f12-tdf-interieur-495x400.jpg\" width=\"495\" height=\"400\" title=\"f12 tdf interieur\" alt=\"Car4Rent\"><div class='big-prev-fake'><img decoding=\"async\" loading=\"lazy\" class=\"wp-image-29349 avia-img-lazy-loading-29349\" width=\"495\" height=\"400\" src=\"https:\/\/car4rent.fr\/wp-content\/uploads\/f12-tdf-interieur-495x400.jpg\" title=\"f12 tdf interieur\" alt=\"Car4Rent\"><\/div><\/a><a href=\"https:\/\/car4rent.fr\/wp-content\/uploads\/f12-charles-1030x654.jpg\" data-srcset=\"https:\/\/car4rent.fr\/wp-content\/uploads\/f12-charles-1030x654.jpg 1030w, https:\/\/car4rent.fr\/wp-content\/uploads\/f12-charles-450x286.jpg 450w, https:\/\/car4rent.fr\/wp-content\/uploads\/f12-charles-300x191.jpg 300w, https:\/\/car4rent.fr\/wp-content\/uploads\/f12-charles-768x488.jpg 768w, https:\/\/car4rent.fr\/wp-content\/uploads\/f12-charles-248x157.jpg 248w, https:\/\/car4rent.fr\/wp-content\/uploads\/f12-charles-126x80.jpg 126w, https:\/\/car4rent.fr\/wp-content\/uploads\/f12-charles-1500x953.jpg 1500w, https:\/\/car4rent.fr\/wp-content\/uploads\/f12-charles-705x448.jpg 705w, https:\/\/car4rent.fr\/wp-content\/uploads\/f12-charles.jpg 1600w\" data-sizes=\"(max-width: 1030px) 100vw, 1030px\" data-rel='gallery-1' data-prev-img='https:\/\/car4rent.fr\/wp-content\/uploads\/f12-charles-495x400.jpg' class='lightbox ' data-onclick='6' title='f12 berlinetta driving experience Car4rent'  ><img decoding=\"async\" fetchpriority=\"high\" class=\"wp-image-29341 avia-img-lazy-loading-not-29341\" src=\"https:\/\/car4rent.fr\/wp-content\/uploads\/f12-charles-495x400.jpg\" width=\"495\" height=\"400\" title=\"f12 berlinetta driving experience Car4rent\" alt=\"Car4Rent\" srcset=\"https:\/\/car4rent.fr\/wp-content\/uploads\/f12-charles-495x400.jpg 495w, https:\/\/car4rent.fr\/wp-content\/uploads\/f12-charles-845x684.jpg 845w\" sizes=\"(max-width: 495px) 100vw, 495px\"><div class='big-prev-fake'><img decoding=\"async\" loading=\"lazy\" class=\"wp-image-29341 avia-img-lazy-loading-29341\" width=\"495\" height=\"400\" src=\"https:\/\/car4rent.fr\/wp-content\/uploads\/f12-charles-495x400.jpg\" title=\"f12 berlinetta driving experience Car4rent\" alt=\"Car4Rent\" srcset=\"https:\/\/car4rent.fr\/wp-content\/uploads\/f12-charles-495x400.jpg 495w, https:\/\/car4rent.fr\/wp-content\/uploads\/f12-charles-845x684.jpg 845w\" sizes=\"auto, (max-width: 495px) 100vw, 495px\"><\/div><\/a><\/div><\/div><\/p><\/div>\n<style type=\"text\/css\" data-created_by=\"avia_inline_auto\" id=\"style-css-av-pd37be-0a2983b431fc8fde9ea6eae45d6b17dc\">\n#top .flex_column.av-pd37be-0a2983b431fc8fde9ea6eae45d6b17dc{\nmargin-top:0px;\nmargin-bottom:0px;\n}\n.flex_column.av-pd37be-0a2983b431fc8fde9ea6eae45d6b17dc{\nborder-radius:0px 0px 0px 0px;\npadding:20px 40px 20px 30px;\nbackground-color:#cecece;\n}\n.responsive #top #wrap_all .flex_column.av-pd37be-0a2983b431fc8fde9ea6eae45d6b17dc{\nmargin-top:0px;\nmargin-bottom:0px;\n}\n<\/style>\n<div  class='flex_column av-pd37be-0a2983b431fc8fde9ea6eae45d6b17dc av_one_third  avia-builder-el-6  el_after_av_two_third  avia-builder-el-last  flex_column_div  column-top-margin'     ><style type=\"text\/css\" data-created_by=\"avia_inline_auto\" id=\"style-css-av-nbuvwq-97e1e8c821dd1e634ec8809b0485a775\">\n#top .av_textblock_section.av-nbuvwq-97e1e8c821dd1e634ec8809b0485a775 .avia_textblock{\nfont-size:13px;\n}\n<\/style>\n<section  class='av_textblock_section av-nbuvwq-97e1e8c821dd1e634ec8809b0485a775 '  ><div class='avia_textblock' ><h2><strong>TARIFS <\/strong><\/h2>\n<hr \/>\n<p><strong>1-3 jours <\/strong> 2.150 \u20ac<\/p>\n<p><strong>4-7 jours <\/strong> 2.000 \u20ac<\/p>\n<p><strong>+8 jours <\/strong> 1.800 \u20ac<\/p>\n<p><strong>km suppl\u00e9mentaire<\/strong> 8 \u20ac<\/p>\n<p><strong>D\u00e9p\u00f4t<\/strong> 20.000 \u20ac<\/p>\n<p><strong>\u00c2ge minimum <\/strong>27 ans<\/p>\n<hr \/>\n<p>Prix par jour &#8211; 200km inclus<\/p>\n<\/div><\/section><br \/>\n<div  class='hr av-28rure-77831cedd9e041e9bd5f413887eedc8c hr-default  avia-builder-el-8  el_after_av_textblock  el_before_av_textblock '><span class='hr-inner '><span class=\"hr-inner-style\"><\/span><\/span><\/div><br \/>\n\n<style type=\"text\/css\" data-created_by=\"avia_inline_auto\" id=\"style-css-av-kt17kq-44188836f4144926ac532e335f75554d\">\n#top .av_textblock_section.av-kt17kq-44188836f4144926ac532e335f75554d .avia_textblock{\nfont-size:13px;\n}\n<\/style>\n<section  class='av_textblock_section av-kt17kq-44188836f4144926ac532e335f75554d '  ><div class='avia_textblock' ><h2><strong>SP\u00c9CIFICATIONS<\/strong><\/h2>\n<hr \/>\n<ul>\n<li><strong>Nombre de si\u00e8ges :<\/strong> 2<\/li>\n<li><strong>Espace bagages : 2 <\/strong><\/li>\n<li><strong>Moteur :<\/strong> V12 6.3L &#8211; 740bhp \/ 8.000 rpm &#8211; arri\u00e8re WD<\/li>\n<li><strong>Transmission :<\/strong> Auto<\/li>\n<li><strong>0-100 km\/h : <\/strong>3.1sec.<\/li>\n<li><strong>Max. Vitesse : <\/strong>340 km\/h<\/li>\n<li><strong>Carburant : <\/strong>essence<\/li>\n<\/ul>\n<\/div><\/section><\/p><\/div>\n<\/div><\/div><\/main><!-- close content main element --><\/div><\/div><div id='after_section_1'  class='main_color av_default_container_wrap container_wrap fullsize'  ><div class='container av-section-cont-open' ><div class='template-page content  av-content-full alpha units'><div class='post-entry post-entry-type-page post-entry-30955'><div class='entry-content-wrapper clearfix'>\n\n<style type=\"text\/css\" data-created_by=\"avia_inline_auto\" id=\"style-css-av-it1h3u-4e243eebfae32998a0041ca1bb30c800\">\n#top .flex_column.av-it1h3u-4e243eebfae32998a0041ca1bb30c800{\nmargin-top:0px;\nmargin-bottom:0px;\n}\n.flex_column.av-it1h3u-4e243eebfae32998a0041ca1bb30c800{\nborder-radius:0px 0px 0px 0px;\npadding:0px 0px 0px 0px;\nbackground-color:#ffffff;\n}\n.responsive #top #wrap_all .flex_column.av-it1h3u-4e243eebfae32998a0041ca1bb30c800{\nmargin-top:0px;\nmargin-bottom:0px;\n}\n<\/style>\n<div  class='flex_column av-it1h3u-4e243eebfae32998a0041ca1bb30c800 av_one_full  avia-builder-el-10  el_after_av_section  el_before_av_section  avia-builder-el-no-sibling  first flex_column_div av-zero-column-padding  '     ><section  class='av_textblock_section av-h8v86i-5097a60f74bb2656e962e2ea1bcef119 '  ><div class='avia_textblock' ><section id=\"block0\" class=\"stripe row-content block0 fullwidth\">\n<div class=\"column small-five small-push-one reset last\">\n<div class=\"boxcontent\">\n<h2><strong>Location Ferrari Monaco : la F12 en quelques mots<\/strong><\/h2>\n<p>Jusqu&rsquo;\u00e0 l&rsquo;arriv\u00e9e de la \u00ab\u00a0La Ferrari\u00a0\u00bb et de la 812 Superfast, la F12 Berlinetta \u00e9tait la voiture de route la plus rapide de Ferrari. Avec sa puissance colossale de 740 ch, son moteur avant et sa transmission aux roues arri\u00e8re, les performances de la F12 sont tout aussi impressionnantes. Il produit le meilleur son de tous les temps. Le qualifier de tour de force technologique est un euph\u00e9misme, notamment en ce qui concerne l&rsquo;a\u00e9rodynamisme. Des roues coll\u00e9es au macadam \u00e0 presque n&rsquo;importe quelle vitesse. Il s&rsquo;agit toujours d&rsquo;une voiture f\u00e9rocement rapide, capable de performances \u00e9poustouflantes. Car4rent propose le mod\u00e8le F12 Berlinetta \u00e0 la location et \u00e0 l&rsquo;essai.<\/p>\n<\/div>\n<\/div>\n<\/section>\n<section id=\"block1\" class=\"stripe row-content block1 fullwidth\">\n<div class=\"images\"><img loading=\"lazy\" decoding=\"async\" class=\"alignnone wp-image-6208 size-medium\" src=\"https:\/\/car4rent.fr\/wp-content\/uploads\/f12-bleue-site-300x111.jpg\" alt=\"Car4Rent\" width=\"300\" height=\"111\" title=\"Car4Rent Cannes\" srcset=\"https:\/\/car4rent.fr\/wp-content\/uploads\/f12-bleue-site-300x111.jpg 300w, https:\/\/car4rent.fr\/wp-content\/uploads\/f12-bleue-site-450x167.jpg 450w, https:\/\/car4rent.fr\/wp-content\/uploads\/f12-bleue-site-248x92.jpg 248w, https:\/\/car4rent.fr\/wp-content\/uploads\/f12-bleue-site-126x47.jpg 126w, https:\/\/car4rent.fr\/wp-content\/uploads\/f12-bleue-site.jpg 462w\" sizes=\"auto, (max-width: 300px) 100vw, 300px\" \/><\/div>\n<div class=\"column small-five small-push-six reset last\">\n<div class=\"boxcontent\">\n<h2>Location Ferrari Monaco :le symbole de la r\u00e9ussite<\/h2>\n<p>Plus rapide qu&rsquo;une 599GTO ou une Enzo, la F12 est \u00e9tonnamment rapide et sublime \u00e0 conduire. Ferrari d\u00e9crit son vaisseau amiral comme \u00e9tant \u00e0 la fois une Gt et une supercar. Le F12 est une v\u00e9ritable ic\u00f4ne. Avec son moteur V12 6.3L \u00e0 injection directe de 740 ch et 690 Nm de couple, la voiture est une v\u00e9ritable f\u00eate. La F12 passe de 0 \u00e0 100 km\/h en 3,1 secondes et constitue une r\u00e9f\u00e9rence en soi.<\/p>\n<p>Vous n&rsquo;avez pas trouv\u00e9 la location Ferrari Monaco id\u00e9ale et vous voulez essayer une autre marque de voiture ? Nous disposons de tous les mod\u00e8les de sport et de luxe disponibles \u00e0 la location, tels que <a href=\"https:\/\/car4rent.fr\/fr\/rent-mercedes-2\/\"><a href=\"https:\/\/car4rent.fr\/fr\/louer-une-ferrari\/\"><strong>Ferrari<\/strong><\/a>,\n            <a href=\"https:\/\/car4rent.fr\/fr\/louer-une-lamborghini\/\"><strong>Lamborghini<\/strong><\/a>,\n            <a href=\"https:\/\/car4rent.fr\/fr\/louer-une-porsche\/\"><strong>Porsche<\/strong><\/a>,\n            <a href=\"https:\/\/car4rent.fr\/fr\/louer-un-land-rover\/\"><strong>Land Rover<\/strong><\/a>,\n            <a href=\"https:\/\/car4rent.fr\/fr\/louer-une-mercedes\/\"><strong>Mercedes AMG<\/strong><\/a>,\n            <a href=\"https:\/\/car4rent.fr\/fr\/louer-une-bentley\/\"><strong>Bentley<\/strong><\/a>,\n            <a href=\"https:\/\/car4rent.fr\/fr\/louer-une-rolls-royce\/\"><strong>Rolls-Royce<\/strong><\/a>, et\n            <a href=\"https:\/\/car4rent.fr\/fr\/louer-une-audi\/\"><strong>Audi<\/strong><\/a>.<br \/>\n<\/a>Toutes ces marques sont synonymes de puissance, de performance et d&rsquo;agilit\u00e9 dans les virages, en un mot d&rsquo;excellence. Car4rent est sp\u00e9cialis\u00e9 dans la location de voitures de sport et de luxe sur <a href=\"https:\/\/generationvoyage.fr\/visiter-cote-azur-faire-voir\/\" target=\"_blank\" rel=\"noopener\">la C\u00f4te d&rsquo;Azur<\/a> entre <a href=\"https:\/\/www.visitmonaco.com\/\" target=\"_blank\" rel=\"noopener\">Monaco<\/a> et <a href=\"https:\/\/www.sainttropeztourisme.com\/\" target=\"_blank\" rel=\"noopener\">Saint-Tropez<\/a>. Nous pouvons livrer votre voiture \u00e0 l&rsquo;endroit de votre choix partout en France et en Italie du Nord.<\/p>\n<\/div>\n<\/div>\n<\/section>\n<\/div><\/section><br \/>\n<div  class='avia-button-wrap av-fimsbe-7e9eba89c8341cf4051cc9f0b3fb5642-wrap avia-button-left  avia-builder-el-12  el_after_av_textblock  avia-builder-el-last '>\n<style type=\"text\/css\" data-created_by=\"avia_inline_auto\" id=\"style-css-av-fimsbe-7e9eba89c8341cf4051cc9f0b3fb5642\">\n#top #wrap_all .avia-button.av-fimsbe-7e9eba89c8341cf4051cc9f0b3fb5642{\nbackground-color:#6834bd;\nborder-color:#6834bd;\ncolor:#ffffff;\ntransition:all 0.4s ease-in-out;\n}\n#top #wrap_all .avia-button.av-fimsbe-7e9eba89c8341cf4051cc9f0b3fb5642 .avia-svg-icon svg:first-child{\nfill:#ffffff;\nstroke:#ffffff;\n}\n<\/style>\n<a href=\"https:\/\/car4rent.fr\/fr\/contact\/\" class=\"avia-button av-fimsbe-7e9eba89c8341cf4051cc9f0b3fb5642 av-link-btn avia-icon_select-yes-left-icon avia-size-small avia-position-left\" aria-label=\"Demande un devis gratuit\"><span class='avia_button_icon avia_button_icon_left avia-iconfont avia-font-entypo-fontello' data-av_icon='\ue889' data-av_iconfont='entypo-fontello' ><\/span><span class='avia_iconbox_title' >Demande un devis gratuit<\/span><\/a><\/div><\/p><\/div>\n<\/div><\/div><\/div><!-- close content main div --><\/div><\/div>\n<style type=\"text\/css\" data-created_by=\"avia_inline_auto\" id=\"style-css-av-ahxq7u-b5592aa98db806155d820ce712c78e5f\">\n.avia-section.av-ahxq7u-b5592aa98db806155d820ce712c78e5f{\nbackground-color:#27202d;\nbackground-image:unset;\n}\n<\/style>\n<div id='av_section_2'  class='avia-section av-ahxq7u-b5592aa98db806155d820ce712c78e5f main_color avia-section-small avia-no-border-styling  avia-builder-el-13  el_after_av_one_full  el_before_av_section  avia-bg-style-scroll container_wrap fullsize'  ><div class='container av-section-cont-open' ><div class='template-page content  av-content-full alpha units'><div class='post-entry post-entry-type-page post-entry-30955'><div class='entry-content-wrapper clearfix'>\n\n<style type=\"text\/css\" data-created_by=\"avia_inline_auto\" id=\"style-css-av-98y016-ad3b22abe8d35957e38d520652b09bbb\">\n#top .av-special-heading.av-98y016-ad3b22abe8d35957e38d520652b09bbb{\npadding-bottom:10px;\ncolor:#ffffff;\n}\nbody .av-special-heading.av-98y016-ad3b22abe8d35957e38d520652b09bbb .av-special-heading-tag .heading-char{\nfont-size:25px;\n}\n.av-special-heading.av-98y016-ad3b22abe8d35957e38d520652b09bbb .special-heading-inner-border{\nborder-color:#ffffff;\n}\n.av-special-heading.av-98y016-ad3b22abe8d35957e38d520652b09bbb .av-subheading{\nfont-size:15px;\n}\n<\/style>\n<div  class='av-special-heading av-98y016-ad3b22abe8d35957e38d520652b09bbb av-special-heading-h2 custom-color-heading blockquote modern-quote modern-centered  avia-builder-el-14  avia-builder-el-no-sibling '><h2 class='av-special-heading-tag '  >D\u00e9couvre la collection de voitures de r\u00eave de Car4rent. Uniquement des voitures de luxe, d\u00e9capotables et sportives \u00e0 louer<\/h2><div class=\"special-heading-border\"><div class=\"special-heading-inner-border\"><\/div><\/div><\/div>\n\n<\/div><\/div><\/div><!-- close content main div --><\/div><\/div><div id='av_section_3'  class='avia-section av-av_section-1fd9857e04421f8a1b324f4dd17348a0 main_color avia-section-small avia-no-border-styling  avia-builder-el-15  el_after_av_section  avia-builder-el-last  avia-bg-style-scroll container_wrap fullsize'  ><div class='container av-section-cont-open' ><div class='template-page content  av-content-full alpha units'><div class='post-entry post-entry-type-page post-entry-30955'><div class='entry-content-wrapper clearfix'>\n\n<style type=\"text\/css\" data-created_by=\"avia_inline_auto\" id=\"style-css-av-lzl7w4wt-219e954c874cc87623448165741dc9e3\">\n#top .avia-gallery.av-lzl7w4wt-219e954c874cc87623448165741dc9e3 .avia-gallery-thumb a{\nwidth:12.5%;\n}\n<\/style>\n<div  class='avia-gallery av-lzl7w4wt-219e954c874cc87623448165741dc9e3 avia_animate_when_visible  avia-builder-el-16  avia-builder-el-no-sibling  avia_lazyload avia-gallery-animate avia-gallery-2' ><meta itemprop=\"contentURL\" content=\"https:\/\/car4rent.fr\/fr\/location-ferrari-monaco\/\"><div class='avia-gallery-thumb'><a href=\"https:\/\/car4rent.fr\/wp-content\/uploads\/Car4rent Audi Logo-1030x582.png\" data-srcset=\"https:\/\/car4rent.fr\/wp-content\/uploads\/\/Car4rent%20Audi%20Logo-1030x582.png 1030w, https:\/\/car4rent.fr\/wp-content\/uploads\/\/Car4rent%20Audi%20Logo-300x170.png 300w, https:\/\/car4rent.fr\/wp-content\/uploads\/\/Car4rent%20Audi%20Logo-768x434.png 768w, https:\/\/car4rent.fr\/wp-content\/uploads\/\/Car4rent%20Audi%20Logo-1536x869.png 1536w, https:\/\/car4rent.fr\/wp-content\/uploads\/\/Car4rent%20Audi%20Logo-1500x848.png 1500w, https:\/\/car4rent.fr\/wp-content\/uploads\/\/Car4rent%20Audi%20Logo-705x399.png 705w, https:\/\/car4rent.fr\/wp-content\/uploads\/\/Car4rent%20Audi%20Logo-450x254.png 450w, https:\/\/car4rent.fr\/wp-content\/uploads\/\/Car4rent%20Audi%20Logo.png 2000w\" data-sizes=\"(max-width: 1030px) 100vw, 1030px\" data-rel=\"gallery-2\" data-prev-img=\"https:\/\/car4rent.fr\/wp-content\/uploads\/Car4rent Audi Logo-495x400.png\" class=\"first_thumb avianolink noLightbox \" data-onclick=\"1\" title=\"Audi-Logo-1995\"><img decoding=\"async\" fetchpriority=\"high\" class=\"wp-image-33855 avia-img-lazy-loading-not-33855\" src=\"https:\/\/car4rent.fr\/wp-content\/uploads\/Car4rent Audi Logo-450x450.png\" width=\"450\" height=\"450\" title=\"Audi-Logo-1995\" alt=\"Car4Rent\" srcset=\"https:\/\/car4rent.fr\/wp-content\/uploads\/\/Car4rent%20Audi%20Logo-450x450.png 450w, https:\/\/car4rent.fr\/wp-content\/uploads\/\/Car4rent%20Audi%20Logo-80x80.png 80w, https:\/\/car4rent.fr\/wp-content\/uploads\/\/Car4rent%20Audi%20Logo-36x36.png 36w, https:\/\/car4rent.fr\/wp-content\/uploads\/\/Car4rent%20Audi%20Logo-180x180.png 180w, https:\/\/car4rent.fr\/wp-content\/uploads\/\/Car4rent%20Audi%20Logo-120x120.png 120w, https:\/\/car4rent.fr\/wp-content\/uploads\/\/Car4rent%20Audi%20Logo-100x100.png 100w\" sizes=\"(max-width: 450px) 100vw, 450px\"><div class='big-prev-fake'><img decoding=\"async\" loading=\"lazy\" class=\"wp-image-33855 avia-img-lazy-loading-33855\" width=\"495\" height=\"400\" src=\"https:\/\/car4rent.fr\/wp-content\/uploads\/Car4rent Audi Logo-495x400.png\" title=\"Audi-Logo-1995\" alt=\"Car4Rent\" srcset=\"https:\/\/car4rent.fr\/wp-content\/uploads\/\/Car4rent%20Audi%20Logo-495x400.png 495w, https:\/\/car4rent.fr\/wp-content\/uploads\/\/Car4rent%20Audi%20Logo-845x684.png 845w\" sizes=\"auto, (max-width: 495px) 100vw, 495px\"><\/div><\/a><a href=\"https:\/\/car4rent.fr\/wp-content\/uploads\/car4rent bentley  logo 1-1030x1030.png\" data-srcset=\"https:\/\/car4rent.fr\/wp-content\/uploads\/\/car4rent%20bentley%20%20logo%201-1030x1030.png 1030w, https:\/\/car4rent.fr\/wp-content\/uploads\/\/car4rent%20bentley%20%20logo%201-300x300.png 300w, https:\/\/car4rent.fr\/wp-content\/uploads\/\/car4rent%20bentley%20%20logo%201-80x80.png 80w, https:\/\/car4rent.fr\/wp-content\/uploads\/\/car4rent%20bentley%20%20logo%201-768x768.png 768w, https:\/\/car4rent.fr\/wp-content\/uploads\/\/car4rent%20bentley%20%20logo%201-36x36.png 36w, https:\/\/car4rent.fr\/wp-content\/uploads\/\/car4rent%20bentley%20%20logo%201-180x180.png 180w, https:\/\/car4rent.fr\/wp-content\/uploads\/\/car4rent%20bentley%20%20logo%201-705x705.png 705w, https:\/\/car4rent.fr\/wp-content\/uploads\/\/car4rent%20bentley%20%20logo%201-120x120.png 120w, https:\/\/car4rent.fr\/wp-content\/uploads\/\/car4rent%20bentley%20%20logo%201-450x450.png 450w, https:\/\/car4rent.fr\/wp-content\/uploads\/\/car4rent%20bentley%20%20logo%201-100x100.png 100w, https:\/\/car4rent.fr\/wp-content\/uploads\/\/car4rent%20bentley%20%20logo%201.png 1280w\" data-sizes=\"(max-width: 1030px) 100vw, 1030px\" data-rel=\"gallery-2\" data-prev-img=\"https:\/\/car4rent.fr\/wp-content\/uploads\/car4rent bentley  logo 1-495x400.png\" class=\"avianolink noLightbox \" data-onclick=\"2\" title=\"bentley-motors-logo-1\"><img decoding=\"async\" fetchpriority=\"high\" class=\"wp-image-33662 avia-img-lazy-loading-not-33662\"   src=\"https:\/\/car4rent.fr\/wp-content\/uploads\/car4rent bentley  logo 1-450x450.png\" width=\"450\" height=\"450\"  title='bentley-motors-logo-1' alt='Bentley Motors luxury car logo with wings on green background.' srcset=\"https:\/\/car4rent.fr\/wp-content\/uploads\/\/car4rent%20bentley%20%20logo%201-450x450.png 450w, https:\/\/car4rent.fr\/wp-content\/uploads\/\/car4rent%20bentley%20%20logo%201-300x300.png 300w, https:\/\/car4rent.fr\/wp-content\/uploads\/\/car4rent%20bentley%20%20logo%201-1030x1030.png 1030w, https:\/\/car4rent.fr\/wp-content\/uploads\/\/car4rent%20bentley%20%20logo%201-80x80.png 80w, https:\/\/car4rent.fr\/wp-content\/uploads\/\/car4rent%20bentley%20%20logo%201-768x768.png 768w, https:\/\/car4rent.fr\/wp-content\/uploads\/\/car4rent%20bentley%20%20logo%201-36x36.png 36w, https:\/\/car4rent.fr\/wp-content\/uploads\/\/car4rent%20bentley%20%20logo%201-180x180.png 180w, https:\/\/car4rent.fr\/wp-content\/uploads\/\/car4rent%20bentley%20%20logo%201-705x705.png 705w, https:\/\/car4rent.fr\/wp-content\/uploads\/\/car4rent%20bentley%20%20logo%201-120x120.png 120w, https:\/\/car4rent.fr\/wp-content\/uploads\/\/car4rent%20bentley%20%20logo%201-100x100.png 100w, https:\/\/car4rent.fr\/wp-content\/uploads\/\/car4rent%20bentley%20%20logo%201.png 1280w\" sizes=\"(max-width: 450px) 100vw, 450px\" \/><div class='big-prev-fake'><img decoding=\"async\" loading=\"lazy\" class=\"wp-image-33662 avia-img-lazy-loading-33662\"  width=\"495\" height=\"400\" src=\"https:\/\/car4rent.fr\/wp-content\/uploads\/car4rent bentley  logo 1-495x400.png\" title='bentley-motors-logo-1' alt='Bentley Motors luxury car logo with wings on green background.' srcset=\"https:\/\/car4rent.fr\/wp-content\/uploads\/\/car4rent%20bentley%20%20logo%201-495x400.png 495w, https:\/\/car4rent.fr\/wp-content\/uploads\/\/car4rent%20bentley%20%20logo%201-845x684.png 845w\" sizes=\"auto, (max-width: 495px) 100vw, 495px\" \/><\/div><\/a><a href=\"https:\/\/car4rent.fr\/wp-content\/uploads\/car4rent-ferrari.jpg\" data-srcset=\"https:\/\/car4rent.fr\/wp-content\/uploads\/car4rent-ferrari.jpg 1026w, https:\/\/car4rent.fr\/wp-content\/uploads\/car4rent-ferrari-450x338.jpg 450w, https:\/\/car4rent.fr\/wp-content\/uploads\/car4rent-ferrari-300x225.jpg 300w, https:\/\/car4rent.fr\/wp-content\/uploads\/car4rent-ferrari-768x576.jpg 768w, https:\/\/car4rent.fr\/wp-content\/uploads\/car4rent-ferrari-248x186.jpg 248w, https:\/\/car4rent.fr\/wp-content\/uploads\/car4rent-ferrari-107x80.jpg 107w, https:\/\/car4rent.fr\/wp-content\/uploads\/car4rent-ferrari-705x529.jpg 705w\" data-sizes=\"(max-width: 1026px) 100vw, 1026px\" data-rel=\"gallery-2\" data-prev-img=\"https:\/\/car4rent.fr\/wp-content\/uploads\/car4rent-ferrari-495x400.jpg\" class=\"avianolink noLightbox \" data-onclick=\"3\" title=\"ferrari-logo (1)\"><img decoding=\"async\" fetchpriority=\"high\" class=\"wp-image-29292 avia-img-lazy-loading-not-29292\" src=\"https:\/\/car4rent.fr\/wp-content\/uploads\/car4rent-ferrari-450x450.jpg\" width=\"450\" height=\"450\" title=\"ferrari-logo (1)\" alt=\"Car4Rent\" srcset=\"https:\/\/car4rent.fr\/wp-content\/uploads\/car4rent-ferrari-450x450.jpg 450w, https:\/\/car4rent.fr\/wp-content\/uploads\/car4rent-ferrari-100x100.jpg 100w, https:\/\/car4rent.fr\/wp-content\/uploads\/car4rent-ferrari-80x80.jpg 80w, https:\/\/car4rent.fr\/wp-content\/uploads\/car4rent-ferrari-36x36.jpg 36w, https:\/\/car4rent.fr\/wp-content\/uploads\/car4rent-ferrari-180x180.jpg 180w\" sizes=\"(max-width: 450px) 100vw, 450px\"><div class='big-prev-fake'><img decoding=\"async\" loading=\"lazy\" class=\"wp-image-29292 avia-img-lazy-loading-29292\" width=\"495\" height=\"400\" src=\"https:\/\/car4rent.fr\/wp-content\/uploads\/car4rent-ferrari-495x400.jpg\" title=\"ferrari-logo (1)\" alt=\"Car4Rent\" srcset=\"https:\/\/car4rent.fr\/wp-content\/uploads\/car4rent-ferrari-495x400.jpg 495w, https:\/\/car4rent.fr\/wp-content\/uploads\/car4rent-ferrari-845x684.jpg 845w\" sizes=\"auto, (max-width: 495px) 100vw, 495px\"><\/div><\/a><a href=\"https:\/\/car4rent.fr\/wp-content\/uploads\/3d___lamborghini_logo_by_llexandro-d9kncg1.png\" data-srcset=\"https:\/\/car4rent.fr\/wp-content\/uploads\/\/3d___lamborghini_logo_by_llexandro-d9kncg1.png 894w, https:\/\/car4rent.fr\/wp-content\/uploads\/\/3d___lamborghini_logo_by_llexandro-d9kncg1-450x450.png 450w, https:\/\/car4rent.fr\/wp-content\/uploads\/\/3d___lamborghini_logo_by_llexandro-d9kncg1-100x100.png 100w, https:\/\/car4rent.fr\/wp-content\/uploads\/\/3d___lamborghini_logo_by_llexandro-d9kncg1-80x80.png 80w, https:\/\/car4rent.fr\/wp-content\/uploads\/\/3d___lamborghini_logo_by_llexandro-d9kncg1-300x300.png 300w, https:\/\/car4rent.fr\/wp-content\/uploads\/\/3d___lamborghini_logo_by_llexandro-d9kncg1-768x768.png 768w, https:\/\/car4rent.fr\/wp-content\/uploads\/\/3d___lamborghini_logo_by_llexandro-d9kncg1-192x192.png 192w, https:\/\/car4rent.fr\/wp-content\/uploads\/\/3d___lamborghini_logo_by_llexandro-d9kncg1-36x36.png 36w, https:\/\/car4rent.fr\/wp-content\/uploads\/\/3d___lamborghini_logo_by_llexandro-d9kncg1-180x180.png 180w, https:\/\/car4rent.fr\/wp-content\/uploads\/\/3d___lamborghini_logo_by_llexandro-d9kncg1-705x705.png 705w\" data-sizes=\"(max-width: 894px) 100vw, 894px\" data-rel=\"gallery-2\" data-prev-img=\"https:\/\/car4rent.fr\/wp-content\/uploads\/3d___lamborghini_logo_by_llexandro-d9kncg1-495x400.png\" class=\"avianolink noLightbox \" data-onclick=\"4\" title=\"book luxury car from san-fransisco french riviera lamborghini rental\"><img decoding=\"async\" fetchpriority=\"high\" class=\"wp-image-29279 avia-img-lazy-loading-not-29279\" src=\"https:\/\/car4rent.fr\/wp-content\/uploads\/3d___lamborghini_logo_by_llexandro-d9kncg1-450x450.png\" width=\"450\" height=\"450\" title=\"book luxury car from san-fransisco french riviera lamborghini rental\" alt=\"Car4Rent\" srcset=\"https:\/\/car4rent.fr\/wp-content\/uploads\/\/3d___lamborghini_logo_by_llexandro-d9kncg1-450x450.png 450w, https:\/\/car4rent.fr\/wp-content\/uploads\/\/3d___lamborghini_logo_by_llexandro-d9kncg1-100x100.png 100w, https:\/\/car4rent.fr\/wp-content\/uploads\/\/3d___lamborghini_logo_by_llexandro-d9kncg1-80x80.png 80w, https:\/\/car4rent.fr\/wp-content\/uploads\/\/3d___lamborghini_logo_by_llexandro-d9kncg1-300x300.png 300w, https:\/\/car4rent.fr\/wp-content\/uploads\/\/3d___lamborghini_logo_by_llexandro-d9kncg1-768x768.png 768w, https:\/\/car4rent.fr\/wp-content\/uploads\/\/3d___lamborghini_logo_by_llexandro-d9kncg1-192x192.png 192w, https:\/\/car4rent.fr\/wp-content\/uploads\/\/3d___lamborghini_logo_by_llexandro-d9kncg1-36x36.png 36w, https:\/\/car4rent.fr\/wp-content\/uploads\/\/3d___lamborghini_logo_by_llexandro-d9kncg1-180x180.png 180w, https:\/\/car4rent.fr\/wp-content\/uploads\/\/3d___lamborghini_logo_by_llexandro-d9kncg1-705x705.png 705w, https:\/\/car4rent.fr\/wp-content\/uploads\/\/3d___lamborghini_logo_by_llexandro-d9kncg1.png 894w\" sizes=\"(max-width: 450px) 100vw, 450px\"><div class='big-prev-fake'><img decoding=\"async\" loading=\"lazy\" class=\"wp-image-29279 avia-img-lazy-loading-29279\" width=\"495\" height=\"400\" src=\"https:\/\/car4rent.fr\/wp-content\/uploads\/3d___lamborghini_logo_by_llexandro-d9kncg1-495x400.png\" title=\"book luxury car from san-fransisco french riviera lamborghini rental\" alt=\"Car4Rent\" srcset=\"https:\/\/car4rent.fr\/wp-content\/uploads\/\/3d___lamborghini_logo_by_llexandro-d9kncg1-495x400.png 495w, https:\/\/car4rent.fr\/wp-content\/uploads\/\/3d___lamborghini_logo_by_llexandro-d9kncg1-845x684.png 845w\" sizes=\"auto, (max-width: 495px) 100vw, 495px\"><\/div><\/a><a href=\"https:\/\/car4rent.fr\/wp-content\/uploads\/car4rent-mercedes.jpg\" data-srcset=\"https:\/\/car4rent.fr\/wp-content\/uploads\/car4rent-mercedes.jpg 400w, https:\/\/car4rent.fr\/wp-content\/uploads\/car4rent-mercedes-100x100.jpg 100w, https:\/\/car4rent.fr\/wp-content\/uploads\/car4rent-mercedes-80x80.jpg 80w, https:\/\/car4rent.fr\/wp-content\/uploads\/car4rent-mercedes-300x300.jpg 300w, https:\/\/car4rent.fr\/wp-content\/uploads\/car4rent-mercedes-192x192.jpg 192w, https:\/\/car4rent.fr\/wp-content\/uploads\/car4rent-mercedes-36x36.jpg 36w, https:\/\/car4rent.fr\/wp-content\/uploads\/car4rent-mercedes-180x180.jpg 180w\" data-sizes=\"(max-width: 400px) 100vw, 400px\" data-rel=\"gallery-2\" data-prev-img=\"https:\/\/car4rent.fr\/wp-content\/uploads\/car4rent-mercedes-400x400.jpg\" class=\"avianolink noLightbox \" data-onclick=\"5\" title=\"book mercedes france french riviera rentals Car4Rent\"><img decoding=\"async\" fetchpriority=\"high\" class=\"wp-image-29287 avia-img-lazy-loading-not-29287\" src=\"https:\/\/car4rent.fr\/wp-content\/uploads\/car4rent-mercedes.jpg\" width=\"400\" height=\"400\" title=\"book mercedes france french riviera rentals Car4Rent\" alt=\"Car4Rent\" srcset=\"https:\/\/car4rent.fr\/wp-content\/uploads\/car4rent-mercedes.jpg 400w, https:\/\/car4rent.fr\/wp-content\/uploads\/car4rent-mercedes-100x100.jpg 100w, https:\/\/car4rent.fr\/wp-content\/uploads\/car4rent-mercedes-80x80.jpg 80w, https:\/\/car4rent.fr\/wp-content\/uploads\/car4rent-mercedes-300x300.jpg 300w, https:\/\/car4rent.fr\/wp-content\/uploads\/car4rent-mercedes-192x192.jpg 192w, https:\/\/car4rent.fr\/wp-content\/uploads\/car4rent-mercedes-36x36.jpg 36w, https:\/\/car4rent.fr\/wp-content\/uploads\/car4rent-mercedes-180x180.jpg 180w\" sizes=\"(max-width: 400px) 100vw, 400px\"><div class='big-prev-fake'><img decoding=\"async\" loading=\"lazy\" class=\"wp-image-29287 avia-img-lazy-loading-29287\" width=\"400\" height=\"400\" src=\"https:\/\/car4rent.fr\/wp-content\/uploads\/car4rent-mercedes-400x400.jpg\" title=\"book mercedes france french riviera rentals Car4Rent\" alt=\"Car4Rent\" srcset=\"https:\/\/car4rent.fr\/wp-content\/uploads\/car4rent-mercedes.jpg 400w, https:\/\/car4rent.fr\/wp-content\/uploads\/car4rent-mercedes-100x100.jpg 100w, https:\/\/car4rent.fr\/wp-content\/uploads\/car4rent-mercedes-80x80.jpg 80w, https:\/\/car4rent.fr\/wp-content\/uploads\/car4rent-mercedes-300x300.jpg 300w, https:\/\/car4rent.fr\/wp-content\/uploads\/car4rent-mercedes-192x192.jpg 192w, https:\/\/car4rent.fr\/wp-content\/uploads\/car4rent-mercedes-36x36.jpg 36w, https:\/\/car4rent.fr\/wp-content\/uploads\/car4rent-mercedes-180x180.jpg 180w\" sizes=\"auto, (max-width: 400px) 100vw, 400px\"><\/div><\/a><a href=\"https:\/\/car4rent.fr\/wp-content\/uploads\/car4rent-Range-Rover.png\" data-srcset=\"https:\/\/car4rent.fr\/wp-content\/uploads\/\/car4rent-Range-Rover.png 627w, https:\/\/car4rent.fr\/wp-content\/uploads\/\/car4rent-Range-Rover-450x428.png 450w, https:\/\/car4rent.fr\/wp-content\/uploads\/\/car4rent-Range-Rover-300x285.png 300w, https:\/\/car4rent.fr\/wp-content\/uploads\/\/car4rent-Range-Rover-202x192.png 202w, https:\/\/car4rent.fr\/wp-content\/uploads\/\/car4rent-Range-Rover-84x80.png 84w\" data-sizes=\"(max-width: 627px) 100vw, 627px\" data-rel=\"gallery-2\" data-prev-img=\"https:\/\/car4rent.fr\/wp-content\/uploads\/car4rent-Range-Rover-495x400.png\" class=\"avianolink noLightbox \" data-onclick=\"6\" title=\"Range-Rover-Rental france Car4Rent\"><img decoding=\"async\" fetchpriority=\"high\" class=\"wp-image-29290 avia-img-lazy-loading-not-29290\" data-avia-tooltip=\"Range-Rover-Rental france Car4Rent\" src=\"https:\/\/car4rent.fr\/wp-content\/uploads\/car4rent-Range-Rover-450x450.png\" width=\"450\" height=\"450\" title=\"Range-Rover-Rental france Car4Rent\" alt=\"Car4Rent\" srcset=\"https:\/\/car4rent.fr\/wp-content\/uploads\/\/car4rent-Range-Rover-450x450.png 450w, https:\/\/car4rent.fr\/wp-content\/uploads\/\/car4rent-Range-Rover-100x100.png 100w, https:\/\/car4rent.fr\/wp-content\/uploads\/\/car4rent-Range-Rover-80x80.png 80w, https:\/\/car4rent.fr\/wp-content\/uploads\/\/car4rent-Range-Rover-36x36.png 36w, https:\/\/car4rent.fr\/wp-content\/uploads\/\/car4rent-Range-Rover-180x180.png 180w\" sizes=\"(max-width: 450px) 100vw, 450px\"><div class='big-prev-fake'><img decoding=\"async\" loading=\"lazy\" class=\"wp-image-29290 avia-img-lazy-loading-29290\" width=\"495\" height=\"400\" src=\"https:\/\/car4rent.fr\/wp-content\/uploads\/car4rent-Range-Rover-495x400.png\" title=\"Range-Rover-Rental france Car4Rent\" alt=\"Car4Rent\"><\/div><\/a><a href=\"https:\/\/car4rent.fr\/wp-content\/uploads\/car4rent-Rolls-Royce-Logo.png\" data-srcset=\"https:\/\/car4rent.fr\/wp-content\/uploads\/\/car4rent-Rolls-Royce-Logo.png 500w, https:\/\/car4rent.fr\/wp-content\/uploads\/\/car4rent-Rolls-Royce-Logo-450x450.png 450w, https:\/\/car4rent.fr\/wp-content\/uploads\/\/car4rent-Rolls-Royce-Logo-100x100.png 100w, https:\/\/car4rent.fr\/wp-content\/uploads\/\/car4rent-Rolls-Royce-Logo-80x80.png 80w, https:\/\/car4rent.fr\/wp-content\/uploads\/\/car4rent-Rolls-Royce-Logo-300x300.png 300w, https:\/\/car4rent.fr\/wp-content\/uploads\/\/car4rent-Rolls-Royce-Logo-192x192.png 192w, https:\/\/car4rent.fr\/wp-content\/uploads\/\/car4rent-Rolls-Royce-Logo-36x36.png 36w, https:\/\/car4rent.fr\/wp-content\/uploads\/\/car4rent-Rolls-Royce-Logo-180x180.png 180w\" data-sizes=\"(max-width: 500px) 100vw, 500px\" data-rel=\"gallery-2\" data-prev-img=\"https:\/\/car4rent.fr\/wp-content\/uploads\/car4rent-Rolls-Royce-Logo-495x400.png\" class=\"avianolink noLightbox \" data-onclick=\"7\" title=\"Rolls-Royce-Logo\"><img decoding=\"async\" fetchpriority=\"high\" class=\"wp-image-29297 avia-img-lazy-loading-not-29297\" src=\"https:\/\/car4rent.fr\/wp-content\/uploads\/car4rent-Rolls-Royce-Logo-450x450.png\" width=\"450\" height=\"450\" title=\"Rolls-Royce-Logo\" alt=\"Car4Rent\" srcset=\"https:\/\/car4rent.fr\/wp-content\/uploads\/\/car4rent-Rolls-Royce-Logo-450x450.png 450w, https:\/\/car4rent.fr\/wp-content\/uploads\/\/car4rent-Rolls-Royce-Logo-100x100.png 100w, https:\/\/car4rent.fr\/wp-content\/uploads\/\/car4rent-Rolls-Royce-Logo-80x80.png 80w, https:\/\/car4rent.fr\/wp-content\/uploads\/\/car4rent-Rolls-Royce-Logo-300x300.png 300w, https:\/\/car4rent.fr\/wp-content\/uploads\/\/car4rent-Rolls-Royce-Logo-192x192.png 192w, https:\/\/car4rent.fr\/wp-content\/uploads\/\/car4rent-Rolls-Royce-Logo-36x36.png 36w, https:\/\/car4rent.fr\/wp-content\/uploads\/\/car4rent-Rolls-Royce-Logo-180x180.png 180w, https:\/\/car4rent.fr\/wp-content\/uploads\/\/car4rent-Rolls-Royce-Logo.png 500w\" sizes=\"(max-width: 450px) 100vw, 450px\"><div class='big-prev-fake'><img decoding=\"async\" loading=\"lazy\" class=\"wp-image-29297 avia-img-lazy-loading-29297\" width=\"495\" height=\"400\" src=\"https:\/\/car4rent.fr\/wp-content\/uploads\/car4rent-Rolls-Royce-Logo-495x400.png\" title=\"Rolls-Royce-Logo\" alt=\"Car4Rent\"><\/div><\/a><a href=\"https:\/\/car4rent.fr\/wp-content\/uploads\/car4rent-porsche-1030x731.png\" data-srcset=\"https:\/\/car4rent.fr\/wp-content\/uploads\/\/car4rent-porsche-1030x731.png 1030w, https:\/\/car4rent.fr\/wp-content\/uploads\/\/car4rent-porsche-450x320.png 450w, https:\/\/car4rent.fr\/wp-content\/uploads\/\/car4rent-porsche-300x213.png 300w, https:\/\/car4rent.fr\/wp-content\/uploads\/\/car4rent-porsche-768x545.png 768w, https:\/\/car4rent.fr\/wp-content\/uploads\/\/car4rent-porsche-248x176.png 248w, https:\/\/car4rent.fr\/wp-content\/uploads\/\/car4rent-porsche-113x80.png 113w, https:\/\/car4rent.fr\/wp-content\/uploads\/\/car4rent-porsche-1500x1065.png 1500w, https:\/\/car4rent.fr\/wp-content\/uploads\/\/car4rent-porsche-260x185.png 260w, https:\/\/car4rent.fr\/wp-content\/uploads\/\/car4rent-porsche-705x501.png 705w, https:\/\/car4rent.fr\/wp-content\/uploads\/\/car4rent-porsche.png 1600w\" data-sizes=\"(max-width: 1030px) 100vw, 1030px\" data-rel=\"gallery-2\" data-prev-img=\"https:\/\/car4rent.fr\/wp-content\/uploads\/car4rent-porsche-495x400.png\" class=\"avianolink noLightbox \" data-onclick=\"8\" title=\"book porsche rental france Car4Rent french riviera\"><img decoding=\"async\" fetchpriority=\"high\" class=\"wp-image-29284 avia-img-lazy-loading-not-29284\" src=\"https:\/\/car4rent.fr\/wp-content\/uploads\/car4rent-porsche-450x450.png\" width=\"450\" height=\"450\" title=\"book porsche rental france Car4Rent french riviera\" alt=\"Car4Rent\" srcset=\"https:\/\/car4rent.fr\/wp-content\/uploads\/\/car4rent-porsche-450x450.png 450w, https:\/\/car4rent.fr\/wp-content\/uploads\/\/car4rent-porsche-100x100.png 100w, https:\/\/car4rent.fr\/wp-content\/uploads\/\/car4rent-porsche-80x80.png 80w, https:\/\/car4rent.fr\/wp-content\/uploads\/\/car4rent-porsche-36x36.png 36w, https:\/\/car4rent.fr\/wp-content\/uploads\/\/car4rent-porsche-180x180.png 180w\" sizes=\"(max-width: 450px) 100vw, 450px\"><div class='big-prev-fake'><img decoding=\"async\" loading=\"lazy\" class=\"wp-image-29284 avia-img-lazy-loading-29284\" width=\"495\" height=\"400\" src=\"https:\/\/car4rent.fr\/wp-content\/uploads\/car4rent-porsche-495x400.png\" title=\"book porsche rental france Car4Rent french riviera\" alt=\"Car4Rent\" srcset=\"https:\/\/car4rent.fr\/wp-content\/uploads\/\/car4rent-porsche-495x400.png 495w, https:\/\/car4rent.fr\/wp-content\/uploads\/\/car4rent-porsche-845x684.png 845w\" sizes=\"auto, (max-width: 495px) 100vw, 495px\"><\/div><\/a><\/div><\/div>\n\n","protected":false},"excerpt":{"rendered":"","protected":false},"author":3,"featured_media":29616,"parent":0,"menu_order":1275,"comment_status":"closed","ping_status":"closed","template":"","meta":{"_acf_changed":false,"footnotes":""},"class_list":["post-30955","page","type-page","status-publish","has-post-thumbnail","hentry"],"acf":[],"_links":{"self":[{"href":"https:\/\/car4rent.fr\/fr\/wp-json\/wp\/v2\/pages\/30955","targetHints":{"allow":["GET"]}}],"collection":[{"href":"https:\/\/car4rent.fr\/fr\/wp-json\/wp\/v2\/pages"}],"about":[{"href":"https:\/\/car4rent.fr\/fr\/wp-json\/wp\/v2\/types\/page"}],"author":[{"embeddable":true,"href":"https:\/\/car4rent.fr\/fr\/wp-json\/wp\/v2\/users\/3"}],"replies":[{"embeddable":true,"href":"https:\/\/car4rent.fr\/fr\/wp-json\/wp\/v2\/comments?post=30955"}],"version-history":[{"count":0,"href":"https:\/\/car4rent.fr\/fr\/wp-json\/wp\/v2\/pages\/30955\/revisions"}],"wp:featuredmedia":[{"embeddable":true,"href":"https:\/\/car4rent.fr\/fr\/wp-json\/wp\/v2\/media\/29616"}],"wp:attachment":[{"href":"https:\/\/car4rent.fr\/fr\/wp-json\/wp\/v2\/media?parent=30955"}],"curies":[{"name":"wp","href":"https:\/\/api.w.org\/{rel}","templated":true}]}}