{"id":30602,"date":"2023-11-10T16:56:12","date_gmt":"2023-11-10T15:56:12","guid":{"rendered":"https:\/\/car4rent.fr\/louer-une-voiture-de-sport-sur-la-cote-dazur-preparez-vos-vacances-dete\/"},"modified":"2024-11-12T00:24:36","modified_gmt":"2024-11-11T23:24:36","slug":"louer-un-cabriolet","status":"publish","type":"page","link":"https:\/\/car4rent.fr\/fr\/louer-un-cabriolet\/","title":{"rendered":"Louer un cabriolet"},"content":{"rendered":"\n<style type=\"text\/css\" data-created_by=\"avia_inline_auto\" id=\"style-css-av-1ckggch5-120812cd658ba7a05c295cf11ed9d761\">\n.flex_column.av-1ckggch5-120812cd658ba7a05c295cf11ed9d761{\nborder-radius:0px 0px 0px 0px;\npadding:0px 0px 0px 0px;\nbackground-color:#7549bc;\n}\n<\/style>\n<div  class='flex_column av-1ckggch5-120812cd658ba7a05c295cf11ed9d761 av_one_full  avia-builder-el-0  el_before_av_one_full  avia-builder-el-first  first flex_column_div av-zero-column-padding  '     ><style type=\"text\/css\" data-created_by=\"avia_inline_auto\" id=\"style-css-av-1c78c009-ef3821e06c189665a29788493a6b66aa\">\n#top .avia-animated-number.av-1c78c009-ef3821e06c189665a29788493a6b66aa .avia-animated-number-title{\nfont-size:100px;\n}\n#top .avia-animated-number.av-1c78c009-ef3821e06c189665a29788493a6b66aa .avia-animated-number-content{\nfont-size:25px;\n}\n<\/style>\n<div  class=\"avia-animated-number av-1c78c009-ef3821e06c189665a29788493a6b66aa av-force-default-color avia_animate_when_visible  avia-builder-el-1  avia-builder-el-no-sibling  avia-color-font-light \" data-timer=\"3000\"><strong class=\"heading avia-animated-number-title\"><span class='avia-animated-number-icon av-icon-before-number av-icon-char avia-iconfont avia-font-entypo-fontello' data-av_icon='\ue881' data-av_iconfont='entypo-fontello' ><\/span><span class=\"avia-single-number __av-single-number\" data-number_format=\"\" data-number=\"15\" data-start_from=\"0\">15<\/span><span class=\"avia-no-number\"> cabriolets sportifs<\/span><\/strong><div class=\"avia-animated-number-content\"><p>Louer un cabriolet sportif est votre meilleure option: nos v\u00e9hicules vous attendent chez Car4rent. N&rsquo;h\u00e9sitez pas \u00e0 rouler cheveux au vent sur les fantastiques routes de la C\u00f4te d&rsquo;Azur.<\/p>\n<\/div><\/div><\/div>\n\n<style type=\"text\/css\" data-created_by=\"avia_inline_auto\" id=\"style-css-av-1bpyl0yx-4519bcb4cab11fa7147c00153a6974f9\">\n.flex_column.av-1bpyl0yx-4519bcb4cab11fa7147c00153a6974f9{\nborder-radius:0px 0px 0px 0px;\npadding:0px 0px 0px 0px;\n}\n<\/style>\n<div  class='flex_column av-1bpyl0yx-4519bcb4cab11fa7147c00153a6974f9 av_one_full  avia-builder-el-2  el_after_av_one_full  el_before_av_section  avia-builder-el-last  first flex_column_div av-zero-column-padding  column-top-margin'     ><section  class='av_textblock_section av-1aytgey1-d3808aff51d829fe7a992efc0fb27829 '  ><div class='avia_textblock' ><h2>Louer un cabriolet au meilleur prix sur la C\u00f4te d&rsquo;Azur avec Car4rent<\/h2>\n<\/div><\/section><\/div>\n<\/div><\/div><\/div><!-- close content main div --><\/div><\/div>\n<style type=\"text\/css\" data-created_by=\"avia_inline_auto\" id=\"style-css-av-1agbj2tl-78278b2ea6bb013b64aed1abc6dfdaab\">\n.avia-section.av-1agbj2tl-78278b2ea6bb013b64aed1abc6dfdaab{\nbackground-color:#2d2d2d;\nbackground-image:unset;\n}\n.avia-section.av-1agbj2tl-78278b2ea6bb013b64aed1abc6dfdaab .av-extra-border-element .av-extra-border-inner{\nbackground-color:#2d2d2d;\n}\n<\/style>\n<div id='av_section_1'  class='avia-section av-1agbj2tl-78278b2ea6bb013b64aed1abc6dfdaab main_color avia-section-large avia-shadow  avia-builder-el-4  el_after_av_one_full  el_before_av_section  avia-bg-style-scroll av-arrow-down-section av-minimum-height av-minimum-height-25 av-height-25  container_wrap fullsize'   data-av_minimum_height_pc='25' data-av_min_height_opt='25'><div class='container av-section-cont-open' ><div class='template-page content  av-content-full alpha units'><div class='post-entry post-entry-type-page post-entry-30602'><div class='entry-content-wrapper clearfix'>\n\n<style type=\"text\/css\" data-created_by=\"avia_inline_auto\" id=\"style-css-av-1a1umxnt-e5e1d21e7fde878a69069cc20d0b5092\">\n.flex_column.av-1a1umxnt-e5e1d21e7fde878a69069cc20d0b5092{\nborder-radius:0px 0px 0px 0px;\npadding:0px 0px 0px 0px;\n}\n<\/style>\n<div  class='flex_column av-1a1umxnt-e5e1d21e7fde878a69069cc20d0b5092 av_one_third  avia-builder-el-5  el_before_av_one_third  avia-builder-el-first  first flex_column_div av-zero-column-padding  '     ><style type=\"text\/css\" data-created_by=\"avia_inline_auto\" id=\"style-css-av-19m0ze21-b543ff5e3d1e9429a6aa1b0a4d43248c\">\n.iconbox.av-19m0ze21-b543ff5e3d1e9429a6aa1b0a4d43248c .iconbox_icon{\nbackground-color:#6834bd;\n}\n<\/style>\n<article  class='iconbox iconbox_top av-19m0ze21-b543ff5e3d1e9429a6aa1b0a4d43248c  avia-builder-el-6  avia-builder-el-no-sibling  main_color' ><div class=\"iconbox_content\"><header class=\"entry-content-header\" aria-label=\"Ic\u00f4ne : \"><div class='iconbox_icon heading-color avia-iconfont avia-font-entypo-fontello' data-av_icon='\ue80b' data-av_iconfont='entypo-fontello'  ><\/div><\/header><div class='iconbox_content_container ' ><h4>Louer un cabriolet \u00e0 l\u2019a\u00e9roport de Nice<\/h4>\n<hr \/>\n<p>Nous proposons \u00e0 la location des voitures de luxe et de sport, mais \u00e9galement une large gamme de SUV et de cabriolets. D\u00e9couvrez nos voitures de r\u00eave.<\/p>\n<p>Prix \u00e0 partir de 260\u20ac \/ jour.<\/p>\n<\/div><\/div><footer class=\"entry-footer\"><\/footer><\/article><\/div>\n<style type=\"text\/css\" data-created_by=\"avia_inline_auto\" id=\"style-css-av-19fsrjmx-483331b34ff71d34d202b89d72b889f9\">\n.flex_column.av-19fsrjmx-483331b34ff71d34d202b89d72b889f9{\nborder-radius:0px 0px 0px 0px;\npadding:0px 0px 0px 0px;\n}\n<\/style>\n<div  class='flex_column av-19fsrjmx-483331b34ff71d34d202b89d72b889f9 av_one_third  avia-builder-el-7  el_after_av_one_third  el_before_av_one_third  flex_column_div av-zero-column-padding  '     ><style type=\"text\/css\" data-created_by=\"avia_inline_auto\" id=\"style-css-av-18sr1uzt-68b1890b90a6e6ebee50c79a2ebc4023\">\n.iconbox.av-18sr1uzt-68b1890b90a6e6ebee50c79a2ebc4023 .iconbox_icon{\nbackground-color:#6834bd;\n}\n<\/style>\n<article  class='iconbox iconbox_top av-18sr1uzt-68b1890b90a6e6ebee50c79a2ebc4023  avia-builder-el-8  avia-builder-el-no-sibling  main_color' ><div class=\"iconbox_content\"><header class=\"entry-content-header\" aria-label=\"Ic\u00f4ne : \"><div class='iconbox_icon heading-color avia-iconfont avia-font-entypo-fontello' data-av_icon='\ue8d7' data-av_iconfont='entypo-fontello'  ><\/div><\/header><div class='iconbox_content_container ' ><h4>Agences \u00e0 l\u2019a\u00e9roport de Nice, Cannes, Monaco et Saint-Tropez<\/h4>\n<hr \/>\n<p>Nous proposons \u00e0 la location des voitures de sport et de luxe, mais \u00e9galement une large gamme de SUV et de cabriolets. D\u00e9couvrez nos voitures de r\u00eave.<\/p>\n<\/div><\/div><footer class=\"entry-footer\"><\/footer><\/article><\/div>\n<style type=\"text\/css\" data-created_by=\"avia_inline_auto\" id=\"style-css-av-4faal6x-b64b09f31faac78d52946056a0fe78d4\">\n.flex_column.av-4faal6x-b64b09f31faac78d52946056a0fe78d4{\nborder-radius:0px 0px 0px 0px;\npadding:0px 0px 0px 0px;\n}\n<\/style>\n<div  class='flex_column av-4faal6x-b64b09f31faac78d52946056a0fe78d4 av_one_third  avia-builder-el-9  el_after_av_one_third  el_before_av_hr  flex_column_div av-zero-column-padding  '     ><style type=\"text\/css\" data-created_by=\"avia_inline_auto\" id=\"style-css-av-17qvri09-dd04820a3a0c51c62b70b9eebcc22879\">\n.iconbox.av-17qvri09-dd04820a3a0c51c62b70b9eebcc22879 .iconbox_icon{\nbackground-color:#6834bd;\n}\n<\/style>\n<article  class='iconbox iconbox_top av-17qvri09-dd04820a3a0c51c62b70b9eebcc22879  avia-builder-el-10  avia-builder-el-no-sibling  main_color' ><div class=\"iconbox_content\"><header class=\"entry-content-header\" aria-label=\"Ic\u00f4ne : \"><div class='iconbox_icon heading-color avia-iconfont avia-font-entypo-fontello' data-av_icon='\ue842' data-av_iconfont='entypo-fontello'  ><\/div><\/header><div class='iconbox_content_container ' ><h4>Un service sur mesure<\/h4>\n<hr \/>\n<p>Une \u00e9quipe d\u00e9vou\u00e9e et attentive se tient \u00e0 votre disposition pour vous fournir toute information ou r\u00e9pondre \u00e0 vos demandes. Votre voiture peut \u00eatre livr\u00e9e sur demande directement \u00e0 votre arriv\u00e9e \u00e0 l&rsquo;a\u00e9roport de Nice, sur votre lieu de vill\u00e9giature, \u00e0 votre h\u00f4tel ou n&rsquo;importe o\u00f9 en France \u00e0 la destination de votre choix.<\/p>\n<\/div><\/div><footer class=\"entry-footer\"><\/footer><\/article><\/div><div  class='hr av-17ivu9ux-37d8a2a1dec7684ea6471db5c3000b8c hr-default  avia-builder-el-11  el_after_av_one_third  el_before_av_textblock '><span class='hr-inner '><span class=\"hr-inner-style\"><\/span><\/span><\/div>\n\n<style type=\"text\/css\" data-created_by=\"avia_inline_auto\" id=\"style-css-av-16v7uz6x-f792525ad206d95ea9df0b9e7e6ff682\">\n#top .av_textblock_section.av-16v7uz6x-f792525ad206d95ea9df0b9e7e6ff682 .avia_textblock{\nfont-size:18px;\ncolor:#6834bd;\n}\n<\/style>\n<section  class='av_textblock_section av-16v7uz6x-f792525ad206d95ea9df0b9e7e6ff682 '  ><div class='avia_textblock av_inherit_color' ><h2>Louer un Cabriolet<\/h2>\n<p>Louez une Ferrari, une Lamborghini, une Porsche, un Land Rover, une Mercedes AMG, une Bentley, une Rolls-Royce et bien d&rsquo;autres voitures d\u00e9capotables sportives &#8211; tous des noms synonymes d&rsquo;exp\u00e9rience de conduite ultime. L&rsquo;ing\u00e9nierie de pr\u00e9cision, la puissance et l&rsquo;agilit\u00e9 dans les virages se combinent pour cr\u00e9er les exp\u00e9riences de conduite les plus excitantes et passionnantes imaginables et elles peuvent \u00eatre les v\u00f4tres lorsque vous louez une voiture de prestige, une voiture de luxe ou une supercar chez Car4rent.<img loading=\"lazy\" decoding=\"async\" class=\"size-full wp-image-41869\" src=\"https:\/\/car4rent.fr\/wp-content\/uploads\/porsche-992-carrera-4s.jpg\" alt=\"Location de voiture de sport Nice A\u00e9roport, C\u00f4te d&#039;Azur Location de voiture de luxe, Porsche-992-Carrera-4S\" width=\"1024\" height=\"669\" title=\"Car4Rent Cannes\" srcset=\"https:\/\/car4rent.fr\/wp-content\/uploads\/porsche-992-carrera-4s.jpg 1024w, https:\/\/car4rent.fr\/wp-content\/uploads\/Porsche-992-Carrera-4S-2-300x196.jpg 300w, https:\/\/car4rent.fr\/wp-content\/uploads\/Porsche-992-Carrera-4S-2-1030x673.jpg 1030w, https:\/\/car4rent.fr\/wp-content\/uploads\/Porsche-992-Carrera-4S-2-768x502.jpg 768w, https:\/\/car4rent.fr\/wp-content\/uploads\/Porsche-992-Carrera-4S-2-1536x1003.jpg 1536w, https:\/\/car4rent.fr\/wp-content\/uploads\/Porsche-992-Carrera-4S-2-1500x980.jpg 1500w, https:\/\/car4rent.fr\/wp-content\/uploads\/Porsche-992-Carrera-4S-2-705x460.jpg 705w, https:\/\/car4rent.fr\/wp-content\/uploads\/Porsche-992-Carrera-4S-2-450x294.jpg 450w\" sizes=\"auto, (max-width: 1024px) 100vw, 1024px\" \/><\/p>\n<h2>Louez un cabriolet<\/h2>\n<p>Louez une d\u00e9capotable sur la <a href=\"https:\/\/cotedazurfrance.fr\/decouvrir\/les-spots-incontournables\/top-12-des-lieux-incontournables-a-visiter-sur-la-cote-dazur\/\" target=\"_blank\" rel=\"noopener\">C\u00f4te d&rsquo;Azur<\/a>, s\u00e9lectionnez votre voiture de sport pr\u00e9f\u00e9r\u00e9e et conduisez-la. Trouvez un superbe cabriolet parmi notre large gamme de v\u00e9hicules de sport de luxe.<\/p>\n<p>Vous souhaitez louer une voiture d\u00e9capotable, laissez-nous vous trouver la location de voiture id\u00e9ale dans le sud de la France, de <a href=\"https:\/\/cotedazurfrance.fr\/decouvrir\/les-villes-de-la-cote-dazur\/visiter-saint-tropez-la-mythique\/top-des-10-choses-a-voir-et-a-faire-a-saint-tropez\/\" target=\"_blank\" rel=\"noopener\">Saint Tropez<\/a> \u00e0 <a href=\"https:\/\/cotedazurfrance.fr\/decouvrir\/les-villes-de-la-cote-dazur\/visiter-monaco\/1-journee-de-reve-les-spots-a-ne-pas-manquer-a-monaco\/\" target=\"_blank\" rel=\"noopener\">Monaco<\/a>. Nous vous trouverons la location de voiture id\u00e9ale selon vos envies. Pourquoi louer un cabriolet? Uniquemen pour vous faire plaisir ! N&rsquo;h\u00e9sitez pas \u00e0 prendre <a href=\"https:\/\/car4rent.fr\/fr\/contact\/\" target=\"_blank\" rel=\"noopener\">contact<\/a> avec l&rsquo;un des membres de notre \u00e9quipe pour toute information.<\/p>\n<\/div><\/section>\n<\/div><\/div><\/div><!-- close content main div --><\/div><div class='av-extra-border-element border-extra-arrow-down'><div class='av-extra-border-outer'><div class='av-extra-border-inner'><\/div><\/div><\/div><\/div>\n<style type=\"text\/css\" data-created_by=\"avia_inline_auto\" id=\"style-css-av-16mmokqx-1cf1279873027b55157db5fead367e97\">\n.avia-section.av-16mmokqx-1cf1279873027b55157db5fead367e97{\nbackground-color:#f3f3f3;\nbackground-image:unset;\n}\n<\/style>\n<div id='av_section_2'  class='avia-section av-16mmokqx-1cf1279873027b55157db5fead367e97 main_color avia-section-default avia-no-border-styling  avia-builder-el-13  el_after_av_section  el_before_av_section  avia-bg-style-scroll container_wrap fullsize'  ><div class='container av-section-cont-open' ><div class='template-page content  av-content-full alpha units'><div class='post-entry post-entry-type-page post-entry-30602'><div class='entry-content-wrapper clearfix'>\n<div  class='flex_column av-2joa9vt-da67a746075b776dca6d0aea62d3dcbf av_one_full  avia-builder-el-14  el_before_av_one_half  avia-builder-el-first  first flex_column_div  '     ><section  class='av_textblock_section av-lpzt14hv-2b0bea7ae51c94ae0561c9aecbe71805 '  ><div class='avia_textblock' ><p style=\"text-align: center;\"><span style=\"font-size: 18pt;\">Ferrari<\/span><\/p>\n<\/div><\/section><\/div>\n<style type=\"text\/css\" data-created_by=\"avia_inline_auto\" id=\"style-css-av-15j2q57t-808a8d521191e885c8809ebb835ce0fa\">\n.flex_column.av-15j2q57t-808a8d521191e885c8809ebb835ce0fa{\nborder-radius:0px 0px 0px 0px;\npadding:0px 0px 0px 0px;\n}\n<\/style>\n<div  class='flex_column av-15j2q57t-808a8d521191e885c8809ebb835ce0fa av_one_half  avia-builder-el-16  el_after_av_one_full  el_before_av_one_half  first flex_column_div av-zero-column-padding  column-top-margin'     ><\/div>\n<style type=\"text\/css\" data-created_by=\"avia_inline_auto\" id=\"style-css-av-12hd92p5-0cea878a33422e443555188106c99963\">\n.flex_column.av-12hd92p5-0cea878a33422e443555188106c99963{\nborder-radius:0px 0px 0px 0px;\npadding:0px 0px 0px 0px;\n}\n<\/style>\n<div  class='flex_column av-12hd92p5-0cea878a33422e443555188106c99963 av_one_half  avia-builder-el-17  el_after_av_one_half  avia-builder-el-last  flex_column_div av-zero-column-padding  column-top-margin'     ><p><section  class='av_textblock_section av-11y7mop5-02532314672f1dc351bb01ff42039aa7 '  ><div class='avia_textblock' ><p>Il ne fait aucun doute que les voitures construites par le constructeur italien sont les cabriolets les plus d\u00e9sirables.<\/p>\n<p>Prix : \u00e0 partir de 1 900 \u20ac par jour.<\/p>\n<\/div><\/section><br \/>\n<section  class='av_textblock_section av-11ntk1bd-0f8510202a0770ee5c2e811ab46703a8 '  ><div class='avia_textblock' ><ul>\n<li>Les lignes muscl\u00e9es de la 488 Spider en font une SuperCar agressive et sportive &#8211; 670 ch, couleur rouge<\/li>\n<li>La F8 Spider d\u00e9veloppe 720 ch, en jaune.<\/li>\n<li>Le Portofino : 4 places de 600 ch, gris fonc\u00e9<\/li>\n<\/ul>\n<\/div><\/section><\/p><\/div>\n<\/p>\n<\/div><\/div><\/div><!-- close content main div --><\/div><\/div>\n<style type=\"text\/css\" data-created_by=\"avia_inline_auto\" id=\"style-css-av-3o7da3t-48e7084c2baa6fc4160fa82ffecb44b2\">\n.avia-section.av-3o7da3t-48e7084c2baa6fc4160fa82ffecb44b2{\nbackground-color:#ffffff;\nbackground-image:unset;\n}\n<\/style>\n<div id='av_section_3'  class='avia-section av-3o7da3t-48e7084c2baa6fc4160fa82ffecb44b2 main_color avia-section-default avia-no-border-styling  avia-builder-el-20  el_after_av_section  el_before_av_section  avia-bg-style-scroll container_wrap fullsize'  ><div class='container av-section-cont-open' ><div class='template-page content  av-content-full alpha units'><div class='post-entry post-entry-type-page post-entry-30602'><div class='entry-content-wrapper clearfix'>\n<section  class='av_textblock_section av-lpzsx2ux-171cf7dc9362d820c53dac95b47fd8d3 '  ><div class='avia_textblock' ><p style=\"text-align: center;\"><span style=\"font-size: 18pt;\">Lamborghini<\/span><\/p>\n<\/div><\/section>\n\n<style type=\"text\/css\" data-created_by=\"avia_inline_auto\" id=\"style-css-av-zs7jq09-8a6439965782aa86a593552eee7ddc18\">\n.flex_column.av-zs7jq09-8a6439965782aa86a593552eee7ddc18{\nborder-radius:0px 0px 0px 0px;\npadding:0px 0px 0px 0px;\n}\n<\/style>\n<div  class='flex_column av-zs7jq09-8a6439965782aa86a593552eee7ddc18 av_one_half  avia-builder-el-22  el_after_av_textblock  el_before_av_one_half  first flex_column_div av-zero-column-padding  column-top-margin'     ><\/div>\n<style type=\"text\/css\" data-created_by=\"avia_inline_auto\" id=\"style-css-av-wox9wdl-ebfbc2fd43a7f433fb391888e24c45df\">\n.flex_column.av-wox9wdl-ebfbc2fd43a7f433fb391888e24c45df{\nborder-radius:0px 0px 0px 0px;\npadding:0px 0px 0px 0px;\n}\n<\/style>\n<div  class='flex_column av-wox9wdl-ebfbc2fd43a7f433fb391888e24c45df av_one_half  avia-builder-el-23  el_after_av_one_half  avia-builder-el-last  flex_column_div av-zero-column-padding  column-top-margin'     ><section  class='av_textblock_section av-wcs7l6x-f83f9445c0ac8b7f4cd87847c983906d '  ><div class='avia_textblock' ><p>Faites votre choix parmi notre gamme <strong>Lamborghini<\/strong>.<\/p>\n<ul>\n<li>Lamborghini Huracan Spyder LP580 (2WD) bleu fonc\u00e9<\/li>\n<li>Lamborghini Huracan Evo Spyder LP610-2 (2WD) jaune.<\/li>\n<\/ul>\n<p>Prix : \u00e0 partir de 1.700\u20ac\/jour.<\/p>\n<\/div><\/section><\/div>\n\n<\/div><\/div><\/div><!-- close content main div --><\/div><\/div>\n<style type=\"text\/css\" data-created_by=\"avia_inline_auto\" id=\"style-css-av-vcsbhvt-927d57e18414293e20e88f861653e14b\">\n.avia-section.av-vcsbhvt-927d57e18414293e20e88f861653e14b{\nbackground-color:#f3f3f3;\nbackground-image:unset;\n}\n<\/style>\n<div id='av_section_4'  class='avia-section av-vcsbhvt-927d57e18414293e20e88f861653e14b main_color avia-section-default avia-no-border-styling  avia-builder-el-25  el_after_av_section  el_before_av_section  avia-bg-style-scroll container_wrap fullsize'  ><div class='container av-section-cont-open' ><div class='template-page content  av-content-full alpha units'><div class='post-entry post-entry-type-page post-entry-30602'><div class='entry-content-wrapper clearfix'>\n<section  class='av_textblock_section av-29z5oqx-a10efa5154c8372f166c58845ebcf3c7 '  ><div class='avia_textblock' ><p style=\"text-align: center;\"><span style=\"font-size: 18pt;\">Bentley<\/span><\/p>\n<\/div><\/section>\n\n<style type=\"text\/css\" data-created_by=\"avia_inline_auto\" id=\"style-css-av-uoz7vex-70ae8a1ebbc59f15efa1a20f2cd3540e\">\n.flex_column.av-uoz7vex-70ae8a1ebbc59f15efa1a20f2cd3540e{\nborder-radius:0px 0px 0px 0px;\npadding:0px 0px 0px 0px;\n}\n<\/style>\n<div  class='flex_column av-uoz7vex-70ae8a1ebbc59f15efa1a20f2cd3540e av_one_half  avia-builder-el-27  el_after_av_textblock  el_before_av_one_half  first flex_column_div av-zero-column-padding  column-top-margin'     ><\/div>\n<style type=\"text\/css\" data-created_by=\"avia_inline_auto\" id=\"style-css-av-2tvvart-595f56c75b24be3ac19b53f11e9ff185\">\n.flex_column.av-2tvvart-595f56c75b24be3ac19b53f11e9ff185{\nborder-radius:0px 0px 0px 0px;\npadding:0px 0px 0px 0px;\n}\n<\/style>\n<div  class='flex_column av-2tvvart-595f56c75b24be3ac19b53f11e9ff185 av_one_half  avia-builder-el-28  el_after_av_one_half  avia-builder-el-last  flex_column_div av-zero-column-padding  column-top-margin'     ><section  class='av_textblock_section av-rplr2cp-601138dff88671e1fdbfe1be395b714c '  ><div class='avia_textblock' ><p>Conduire avec go\u00fbt, conduire une <strong>Bentley, <\/strong>classique et de luxe<\/p>\n<ul>\n<li>Bentley Continental GTC V8 528 ch, blanc<\/li>\n<\/ul>\n<p>Prix : \u00e0 partir de 2.300\u20ac\/jour.<\/p>\n<\/div><\/section><\/div>\n\n<\/div><\/div><\/div><!-- close content main div --><\/div><\/div>\n<style type=\"text\/css\" data-created_by=\"avia_inline_auto\" id=\"style-css-av-2ono6g9-3c287d3ae49d60c88c41bdb78b1ce016\">\n.avia-section.av-2ono6g9-3c287d3ae49d60c88c41bdb78b1ce016{\nbackground-color:#ffffff;\nbackground-image:unset;\n}\n<\/style>\n<div id='av_section_5'  class='avia-section av-2ono6g9-3c287d3ae49d60c88c41bdb78b1ce016 main_color avia-section-default avia-no-border-styling  avia-builder-el-30  el_after_av_section  el_before_av_section  avia-bg-style-scroll container_wrap fullsize'  ><div class='container av-section-cont-open' ><div class='template-page content  av-content-full alpha units'><div class='post-entry post-entry-type-page post-entry-30602'><div class='entry-content-wrapper clearfix'>\n<section  class='av_textblock_section av-1th186h-789d603271323e41f8cf2620b2770aa5 '  ><div class='avia_textblock' ><p style=\"text-align: center;\"><span style=\"font-size: 18pt;\">Mercedes AMG<\/span><\/p>\n<\/div><\/section>\n\n<style type=\"text\/css\" data-created_by=\"avia_inline_auto\" id=\"style-css-av-q5uv4fd-8ba826d6a37b87e3cc5675a590b3bdde\">\n.flex_column.av-q5uv4fd-8ba826d6a37b87e3cc5675a590b3bdde{\nborder-radius:0px 0px 0px 0px;\npadding:0px 0px 0px 0px;\n}\n<\/style>\n<div  class='flex_column av-q5uv4fd-8ba826d6a37b87e3cc5675a590b3bdde av_one_half  avia-builder-el-32  el_after_av_textblock  el_before_av_one_half  first flex_column_div av-zero-column-padding  column-top-margin'     ><\/div>\n<style type=\"text\/css\" data-created_by=\"avia_inline_auto\" id=\"style-css-av-m700syx-3df00730c4021c9549f59449429c8cb7\">\n.flex_column.av-m700syx-3df00730c4021c9549f59449429c8cb7{\nborder-radius:0px 0px 0px 0px;\npadding:0px 0px 0px 0px;\n}\n<\/style>\n<div  class='flex_column av-m700syx-3df00730c4021c9549f59449429c8cb7 av_one_half  avia-builder-el-33  el_after_av_one_half  avia-builder-el-last  flex_column_div av-zero-column-padding  column-top-margin'     ><section  class='av_textblock_section av-26wlhpl-e7d1437ae4462bfee7e39e67136bbec3 '  ><div class='avia_textblock' ><p>Mercedes-Benz a une longue tradition de voitures de sport ouvertes. Profitez d&rsquo;une exp\u00e9rience de conduite \u00e0 ciel ouvert in\u00e9gal\u00e9e gr\u00e2ce \u00e0 la gamme de voitures d\u00e9capotables de Mercedes-Benz. Avec une gamme de cabriolets et de roadsters.<\/p>\n<ul>\n<li>Mercedes E220d Cabriolet AMG, 194cv, noir<\/li>\n<li>Mercedes SL 63 AMG roadster, 585 ch, blanc. La roofectomie fonctionne bien, car la Sl a \u00e9t\u00e9 con\u00e7ue d\u00e8s le d\u00e9part pour \u00eatre un roadster. L&rsquo;arri\u00e8re compact et muscl\u00e9 s&rsquo;accorde bien avec le long capot et le profil bas. Il s&rsquo;agit d&rsquo;une voiture de sport qui \u00e9voque les roadsters classiques des ann\u00e9es 1950 et 1960.<\/li>\n<\/ul>\n<p>Prix : \u00e0 partir de 450\u20ac\/jour.<\/p>\n<\/div><\/section><\/div>\n\n<\/div><\/div><\/div><!-- close content main div --><\/div><\/div>\n<style type=\"text\/css\" data-created_by=\"avia_inline_auto\" id=\"style-css-av-22pwoi1-7285ebe7fca0269f144d445221fd0b72\">\n.avia-section.av-22pwoi1-7285ebe7fca0269f144d445221fd0b72{\nbackground-color:#f3f3f3;\nbackground-image:unset;\n}\n<\/style>\n<div id='av_section_6'  class='avia-section av-22pwoi1-7285ebe7fca0269f144d445221fd0b72 main_color avia-section-default avia-no-border-styling  avia-builder-el-35  el_after_av_section  el_before_av_section  avia-bg-style-scroll container_wrap fullsize'  ><div class='container av-section-cont-open' ><div class='template-page content  av-content-full alpha units'><div class='post-entry post-entry-type-page post-entry-30602'><div class='entry-content-wrapper clearfix'>\n<section  class='av_textblock_section av-zv0ljd-d04dcda81e234c423c6111e6c0d87720 '  ><div class='avia_textblock' ><p style=\"text-align: center;\"><span style=\"font-size: 18pt;\">Porsche<\/span><\/p>\n<\/div><\/section>\n\n<style type=\"text\/css\" data-created_by=\"avia_inline_auto\" id=\"style-css-av-k4z4l9l-bcefc2ddbcab071eea33e3a1aa2c8401\">\n.flex_column.av-k4z4l9l-bcefc2ddbcab071eea33e3a1aa2c8401{\nborder-radius:0px 0px 0px 0px;\npadding:0px 0px 0px 0px;\n}\n<\/style>\n<div  class='flex_column av-k4z4l9l-bcefc2ddbcab071eea33e3a1aa2c8401 av_one_half  avia-builder-el-37  el_after_av_textblock  el_before_av_one_half  first flex_column_div av-zero-column-padding  column-top-margin'     ><\/div>\n<style type=\"text\/css\" data-created_by=\"avia_inline_auto\" id=\"style-css-av-1pzj1ux-99fbe6b534df08da87371c978dfae9c1\">\n.flex_column.av-1pzj1ux-99fbe6b534df08da87371c978dfae9c1{\nborder-radius:0px 0px 0px 0px;\npadding:0px 0px 0px 0px;\n}\n<\/style>\n<div  class='flex_column av-1pzj1ux-99fbe6b534df08da87371c978dfae9c1 av_one_half  avia-builder-el-38  el_after_av_one_half  avia-builder-el-last  flex_column_div av-zero-column-padding  column-top-margin'     ><p><section  class='av_textblock_section av-gl5yfzd-3f4acfaf745f917fd27707a4b23fa766 '  ><div class='avia_textblock' ><p>La meilleure voiture de sport polyvalente au monde. Quoi d&rsquo;autre ? Venez rouler sur la C\u00f4te d&rsquo;Azur et d\u00e9couvrez les images et les sons \u00e9tonnants de cette voiture de sport embl\u00e9matique. Vous n&rsquo;oublierez jamais la sensation du moteur boxer \u00e0 aspiration naturelle et le son de l&rsquo;\u00e9chappement sport.<\/p>\n<p>Prix : \u00e0 partir de 900\u20ac\/jour.<\/p>\n<\/div><\/section><br \/>\n<section  class='av_textblock_section av-gjb5lwp-1a88145d6385d31b59a0d25484aa45b7 '  ><div class='avia_textblock' ><p>Notre choix :<\/p>\n<ul>\n<li>Porsche 991 cabriolet 4S, d\u00e9veloppe 420bhp, blanc<\/li>\n<li>Porsche 992 Targa 4, d\u00e9veloppe 385bhp, gris<\/li>\n<li>Porsche 992 cabriolet S, d\u00e9veloppe 450 ch, noir<\/li>\n<\/ul>\n<\/div><\/section><\/p><\/div>\n\n<\/div><\/div><\/div><!-- close content main div --><\/div><\/div>\n<style type=\"text\/css\" data-created_by=\"avia_inline_auto\" id=\"style-css-av-av_section-b59cbdc1c047bd2e31e920946b6ac817\">\n.avia-section.av-av_section-b59cbdc1c047bd2e31e920946b6ac817{\nbackground-color:#f3f3f3;\nbackground-image:unset;\n}\n<\/style>\n<div id='av_section_7'  class='avia-section av-av_section-b59cbdc1c047bd2e31e920946b6ac817 main_color avia-section-default avia-no-border-styling  avia-builder-el-41  el_after_av_section  el_before_av_section  avia-bg-style-scroll container_wrap fullsize'  ><div class='container av-section-cont-open' ><div class='template-page content  av-content-full alpha units'><div class='post-entry post-entry-type-page post-entry-30602'><div class='entry-content-wrapper clearfix'>\n<section  class='av_textblock_section av-ltlz8zrr-86f7d9821e8b93d96b1dd2b2640dd915 '  ><div class='avia_textblock' ><p style=\"text-align: center;\"><span style=\"font-size: 18pt;\">MiNi<\/span><\/p>\n<\/div><\/section>\n\n<style type=\"text\/css\" data-created_by=\"avia_inline_auto\" id=\"style-css-av-av_one_half-068220c8262444be99a83ad265bdcedb\">\n.flex_column.av-av_one_half-068220c8262444be99a83ad265bdcedb{\nborder-radius:0px 0px 0px 0px;\npadding:0px 0px 0px 0px;\n}\n<\/style>\n<div  class='flex_column av-av_one_half-068220c8262444be99a83ad265bdcedb av_one_half  avia-builder-el-43  el_after_av_textblock  el_before_av_one_half  first flex_column_div av-zero-column-padding  column-top-margin'     ><\/div>\n<style type=\"text\/css\" data-created_by=\"avia_inline_auto\" id=\"style-css-av-av_one_half-e671fab5613f317ef63eb9ab712c64a3\">\n.flex_column.av-av_one_half-e671fab5613f317ef63eb9ab712c64a3{\nborder-radius:0px 0px 0px 0px;\npadding:0px 0px 0px 0px;\n}\n<\/style>\n<div  class='flex_column av-av_one_half-e671fab5613f317ef63eb9ab712c64a3 av_one_half  avia-builder-el-44  el_after_av_one_half  avia-builder-el-last  flex_column_div av-zero-column-padding  column-top-margin'     ><p><section  class='av_textblock_section av-ltlz8o7n-dd3f40b766b278f4b6a65070b3eaa70b '  ><div class='avia_textblock' ><p>La Mini Cooper Cabriolet est une bizarrerie qui combine la position de conduite \u00e9lev\u00e9e et la capacit\u00e9 \u00e0 aller partout avec le facteur de pose d&rsquo;un cabriolet. Bien qu&rsquo;il n&rsquo;ait pas de rivaux directs !<\/p>\n<p>Prix : \u00e0 partir de 260\u20ac\/jour<\/p>\n<\/div><\/section><br \/>\n<section  class='av_textblock_section av-ltlzazzf-26f5daa2b138793a9e9400987e05365a '  ><div class='avia_textblock' ><p>Dr\u00f4le ou classique, faites votre choix :<\/p>\n<ul>\n<li>Mini Cooper automatique, gris lunaire<\/li>\n<li>Mini Cooper automatique, blanc m\u00e9tallis\u00e9<\/li>\n<\/ul>\n<\/div><\/section><\/p><\/div>\n\n<\/div><\/div><\/div><!-- close content main div --><\/div><\/div>\n<style type=\"text\/css\" data-created_by=\"avia_inline_auto\" id=\"style-css-av-a5iytqh-6ffc2befccc6a2f5dc6e87cd0256eb4c\">\n.avia-section.av-a5iytqh-6ffc2befccc6a2f5dc6e87cd0256eb4c{\nbackground-color:#f3f3f3;\nbackground-image:unset;\n}\n<\/style>\n<div id='av_section_8'  class='avia-section av-a5iytqh-6ffc2befccc6a2f5dc6e87cd0256eb4c main_color avia-section-default avia-no-border-styling  avia-builder-el-47  el_after_av_section  el_before_av_section  avia-bg-style-scroll container_wrap fullsize'  ><div class='container av-section-cont-open' ><div class='template-page content  av-content-full alpha units'><div class='post-entry post-entry-type-page post-entry-30602'><div class='entry-content-wrapper clearfix'>\n<section  class='av_textblock_section av-n1f889-b6f3427aeaa5618fb9a3521a1bf7e19c '  ><div class='avia_textblock' ><p style=\"text-align: center;\"><span style=\"font-size: 18pt;\">Rolls-Royce<\/span><\/p>\n<\/div><\/section>\n\n<style type=\"text\/css\" data-created_by=\"avia_inline_auto\" id=\"style-css-av-9i49w3t-e47dc37b7c133bd393d577bfc07e7216\">\n.flex_column.av-9i49w3t-e47dc37b7c133bd393d577bfc07e7216{\nborder-radius:0px 0px 0px 0px;\npadding:0px 0px 0px 0px;\n}\n<\/style>\n<div  class='flex_column av-9i49w3t-e47dc37b7c133bd393d577bfc07e7216 av_one_half  avia-builder-el-49  el_after_av_textblock  el_before_av_one_half  first flex_column_div av-zero-column-padding  column-top-margin'     ><\/div>\n<style type=\"text\/css\" data-created_by=\"avia_inline_auto\" id=\"style-css-av-7b196g9-33797eb3fcb1630cf00a6a67f1951ee0\">\n.flex_column.av-7b196g9-33797eb3fcb1630cf00a6a67f1951ee0{\nborder-radius:0px 0px 0px 0px;\npadding:0px 0px 0px 0px;\n}\n<\/style>\n<div  class='flex_column av-7b196g9-33797eb3fcb1630cf00a6a67f1951ee0 av_one_half  avia-builder-el-50  el_after_av_one_half  avia-builder-el-last  flex_column_div av-zero-column-padding  column-top-margin'     ><p><section  class='av_textblock_section av-6p5zp8p-30edf908b6fadcc61ae5503d12a2a301 '  ><div class='avia_textblock' ><p>La nouvelle d\u00e9capotable de Rolls-Royce est pleine de surprises. Le plus important est que tout le monde ne vous d\u00e9teste pas. La soci\u00e9t\u00e9 Rolls-Royce n&rsquo;est plus d\u00e9tenue par des Britanniques et, bien que la Dawn repr\u00e9sente un nouveau d\u00e9part pour Rolls, elle ne s&rsquo;\u00e9carte pas beaucoup du mod\u00e8le \u00e9tabli par BMW lorsqu&rsquo;il a pris les r\u00eanes de la grande marque britannique en 1999.<\/p>\n<p>Prix : \u00e0 partir de 3.200\u20ac\/jour.<\/p>\n<\/div><\/section><br \/>\n<section  class='av_textblock_section av-6du7x0p-c1fef4bc8ed8fec55974b4eee72bc22c '  ><div class='avia_textblock' ><p>Choisissez l&rsquo;un de nos mod\u00e8les de luxe :<\/p>\n<ul>\n<li>Rolls-Royce Phantom Drophaed, 460 ch, blanc<\/li>\n<li>Rolls Royce Dawn, 563 ch, blanc<\/li>\n<\/ul>\n<\/div><\/section><\/p><\/div>\n\n<\/div><\/div><\/div><!-- close content main div --><\/div><\/div>\n<style type=\"text\/css\" data-created_by=\"avia_inline_auto\" id=\"style-css-av-5f52cp5-8df3c8c7112b5a3a04cf0ee94bdfb6bb\">\n.avia-section.av-5f52cp5-8df3c8c7112b5a3a04cf0ee94bdfb6bb{\nbackground-color:#cccccc;\nbackground-image:unset;\n}\n<\/style>\n<div id='contactez-nous'  class='avia-section av-5f52cp5-8df3c8c7112b5a3a04cf0ee94bdfb6bb main_color avia-section-default avia-no-border-styling  avia-builder-el-53  el_after_av_section  el_before_av_section  avia-bg-style-scroll container_wrap fullsize'  ><div class='container av-section-cont-open' ><div class='template-page content  av-content-full alpha units'><div class='post-entry post-entry-type-page post-entry-30602'><div class='entry-content-wrapper clearfix'>\n\n<style type=\"text\/css\" data-created_by=\"avia_inline_auto\" id=\"style-css-av-4oygvrd-68ed3d4829d12f97f607e4d593b13097\">\n#top .av-special-heading.av-4oygvrd-68ed3d4829d12f97f607e4d593b13097{\npadding-bottom:25px;\n}\nbody .av-special-heading.av-4oygvrd-68ed3d4829d12f97f607e4d593b13097 .av-special-heading-tag .heading-char{\nfont-size:25px;\n}\n.av-special-heading.av-4oygvrd-68ed3d4829d12f97f607e4d593b13097 .av-subheading{\nfont-size:20px;\n}\n<\/style>\n<div  class='av-special-heading av-4oygvrd-68ed3d4829d12f97f607e4d593b13097 av-special-heading-h3 blockquote modern-quote modern-centered  avia-builder-el-54  el_before_av_hr  avia-builder-el-first '><h3 class='av-special-heading-tag '  >A la recherche d\u2018une location de cabriolet ? Besoin d\u2019un conseil ?<\/h3><div class=\"special-heading-border\"><div class=\"special-heading-inner-border\"><\/div><\/div><\/div>\n\n<style type=\"text\/css\" data-created_by=\"avia_inline_auto\" id=\"style-css-av-4djd2jt-76f80895ade75beb919c9801eb36d6ca\">\n#top .hr.hr-invisible.av-4djd2jt-76f80895ade75beb919c9801eb36d6ca{\nheight:25px;\n}\n<\/style>\n<div  class='hr av-4djd2jt-76f80895ade75beb919c9801eb36d6ca hr-invisible  avia-builder-el-55  el_after_av_heading  el_before_av_two_third '><span class='hr-inner '><span class=\"hr-inner-style\"><\/span><\/span><\/div>\n\n<style type=\"text\/css\" data-created_by=\"avia_inline_auto\" id=\"style-css-av-3yalua1-67de89cfe7a60f7b66ce7271206acdc9\">\n.flex_column.av-3yalua1-67de89cfe7a60f7b66ce7271206acdc9{\nborder-radius:0px 0px 0px 0px;\npadding:0px 0px 0px 0px;\n}\n<\/style>\n<div  class='flex_column av-3yalua1-67de89cfe7a60f7b66ce7271206acdc9 av_two_third  avia-builder-el-56  el_after_av_hr  el_before_av_one_third  first flex_column_div av-zero-column-padding  '     ><p><section  class='av_textblock_section av-1imcl0p-c62ee1853c2cf1f5d816c6ca18d0fafb '  ><div class='avia_textblock' ><p><span style=\"font-size: 14pt;\">Nous contacter \u00e0 l&rsquo;aide du formulaire ci-dessous<\/span><\/p>\n<\/div><\/section><br \/>\n<section  class='av_textblock_section av-31e1t3d-04029705753580fb79fd968d0323c5de '  ><div class='avia_textblock' ><div class=\"wpforms-container wpforms-container-full\" id=\"wpforms-27233\"><form id=\"wpforms-form-27233\" class=\"wpforms-validate wpforms-form\" data-formid=\"27233\" method=\"post\" enctype=\"multipart\/form-data\" action=\"\/fr\/wp-json\/wp\/v2\/pages\/30602\" data-token=\"6ba5f000c7e8e5598884cf382fca1852\" data-token-time=\"1777574352\"><noscript class=\"wpforms-error-noscript\">Veuillez activer JavaScript dans votre navigateur pour remplir ce formulaire.<\/noscript><div class=\"wpforms-field-container\"><div id=\"wpforms-27233-field_5-container\" class=\"wpforms-field wpforms-field-name\" data-field-id=\"5\"><label class=\"wpforms-field-label\">Nom <span class=\"wpforms-required-label\">*<\/span><\/label><div class=\"wpforms-field-row wpforms-field-medium\"><div class=\"wpforms-field-row-block wpforms-first wpforms-one-half\"><input type=\"text\" id=\"wpforms-27233-field_5\" class=\"wpforms-field-name-first wpforms-field-required\" name=\"wpforms[fields][5][first]\" required><label for=\"wpforms-27233-field_5\" class=\"wpforms-field-sublabel after\">First<\/label><\/div><div class=\"wpforms-field-row-block wpforms-one-half\"><input type=\"text\" id=\"wpforms-27233-field_5-last\" class=\"wpforms-field-name-last wpforms-field-required\" name=\"wpforms[fields][5][last]\" required><label for=\"wpforms-27233-field_5-last\" class=\"wpforms-field-sublabel after\">Last<\/label><\/div><\/div><\/div><div id=\"wpforms-27233-field_9-container\" class=\"wpforms-field wpforms-field-layout\" data-field-id=\"9\"><div class=\"wpforms-field-layout-rows wpforms-field-large\"><div class=\"wpforms-layout-row\"><div class=\"wpforms-layout-column wpforms-layout-column-50\"><div id=\"wpforms-27233-field_7-container\" class=\"wpforms-field wpforms-field-email\" data-field-id=\"7\"><label class=\"wpforms-field-label\" for=\"wpforms-27233-field_7\">Courriel <span class=\"wpforms-required-label\">*<\/span><\/label><input type=\"email\" id=\"wpforms-27233-field_7\" class=\"wpforms-field-medium wpforms-field-required\" name=\"wpforms[fields][7]\" spellcheck=\"false\" required><\/div><\/div><div class=\"wpforms-layout-column wpforms-layout-column-50\"><div id=\"wpforms-27233-field_8-container\" class=\"wpforms-field wpforms-field-phone\" data-field-id=\"8\"><label class=\"wpforms-field-label\" for=\"wpforms-27233-field_8\">T\u00e9l\u00e9phone <span class=\"wpforms-required-label\">*<\/span><\/label><input type=\"tel\" id=\"wpforms-27233-field_8\" class=\"wpforms-field-medium wpforms-field-required\" data-rule-int-phone-field=\"true\" name=\"wpforms[fields][8]\" aria-label=\"T\u00e9l\u00e9phone\" required><\/div><\/div><\/div><\/div><\/div><div id=\"wpforms-27233-field_4-container\" class=\"wpforms-field wpforms-field-textarea\" data-field-id=\"4\"><label class=\"wpforms-field-label\" for=\"wpforms-27233-field_4\">Message<\/label><textarea id=\"wpforms-27233-field_4\" class=\"wpforms-field-medium\" name=\"wpforms[fields][4]\" ><\/textarea><\/div><\/div><!-- .wpforms-field-container --><div class=\"wpforms-recaptcha-container wpforms-is-recaptcha wpforms-is-recaptcha-type-v3\" ><input type=\"hidden\" name=\"wpforms[recaptcha]\" value=\"\"><\/div><div class=\"wpforms-submit-container\" ><input type=\"hidden\" name=\"wpforms[id]\" value=\"27233\"><input type=\"hidden\" name=\"page_title\" value=\"\"><input type=\"hidden\" name=\"page_url\" value=\"https:\/\/car4rent.fr\/fr\/wp-json\/wp\/v2\/pages\/30602\"><input type=\"hidden\" name=\"url_referer\" value=\"\"><button type=\"submit\" name=\"wpforms[submit]\" id=\"wpforms-submit-27233\" class=\"wpforms-submit\" data-alt-text=\"Envoi\" data-submit-text=\"Soumettre\" aria-live=\"assertive\" value=\"wpforms-submit\">Soumettre<\/button><\/div><\/form><\/div>  <!-- .wpforms-container -->\n<\/div><\/section><\/p><\/div>\n<style type=\"text\/css\" data-created_by=\"avia_inline_auto\" id=\"style-css-av-2l1ce4p-cafb10c986cbe5ab6312df276e139881\">\n.flex_column.av-2l1ce4p-cafb10c986cbe5ab6312df276e139881{\nborder-radius:0px 0px 0px 0px;\npadding:0px 0px 0px 0px;\n}\n<\/style>\n<div  class='flex_column av-2l1ce4p-cafb10c986cbe5ab6312df276e139881 av_one_third  avia-builder-el-59  el_after_av_two_third  avia-builder-el-last  flex_column_div av-zero-column-padding  '     ><p><section  class='av_textblock_section av-av_textblock-8eba2417de9ea263f0cb5a774f45768a '  ><div class='avia_textblock' ><p><span style=\"font-size: 14pt;\">Nous contacter par t\u00e9l\u00e9phone<\/span><\/p>\n<\/div><\/section><br \/>\n<section  class='av_textblock_section av-ltlz4f3s-f811adb8c36fc6011aa859a2646db424 '  ><div class='avia_textblock' ><p>Agence de Cannes (09h-12h et 15h-19h)<br \/>\n10, rue Hibert &#8211; 06400 Cannes<\/p>\n<p>Tel.: <a href=\"tel:0033788278586\">+33(0)7 88 27 85 86<\/a><\/p>\n<p>Mail : <a href=\"mailto:info@car4rent.fr\">info@car4rent.fr<\/a><\/p>\n<\/div><\/section><\/p><\/div>\n\n<\/div><\/div><\/div><!-- close content main div --><\/div><\/div><div id='av_section_10'  class='avia-section av-1bg0lmx-2d4ba87251a27d5203841ed1ae1cdd9e main_color avia-section-default avia-no-border-styling  avia-builder-el-62  el_after_av_section  avia-builder-el-last  avia-bg-style-scroll container_wrap fullsize'  ><div class='container av-section-cont-open' ><div class='template-page content  av-content-full alpha units'><div class='post-entry post-entry-type-page post-entry-30602'><div class='entry-content-wrapper clearfix'>\n<div  class='avia-builder-widget-area clearfix  avia-builder-el-63  avia-builder-el-no-sibling '><div id=\"text-9\" class=\"widget clearfix widget_text\">\t\t\t<div class=\"textwidget\"><p style=\"text-align: center;\">    <div class=\"car4rent-share-block car4rent-fr\">\n        <a href=\"https:\/\/www.facebook.com\/sharer\/sharer.php?u=\" target=\"_blank\" rel=\"noopener\"><i class=\"fa-brands fa-facebook\"><\/i> Partager<\/a>\n        <a href=\"https:\/\/x.com\/intent\/tweet?url=&amp;text=\" target=\"_blank\" rel=\"noopener\"><i class=\"fa-brands fa-x-twitter\"><\/i> X<\/a>\n        <a href=\"https:\/\/wa.me\/?text=%20\" target=\"_blank\" rel=\"noopener\"><i class=\"fa-brands fa-whatsapp\"><\/i> WhatsApp<\/a>\n        <a href=\"https:\/\/www.instagram.com\/car4rent_cannes\/\" target=\"_blank\" rel=\"noopener\"><i class=\"fa-brands fa-instagram\"><\/i> Instagram<\/a>\n        <a href=\"https:\/\/www.linkedin.com\/company\/car4rent\/about\/\" target=\"_blank\" rel=\"noopener\"><i class=\"fa-brands fa-linkedin\"><\/i> LinkedIn<\/a>\n        <a href=\"https:\/\/www.youtube.com\/@car4rentcannes839\" target=\"_blank\" rel=\"noopener\"><i class=\"fa-brands fa-youtube\"><\/i> YouTube<\/a>\n    <\/div>\n    <\/p>\n<\/div>\n\t\t<\/div><\/div>\n\n","protected":false},"excerpt":{"rendered":"","protected":false},"author":3,"featured_media":29814,"parent":0,"menu_order":610,"comment_status":"closed","ping_status":"closed","template":"","meta":{"_acf_changed":false,"footnotes":""},"class_list":["post-30602","page","type-page","status-publish","has-post-thumbnail","hentry"],"acf":[],"_links":{"self":[{"href":"https:\/\/car4rent.fr\/fr\/wp-json\/wp\/v2\/pages\/30602","targetHints":{"allow":["GET"]}}],"collection":[{"href":"https:\/\/car4rent.fr\/fr\/wp-json\/wp\/v2\/pages"}],"about":[{"href":"https:\/\/car4rent.fr\/fr\/wp-json\/wp\/v2\/types\/page"}],"author":[{"embeddable":true,"href":"https:\/\/car4rent.fr\/fr\/wp-json\/wp\/v2\/users\/3"}],"replies":[{"embeddable":true,"href":"https:\/\/car4rent.fr\/fr\/wp-json\/wp\/v2\/comments?post=30602"}],"version-history":[{"count":0,"href":"https:\/\/car4rent.fr\/fr\/wp-json\/wp\/v2\/pages\/30602\/revisions"}],"wp:featuredmedia":[{"embeddable":true,"href":"https:\/\/car4rent.fr\/fr\/wp-json\/wp\/v2\/media\/29814"}],"wp:attachment":[{"href":"https:\/\/car4rent.fr\/fr\/wp-json\/wp\/v2\/media?parent=30602"}],"curies":[{"name":"wp","href":"https:\/\/api.w.org\/{rel}","templated":true}]}}