{"id":30595,"date":"2023-11-10T16:56:12","date_gmt":"2023-11-10T15:56:12","guid":{"rendered":"https:\/\/car4rent.fr\/location-de-voitures-de-sport-cote-dazur\/"},"modified":"2024-09-13T19:42:16","modified_gmt":"2024-09-13T17:42:16","slug":"location-dune-voiture-de-sport-sur-la-cote-dazur","status":"publish","type":"page","link":"https:\/\/car4rent.fr\/fr\/location-dune-voiture-de-sport-sur-la-cote-dazur\/","title":{"rendered":"Location d&rsquo;une voiture de sport sur la C\u00f4te d&rsquo;Azur"},"content":{"rendered":"\n<style type=\"text\/css\" data-created_by=\"avia_inline_auto\" id=\"style-css-av-14wrjk8-7f5be4eb93b6bbc2d1a5648917c677f3\">\n.avia-section.av-14wrjk8-7f5be4eb93b6bbc2d1a5648917c677f3 .av-parallax .av-parallax-inner{\nbackground-repeat:no-repeat;\nbackground-image:url(https:\/\/car4rent.fr\/wp-content\/uploads\/negresco-750x630.jpg);\nbackground-position:50% 50%;\nbackground-attachment:scroll;\n}\n<\/style>\n<div id='av_section_1'  class='avia-section av-14wrjk8-7f5be4eb93b6bbc2d1a5648917c677f3 main_color avia-section-huge avia-no-border-styling  avia-builder-el-0  el_before_av_section  avia-builder-el-first  avia-full-stretch av-parallax-section avia-bg-style-parallax av-minimum-height av-minimum-height-50 av-height-50  container_wrap fullsize'  data-section-bg-repeat='stretch' data-av_minimum_height_pc='50' data-av_min_height_opt='50'><div class='av-parallax' data-avia-parallax-ratio='0.3' ><div class='av-parallax-inner main_color avia-full-stretch'><\/div><\/div><div class=\"av-section-color-overlay-wrap\"><a href='#next-section' title='' class='scroll-down-link  avia-svg-icon avia-font-svg_entypo-fontello' data-av_svg_icon='down-open-mini' data-av_iconset='svg_entypo-fontello'><svg version=\"1.1\" xmlns=\"http:\/\/www.w3.org\/2000\/svg\" width=\"15\" height=\"32\" viewBox=\"0 0 15 32\" preserveAspectRatio=\"xMidYMid meet\" aria-labelledby='av-svg-title-1' aria-describedby='av-svg-desc-1' role=\"graphics-symbol\" aria-hidden=\"true\">\n<title id='av-svg-title-1'>Scroller vers la prochaine section<\/title>\n<desc id='av-svg-desc-1'>Scroller vers la prochaine section<\/desc>\n<path d=\"M12.96 12.16q0.704-0.832 1.536 0 0.832 0.704 0 1.536l-6.272 6.144q-0.704 0.704-1.536 0l-6.272-6.144q-0.832-0.832 0-1.536 0.768-0.768 1.6 0l5.44 4.992z\"><\/path>\n<\/svg><\/a><div class='container av-section-cont-open' ><main  class='template-page content  av-content-full alpha units'><div class='post-entry post-entry-type-page post-entry-30595'><div class='entry-content-wrapper clearfix'>\n\n<style type=\"text\/css\" data-created_by=\"avia_inline_auto\" id=\"style-css-av-12qv6rs-de681792f2f5836ac3ee89a26fa00fc5\">\n.flex_column.av-12qv6rs-de681792f2f5836ac3ee89a26fa00fc5{\nborder-radius:0px 0px 0px 0px;\npadding:20px 20px 20px 20px;\nbackground-color:rgba(0,0,0,0.47);\n}\n<\/style>\n<div  class='flex_column av-12qv6rs-de681792f2f5836ac3ee89a26fa00fc5 av_two_third  avia-builder-el-1  avia-builder-el-no-sibling  first flex_column_div  '     ><style type=\"text\/css\" data-created_by=\"avia_inline_auto\" id=\"style-css-av-lpdzw47s-b1d60821a23dc546e7f0f0cf145f439c\">\n#top .av_textblock_section.av-lpdzw47s-b1d60821a23dc546e7f0f0cf145f439c .avia_textblock{\ncolor:#ffffff;\n}\n<\/style>\n<section  class='av_textblock_section av-lpdzw47s-b1d60821a23dc546e7f0f0cf145f439c '  ><div class='avia_textblock av_inherit_color' ><h2><span style=\"font-size: 24pt;\">Louer une voiture de sport sur la C\u00f4te d&rsquo;Azur<\/span><\/h2>\n<\/div><\/section><\/div>\n\n<\/div><\/div><\/main><!-- close content main element --><\/div><\/div><\/div><div id='av_section_2'  class='avia-section av-10dr24o-91f0129e5f41b15197662adbd4316fac main_color avia-section-default avia-no-shadow  avia-builder-el-3  el_after_av_section  el_before_av_section  avia-bg-style-scroll container_wrap fullsize'  ><div class='container av-section-cont-open' ><div class='template-page content  av-content-full alpha units'><div class='post-entry post-entry-type-page post-entry-30595'><div class='entry-content-wrapper clearfix'>\n\n<style type=\"text\/css\" data-created_by=\"avia_inline_auto\" id=\"style-css-av-juclwc9m-c1b3c030d17aad0f9587beb2fdfba97a\">\n#top .av-special-heading.av-juclwc9m-c1b3c030d17aad0f9587beb2fdfba97a{\npadding-bottom:10px;\nfont-size:35px;\n}\nbody .av-special-heading.av-juclwc9m-c1b3c030d17aad0f9587beb2fdfba97a .av-special-heading-tag .heading-char{\nfont-size:25px;\n}\n#top #wrap_all .av-special-heading.av-juclwc9m-c1b3c030d17aad0f9587beb2fdfba97a .av-special-heading-tag{\nfont-size:35px;\n}\n.av-special-heading.av-juclwc9m-c1b3c030d17aad0f9587beb2fdfba97a .av-subheading{\nfont-size:15px;\n}\n\n@media only screen and (min-width: 480px) and (max-width: 767px){ \n#top #wrap_all .av-special-heading.av-juclwc9m-c1b3c030d17aad0f9587beb2fdfba97a .av-special-heading-tag{\nfont-size:0.8em;\n}\n}\n\n@media only screen and (max-width: 479px){ \n#top #wrap_all .av-special-heading.av-juclwc9m-c1b3c030d17aad0f9587beb2fdfba97a .av-special-heading-tag{\nfont-size:0.8em;\n}\n}\n<\/style>\n<div  class='av-special-heading av-juclwc9m-c1b3c030d17aad0f9587beb2fdfba97a av-special-heading-h1 blockquote modern-quote modern-centered  avia-builder-el-4  el_before_av_hr  avia-builder-el-first  av-inherit-size av-linked-heading'><h1 class='av-special-heading-tag '  >Location d\u2019une voiture de sport sur la C\u00f4te d\u2019Azur, une mani\u00e8re de se pr\u00e9lasser dans le luxe<\/h1><div class=\"special-heading-border\"><div class=\"special-heading-inner-border\"><\/div><\/div><\/div>\n<div  class='hr av-wilmmg-add8b2055870f4edc7ee39241da2eb1d hr-default  avia-builder-el-5  el_after_av_heading  el_before_av_textblock '><span class='hr-inner '><span class=\"hr-inner-style\"><\/span><\/span><\/div>\n<section  class='av_textblock_section av-uwxsoo-01387b738cdda767f6ee7232e0c3aa71 '  ><div class='avia_textblock' ><section>Location de voiture de sport sur la <a href=\"https:\/\/generationvoyage.fr\/visiter-cote-azur-faire-voir\/\" target=\"_blank\" rel=\"noopener\">C\u00f4te d&rsquo;Azur<\/a>, une exp\u00e9rience exclusive d\u00e9di\u00e9e aux amateurs de voitures de luxe. Profitez d&rsquo;une balade entre <a href=\"https:\/\/www.visitmonaco.com\/\" target=\"_blank\" rel=\"noopener\">Monaco<\/a> et <a href=\"https:\/\/www.sainttropeztourisme.com\/\" target=\"_blank\" rel=\"noopener\">Saint-Tropez<\/a> au volant d&rsquo;un v\u00e9hicule de location de sport.<\/p>\n<h2><strong>Location d&rsquo;une voiture de sport sur la C\u00f4te d&rsquo;Azur : d\u00e9couvrez les points forts <\/strong><\/h2>\n<p>La C\u00f4te d&rsquo;Azur, belle et ensoleill\u00e9e, aim\u00e9e des jetsetteurs et des artistes, s&rsquo;\u00e9tend le long de la c\u00f4te m\u00e9diterran\u00e9enne du sud-est de la France. Connue sous le nom de \u00ab\u00a0C\u00f4te d&rsquo;Azur\u00a0\u00bb, elle offre des restaurants au charme d\u00e9suet, des plages, des caf\u00e9s pittoresques, des boutiques de cr\u00e9ateurs et des mus\u00e9es de classe mondiale. Un prix mesur\u00e9 est une promesse sur laquelle vous pourrer compter pour louer une voiture de sport sur la C\u00f4te d&rsquo;Azur et vous d\u00e9placer en toute tranquilit\u00e9.<\/p>\n<p><img loading=\"lazy\" decoding=\"async\" class=\"alignnone size-full wp-image-37080\" src=\"https:\/\/car4rent.fr\/wp-content\/uploads\/IMG_2013-scaled-2.jpg\" alt=\"Location de voiture de sport sur la C\u00f4te d&#039;azur, Location de voiture de luxe\" width=\"2304\" height=\"1728\" title=\"Car4Rent Cannes\" srcset=\"https:\/\/car4rent.fr\/wp-content\/uploads\/\/IMG_2013-scaled-2.jpg 2304w, https:\/\/car4rent.fr\/wp-content\/uploads\/\/IMG_2013-scaled-2-300x225.jpg 300w, https:\/\/car4rent.fr\/wp-content\/uploads\/\/IMG_2013-scaled-2-1030x773.jpg 1030w, https:\/\/car4rent.fr\/wp-content\/uploads\/\/IMG_2013-scaled-2-768x576.jpg 768w, https:\/\/car4rent.fr\/wp-content\/uploads\/\/IMG_2013-scaled-2-1536x1152.jpg 1536w, https:\/\/car4rent.fr\/wp-content\/uploads\/\/IMG_2013-scaled-2-2048x1536.jpg 2048w, https:\/\/car4rent.fr\/wp-content\/uploads\/\/IMG_2013-scaled-2-1500x1125.jpg 1500w, https:\/\/car4rent.fr\/wp-content\/uploads\/\/IMG_2013-scaled-2-705x529.jpg 705w, https:\/\/car4rent.fr\/wp-content\/uploads\/\/IMG_2013-scaled-2-450x338.jpg 450w\" sizes=\"auto, (max-width: 2304px) 100vw, 2304px\" \/><\/p>\n<h3>Louer une voiture de luxe \u00e0 Cannes<\/h3>\n<p>Faites vous plaisir et partez \u00e0 la d\u00e9couverte de la C\u00f4te d&rsquo;Azur au d\u00e9part de Cannes. Cannes est r\u00e9put\u00e9e pour \u00eatre une des villes les plus glamour ou vous pourrez profiter d&rsquo;un luxe dans son \u00e9crin original. Nombre de c\u00e9l\u00e9brit\u00e9s ont par le pass\u00e9 de s&rsquo;\u00e9tablir \u00e0 Cannes, ce qui fait de la ville un centre cosmpolite ou les \u00e9trangers se sentent aussi bien que les natifs fran\u00e7ais.<\/p>\n<h3>Location voiture de luxe Nice AlpesMaritimes<\/h3>\n<p>Apr\u00e8s avoir vu Cannes, une visite s&rsquo;impose \u00e0 Nice. Sa vieille ville est riche d&rsquo;un pass\u00e9 ou vous cotoierez les Ni\u00e7ois de souche avec nombre de visiteurs. En effet, Nice a su garder son authenticit\u00e9. avec ses petites ruelles ombrag\u00e9es, son march\u00e9 au fleur et la Colline du Ch\u00e2teau d&rsquo;o\u00f9 la vue est \u00e0 couper le souffle, offrant un panorama \u00e0 360 degr\u00e9s.<\/p>\n<h3><strong>Louer une voiture de sport sur la C\u00f4te d&rsquo;Azur pour une exp\u00e9rience de conduite passionnante<\/strong><\/h3>\n<p>Car4rent est l&rsquo;un des principaux fournisseurs de location de voitures de luxe et de voitures de sport sur la C\u00f4te d&rsquo;Azur. Nous proposons \u00e0 la location une vaste flotte de v\u00e9hicules de luxe et de sport, tels que <a href=\"https:\/\/car4rent.fr\/fr\/louer-une-ferrari\/\"><strong>Ferrari<\/strong><\/a>,\n            <a href=\"https:\/\/car4rent.fr\/fr\/louer-une-lamborghini\/\"><strong>Lamborghini<\/strong><\/a>,\n            <a href=\"https:\/\/car4rent.fr\/fr\/louer-une-porsche\/\"><strong>Porsche<\/strong><\/a>,\n            <a href=\"https:\/\/car4rent.fr\/fr\/louer-un-land-rover\/\"><strong>Land Rover<\/strong><\/a>,\n            <a href=\"https:\/\/car4rent.fr\/fr\/louer-une-mercedes\/\"><strong>Mercedes AMG<\/strong><\/a>,\n            <a href=\"https:\/\/car4rent.fr\/fr\/louer-une-bentley\/\"><strong>Bentley<\/strong><\/a>,\n            <a href=\"https:\/\/car4rent.fr\/fr\/louer-une-rolls-royce\/\"><strong>Rolls-Royce<\/strong><\/a>, et\n            <a href=\"https:\/\/car4rent.fr\/fr\/louer-une-audi\/\"><strong>Audi<\/strong><\/a>.<\/p>\n<p>La location de voiture de sport sur la C\u00f4te d&rsquo;Azur et la d\u00e9couverte des routes c\u00f4ti\u00e8res pittoresques et des villes environnantes sont id\u00e9ales pour une location de voiture de sport sur la C\u00f4te d&rsquo;Azur.<\/p>\n<p><a href=\"https:\/\/www.carnets-voyages.org\/visiter-nice\/\" target=\"_blank\" rel=\"noopener\">Nice<\/a> est la chef-lieu de la C\u00f4te d&rsquo;Azur et la plus grande ville de la r\u00e9gion. Il vaut la peine d&rsquo;y passer au moins une journ\u00e9e, mais il est pr\u00e9f\u00e9rable d&rsquo;y rester le week-end ou m\u00eame plus longtemps. \u00c0 proximit\u00e9 de la ville, vous trouverez de nombreuses attractions et lieux int\u00e9ressants, tels que <a href=\"https:\/\/www.cannes-destination.fr\/visites-incontournables\" target=\"_blank\" rel=\"noopener\">Cannes<\/a>, Eze et Antibes.<\/p>\n<p><a href=\"https:\/\/frenchriviera.travel\/nice-french-riviera\/\" target=\"_blank\" rel=\"noopener\">Nice<\/a> est c\u00e9l\u00e8bre pour ses nombreux mus\u00e9es int\u00e9ressants, sa promenade en bord de mer et sa magnifique vieille ville. On y trouve \u00e9galement de nombreux restaurants servant des plats d\u00e9licieux et, bien s\u00fbr, la longue plage.<\/p>\n<p><img loading=\"lazy\" decoding=\"async\" class=\"alignnone size-full wp-image-37082\" src=\"https:\/\/car4rent.fr\/wp-content\/uploads\/White-collection-Car4rent-Cannes-1-3-scaled.jpg\" alt=\"Location de voiture de sport sur la C\u00f4te d&#039;azur, White-collection-Car4rent-Cannes\" width=\"2560\" height=\"708\" title=\"Car4Rent Cannes\" srcset=\"https:\/\/car4rent.fr\/wp-content\/uploads\/\/White-collection-Car4rent-Cannes-1-3-scaled.jpg 2560w, https:\/\/car4rent.fr\/wp-content\/uploads\/\/White-collection-Car4rent-Cannes-1-3-300x83.jpg 300w, https:\/\/car4rent.fr\/wp-content\/uploads\/\/White-collection-Car4rent-Cannes-1-3-1030x285.jpg 1030w, https:\/\/car4rent.fr\/wp-content\/uploads\/\/White-collection-Car4rent-Cannes-1-3-768x212.jpg 768w, https:\/\/car4rent.fr\/wp-content\/uploads\/\/White-collection-Car4rent-Cannes-1-3-1536x425.jpg 1536w, https:\/\/car4rent.fr\/wp-content\/uploads\/\/White-collection-Car4rent-Cannes-1-3-2048x567.jpg 2048w, https:\/\/car4rent.fr\/wp-content\/uploads\/\/White-collection-Car4rent-Cannes-1-3-1500x415.jpg 1500w, https:\/\/car4rent.fr\/wp-content\/uploads\/\/White-collection-Car4rent-Cannes-1-3-705x195.jpg 705w, https:\/\/car4rent.fr\/wp-content\/uploads\/\/White-collection-Car4rent-Cannes-1-3-450x124.jpg 450w\" sizes=\"auto, (max-width: 2560px) 100vw, 2560px\" \/><\/p>\n<p><span style=\"font-size: 14pt;\"><strong>Location de voiture de sport sur la C\u00f4te d&rsquo;Azur avec un accueil personnalis\u00e9 \u00e0 l&rsquo;a\u00e9roport de Nice<\/strong><\/span><\/p>\n<p>La plupart des estivants arriveront \u00e0 l&rsquo;<a href=\"https:\/\/www.nice.aeroport.fr\/\" target=\"_blank\" rel=\"noopener\">a\u00e9roport international C\u00f4te d&rsquo;Azur de Nice<\/a>. Mais vous pouvez \u00e9galement r\u00e9cup\u00e9rer votre voiture de location de luxe \u00e0 l&rsquo;a\u00e9roport de Cannes Mandelieu, ou dans n&rsquo;importe quelle destination de votre choix si vous le soubaitez.<\/p>\n<p>Car4rent est sp\u00e9cialis\u00e9 dans la location de voitures de sport, de luxe, de cabriolets et de SUV haut de gamme. Bas\u00e9s \u00e0 Cannes, Monaco et \u00e0 l&rsquo;a\u00e9roport de Nice, nous offrons une qualit\u00e9 de service qui nous place parmi les meilleurs dans le domaine de la location de voitures de luxe.<\/p>\n<p><img loading=\"lazy\" decoding=\"async\" class=\"alignnone wp-image-37064\" src=\"https:\/\/car4rent.fr\/wp-content\/uploads\/about-Car4rent-2-1-scaled-2.jpg\" alt=\"Location d&#039;une voiture de sport sur la cote d&#039;azur, Location de voiture de luxe \u00e0 Monaco, Location de voiture de luxe, Location de voiture de luxe pas cher\" width=\"466\" height=\"350\" title=\"Car4Rent Cannes\" srcset=\"https:\/\/car4rent.fr\/wp-content\/uploads\/\/about-Car4rent-2-1-scaled-2.jpg 2304w, https:\/\/car4rent.fr\/wp-content\/uploads\/\/about-Car4rent-2-1-scaled-2-300x225.jpg 300w, https:\/\/car4rent.fr\/wp-content\/uploads\/\/about-Car4rent-2-1-scaled-2-1030x773.jpg 1030w, https:\/\/car4rent.fr\/wp-content\/uploads\/\/about-Car4rent-2-1-scaled-2-768x576.jpg 768w, https:\/\/car4rent.fr\/wp-content\/uploads\/\/about-Car4rent-2-1-scaled-2-1536x1152.jpg 1536w, https:\/\/car4rent.fr\/wp-content\/uploads\/\/about-Car4rent-2-1-scaled-2-2048x1536.jpg 2048w, https:\/\/car4rent.fr\/wp-content\/uploads\/\/about-Car4rent-2-1-scaled-2-1500x1125.jpg 1500w, https:\/\/car4rent.fr\/wp-content\/uploads\/\/about-Car4rent-2-1-scaled-2-705x529.jpg 705w, https:\/\/car4rent.fr\/wp-content\/uploads\/\/about-Car4rent-2-1-scaled-2-450x338.jpg 450w\" sizes=\"auto, (max-width: 466px) 100vw, 466px\" \/><img loading=\"lazy\" decoding=\"async\" class=\"alignnone wp-image-41869\" src=\"https:\/\/car4rent.fr\/wp-content\/uploads\/porsche-992-carrera-4s.jpg\" alt=\"Location de voiture de sport Nice A\u00e9roport, C\u00f4te d&#039;Azur Location de voiture de luxe, Porsche-992-Carrera-4S\" width=\"535\" height=\"349\" title=\"Car4Rent Cannes\" srcset=\"https:\/\/car4rent.fr\/wp-content\/uploads\/porsche-992-carrera-4s.jpg 1024w, https:\/\/car4rent.fr\/wp-content\/uploads\/Porsche-992-Carrera-4S-2-300x196.jpg 300w, https:\/\/car4rent.fr\/wp-content\/uploads\/Porsche-992-Carrera-4S-2-1030x673.jpg 1030w, https:\/\/car4rent.fr\/wp-content\/uploads\/Porsche-992-Carrera-4S-2-768x502.jpg 768w, https:\/\/car4rent.fr\/wp-content\/uploads\/Porsche-992-Carrera-4S-2-1536x1003.jpg 1536w, https:\/\/car4rent.fr\/wp-content\/uploads\/Porsche-992-Carrera-4S-2-1500x980.jpg 1500w, https:\/\/car4rent.fr\/wp-content\/uploads\/Porsche-992-Carrera-4S-2-705x460.jpg 705w, https:\/\/car4rent.fr\/wp-content\/uploads\/Porsche-992-Carrera-4S-2-450x294.jpg 450w\" sizes=\"auto, (max-width: 535px) 100vw, 535px\" \/><\/p>\n<p>N&rsquo;h\u00e9sitez pas \u00e0 nous contacter pour toute demande ou information compl\u00e9mentaire.<\/p>\n<h5>Pour la location voiture de luxe Cannes AlpesMaritimes faites appel \u00e0 l&rsquo;une de nos agences sur la C\u00f4te d&rsquo;Azur<\/h5>\n<p>Nous sommes pr\u00e9sents \u00e0 l&rsquo;a\u00e9roport Nice C\u00f4te d&rsquo;Azur, \u00e0 Cannes, Monaco et Saint-Tropez en saison. Pour <a href=\"https:\/\/car4rent.fr\/fr\/contact\/\" target=\"_blank\" rel=\"noopener\">r\u00e9server<\/a> votre v\u00e9hicule, appelez directement un membre de notre \u00e9quipe et commencez votre road trip sur la C\u00f4te d&rsquo;Azur !<\/p>\n<\/section>\n<section id=\"block1\" class=\"stripe row-content block1 fullwidth\">\n<\/section>\n<\/div><\/section>\n\n<style type=\"text\/css\" data-created_by=\"avia_inline_auto\" id=\"style-css-av-tr5dqg-3136297af906aa0ae617eec75bad93ca\">\n.flex_column.av-tr5dqg-3136297af906aa0ae617eec75bad93ca{\nborder-radius:0px 0px 0px 0px;\npadding:0px 0px 0px 0px;\n}\n<\/style>\n<div  class='flex_column av-tr5dqg-3136297af906aa0ae617eec75bad93ca av_one_third  avia-builder-el-7  el_after_av_textblock  el_before_av_one_third  first flex_column_div av-zero-column-padding  column-top-margin'     ><style type=\"text\/css\" data-created_by=\"avia_inline_auto\" id=\"style-css-av-rwoc1k-f130d9c526decb9ec6ecefbe1a5a1ca4\">\n.iconbox.av-rwoc1k-f130d9c526decb9ec6ecefbe1a5a1ca4 .iconbox_icon{\nbackground-color:#6834bd;\n}\n<\/style>\n<article  class='iconbox iconbox_top av-rwoc1k-f130d9c526decb9ec6ecefbe1a5a1ca4  avia-builder-el-8  avia-builder-el-no-sibling  main_color' ><div class=\"iconbox_content\"><header class=\"entry-content-header\" aria-label=\"Ic\u00f4ne : Agences de location voitures de sport sur la C\u00f4te d\u2019Azur\"><div class='iconbox_icon heading-color avia-iconfont avia-font-entypo-fontello' data-av_icon='\ue82a' data-av_iconfont='entypo-fontello'  ><\/div><h3 class='iconbox_content_title ' >Agences de location voitures de sport sur la C\u00f4te d\u2019Azur<\/h3><\/header><div class='iconbox_content_container ' ><hr \/>\n<p>Nous proposons \u00e0 la location des voitures de luxe et de sport, mais \u00e9galement une large gamme de SUV et de cabriolets. D\u00e9couvrez nos voitures de r\u00eave.<\/p>\n<p>Prix \u00e0 partir de 260\u20ac \/ jour.<\/p>\n<\/div><\/div><footer class=\"entry-footer\"><\/footer><\/article><\/div>\n<style type=\"text\/css\" data-created_by=\"avia_inline_auto\" id=\"style-css-av-p92jq0-8cd36a66a89a1e807f6f94d1466d2ebc\">\n.flex_column.av-p92jq0-8cd36a66a89a1e807f6f94d1466d2ebc{\nborder-radius:0px 0px 0px 0px;\npadding:0px 0px 0px 0px;\n}\n<\/style>\n<div  class='flex_column av-p92jq0-8cd36a66a89a1e807f6f94d1466d2ebc av_one_third  avia-builder-el-9  el_after_av_one_third  el_before_av_one_third  flex_column_div av-zero-column-padding  column-top-margin'     ><style type=\"text\/css\" data-created_by=\"avia_inline_auto\" id=\"style-css-av-no0ktk-363b433ed1b6332528e6ab7931d2ab79\">\n.iconbox.av-no0ktk-363b433ed1b6332528e6ab7931d2ab79 .iconbox_icon{\nbackground-color:#6834bd;\n}\n<\/style>\n<article  class='iconbox iconbox_top av-no0ktk-363b433ed1b6332528e6ab7931d2ab79  avia-builder-el-10  avia-builder-el-no-sibling  main_color' ><div class=\"iconbox_content\"><header class=\"entry-content-header\" aria-label=\"Ic\u00f4ne : C\u00f4te dazur agences de location \u00e0 l\u2019a\u00e9roport de Nice, Cannes, Monaco et Saint-Tropez \"><div class='iconbox_icon heading-color avia-iconfont avia-font-entypo-fontello' data-av_icon='\ue842' data-av_iconfont='entypo-fontello'  ><\/div><h3 class='iconbox_content_title ' >C\u00f4te dazur agences de location \u00e0 l\u2019a\u00e9roport de Nice, Cannes, Monaco et Saint-Tropez <\/h3><\/header><div class='iconbox_content_container ' ><hr \/>\n<p>Nous proposons \u00e0 la location des voitures de sport et de luxe, mais \u00e9galement une large gamme de SUV et de cabriolets. D\u00e9couvrez nos voitures de r\u00eave \u00e0 Provence Alpes C\u00f4te dazur.<\/p>\n<\/div><\/div><footer class=\"entry-footer\"><\/footer><\/article><\/div>\n<style type=\"text\/css\" data-created_by=\"avia_inline_auto\" id=\"style-css-av-lpouug-149bdcc299b5a7de9ea29865a228b35c\">\n.flex_column.av-lpouug-149bdcc299b5a7de9ea29865a228b35c{\nborder-radius:0px 0px 0px 0px;\npadding:0px 0px 0px 0px;\n}\n<\/style>\n<div  class='flex_column av-lpouug-149bdcc299b5a7de9ea29865a228b35c av_one_third  avia-builder-el-11  el_after_av_one_third  avia-builder-el-last  flex_column_div av-zero-column-padding  column-top-margin'     ><style type=\"text\/css\" data-created_by=\"avia_inline_auto\" id=\"style-css-av-kfqmdk-39a65390d364b7e5a0ad596c0b56120e\">\n.iconbox.av-kfqmdk-39a65390d364b7e5a0ad596c0b56120e .iconbox_icon{\nbackground-color:#6834bd;\n}\n<\/style>\n<article  class='iconbox iconbox_top av-kfqmdk-39a65390d364b7e5a0ad596c0b56120e  avia-builder-el-12  avia-builder-el-no-sibling  main_color' ><div class=\"iconbox_content\"><header class=\"entry-content-header\" aria-label=\"Ic\u00f4ne : \"><div class='iconbox_icon heading-color avia-iconfont avia-font-entypo-fontello' data-av_icon='\ue80b' data-av_iconfont='entypo-fontello'  ><\/div><\/header><div class='iconbox_content_container ' ><p><span style=\"font-size: 14pt;\">Un service sur\u00a0 mesure<\/span><\/p>\n<hr \/>\n<p>Une \u00e9quipe d\u00e9vou\u00e9e et attentive se tient \u00e0 votre disposition pour vous fournir toute information ou r\u00e9pondre \u00e0 vos demandes. Votre voiture peut \u00eatre livr\u00e9e sur demande directement \u00e0 votre arriv\u00e9e \u00e0 l&rsquo;a\u00e9roport de Nice, sur votre lieu de vill\u00e9giature, \u00e0 votre h\u00f4tel ou n&rsquo;importe o\u00f9 en France \u00e0 la destination de votre choix.<\/p>\n<\/div><\/div><footer class=\"entry-footer\"><\/footer><\/article><\/div><\/div><\/div><\/div><!-- close content main div --><\/div><\/div><div id='contactez-nous'  class='avia-section av-1w34lk-ebfaaa35e5c65a6195aca485adcd05fe main_color avia-section-default avia-no-border-styling  avia-builder-el-13  el_after_av_section  el_before_av_section  avia-bg-style-scroll container_wrap fullsize'  ><div class='container av-section-cont-open' ><div class='template-page content  av-content-full alpha units'><div class='post-entry post-entry-type-page post-entry-30595'><div class='entry-content-wrapper clearfix'>\n<div  class='hr av-h6pfzs-725c0e13998887357f19f0b9ae5cb407 hr-default  avia-builder-el-14  el_before_av_one_full  avia-builder-el-first '><span class='hr-inner '><span class=\"hr-inner-style\"><\/span><\/span><\/div>\n<div  class='flex_column av-av_one_full-7420270dda896a7728e3c90b94d24f81 av_one_full  avia-builder-el-15  el_after_av_hr  el_before_av_hr  first flex_column_div  '     ><section  class='av_textblock_section av-lpdzunk1-5c9afaec8ba391012d3011956532296d '  ><div class='avia_textblock' ><p style=\"text-align: center;\"><span style=\"font-size: 14pt;\">Vous recherchez une location de voiture luxe sur la C\u00f4te d\u2019Azur ? Besoin d\u2019un conseil ?<\/span><\/p>\n<\/div><\/section><\/div>\n<style type=\"text\/css\" data-created_by=\"avia_inline_auto\" id=\"style-css-av-enih9k-9c21c32e86a3f748c3a940fcc8bf5321\">\n#top .hr.hr-invisible.av-enih9k-9c21c32e86a3f748c3a940fcc8bf5321{\nheight:25px;\n}\n<\/style>\n<div  class='hr av-enih9k-9c21c32e86a3f748c3a940fcc8bf5321 hr-invisible  avia-builder-el-17  el_after_av_one_full  el_before_av_two_third '><span class='hr-inner '><span class=\"hr-inner-style\"><\/span><\/span><\/div>\n\n<style type=\"text\/css\" data-created_by=\"avia_inline_auto\" id=\"style-css-av-bsbmp4-222b4a394b8517c4ffe0a762a096018a\">\n.flex_column.av-bsbmp4-222b4a394b8517c4ffe0a762a096018a{\nborder-radius:0px 0px 0px 0px;\npadding:0px 0px 0px 0px;\n}\n<\/style>\n<div  class='flex_column av-bsbmp4-222b4a394b8517c4ffe0a762a096018a av_two_third  avia-builder-el-18  el_after_av_hr  el_before_av_one_third  first flex_column_div av-zero-column-padding  '     ><section  class='av_textblock_section av-4f43a0-2d90bb92f721df023c899cf34fa3e253 '  ><div class='avia_textblock' ><p style=\"text-align: center;\"><span style=\"font-size: 14pt;\">Contactez-nous \u00e0 l&rsquo;aide du formulaire ci-dessous<\/span><\/p>\n<\/div><\/section><br \/>\n<section  class='av_textblock_section av-95hx6g-b56535dd8674f0fc86afe825c1dd3351 '  ><div class='avia_textblock' ><div class=\"wpforms-container wpforms-container-full\" id=\"wpforms-27233\"><form id=\"wpforms-form-27233\" class=\"wpforms-validate wpforms-form\" data-formid=\"27233\" method=\"post\" enctype=\"multipart\/form-data\" action=\"\/fr\/wp-json\/wp\/v2\/pages\/30595\" data-token=\"92f3a276a973afe595a662cf10f607f2\" data-token-time=\"1777655955\"><noscript class=\"wpforms-error-noscript\">Veuillez activer JavaScript dans votre navigateur pour remplir ce formulaire.<\/noscript><div class=\"wpforms-field-container\"><div id=\"wpforms-27233-field_5-container\" class=\"wpforms-field wpforms-field-name\" data-field-id=\"5\"><label class=\"wpforms-field-label\">Nom <span class=\"wpforms-required-label\">*<\/span><\/label><div class=\"wpforms-field-row wpforms-field-medium\"><div class=\"wpforms-field-row-block wpforms-first wpforms-one-half\"><input type=\"text\" id=\"wpforms-27233-field_5\" class=\"wpforms-field-name-first wpforms-field-required\" name=\"wpforms[fields][5][first]\" required><label for=\"wpforms-27233-field_5\" class=\"wpforms-field-sublabel after\">First<\/label><\/div><div class=\"wpforms-field-row-block wpforms-one-half\"><input type=\"text\" id=\"wpforms-27233-field_5-last\" class=\"wpforms-field-name-last wpforms-field-required\" name=\"wpforms[fields][5][last]\" required><label for=\"wpforms-27233-field_5-last\" class=\"wpforms-field-sublabel after\">Last<\/label><\/div><\/div><\/div><div id=\"wpforms-27233-field_9-container\" class=\"wpforms-field wpforms-field-layout\" data-field-id=\"9\"><div class=\"wpforms-field-layout-rows wpforms-field-large\"><div class=\"wpforms-layout-row\"><div class=\"wpforms-layout-column wpforms-layout-column-50\"><div id=\"wpforms-27233-field_7-container\" class=\"wpforms-field wpforms-field-email\" data-field-id=\"7\"><label class=\"wpforms-field-label\" for=\"wpforms-27233-field_7\">Courriel <span class=\"wpforms-required-label\">*<\/span><\/label><input type=\"email\" id=\"wpforms-27233-field_7\" class=\"wpforms-field-medium wpforms-field-required\" name=\"wpforms[fields][7]\" spellcheck=\"false\" required><\/div><\/div><div class=\"wpforms-layout-column wpforms-layout-column-50\"><div id=\"wpforms-27233-field_8-container\" class=\"wpforms-field wpforms-field-phone\" data-field-id=\"8\"><label class=\"wpforms-field-label\" for=\"wpforms-27233-field_8\">T\u00e9l\u00e9phone <span class=\"wpforms-required-label\">*<\/span><\/label><input type=\"tel\" id=\"wpforms-27233-field_8\" class=\"wpforms-field-medium wpforms-field-required\" data-rule-int-phone-field=\"true\" name=\"wpforms[fields][8]\" aria-label=\"T\u00e9l\u00e9phone\" required><\/div><\/div><\/div><\/div><\/div><div id=\"wpforms-27233-field_4-container\" class=\"wpforms-field wpforms-field-textarea\" data-field-id=\"4\"><label class=\"wpforms-field-label\" for=\"wpforms-27233-field_4\">Message<\/label><textarea id=\"wpforms-27233-field_4\" class=\"wpforms-field-medium\" name=\"wpforms[fields][4]\" ><\/textarea><\/div><\/div><!-- .wpforms-field-container --><div class=\"wpforms-recaptcha-container wpforms-is-recaptcha wpforms-is-recaptcha-type-v3\" ><input type=\"hidden\" name=\"wpforms[recaptcha]\" value=\"\"><\/div><div class=\"wpforms-submit-container\" ><input type=\"hidden\" name=\"wpforms[id]\" value=\"27233\"><input type=\"hidden\" name=\"page_title\" value=\"\"><input type=\"hidden\" name=\"page_url\" value=\"https:\/\/car4rent.fr\/fr\/wp-json\/wp\/v2\/pages\/30595\"><input type=\"hidden\" name=\"url_referer\" value=\"\"><button type=\"submit\" name=\"wpforms[submit]\" id=\"wpforms-submit-27233\" class=\"wpforms-submit\" data-alt-text=\"Envoi\" data-submit-text=\"Soumettre\" aria-live=\"assertive\" value=\"wpforms-submit\">Soumettre<\/button><\/div><\/form><\/div>  <!-- .wpforms-container -->\n<\/div><\/section><\/p><\/div>\n<style type=\"text\/css\" data-created_by=\"avia_inline_auto\" id=\"style-css-av-78shyw-c6dfaf4a53c04d3e4532ec448d202e41\">\n.flex_column.av-78shyw-c6dfaf4a53c04d3e4532ec448d202e41{\nborder-radius:0px 0px 0px 0px;\npadding:0px 0px 0px 0px;\n}\n<\/style>\n<div  class='flex_column av-78shyw-c6dfaf4a53c04d3e4532ec448d202e41 av_one_third  avia-builder-el-21  el_after_av_two_third  avia-builder-el-last  flex_column_div av-zero-column-padding  '     ><section  class='av_textblock_section av-lpdzs6dp-be91476ee20b2b6f6a551d9155826d28 '  ><div class='avia_textblock' ><p style=\"text-align: center;\"><span style=\"font-size: 14pt;\">Nous contacter par t\u00e9l\u00e9phone<\/span><\/p>\n<\/div><\/section><br \/>\n<section  class='av_textblock_section av-av_textblock-564067357eb74c20cdd60b282c9b50bd '  ><div class='avia_textblock' ><p>Agence de Cannes (09H-12H00 et 15H00-19H00)<br \/>\n10, rue Hibert &#8211; 06400 Cannes<br \/>\nT\u00e9l\u00e9phone : <a href=\"tel:0033788278586\">+33(0)7 88 27 85 86<\/a><br \/>\nMail : <a href=\"mailto:info@car4rent.fr\">info@car4rent.fr<\/a><\/p>\n<\/div><\/section><\/p><\/div>\n<\/p>\n<\/div><\/div><\/div><!-- close content main div --><\/div><\/div><div id='av_section_4'  class='avia-section av-17chfzx-6c4c2696fb92e962021f174ffc6545f3 main_color avia-section-default avia-no-border-styling  avia-builder-el-24  el_after_av_section  avia-builder-el-last  avia-bg-style-scroll container_wrap fullsize'  ><div class='container av-section-cont-open' ><div class='template-page content  av-content-full alpha units'><div class='post-entry post-entry-type-page post-entry-30595'><div class='entry-content-wrapper clearfix'>\n<div  class='avia-builder-widget-area clearfix  avia-builder-el-25  avia-builder-el-no-sibling '><div id=\"text-9\" class=\"widget clearfix widget_text\">\t\t\t<div class=\"textwidget\"><p style=\"text-align: center;\">    <div class=\"car4rent-share-block car4rent-fr\">\n        <a href=\"https:\/\/www.facebook.com\/sharer\/sharer.php?u=\" target=\"_blank\" rel=\"noopener\"><i class=\"fa-brands fa-facebook\"><\/i> Partager<\/a>\n        <a href=\"https:\/\/x.com\/intent\/tweet?url=&amp;text=\" target=\"_blank\" rel=\"noopener\"><i class=\"fa-brands fa-x-twitter\"><\/i> X<\/a>\n        <a href=\"https:\/\/wa.me\/?text=%20\" target=\"_blank\" rel=\"noopener\"><i class=\"fa-brands fa-whatsapp\"><\/i> WhatsApp<\/a>\n        <a href=\"https:\/\/www.instagram.com\/car4rent_cannes\/\" target=\"_blank\" rel=\"noopener\"><i class=\"fa-brands fa-instagram\"><\/i> Instagram<\/a>\n        <a href=\"https:\/\/www.linkedin.com\/company\/car4rent\/about\/\" target=\"_blank\" rel=\"noopener\"><i class=\"fa-brands fa-linkedin\"><\/i> LinkedIn<\/a>\n        <a href=\"https:\/\/www.youtube.com\/@car4rentcannes839\" target=\"_blank\" rel=\"noopener\"><i class=\"fa-brands fa-youtube\"><\/i> YouTube<\/a>\n    <\/div>\n    <\/p>\n<\/div>\n\t\t<\/div><\/div>\n\n","protected":false},"excerpt":{"rendered":"","protected":false},"author":3,"featured_media":29519,"parent":0,"menu_order":1645,"comment_status":"closed","ping_status":"closed","template":"","meta":{"_acf_changed":false,"footnotes":""},"class_list":["post-30595","page","type-page","status-publish","has-post-thumbnail","hentry"],"acf":[],"_links":{"self":[{"href":"https:\/\/car4rent.fr\/fr\/wp-json\/wp\/v2\/pages\/30595","targetHints":{"allow":["GET"]}}],"collection":[{"href":"https:\/\/car4rent.fr\/fr\/wp-json\/wp\/v2\/pages"}],"about":[{"href":"https:\/\/car4rent.fr\/fr\/wp-json\/wp\/v2\/types\/page"}],"author":[{"embeddable":true,"href":"https:\/\/car4rent.fr\/fr\/wp-json\/wp\/v2\/users\/3"}],"replies":[{"embeddable":true,"href":"https:\/\/car4rent.fr\/fr\/wp-json\/wp\/v2\/comments?post=30595"}],"version-history":[{"count":0,"href":"https:\/\/car4rent.fr\/fr\/wp-json\/wp\/v2\/pages\/30595\/revisions"}],"wp:featuredmedia":[{"embeddable":true,"href":"https:\/\/car4rent.fr\/fr\/wp-json\/wp\/v2\/media\/29519"}],"wp:attachment":[{"href":"https:\/\/car4rent.fr\/fr\/wp-json\/wp\/v2\/media?parent=30595"}],"curies":[{"name":"wp","href":"https:\/\/api.w.org\/{rel}","templated":true}]}}