{"id":30494,"date":"2023-11-10T16:56:12","date_gmt":"2023-11-10T15:56:12","guid":{"rendered":"https:\/\/car4rent.fr\/louer-une-voiture-de-luxe-beaulieur-sur-mer\/"},"modified":"2024-01-03T22:59:28","modified_gmt":"2024-01-03T21:59:28","slug":"location-de-voiture-de-luxe-a-beaulieu-sur-mer","status":"publish","type":"page","link":"https:\/\/car4rent.fr\/fr\/location-de-voiture-de-luxe-a-beaulieu-sur-mer\/","title":{"rendered":"Location de voiture de luxe \u00e0 Beaulieu-Sur-Mer"},"content":{"rendered":"\n<style type=\"text\/css\" data-created_by=\"avia_inline_auto\" id=\"style-css-av-k9iq87co-09f896b3fbbae394b02781f1ae366ceb\">\n.avia-section.av-k9iq87co-09f896b3fbbae394b02781f1ae366ceb{\nbackground-repeat:no-repeat;\nbackground-image:url(https:\/\/car4rent.fr\/wp-content\/uploads\/rent-luxury-car-Beaulieu-Sur-Mer-Car4rent.jpg);\nbackground-position:50% 100%;\nbackground-attachment:scroll;\n}\n<\/style>\n<div id='header-section'  class='avia-section av-k9iq87co-09f896b3fbbae394b02781f1ae366ceb main_color avia-section-huge avia-no-border-styling  avia-builder-el-0  el_before_av_section  avia-builder-el-first  avia-full-stretch avia-bg-style-scroll av-minimum-height av-minimum-height-custom av-height-custom  container_wrap fullsize'  data-section-bg-repeat='stretch' data-av_minimum_height_px='700'><div class='container av-section-cont-open' style='height:700px'><main  class='template-page content  av-content-full alpha units'><div class='post-entry post-entry-type-page post-entry-30494'><div class='entry-content-wrapper clearfix'>\n<div  class='flex_column av-av_one_full-7420270dda896a7728e3c90b94d24f81 av_one_full  avia-builder-el-1  avia-builder-el-no-sibling  first flex_column_div  '     ><style type=\"text\/css\" data-created_by=\"avia_inline_auto\" id=\"style-css-av-lm5c6qt1-c7cd6926c620573e20eccfbfc864e19a\">\n#top .av-special-heading.av-lm5c6qt1-c7cd6926c620573e20eccfbfc864e19a{\npadding-bottom:10px;\n}\nbody .av-special-heading.av-lm5c6qt1-c7cd6926c620573e20eccfbfc864e19a .av-special-heading-tag .heading-char{\nfont-size:25px;\n}\n.av-special-heading.av-lm5c6qt1-c7cd6926c620573e20eccfbfc864e19a .av-subheading{\nfont-size:15px;\n}\n<\/style>\n<div  class='av-special-heading av-lm5c6qt1-c7cd6926c620573e20eccfbfc864e19a av-special-heading-h3  avia-builder-el-2  avia-builder-el-no-sibling '><h3 class='av-special-heading-tag '  >Location de voiture de luxe \u00e0 Beaulieu-Sur-Mer<\/h3><div class=\"special-heading-border\"><div class=\"special-heading-inner-border\"><\/div><\/div><\/div><\/div><\/div><\/div><\/main><!-- close content main element --><\/div><\/div><div id='av_section_2'  class='avia-section av-av_section-1fd9857e04421f8a1b324f4dd17348a0 main_color avia-section-small avia-no-border-styling  avia-builder-el-3  el_after_av_section  el_before_av_one_full  avia-bg-style-scroll container_wrap fullsize'  ><div class='container av-section-cont-open' ><div class='template-page content  av-content-full alpha units'><div class='post-entry post-entry-type-page post-entry-30494'><div class='entry-content-wrapper clearfix'>\n<div  class='avia-logo-element-container av-av_partner-a9f1cd784ab651baed548dea6a770268 avia-logo-slider avia-content-slider avia-smallarrow-slider avia-content-slider-active noHover avia-content-slider-even  avia-builder-el-4  avia-builder-el-no-sibling  av-slideshow-ui av-control-default av-nav-arrows-visible av-nav-dots-visible av-hide-nav-arrows av-slideshow-manual av-loop-once av-loop-manual-endless avia-content-slider1' data-slideshow-options=\"{&quot;animation&quot;:&quot;slide&quot;,&quot;autoplay&quot;:false,&quot;loop_autoplay&quot;:&quot;once&quot;,&quot;interval&quot;:5,&quot;loop_manual&quot;:&quot;manual-endless&quot;,&quot;autoplay_stopper&quot;:false,&quot;noNavigation&quot;:false,&quot;bg_slider&quot;:false,&quot;keep_padding&quot;:&quot;&quot;,&quot;hoverpause&quot;:false,&quot;show_slide_delay&quot;:0}\"><div class='avia-smallarrow-slider-heading  no-logo-slider-heading '><div class='new-special-heading'>&nbsp;<\/div><\/div><div class=\"avia-content-slider-inner\"><div class=\"slide-entry-wrap\"><div data-avia-tooltip=\"Bienvenue chez Car4rent La location de voiture de luxe - Audi\" class='slide-entry av-av_partner_logo-c9b25ae07b4c323a9ed8ea41bcf4c62a flex_column no_margin av_one_eighth real-thumbnail post-entry slide-entry-overview slide-loop-1 slide-parity-odd  first'><a href=\"https:\/\/car4rent.fr\/fr\/louer-une-audi\/\" data-rel='slide-1' class='slide-image' title='' ><img width=\"100\" height=\"100\" src=\"https:\/\/car4rent.fr\/wp-content\/uploads\/Car4rent Audi Logo-100x100.png\" class=\"wp-image-33855 avia-img-lazy-loading-33855 attachment-woocommerce_gallery_thumbnail size-woocommerce_gallery_thumbnail\" alt=\"Car4rent audi logo 100x100\" srcset=\"https:\/\/car4rent.fr\/wp-content\/uploads\/\/Car4rent%20Audi%20Logo-100x100.png 100w, https:\/\/car4rent.fr\/wp-content\/uploads\/\/Car4rent%20Audi%20Logo-80x80.png 80w, https:\/\/car4rent.fr\/wp-content\/uploads\/\/Car4rent%20Audi%20Logo-36x36.png 36w, https:\/\/car4rent.fr\/wp-content\/uploads\/\/Car4rent%20Audi%20Logo-180x180.png 180w, https:\/\/car4rent.fr\/wp-content\/uploads\/\/Car4rent%20Audi%20Logo-120x120.png 120w, https:\/\/car4rent.fr\/wp-content\/uploads\/\/Car4rent%20Audi%20Logo-450x450.png 450w\" sizes=\"auto, (max-width: 100px) 100vw, 100px\" loading=\"lazy\" decoding=\"async\" title=\"Car4Rent Cannes\"><\/a><\/div><div data-avia-tooltip=\"Bienvenue chez Car4rent La location de voiture de luxe - Bentley\" class='slide-entry av-av_partner_logo-a07e4c81e326b7ed7b939c144e32256b flex_column no_margin av_one_eighth real-thumbnail post-entry slide-entry-overview slide-loop-2 slide-parity-even  '><a href=\"\/louer-une-bentley\/ \" data-rel='slide-1' class='slide-image' title='' ><img width=\"100\" height=\"100\" src=\"https:\/\/car4rent.fr\/wp-content\/uploads\/car4rent bentley  logo 1-100x100.png\" class=\"wp-image-33662 avia-img-lazy-loading-33662 attachment-woocommerce_gallery_thumbnail size-woocommerce_gallery_thumbnail\" alt=\"Bentley Motors luxury car logo with wings on green background.\" srcset=\"https:\/\/car4rent.fr\/wp-content\/uploads\/\/car4rent%20bentley%20%20logo%201-100x100.png 100w, https:\/\/car4rent.fr\/wp-content\/uploads\/\/car4rent%20bentley%20%20logo%201-300x300.png 300w, https:\/\/car4rent.fr\/wp-content\/uploads\/\/car4rent%20bentley%20%20logo%201-1030x1030.png 1030w, https:\/\/car4rent.fr\/wp-content\/uploads\/\/car4rent%20bentley%20%20logo%201-80x80.png 80w, https:\/\/car4rent.fr\/wp-content\/uploads\/\/car4rent%20bentley%20%20logo%201-768x768.png 768w, https:\/\/car4rent.fr\/wp-content\/uploads\/\/car4rent%20bentley%20%20logo%201-36x36.png 36w, https:\/\/car4rent.fr\/wp-content\/uploads\/\/car4rent%20bentley%20%20logo%201-180x180.png 180w, https:\/\/car4rent.fr\/wp-content\/uploads\/\/car4rent%20bentley%20%20logo%201-705x705.png 705w, https:\/\/car4rent.fr\/wp-content\/uploads\/\/car4rent%20bentley%20%20logo%201-120x120.png 120w, https:\/\/car4rent.fr\/wp-content\/uploads\/\/car4rent%20bentley%20%20logo%201-450x450.png 450w, https:\/\/car4rent.fr\/wp-content\/uploads\/\/car4rent%20bentley%20%20logo%201.png 1280w\" sizes=\"auto, (max-width: 100px) 100vw, 100px\" loading=\"lazy\" decoding=\"async\" title=\"Car4Rent Cannes\"><\/a><\/div><div data-avia-tooltip=\"Bienvenue chez Car4rent La location de voiture de luxe - Ferrari\" class='slide-entry av-av_partner_logo-f552d7b740521a5d90c71994cfc7c914 flex_column no_margin av_one_eighth real-thumbnail post-entry slide-entry-overview slide-loop-3 slide-parity-odd  '><a href=\"\/fr\/louer-une-ferrari\/\" data-rel='slide-1' class='slide-image' title='' ><img width=\"100\" height=\"100\" src=\"https:\/\/car4rent.fr\/wp-content\/uploads\/car4rent-ferrari-100x100.jpg\" class=\"wp-image-29292 avia-img-lazy-loading-29292 attachment-woocommerce_gallery_thumbnail size-woocommerce_gallery_thumbnail\" alt=\"Car4rent ferrari 100x100\" srcset=\"https:\/\/car4rent.fr\/wp-content\/uploads\/car4rent-ferrari-100x100.jpg 100w, https:\/\/car4rent.fr\/wp-content\/uploads\/car4rent-ferrari-450x450.jpg 450w, https:\/\/car4rent.fr\/wp-content\/uploads\/car4rent-ferrari-80x80.jpg 80w, https:\/\/car4rent.fr\/wp-content\/uploads\/car4rent-ferrari-36x36.jpg 36w, https:\/\/car4rent.fr\/wp-content\/uploads\/car4rent-ferrari-180x180.jpg 180w\" sizes=\"auto, (max-width: 100px) 100vw, 100px\" loading=\"lazy\" decoding=\"async\" title=\"Car4Rent Cannes\"><\/a><\/div><div data-avia-tooltip=\"Bienvenue chez Car4rent La location de voiture de luxe - Lamborghini\" class='slide-entry av-av_partner_logo-62e376c60f79cd35a432076670b906bf flex_column no_margin av_one_eighth real-thumbnail post-entry slide-entry-overview slide-loop-4 slide-parity-even  '><a href=\"\/fr\/louer-une-lamborghini\/\" data-rel='slide-1' class='slide-image' title='' ><img width=\"100\" height=\"100\" src=\"https:\/\/car4rent.fr\/wp-content\/uploads\/3d___lamborghini_logo_by_llexandro-d9kncg1-100x100.png\" class=\"wp-image-29279 avia-img-lazy-loading-29279 attachment-woocommerce_gallery_thumbnail size-woocommerce_gallery_thumbnail\" alt=\"3d lamborghini logo by llexandro d9kncg1 100x100\" srcset=\"https:\/\/car4rent.fr\/wp-content\/uploads\/\/3d___lamborghini_logo_by_llexandro-d9kncg1-100x100.png 100w, https:\/\/car4rent.fr\/wp-content\/uploads\/\/3d___lamborghini_logo_by_llexandro-d9kncg1-450x450.png 450w, https:\/\/car4rent.fr\/wp-content\/uploads\/\/3d___lamborghini_logo_by_llexandro-d9kncg1-80x80.png 80w, https:\/\/car4rent.fr\/wp-content\/uploads\/\/3d___lamborghini_logo_by_llexandro-d9kncg1-300x300.png 300w, https:\/\/car4rent.fr\/wp-content\/uploads\/\/3d___lamborghini_logo_by_llexandro-d9kncg1-768x768.png 768w, https:\/\/car4rent.fr\/wp-content\/uploads\/\/3d___lamborghini_logo_by_llexandro-d9kncg1-192x192.png 192w, https:\/\/car4rent.fr\/wp-content\/uploads\/\/3d___lamborghini_logo_by_llexandro-d9kncg1-36x36.png 36w, https:\/\/car4rent.fr\/wp-content\/uploads\/\/3d___lamborghini_logo_by_llexandro-d9kncg1-180x180.png 180w, https:\/\/car4rent.fr\/wp-content\/uploads\/\/3d___lamborghini_logo_by_llexandro-d9kncg1-705x705.png 705w, https:\/\/car4rent.fr\/wp-content\/uploads\/\/3d___lamborghini_logo_by_llexandro-d9kncg1.png 894w\" sizes=\"auto, (max-width: 100px) 100vw, 100px\" loading=\"lazy\" decoding=\"async\" title=\"Car4Rent Cannes\"><\/a><\/div><div data-avia-tooltip=\"Bienvenue chez Car4rent La location de voiture de luxe - Mercedes\" class='slide-entry av-av_partner_logo-415cc0764ed6cc979d887b472a6e03cb flex_column no_margin av_one_eighth real-thumbnail post-entry slide-entry-overview slide-loop-5 slide-parity-odd  '><a href=\"\/fr\/louer-une-mercedes\/\" data-rel='slide-1' class='slide-image' title='' ><img width=\"100\" height=\"100\" src=\"https:\/\/car4rent.fr\/wp-content\/uploads\/car4rent-mercedes-100x100.jpg\" class=\"wp-image-29287 avia-img-lazy-loading-29287 attachment-woocommerce_gallery_thumbnail size-woocommerce_gallery_thumbnail\" alt=\"Car4rent mercedes 100x100\" srcset=\"https:\/\/car4rent.fr\/wp-content\/uploads\/car4rent-mercedes-100x100.jpg 100w, https:\/\/car4rent.fr\/wp-content\/uploads\/car4rent-mercedes-80x80.jpg 80w, https:\/\/car4rent.fr\/wp-content\/uploads\/car4rent-mercedes-300x300.jpg 300w, https:\/\/car4rent.fr\/wp-content\/uploads\/car4rent-mercedes-192x192.jpg 192w, https:\/\/car4rent.fr\/wp-content\/uploads\/car4rent-mercedes-36x36.jpg 36w, https:\/\/car4rent.fr\/wp-content\/uploads\/car4rent-mercedes-180x180.jpg 180w, https:\/\/car4rent.fr\/wp-content\/uploads\/car4rent-mercedes.jpg 400w\" sizes=\"auto, (max-width: 100px) 100vw, 100px\" loading=\"lazy\" decoding=\"async\" title=\"Car4Rent Cannes\"><\/a><\/div><div data-avia-tooltip=\"Bienvenue chez Car4rent La location de voiture de luxe - Land Rover\" class='slide-entry av-av_partner_logo-4ec35381be7325f8eefe3449b0f089f1 flex_column no_margin av_one_eighth real-thumbnail post-entry slide-entry-overview slide-loop-6 slide-parity-even  '><a href=\"\/fr\/louer-un-land-rover\/\" data-rel='slide-1' class='slide-image' title='' ><img width=\"100\" height=\"100\" src=\"https:\/\/car4rent.fr\/wp-content\/uploads\/car4rent-Range-Rover-100x100.png\" class=\"wp-image-29290 avia-img-lazy-loading-29290 attachment-woocommerce_gallery_thumbnail size-woocommerce_gallery_thumbnail\" alt=\"Car4rent range rover 100x100\" srcset=\"https:\/\/car4rent.fr\/wp-content\/uploads\/\/car4rent-Range-Rover-100x100.png 100w, https:\/\/car4rent.fr\/wp-content\/uploads\/\/car4rent-Range-Rover-450x450.png 450w, https:\/\/car4rent.fr\/wp-content\/uploads\/\/car4rent-Range-Rover-80x80.png 80w, https:\/\/car4rent.fr\/wp-content\/uploads\/\/car4rent-Range-Rover-36x36.png 36w, https:\/\/car4rent.fr\/wp-content\/uploads\/\/car4rent-Range-Rover-180x180.png 180w\" sizes=\"auto, (max-width: 100px) 100vw, 100px\" loading=\"lazy\" decoding=\"async\" title=\"Car4Rent Cannes\"><\/a><\/div><div data-avia-tooltip=\"Bienvenue chez Car4rent La location de voiture de luxe - Rolls Royce\" class='slide-entry av-av_partner_logo-3d971b047912b77832425605c36cb0af flex_column no_margin av_one_eighth real-thumbnail post-entry slide-entry-overview slide-loop-7 slide-parity-odd  '><a href=\"\/fr\/louer-une-rolls-royce\/\" data-rel='slide-1' class='slide-image' title='' ><img width=\"100\" height=\"100\" src=\"https:\/\/car4rent.fr\/wp-content\/uploads\/car4rent-Rolls-Royce-Logo-100x100.png\" class=\"wp-image-29297 avia-img-lazy-loading-29297 attachment-woocommerce_gallery_thumbnail size-woocommerce_gallery_thumbnail\" alt=\"Car4rent rolls royce logo 100x100\" srcset=\"https:\/\/car4rent.fr\/wp-content\/uploads\/\/car4rent-Rolls-Royce-Logo-100x100.png 100w, https:\/\/car4rent.fr\/wp-content\/uploads\/\/car4rent-Rolls-Royce-Logo-450x450.png 450w, https:\/\/car4rent.fr\/wp-content\/uploads\/\/car4rent-Rolls-Royce-Logo-80x80.png 80w, https:\/\/car4rent.fr\/wp-content\/uploads\/\/car4rent-Rolls-Royce-Logo-300x300.png 300w, https:\/\/car4rent.fr\/wp-content\/uploads\/\/car4rent-Rolls-Royce-Logo-192x192.png 192w, https:\/\/car4rent.fr\/wp-content\/uploads\/\/car4rent-Rolls-Royce-Logo-36x36.png 36w, https:\/\/car4rent.fr\/wp-content\/uploads\/\/car4rent-Rolls-Royce-Logo-180x180.png 180w, https:\/\/car4rent.fr\/wp-content\/uploads\/\/car4rent-Rolls-Royce-Logo.png 500w\" sizes=\"auto, (max-width: 100px) 100vw, 100px\" loading=\"lazy\" decoding=\"async\" title=\"Car4Rent Cannes\"><\/a><\/div><div data-avia-tooltip=\"Bienvenue chez Car4rent La location de voiture de luxe - Porsche\" class='slide-entry av-av_partner_logo-552ed60c487fd9262a8c6475939e47eb flex_column no_margin av_one_eighth real-thumbnail post-entry slide-entry-overview slide-loop-8 slide-parity-even post-entry-last '><a href=\"\/fr\/louer-une-porsche\/\" data-rel='slide-1' class='slide-image' title='' ><img width=\"100\" height=\"100\" src=\"https:\/\/car4rent.fr\/wp-content\/uploads\/car4rent-porsche-100x100.png\" class=\"wp-image-29284 avia-img-lazy-loading-29284 attachment-woocommerce_gallery_thumbnail size-woocommerce_gallery_thumbnail\" alt=\"Car4rent porsche 100x100\" srcset=\"https:\/\/car4rent.fr\/wp-content\/uploads\/\/car4rent-porsche-100x100.png 100w, https:\/\/car4rent.fr\/wp-content\/uploads\/\/car4rent-porsche-450x450.png 450w, https:\/\/car4rent.fr\/wp-content\/uploads\/\/car4rent-porsche-80x80.png 80w, https:\/\/car4rent.fr\/wp-content\/uploads\/\/car4rent-porsche-36x36.png 36w, https:\/\/car4rent.fr\/wp-content\/uploads\/\/car4rent-porsche-180x180.png 180w\" sizes=\"auto, (max-width: 100px) 100vw, 100px\" loading=\"lazy\" decoding=\"async\" title=\"Car4Rent Cannes\"><\/a><\/div><\/div><\/div><\/div>\n<\/div><\/div><\/div><!-- close content main div --><\/div><\/div><div id='after_section_2'  class='main_color av_default_container_wrap container_wrap fullsize'  ><div class='container av-section-cont-open' ><div class='template-page content  av-content-full alpha units'><div class='post-entry post-entry-type-page post-entry-30494'><div class='entry-content-wrapper clearfix'><\/p>\n\n<style type=\"text\/css\" data-created_by=\"avia_inline_auto\" id=\"style-css-av-k9of881m-8b75821c00ec2c33f438de9a772a6e49\">\n.flex_column.av-k9of881m-8b75821c00ec2c33f438de9a772a6e49{\nborder-radius:0px 0px 0px 0px;\npadding:0px 0px 0px 0px;\nbackground-color:#ffffff;\n}\n<\/style>\n<div  class='flex_column av-k9of881m-8b75821c00ec2c33f438de9a772a6e49 av_one_full  avia-builder-el-5  el_after_av_section  el_before_av_hr  avia-builder-el-first  first flex_column_div av-zero-column-padding  '     ><section  class='av_textblock_section av-k9iq5tou-fd78dca57654a395cb569156408b77a5 '  ><div class='avia_textblock' ><h1><strong>Location de voiture de luxe \u00e0 Beaulieu-Sur-Mer<\/strong><\/h1>\n<p><strong>La location de voiture de luxe \u00e0 Beaulieu-Sur-Mer<\/strong> au meilleur prix avec Car4rent, c\u2019est donner une touche de luxe \u00e0 votre s\u00e9jour sur la <a href=\"https:\/\/generationvoyage.fr\/visiter-cote-azur-faire-voir\" target=\"_blank\" rel=\"noopener\"><strong>C\u00f4te d\u2019Azur<\/strong><\/a>.<\/p>\n<p><strong>La location de voiture de luxe \u00e0 Beaulieu-Sur-Mer <\/strong>vous permet de partir \u00e0 la d\u00e9couverte de cette magnifique r\u00e9gion au volant d&rsquo;un v\u00e9hicule d&rsquo;exception. Offrez-vous une exp\u00e9rience inoubliable \u00e0 bord de l&rsquo;un de nos v\u00e9hicules de luxe.<\/p>\n<p>Chez Car4rent, la satisfaction de nos clients est notre priorit\u00e9. Nous sommes \u00e0 m\u00eame de vous proposer \u00e0 <a href=\"https:\/\/generationvoyage.fr\/visiter-beaulieu-sur-mer-faire-voir\/\" target=\"_blank\" rel=\"noopener\"><strong>Beaulieu-Sur-Mer<\/strong><\/a> les plus belles voitures de march\u00e9.<\/p>\n<p>Nous sommes sp\u00e9cialis\u00e9s dans la <strong>location de voitures de luxe<\/strong> et la <strong>location de voitures de sport<\/strong> sur la C\u00f4te d&rsquo;Azur, et dans les principales villes de France.<\/p>\n<p>Chez Car4rent, vous pourrez louer les marques les plus prestigieuses comme <a href=\"https:\/\/car4rent.fr\/fr\/louer-une-ferrari\/\"><strong>Ferrari<\/strong><\/a>,\n            <a href=\"https:\/\/car4rent.fr\/fr\/louer-une-lamborghini\/\"><strong>Lamborghini<\/strong><\/a>,\n            <a href=\"https:\/\/car4rent.fr\/fr\/louer-une-porsche\/\"><strong>Porsche<\/strong><\/a>,\n            <a href=\"https:\/\/car4rent.fr\/fr\/louer-un-land-rover\/\"><strong>Land Rover<\/strong><\/a>,\n            <a href=\"https:\/\/car4rent.fr\/fr\/louer-une-mercedes\/\"><strong>Mercedes AMG<\/strong><\/a>,\n            <a href=\"https:\/\/car4rent.fr\/fr\/louer-une-bentley\/\"><strong>Bentley<\/strong><\/a>,\n            <a href=\"https:\/\/car4rent.fr\/fr\/louer-une-rolls-royce\/\"><strong>Rolls-Royce<\/strong><\/a>, et\n            <a href=\"https:\/\/car4rent.fr\/fr\/louer-une-audi\/\"><strong>Audi<\/strong><\/a>. Nous pouvons aussi vous organiser vos s\u00e9jours et week-ends en France.<\/p>\n<h2><strong>Louer une voiture de luxe \u00e0 Beaulieu-Sur-Mer, \u00e0 la d\u00e9couverte de la C\u00f4te d&rsquo;Azur<\/strong><\/h2>\n<p>Situ\u00e9e entre <a href=\"https:\/\/www.visitmonaco.com\/fr\" target=\"_blank\" rel=\"noopener\"><strong>Monaco<\/strong><\/a> et <a href=\"https:\/\/www.nice.fr\/fr\/patrimoine-et-culture\/promenade-dans-le-vieux-nice\" target=\"_blank\" rel=\"noopener\"><strong>Nice<\/strong><\/a>, la station baln\u00e9aire vous accueille pour passer un moment agr\u00e9able et de d\u00e9couverte. En effet, la ville est n\u00e9e \u00e0 l\u2019apog\u00e9e de la civilisation grecque et son architecture est encore marqu\u00e9e par cette \u00e9poque. Il suffit de voir la Villa Kerylos, perch\u00e9e sur le haut du village. Proche de <a href=\"https:\/\/www.saintjeancapferrat-tourisme.fr\/a-voir-a-faire\/\" target=\"_blank\" rel=\"noopener\"><strong>Saint Jean Cap Ferrat<\/strong><\/a>, la station offre de nombreux panoramas magnifiques sur les falaises rocheuses avoisinantes.<\/p>\n<h3><strong>La location de voiture de luxe \u00e0 Beaulieu-Sur-Mer<\/strong><\/h3>\n<p>La location de voiture de luxe \u00e0 Beaulieu-Sur-Mer vous permettra de partir \u00e0 la d\u00e9couverte des plus belles plages qui s\u2019\u00e9tendent le long de la Mer M\u00e9diterran\u00e9e. Elle accueille \u00e9galement des h\u00f4tes riches et c\u00e9l\u00e8bres qui poss\u00e8dent, ou louent les plus belles villas de la r\u00e9gion, mais \u00e9galement les plus gros bateaux.<\/p>\n<p>A peine \u00e0 dix minutes de Monaco, le port vous offrira de nombreuses terrasses et restaurants o\u00f9 il fait bon de se reposer \u00e0 l\u2019ombre du soleil. Beaulieu-Sur-Mer est la destination id\u00e9ale pour vos prochaines vacances et le point de d\u00e9part id\u00e9al pour profiter de la location d\u2019une voiture de luxe.<\/p>\n<p><strong>Louez une voiture de luxe \u00e0 Beaulieu-Sur-Mer et offrez-vous un voyage dans le luxe<\/strong><\/p>\n<p>Une \u00e9quipe d\u00e9vou\u00e9e est \u00e0 votre \u00e9coute pour vous informer et de besoin vous consiller sur les meilleures excursions \u00e0 faire dans la r\u00e9gion.<\/p>\n<p>Louer une voiture de luxe \u00e0 Beaulieu-Sur-Mer avec Car4rent, c\u2019est opter pour passer des vacances sans souci.<\/p>\n<p>Louer une voiture de luxe \u00e0 Beaulieu-Sur-Mer avec Car4rent, c\u2019est un grand choix des plus belles voitures de luxe et de sport \u00e0 la location,<\/p>\n<p>Louer une voiture de luxe \u00e0 Beaulieu-Sur-Mer avec Car4rent, c\u2019est \u00eatre s\u00fbr d\u2019obtenir le meilleur prix.<\/p>\n<p>N\u2019h\u00e9sitez pas \u00e0 prendre <a href=\"https:\/\/car4rent.fr\/fr\/contact\/\"><strong>contact<\/strong> <\/a>avec nous.<\/p>\n<\/div><\/section><\/div>\n<div  class='hr av-r408yh-5fc29ed8e5abe90cc5953910efd3a584 hr-default  avia-builder-el-7  el_after_av_one_full  el_before_av_one_fourth '><span class='hr-inner '><span class=\"hr-inner-style\"><\/span><\/span><\/div>\n\n<style type=\"text\/css\" data-created_by=\"avia_inline_auto\" id=\"style-css-av-9j4h5a1-6e828a1197b9444f95d3c7ec7fb82938\">\n.flex_column.av-9j4h5a1-6e828a1197b9444f95d3c7ec7fb82938{\nborder-radius:0px 0px 0px 0px;\npadding:0px 0px 0px 0px;\n}\n<\/style>\n<div  class='flex_column av-9j4h5a1-6e828a1197b9444f95d3c7ec7fb82938 av_one_fourth  avia-builder-el-8  el_after_av_hr  el_before_av_one_fourth  first flex_column_div av-zero-column-padding  '     ><section  class='av_textblock_section av-8wzml89-2b80783706aabf533d7977da87f21ef0 '  ><div class='avia_textblock' ><p>Location de voiture de luxe \u00e0 Beaulieu-Sur-Mer.<\/p>\n<p>Nous proposons \u00e0 la location des voitures de luxe et de sport, mais \u00e9galement une large gamme de SUV et de cabriolets. D\u00e9couvrez nos voitures de r\u00eave.<\/p>\n<p>Prix \u00e0 partir de 260\u20ac \/ jour.<\/p>\n<\/div><\/section><\/div>\n\n<style type=\"text\/css\" data-created_by=\"avia_inline_auto\" id=\"style-css-av-8cxm7x5-0dfd1be948133d5958731c1141e89316\">\n.flex_column.av-8cxm7x5-0dfd1be948133d5958731c1141e89316{\nborder-radius:0px 0px 0px 0px;\npadding:0px 0px 0px 0px;\n}\n<\/style>\n<div  class='flex_column av-8cxm7x5-0dfd1be948133d5958731c1141e89316 av_one_fourth  avia-builder-el-10  el_after_av_one_fourth  el_before_av_one_fourth  flex_column_div av-zero-column-padding  '     ><section  class='av_textblock_section av-sl1yyh-58401a45bbfca01485bb12f5ae7e0e5f '  ><div class='avia_textblock' ><p>Agences \u00e0 l\u2019a\u00e9roport de Nice, Cannes, Monaco et Saint-Tropez<\/p>\n<p>Nous proposons \u00e0 la location des voitures de sport et de luxe, mais \u00e9galement une large gamme de SUV et de cabriolets. D\u00e9couvrez nos voitures de r\u00eave.<\/p>\n<\/div><\/section><\/div>\n\n<style type=\"text\/css\" data-created_by=\"avia_inline_auto\" id=\"style-css-av-7t2xhcp-04a64ffc63980df57546af05384a54fd\">\n.flex_column.av-7t2xhcp-04a64ffc63980df57546af05384a54fd{\nborder-radius:0px 0px 0px 0px;\npadding:0px 0px 0px 0px;\n}\n<\/style>\n<div  class='flex_column av-7t2xhcp-04a64ffc63980df57546af05384a54fd av_one_fourth  avia-builder-el-12  el_after_av_one_fourth  el_before_av_one_fourth  flex_column_div av-zero-column-padding  '     ><section  class='av_textblock_section av-77ozpuh-8dd1b37f5ec2cac52732881fc5014607 '  ><div class='avia_textblock' ><p>Test Drive &#8211; Faites de votre r\u00eave une r\u00e9alit\u00e9<\/p>\n<p>Offrez-vous une exp\u00e9rience de conduite unique au volant d&rsquo;une supercar. Prenez le volant d&rsquo;une Lamborghini, d&rsquo;une Ferrari ou d&rsquo;une Porsche sans vous ruiner. Pour des raisons de s\u00e9curit\u00e9, vous roulerez accompagn\u00e9. \u00c0 partir de 195\u20ac pp.<\/p>\n<h2><i>\u00a0<\/i><\/h2>\n<\/div><\/section><\/div>\n\n<style type=\"text\/css\" data-created_by=\"avia_inline_auto\" id=\"style-css-av-6mik0k9-58ba2370392ede1c671764d02dbf6948\">\n.flex_column.av-6mik0k9-58ba2370392ede1c671764d02dbf6948{\nborder-radius:0px 0px 0px 0px;\npadding:0px 0px 0px 0px;\n}\n<\/style>\n<div  class='flex_column av-6mik0k9-58ba2370392ede1c671764d02dbf6948 av_one_fourth  avia-builder-el-14  el_after_av_one_fourth  el_before_av_section  avia-builder-el-last  flex_column_div av-zero-column-padding  '     ><section  class='av_textblock_section av-64i2ogp-66548aea0352cdde9b58db15362b0175 '  ><div class='avia_textblock' ><p>Une \u00e9quipe d\u00e9vou\u00e9e et attentive se tient \u00e0 votre disposition pour vous fournir toute information ou r\u00e9pondre \u00e0 vos demandes. Votre voiture peut \u00eatre livr\u00e9e sur demande direment \u00e0 votre arriv\u00e9e \u00e0 l&rsquo;a\u00e9roport de Nice, sur votre lieu de vill\u00e9giature, \u00e0 votre hotel ou n&rsquo;importe o\u00f9 en France \u00e0 la destination de votre choix.<\/p>\n<\/div><\/section><\/div>\n<\/div><\/div><\/div><!-- close content main div --><\/div><\/div>\n<style type=\"text\/css\" data-created_by=\"avia_inline_auto\" id=\"style-css-av-43kcsd5-d3ef79113910887a7bfd29c8c2ab4614\">\n.avia-section.av-43kcsd5-d3ef79113910887a7bfd29c8c2ab4614{\nbackground-color:#f3f3f3;\nbackground-image:unset;\n}\n<\/style>\n<div id='sectioncustom'  class='avia-section av-43kcsd5-d3ef79113910887a7bfd29c8c2ab4614 main_color avia-section-default avia-no-border-styling  avia-builder-el-16  el_after_av_one_fourth  el_before_av_google_map  avia-bg-style-scroll container_wrap fullsize'  ><div class='container av-section-cont-open' ><div class='template-page content  av-content-full alpha units'><div class='post-entry post-entry-type-page post-entry-30494'><div class='entry-content-wrapper clearfix'>\n\n<style type=\"text\/css\" data-created_by=\"avia_inline_auto\" id=\"style-css-av-3jspczd-381a934ac4b7d0afddc25a7aaa6107e5\">\n#top .av-special-heading.av-3jspczd-381a934ac4b7d0afddc25a7aaa6107e5{\npadding-bottom:0;\n}\nbody .av-special-heading.av-3jspczd-381a934ac4b7d0afddc25a7aaa6107e5 .av-special-heading-tag .heading-char{\nfont-size:25px;\n}\n.av-special-heading.av-3jspczd-381a934ac4b7d0afddc25a7aaa6107e5 .av-subheading{\nfont-size:15px;\n}\n<\/style>\n<div  class='av-special-heading av-3jspczd-381a934ac4b7d0afddc25a7aaa6107e5 av-special-heading-h2 blockquote modern-quote modern-centered  avia-builder-el-17  avia-builder-el-no-sibling '><h2 class='av-special-heading-tag '  >Notre agence de location de voitures <\/h2><div class=\"special-heading-border\"><div class=\"special-heading-inner-border\"><\/div><\/div><\/div>\n\n<div  class='av_gmaps_sc_main_wrap av_gmaps_main_wrap '><div id='av_gmap_0' class='avia-google-map-container avia-google-map-sc av_gmaps_show_unconditionally av-no-fallback-img ' data-mapid='av_gmap_0'  style='height: 400px;'><a class=\"av_gmaps_browser_disabled av_text_confirm_link av_text_confirm_link_visible\" href=\"https:\/\/www.google.com\/maps\/search\/?api=1&#038;query=Quai%20Max%20Laubeuf%2006400%20%20%20Cannes%20%20France\" target=\"_blank\" rel=\"noopener\">Les cartes ont \u00e9t\u00e9 d\u00e9sactiv\u00e9es par le visiteur sur ce site. Cliquer pour ouvrir la carte dans une nouvelle fen\u00eatre.<\/a><\/div><\/div>\n\n<style type=\"text\/css\" data-created_by=\"avia_inline_auto\" id=\"style-css-av-2ddmnh5-bbd5dd00de2854828f851bcdfc153f73\">\n.avia-section.av-2ddmnh5-bbd5dd00de2854828f851bcdfc153f73{\nbackground-color:#6834bd;\nbackground-image:unset;\n}\n<\/style>\n<div id='av_section_4'  class='avia-section av-2ddmnh5-bbd5dd00de2854828f851bcdfc153f73 main_color avia-section-default avia-no-border-styling  avia-builder-el-19  el_after_av_google_map  el_before_av_section  avia-bg-style-scroll container_wrap fullsize'  ><div class='container av-section-cont-open' ><div class='template-page content  av-content-full alpha units'><div class='post-entry post-entry-type-page post-entry-30494'><div class='entry-content-wrapper clearfix'>\n\n<style type=\"text\/css\" data-created_by=\"avia_inline_auto\" id=\"style-css-av-28aqaft-6ae9eecff319e61f1d412eefa708ba7a\">\n#top .av-special-heading.av-28aqaft-6ae9eecff319e61f1d412eefa708ba7a{\npadding-bottom:10px;\ncolor:#ffffff;\nfont-size:30px;\n}\nbody .av-special-heading.av-28aqaft-6ae9eecff319e61f1d412eefa708ba7a .av-special-heading-tag .heading-char{\nfont-size:25px;\n}\n#top #wrap_all .av-special-heading.av-28aqaft-6ae9eecff319e61f1d412eefa708ba7a .av-special-heading-tag{\nfont-size:30px;\n}\n.av-special-heading.av-28aqaft-6ae9eecff319e61f1d412eefa708ba7a .special-heading-inner-border{\nborder-color:#ffffff;\n}\n.av-special-heading.av-28aqaft-6ae9eecff319e61f1d412eefa708ba7a .av-subheading{\nfont-size:15px;\n}\n\n@media only screen and (min-width: 480px) and (max-width: 767px){ \n#top #wrap_all .av-special-heading.av-28aqaft-6ae9eecff319e61f1d412eefa708ba7a .av-special-heading-tag{\nfont-size:0.8em;\n}\n}\n\n@media only screen and (max-width: 479px){ \n#top #wrap_all .av-special-heading.av-28aqaft-6ae9eecff319e61f1d412eefa708ba7a .av-special-heading-tag{\nfont-size:0.8em;\n}\n}\n<\/style>\n<div  class='av-special-heading av-28aqaft-6ae9eecff319e61f1d412eefa708ba7a av-special-heading-h3 custom-color-heading blockquote modern-quote modern-centered  avia-builder-el-20  el_before_av_button  avia-builder-el-first  av-inherit-size'><h3 class='av-special-heading-tag '  >Offrez-vous une location de voiture de luxe \u00e0 Beaulieu-Sur-Mer pour un plaisir ultime<\/h3><div class=\"special-heading-border\"><div class=\"special-heading-inner-border\"><\/div><\/div><\/div>\n<div  class='avia-button-wrap av-1hycwxl-8817ba7b2960b6b95c98b72b12707988-wrap avia-button-center  avia-builder-el-21  el_after_av_heading  avia-builder-el-last '><a href=\"https:\/\/car4rent.fr\/fr\/contact\/\" class=\"avia-button av-1hycwxl-8817ba7b2960b6b95c98b72b12707988 av-link-btn avia-icon_select-yes-left-icon avia-size-large avia-position-center avia-color-grey\" aria-label=\"Contactez l\u2019un de nos experts !\"><span class='avia_button_icon avia_button_icon_left avia-iconfont avia-font-entypo-fontello' data-av_icon='\ue85d' data-av_iconfont='entypo-fontello' ><\/span><span class='avia_iconbox_title' >Contactez l\u2019un de nos experts !<\/span><\/a><\/div>\n\n<\/div><\/div><\/div><!-- close content main div --><\/div><\/div><div id='av_section_5'  class='avia-section av-11ee0h8-cc7a3e4df9799f4b6a711897e3f2cdc6 main_color avia-section-default avia-no-border-styling  avia-builder-el-22  el_after_av_section  avia-builder-el-last  avia-bg-style-scroll container_wrap fullsize'  ><div class='container av-section-cont-open' ><div class='template-page content  av-content-full alpha units'><div class='post-entry post-entry-type-page post-entry-30494'><div class='entry-content-wrapper clearfix'>\n<div  class='avia-builder-widget-area clearfix  avia-builder-el-23  avia-builder-el-no-sibling '><div id=\"text-9\" class=\"widget clearfix widget_text\">\t\t\t<div class=\"textwidget\"><p style=\"text-align: center;\">    <div class=\"car4rent-share-block car4rent-fr\">\n        <a href=\"https:\/\/www.facebook.com\/sharer\/sharer.php?u=\" target=\"_blank\" rel=\"noopener\"><i class=\"fa-brands fa-facebook\"><\/i> Partager<\/a>\n        <a href=\"https:\/\/x.com\/intent\/tweet?url=&amp;text=\" target=\"_blank\" rel=\"noopener\"><i class=\"fa-brands fa-x-twitter\"><\/i> X<\/a>\n        <a href=\"https:\/\/wa.me\/?text=%20\" target=\"_blank\" rel=\"noopener\"><i class=\"fa-brands fa-whatsapp\"><\/i> WhatsApp<\/a>\n        <a href=\"https:\/\/www.instagram.com\/car4rent_cannes\/\" target=\"_blank\" rel=\"noopener\"><i class=\"fa-brands fa-instagram\"><\/i> Instagram<\/a>\n        <a href=\"https:\/\/www.linkedin.com\/company\/car4rent\/about\/\" target=\"_blank\" rel=\"noopener\"><i class=\"fa-brands fa-linkedin\"><\/i> LinkedIn<\/a>\n        <a href=\"https:\/\/www.youtube.com\/@car4rentcannes839\" target=\"_blank\" rel=\"noopener\"><i class=\"fa-brands fa-youtube\"><\/i> YouTube<\/a>\n    <\/div>\n    <\/p>\n<\/div>\n\t\t<\/div><\/div>\n\n","protected":false},"excerpt":{"rendered":"","protected":false},"author":3,"featured_media":29781,"parent":0,"menu_order":1815,"comment_status":"closed","ping_status":"closed","template":"","meta":{"_acf_changed":false,"footnotes":""},"class_list":["post-30494","page","type-page","status-publish","has-post-thumbnail","hentry"],"acf":[],"_links":{"self":[{"href":"https:\/\/car4rent.fr\/fr\/wp-json\/wp\/v2\/pages\/30494","targetHints":{"allow":["GET"]}}],"collection":[{"href":"https:\/\/car4rent.fr\/fr\/wp-json\/wp\/v2\/pages"}],"about":[{"href":"https:\/\/car4rent.fr\/fr\/wp-json\/wp\/v2\/types\/page"}],"author":[{"embeddable":true,"href":"https:\/\/car4rent.fr\/fr\/wp-json\/wp\/v2\/users\/3"}],"replies":[{"embeddable":true,"href":"https:\/\/car4rent.fr\/fr\/wp-json\/wp\/v2\/comments?post=30494"}],"version-history":[{"count":0,"href":"https:\/\/car4rent.fr\/fr\/wp-json\/wp\/v2\/pages\/30494\/revisions"}],"wp:featuredmedia":[{"embeddable":true,"href":"https:\/\/car4rent.fr\/fr\/wp-json\/wp\/v2\/media\/29781"}],"wp:attachment":[{"href":"https:\/\/car4rent.fr\/fr\/wp-json\/wp\/v2\/media?parent=30494"}],"curies":[{"name":"wp","href":"https:\/\/api.w.org\/{rel}","templated":true}]}}