{"id":30425,"date":"2023-11-10T16:56:12","date_gmt":"2023-11-10T15:56:12","guid":{"rendered":"https:\/\/car4rent.fr\/location-de-mercedes-benz\/"},"modified":"2024-04-06T18:13:26","modified_gmt":"2024-04-06T16:13:26","slug":"location-de-mercedes-benz","status":"publish","type":"page","link":"https:\/\/car4rent.fr\/fr\/location-de-mercedes-benz\/","title":{"rendered":"Location de Mercedes-Benz"},"content":{"rendered":"\n<style type=\"text\/css\" data-created_by=\"avia_inline_auto\" id=\"style-css-av-k9iq87co-7f0f89b65ae0bb1e9a696105e9be0eb4\">\n.avia-section.av-k9iq87co-7f0f89b65ae0bb1e9a696105e9be0eb4{\nbackground-repeat:no-repeat;\nbackground-image:url(https:\/\/car4rent.fr\/wp-content\/uploads\/Mercedes-AMG-Rental-Car4rent.jpg);\nbackground-position:50% 100%;\nbackground-attachment:scroll;\n}\n<\/style>\n<div id='header-section'  class='avia-section av-k9iq87co-7f0f89b65ae0bb1e9a696105e9be0eb4 main_color avia-section-huge avia-no-border-styling  avia-builder-el-0  el_before_av_one_full  avia-builder-el-first  avia-full-stretch avia-bg-style-scroll av-minimum-height av-minimum-height-custom av-height-custom  container_wrap fullsize'  data-section-bg-repeat='stretch' data-av_minimum_height_px='700'><div class='container av-section-cont-open' style='height:700px'><main  class='template-page content  av-content-full alpha units'><div class='post-entry post-entry-type-page post-entry-30425'><div class='entry-content-wrapper clearfix'><\/div><\/div><\/main><!-- close content main element --><\/div><\/div><div id='after_section_1'  class='main_color av_default_container_wrap container_wrap fullsize'  ><div class='container av-section-cont-open' ><div class='template-page content  av-content-full alpha units'><div class='post-entry post-entry-type-page post-entry-30425'><div class='entry-content-wrapper clearfix'>\n\n<style type=\"text\/css\" data-created_by=\"avia_inline_auto\" id=\"style-css-av-k9of881m-8b75821c00ec2c33f438de9a772a6e49\">\n.flex_column.av-k9of881m-8b75821c00ec2c33f438de9a772a6e49{\nborder-radius:0px 0px 0px 0px;\npadding:0px 0px 0px 0px;\nbackground-color:#ffffff;\n}\n<\/style>\n<div  class='flex_column av-k9of881m-8b75821c00ec2c33f438de9a772a6e49 av_one_full  avia-builder-el-1  el_after_av_section  el_before_av_hr  avia-builder-el-first  first flex_column_div av-zero-column-padding  '     ><section  class='av_textblock_section av-k9iq5tou-a3a1282c082146c43128296256d532aa '  ><div class='avia_textblock' ><h2><strong>Location de Mercedes-Benz<\/strong><\/h2>\n<p>Vous cherchez \u00e0 louer une Mercedes ? La location de Mercedes-Benz aavce Car4rent est votre meilleure option en France. Que ce soit pour un d\u00e9placement professionnael ou pour des vacances en famille, nous avons la Mercedes que vous recherchez.<\/p>\n<p>Nous pouvons organiser la prise en charge de votre v\u00e9hicule pr\u00e9f\u00e9r\u00e9 \u00e0 l&rsquo;endroit de votre choix et \u00e0 votre meilleure convenance, dans les principales villes de France.<\/p>\n<p>Vous avez besoin de vacances sur la C\u00f4te d&rsquo;Azur<span style=\"color: #0000ff;\">? <\/span>Une Location de Mercedes-Benz vous permettra de partir \u00e0 la d\u00e9couverte du littoral exceptionnel de la Corniche de l&rsquo;Est\u00e9rel, le grand canyon de la C\u00f4te d&rsquo;Azur est c\u00e9l\u00e8bre pour ses roches rouges et la limpidit\u00e9 de la M\u00e9diterran\u00e9e turquoise. partez \u00e0 la d\u00e9couverte des villages pittoresques avoisinnants.<\/p>\n<p><img loading=\"lazy\" decoding=\"async\" class=\"alignnone wp-image-36246\" src=\"https:\/\/car4rent.fr\/wp-content\/uploads\/Louer-Mercedes-Classe-G-Sations-de-ski.jpg\" alt=\"Location de voiture de Luxe Monaco, Location de voiture de luxe sports d&#039;hiver, Location de voiture de luxe \u00e0 Meg\u00e8ve, Location de v\u00e9hicule haut de gamme Courchevel, Louer Mercedes Classe G stations de ski\" width=\"466\" height=\"350\" title=\"Car4Rent Cannes\" srcset=\"https:\/\/car4rent.fr\/wp-content\/uploads\/\/Louer-Mercedes-Classe-G-Sations-de-ski.jpg 1024w, https:\/\/car4rent.fr\/wp-content\/uploads\/\/Louer-Mercedes-Classe-G-Sations-de-ski-300x225.jpg 300w, https:\/\/car4rent.fr\/wp-content\/uploads\/\/Louer-Mercedes-Classe-G-Sations-de-ski-768x576.jpg 768w, https:\/\/car4rent.fr\/wp-content\/uploads\/\/Louer-Mercedes-Classe-G-Sations-de-ski-705x529.jpg 705w, https:\/\/car4rent.fr\/wp-content\/uploads\/\/Louer-Mercedes-Classe-G-Sations-de-ski-450x338.jpg 450w\" sizes=\"auto, (max-width: 466px) 100vw, 466px\" \/><img loading=\"lazy\" decoding=\"async\" class=\"alignnone wp-image-29796 \" src=\"https:\/\/car4rent.fr\/wp-content\/uploads\/mercedes-rental.jpg\" alt=\"location de mercedes-benz\" width=\"389\" height=\"292\" title=\"Car4Rent Cannes\" srcset=\"https:\/\/car4rent.fr\/wp-content\/uploads\/mercedes-rental.jpg 320w, https:\/\/car4rent.fr\/wp-content\/uploads\/mercedes-rental-300x225.jpg 300w\" sizes=\"auto, (max-width: 389px) 100vw, 389px\" \/><\/p>\n<h2>Location de Mercedes-Benz pour une exp\u00e9rience dans le luxe<\/h2>\n<p>Nous pouvons vous accueillir d\u00e8s votre descente d&rsquo;avion \u00e0 l&rsquo;a\u00e9roport de Nice C\u00f4te d&rsquo;Azur<span style=\"color: #0000ff;\"><strong>. <\/strong><\/span>Au d\u00e9part de Nice, vous pourez atteindre facilement les agr\u00e9able villes de la r\u00e9gion comme Monaco, <a href=\"https:\/\/www.cannes-destination.fr\/visites-incontournables\" target=\"_blank\" rel=\"noopener\">Cannes<\/a>, Marseille, pour les plus connues, et d&rsquo;autres comme Antibes, Le Golfe Juan, Vallauris ou encore Grasse, et Roquebrune<span style=\"color: #0000ff;\"><strong>.<br \/>\n<\/strong><\/span><\/p>\n<h5>Louer une Mercedes-Benz<\/h5>\n<p>Que vous recherchiez une location de Mercedes-Benz pour votre travail ou pour des vacances, profitez-en pour profiter du climat doux et temp\u00e9r\u00e9 tout au long de l&rsquo;ann\u00e9e.<\/p>\n<p>Une Mercedes-Benz de location vous plonge dans le monde du luxe, et des voitures de luxe. Partez \u00e0 la d\u00e9couverte de l&rsquo;\u00e9l\u00e9gance et d\u00e9couvrez une richesse de paysages, des d\u00e9cors \u00e9poustouflants dans cette c\u00e9l\u00e8bre r\u00e9gion et sa campagne.<\/p>\n<p>Vous ne trouvez pas la location Mercedes id\u00e9ale et vous voulez en essayer une marque ? Nous avons toutes les marques et tous les mod\u00e8les de luxe \u00e0 votre disposition, comme <a href=\"https:\/\/car4rent.fr\/fr\/louer-une-ferrari\/\"><strong>Ferrari<\/strong><\/a>,\n            <a href=\"https:\/\/car4rent.fr\/fr\/louer-une-lamborghini\/\"><strong>Lamborghini<\/strong><\/a>,\n            <a href=\"https:\/\/car4rent.fr\/fr\/louer-une-porsche\/\"><strong>Porsche<\/strong><\/a>,\n            <a href=\"https:\/\/car4rent.fr\/fr\/louer-un-land-rover\/\"><strong>Land Rover<\/strong><\/a>,\n            <a href=\"https:\/\/car4rent.fr\/fr\/louer-une-mercedes\/\"><strong>Mercedes AMG<\/strong><\/a>,\n            <a href=\"https:\/\/car4rent.fr\/fr\/louer-une-bentley\/\"><strong>Bentley<\/strong><\/a>,\n            <a href=\"https:\/\/car4rent.fr\/fr\/louer-une-rolls-royce\/\"><strong>Rolls-Royce<\/strong><\/a>, et\n            <a href=\"https:\/\/car4rent.fr\/fr\/louer-une-audi\/\"><strong>Audi<\/strong><\/a>.<b>\u00a0<\/b>et plus encore.<\/p>\n<p>Pr\u00eat pour une exp\u00e9rience de conduite sans faille, n&rsquo;h\u00e9sitez pas et <span style=\"color: #0000ff;\"><strong><a style=\"color: #0000ff;\" href=\"https:\/\/car4rent.fr\/fr\/contact\/\" target=\"_blank\" rel=\"noopener\">r\u00e9servez <\/a><\/strong><\/span>l&rsquo;une de nos Mercedes de location d\u00e8s aujourd&rsquo;hui !<\/p>\n<\/div><\/section><\/div><div  class='hr av-r408yh-5fc29ed8e5abe90cc5953910efd3a584 hr-default  avia-builder-el-3  el_after_av_one_full  el_before_av_one_fourth '><span class='hr-inner '><span class=\"hr-inner-style\"><\/span><\/span><\/div><\/p>\n\n<style type=\"text\/css\" data-created_by=\"avia_inline_auto\" id=\"style-css-av-9j4h5a1-6e828a1197b9444f95d3c7ec7fb82938\">\n.flex_column.av-9j4h5a1-6e828a1197b9444f95d3c7ec7fb82938{\nborder-radius:0px 0px 0px 0px;\npadding:0px 0px 0px 0px;\n}\n<\/style>\n<div  class='flex_column av-9j4h5a1-6e828a1197b9444f95d3c7ec7fb82938 av_one_fourth  avia-builder-el-4  el_after_av_hr  el_before_av_one_fourth  first flex_column_div av-zero-column-padding  '     ><section  class='av_textblock_section av-8wzml89-9e3c353943346e52f496cc05a7f7539d '  ><div class='avia_textblock' ><p><span style=\"font-size: 14pt;\">Location de Mercedes Classe A<\/span><\/p>\n<hr \/>\n<p>Nous proposons \u00e0 la location des voitures de luxe et de sport, mais \u00e9galement une large gamme de SUV et de cabriolets. D\u00e9couvrez nos voitures de r\u00eave.<\/p>\n<p>Prix \u00e0 partir de 260\u20ac \/ jour.<\/p>\n<\/div><\/section><\/div>\n\n<style type=\"text\/css\" data-created_by=\"avia_inline_auto\" id=\"style-css-av-8cxm7x5-0dfd1be948133d5958731c1141e89316\">\n.flex_column.av-8cxm7x5-0dfd1be948133d5958731c1141e89316{\nborder-radius:0px 0px 0px 0px;\npadding:0px 0px 0px 0px;\n}\n<\/style>\n<div  class='flex_column av-8cxm7x5-0dfd1be948133d5958731c1141e89316 av_one_fourth  avia-builder-el-6  el_after_av_one_fourth  el_before_av_one_fourth  flex_column_div av-zero-column-padding  '     ><section  class='av_textblock_section av-sl1yyh-438c632255e96809375b92281496f2dd '  ><div class='avia_textblock' ><p><span style=\"font-size: 14pt;\">Agences \u00e0 l\u2019a\u00e9roport de Nice, Cannes, Monaco et Saint-Tropez<\/span><\/p>\n<hr \/>\n<p>Nous proposons \u00e0 la location des voitures de sport et de luxe, mais \u00e9galement une large gamme de SUV et de cabriolets. D\u00e9couvrez nos voitures de r\u00eave.<\/p>\n<\/div><\/section><\/div>\n\n<style type=\"text\/css\" data-created_by=\"avia_inline_auto\" id=\"style-css-av-7t2xhcp-04a64ffc63980df57546af05384a54fd\">\n.flex_column.av-7t2xhcp-04a64ffc63980df57546af05384a54fd{\nborder-radius:0px 0px 0px 0px;\npadding:0px 0px 0px 0px;\n}\n<\/style>\n<div  class='flex_column av-7t2xhcp-04a64ffc63980df57546af05384a54fd av_one_fourth  avia-builder-el-8  el_after_av_one_fourth  el_before_av_one_fourth  flex_column_div av-zero-column-padding  '     ><section  class='av_textblock_section av-77ozpuh-eb49851daa2836140759ef0d81c7dfdd '  ><div class='avia_textblock' ><p><span style=\"font-size: 14pt;\">Test Drive &#8211; Faites de votre r\u00eave une r\u00e9alit\u00e9<\/span><\/p>\n<hr \/>\n<p>Offrez-vous une exp\u00e9rience de conduite unique au volant d&rsquo;une supercar. Prenez le volant d&rsquo;une Lamborghini, d&rsquo;une Ferrari ou d&rsquo;une Porsche sans vous ruiner. Pour des raisons de s\u00e9curit\u00e9, vous roulerez accompagn\u00e9. \u00c0 partir de 195\u20ac pp.<\/p>\n<h2><i>\u00a0<\/i><\/h2>\n<\/div><\/section><\/div>\n\n<style type=\"text\/css\" data-created_by=\"avia_inline_auto\" id=\"style-css-av-6mik0k9-58ba2370392ede1c671764d02dbf6948\">\n.flex_column.av-6mik0k9-58ba2370392ede1c671764d02dbf6948{\nborder-radius:0px 0px 0px 0px;\npadding:0px 0px 0px 0px;\n}\n<\/style>\n<div  class='flex_column av-6mik0k9-58ba2370392ede1c671764d02dbf6948 av_one_fourth  avia-builder-el-10  el_after_av_one_fourth  el_before_av_section  avia-builder-el-last  flex_column_div av-zero-column-padding  '     ><section  class='av_textblock_section av-64i2ogp-b2dcc83e05ec81f2ca0edd69d17ec037 '  ><div class='avia_textblock' ><p><span style=\"font-size: 14pt;\">Un service sur mesure<\/span><\/p>\n<hr \/>\n<p>Une \u00e9quipe d\u00e9vou\u00e9e et attentive se tient \u00e0 votre disposition pour vous fournir toute information ou r\u00e9pondre \u00e0 vos demandes. Votre voiture peut \u00eatre livr\u00e9e sur demande directement \u00e0 votre arriv\u00e9e \u00e0 l&rsquo;a\u00e9roport de Nice, sur votre lieu de vill\u00e9giature, \u00e0 votre h\u00f4tel ou n&rsquo;importe o\u00f9 en France \u00e0 la destination de votre choix.<\/p>\n<\/div><\/section><\/div>\n<\/div><\/div><\/div><!-- close content main div --><\/div><\/div>\n<style type=\"text\/css\" data-created_by=\"avia_inline_auto\" id=\"style-css-av-s4oocmh-3608285eb6d383b149993f8015cf265a\">\n.avia-section.av-s4oocmh-3608285eb6d383b149993f8015cf265a{\nbackground-color:#f3f3f3;\nbackground-image:unset;\n}\n<\/style>\n<div id='av_section_2'  class='avia-section av-s4oocmh-3608285eb6d383b149993f8015cf265a main_color avia-section-default avia-no-border-styling  avia-builder-el-12  el_after_av_one_fourth  el_before_av_one_full  avia-bg-style-scroll container_wrap fullsize'  ><div class='container av-section-cont-open' ><div class='template-page content  av-content-full alpha units'><div class='post-entry post-entry-type-page post-entry-30425'><div class='entry-content-wrapper clearfix'>\n\n<style type=\"text\/css\" data-created_by=\"avia_inline_auto\" id=\"style-css-av-rupwjhl-ce6d389a834f06a464ef0ae249585ab1\">\n#top .av-special-heading.av-rupwjhl-ce6d389a834f06a464ef0ae249585ab1{\npadding-bottom:10px;\n}\nbody .av-special-heading.av-rupwjhl-ce6d389a834f06a464ef0ae249585ab1 .av-special-heading-tag .heading-char{\nfont-size:25px;\n}\n.av-special-heading.av-rupwjhl-ce6d389a834f06a464ef0ae249585ab1 .av-subheading{\nfont-size:15px;\n}\n<\/style>\n<div  class='av-special-heading av-rupwjhl-ce6d389a834f06a464ef0ae249585ab1 av-special-heading-h3 blockquote modern-quote modern-centered  avia-builder-el-13  el_before_av_one_half  avia-builder-el-first '><h3 class='av-special-heading-tag '  >Mercedes AMG<\/h3><div class=\"special-heading-border\"><div class=\"special-heading-inner-border\"><\/div><\/div><\/div>\n\n<style type=\"text\/css\" data-created_by=\"avia_inline_auto\" id=\"style-css-av-rk5ip3d-4f8543ddc26cc597c483ba3c6d48abd7\">\n.flex_column.av-rk5ip3d-4f8543ddc26cc597c483ba3c6d48abd7{\nborder-radius:0px 0px 0px 0px;\npadding:0px 0px 0px 0px;\n}\n<\/style>\n<div  class='flex_column av-rk5ip3d-4f8543ddc26cc597c483ba3c6d48abd7 av_one_half  avia-builder-el-14  el_after_av_heading  el_before_av_one_half  first flex_column_div av-zero-column-padding  '     ><\/div>\n<style type=\"text\/css\" data-created_by=\"avia_inline_auto\" id=\"style-css-av-mdipzd5-d84f310b0d9b5c4bb0ba760ec50c9266\">\n.flex_column.av-mdipzd5-d84f310b0d9b5c4bb0ba760ec50c9266{\nborder-radius:0px 0px 0px 0px;\npadding:0px 0px 0px 0px;\n}\n<\/style>\n<div  class='flex_column av-mdipzd5-d84f310b0d9b5c4bb0ba760ec50c9266 av_one_half  avia-builder-el-15  el_after_av_one_half  avia-builder-el-last  flex_column_div av-zero-column-padding  '     ><section  class='av_textblock_section av-k9yh4xqr-e33d17486243ca778a6732341b34f345 '  ><div class='avia_textblock' ><p>AMG est la branche sportive des voitures Mercedes et est devenue une filiale. Depuis 1999, le fabricant a consid\u00e9rablement \u00e9largi son offre en proposant plus d&rsquo;une quinzaine de mod\u00e8les les plus exclusifs.<\/p>\n<p>&#8211; Cabriolets<\/p>\n<ul>\n<li>Mercedes E220d AMG Cabriolet<\/li>\n<li>Mercedes SL 63 AMG roadster<\/li>\n<\/ul>\n<p>&#8211; SUV<\/p>\n<ul>\n<li>Mercedes G63 AMG<\/li>\n<li>Mercedes G500 4&#215;4\u00b2<\/li>\n<\/ul>\n<p>&#8211; Vans<\/p>\n<ul>\n<li>Mercedes V250d 4 Matic Pack AMG\u00a0 8 places.<\/li>\n<\/ul>\n<p>Prix \u00e0 partir de 450 euros par jour.<\/p>\n<\/div><\/section><\/div><\/div><\/div><\/div><!-- close content main div --><\/div><\/div><div id='after_section_2'  class='main_color av_default_container_wrap container_wrap fullsize'  ><div class='container av-section-cont-open' ><div class='template-page content  av-content-full alpha units'><div class='post-entry post-entry-type-page post-entry-30425'><div class='entry-content-wrapper clearfix'><div  class='flex_column av-av_one_full-db3c685d37a83d385059f6f31cd9c4a7 av_one_full  avia-builder-el-17  el_after_av_section  el_before_av_google_map  avia-builder-el-no-sibling  first flex_column_div  '     ><section  class='av_textblock_section av-lq2hz312-62f596eaa524ada033bf2d4fb22630b6 '  ><div class='avia_textblock' ><h4 style=\"text-align: center;\"><span style=\"font-size: 14pt;\">Notre agence de location de voitures<\/span><\/h4>\n<\/div><\/section><\/div><\/p>\n<div  class='av_gmaps_sc_main_wrap av_gmaps_main_wrap '><div id='av_gmap_0' class='avia-google-map-container avia-google-map-sc av_gmaps_show_unconditionally av-no-fallback-img ' data-mapid='av_gmap_0'  style='height: 400px;'><a class=\"av_gmaps_browser_disabled av_text_confirm_link av_text_confirm_link_visible\" href=\"https:\/\/www.google.com\/maps\/search\/?api=1&#038;query=Quai%20Max%20Laubeuf%2006400%20%20%20Cannes%20%20France\" target=\"_blank\" rel=\"noopener\">Les cartes ont \u00e9t\u00e9 d\u00e9sactiv\u00e9es par le visiteur sur ce site. Cliquer pour ouvrir la carte dans une nouvelle fen\u00eatre.<\/a><\/div><\/div>\n\n<style type=\"text\/css\" data-created_by=\"avia_inline_auto\" id=\"style-css-av-2ddmnh5-bbd5dd00de2854828f851bcdfc153f73\">\n.avia-section.av-2ddmnh5-bbd5dd00de2854828f851bcdfc153f73{\nbackground-color:#6834bd;\nbackground-image:unset;\n}\n<\/style>\n<div id='av_section_3'  class='avia-section av-2ddmnh5-bbd5dd00de2854828f851bcdfc153f73 main_color avia-section-default avia-no-border-styling  avia-builder-el-20  el_after_av_google_map  el_before_av_section  avia-bg-style-scroll container_wrap fullsize'  ><div class='container av-section-cont-open' ><div class='template-page content  av-content-full alpha units'><div class='post-entry post-entry-type-page post-entry-30425'><div class='entry-content-wrapper clearfix'>\n<section  class='av_textblock_section av-lq2i0cs1-2619deb51ef592ee1828a48b630fd08c '  ><div class='avia_textblock' ><p style=\"text-align: center;\"><span style=\"font-size: 14pt;\">Profitez de l\u2019exp\u00e9rience de conduite ultime avec une voiture livr\u00e9e directement chez vous !<\/span><\/p>\n<\/div><\/section>\n<div  class='avia-button-wrap av-1hycwxl-8817ba7b2960b6b95c98b72b12707988-wrap avia-button-center  avia-builder-el-22  el_after_av_textblock  avia-builder-el-last '><a href=\"https:\/\/car4rent.fr\/fr\/contact\/\" class=\"avia-button av-1hycwxl-8817ba7b2960b6b95c98b72b12707988 av-link-btn avia-icon_select-yes-left-icon avia-size-large avia-position-center avia-color-grey\" aria-label=\"Contactez l\u2019un de nos experts !\"><span class='avia_button_icon avia_button_icon_left avia-iconfont avia-font-entypo-fontello' data-av_icon='\ue85d' data-av_iconfont='entypo-fontello' ><\/span><span class='avia_iconbox_title' >Contactez l\u2019un de nos experts !<\/span><\/a><\/div>\n\n<\/div><\/div><\/div><!-- close content main div --><\/div><\/div><div id='av_section_4'  class='avia-section av-18us815-d64e0522a4d4ad6cd8ad4ea4f7e77111 main_color avia-section-default avia-no-border-styling  avia-builder-el-23  el_after_av_section  el_before_av_one_full  avia-bg-style-scroll container_wrap fullsize'  ><div class='container av-section-cont-open' ><div class='template-page content  av-content-full alpha units'><div class='post-entry post-entry-type-page post-entry-30425'><div class='entry-content-wrapper clearfix'>\n<div  class='avia-builder-widget-area clearfix  avia-builder-el-24  avia-builder-el-no-sibling '><div id=\"text-9\" class=\"widget clearfix widget_text\">\t\t\t<div class=\"textwidget\"><p style=\"text-align: center;\">    <div class=\"car4rent-share-block car4rent-fr\">\n        <a href=\"https:\/\/www.facebook.com\/sharer\/sharer.php?u=\" target=\"_blank\" rel=\"noopener\"><i class=\"fa-brands fa-facebook\"><\/i> Partager<\/a>\n        <a href=\"https:\/\/x.com\/intent\/tweet?url=&amp;text=\" target=\"_blank\" rel=\"noopener\"><i class=\"fa-brands fa-x-twitter\"><\/i> X<\/a>\n        <a href=\"https:\/\/wa.me\/?text=%20\" target=\"_blank\" rel=\"noopener\"><i class=\"fa-brands fa-whatsapp\"><\/i> WhatsApp<\/a>\n        <a href=\"https:\/\/www.instagram.com\/car4rent_cannes\/\" target=\"_blank\" rel=\"noopener\"><i class=\"fa-brands fa-instagram\"><\/i> Instagram<\/a>\n        <a href=\"https:\/\/www.linkedin.com\/company\/car4rent\/about\/\" target=\"_blank\" rel=\"noopener\"><i class=\"fa-brands fa-linkedin\"><\/i> LinkedIn<\/a>\n        <a href=\"https:\/\/www.youtube.com\/@car4rentcannes839\" target=\"_blank\" rel=\"noopener\"><i class=\"fa-brands fa-youtube\"><\/i> YouTube<\/a>\n    <\/div>\n    <\/p>\n<\/div>\n\t\t<\/div><\/div>\n<\/div><\/div><\/div><!-- close content main div --><\/div><\/div><div id='after_section_4'  class='main_color av_default_container_wrap container_wrap fullsize'  ><div class='container av-section-cont-open' ><div class='template-page content  av-content-full alpha units'><div class='post-entry post-entry-type-page post-entry-30425'><div class='entry-content-wrapper clearfix'>\n<div  class='flex_column av-av_one_full-db3c685d37a83d385059f6f31cd9c4a7 av_one_full  avia-builder-el-25  el_after_av_section  avia-builder-el-no-sibling  first flex_column_div  '     ><\/div>\n","protected":false},"excerpt":{"rendered":"","protected":false},"author":3,"featured_media":29796,"parent":0,"menu_order":2200,"comment_status":"closed","ping_status":"closed","template":"","meta":{"_acf_changed":false,"footnotes":""},"class_list":["post-30425","page","type-page","status-publish","has-post-thumbnail","hentry"],"acf":[],"_links":{"self":[{"href":"https:\/\/car4rent.fr\/fr\/wp-json\/wp\/v2\/pages\/30425","targetHints":{"allow":["GET"]}}],"collection":[{"href":"https:\/\/car4rent.fr\/fr\/wp-json\/wp\/v2\/pages"}],"about":[{"href":"https:\/\/car4rent.fr\/fr\/wp-json\/wp\/v2\/types\/page"}],"author":[{"embeddable":true,"href":"https:\/\/car4rent.fr\/fr\/wp-json\/wp\/v2\/users\/3"}],"replies":[{"embeddable":true,"href":"https:\/\/car4rent.fr\/fr\/wp-json\/wp\/v2\/comments?post=30425"}],"version-history":[{"count":0,"href":"https:\/\/car4rent.fr\/fr\/wp-json\/wp\/v2\/pages\/30425\/revisions"}],"wp:featuredmedia":[{"embeddable":true,"href":"https:\/\/car4rent.fr\/fr\/wp-json\/wp\/v2\/media\/29796"}],"wp:attachment":[{"href":"https:\/\/car4rent.fr\/fr\/wp-json\/wp\/v2\/media?parent=30425"}],"curies":[{"name":"wp","href":"https:\/\/api.w.org\/{rel}","templated":true}]}}