{"id":30316,"date":"2023-11-10T16:56:12","date_gmt":"2023-11-10T15:56:12","guid":{"rendered":"https:\/\/car4rent.fr\/location-de-voiture-a-cannes\/"},"modified":"2024-03-20T09:54:09","modified_gmt":"2024-03-20T08:54:09","slug":"location-de-voiture-a-cannes","status":"publish","type":"page","link":"https:\/\/car4rent.fr\/fr\/location-de-voiture-a-cannes\/","title":{"rendered":"Location de voiture \u00e0 Cannes"},"content":{"rendered":"\n<style type=\"text\/css\" data-created_by=\"avia_inline_auto\" id=\"style-css-av-14a463p-52056f14d174effaa9042ce3eeb81c6d\">\n.avia-section.av-14a463p-52056f14d174effaa9042ce3eeb81c6d .av-parallax .av-parallax-inner{\nbackground-repeat:no-repeat;\nbackground-image:url(https:\/\/car4rent.fr\/wp-content\/uploads\/cannes-palais-des-festivals-960x423.jpg);\nbackground-position:50% 50%;\nbackground-attachment:scroll;\n}\n<\/style>\n<div id='av_section_1'  class='avia-section av-14a463p-52056f14d174effaa9042ce3eeb81c6d main_color avia-section-huge avia-no-border-styling  avia-builder-el-0  el_before_av_section  avia-builder-el-first  avia-full-stretch av-parallax-section avia-bg-style-parallax av-minimum-height av-minimum-height-50 av-height-50  container_wrap fullsize'  data-section-bg-repeat='stretch' data-av_minimum_height_pc='50' data-av_min_height_opt='50'><div class='av-parallax' data-avia-parallax-ratio='0.3' ><div class='av-parallax-inner main_color avia-full-stretch'><\/div><\/div><div class=\"av-section-color-overlay-wrap\"><a href='#next-section' title='' class='scroll-down-link  avia-svg-icon avia-font-svg_entypo-fontello' data-av_svg_icon='down-open-mini' data-av_iconset='svg_entypo-fontello'><svg version=\"1.1\" xmlns=\"http:\/\/www.w3.org\/2000\/svg\" width=\"15\" height=\"32\" viewBox=\"0 0 15 32\" preserveAspectRatio=\"xMidYMid meet\" aria-labelledby='av-svg-title-1' aria-describedby='av-svg-desc-1' role=\"graphics-symbol\" aria-hidden=\"true\">\n<title id='av-svg-title-1'>Scroller vers la prochaine section<\/title>\n<desc id='av-svg-desc-1'>Scroller vers la prochaine section<\/desc>\n<path d=\"M12.96 12.16q0.704-0.832 1.536 0 0.832 0.704 0 1.536l-6.272 6.144q-0.704 0.704-1.536 0l-6.272-6.144q-0.832-0.832 0-1.536 0.768-0.768 1.6 0l5.44 4.992z\"><\/path>\n<\/svg><\/a><div class='container av-section-cont-open' ><main  class='template-page content  av-content-full alpha units'><div class='post-entry post-entry-type-page post-entry-30316'><div class='entry-content-wrapper clearfix'>\n\n<style type=\"text\/css\" data-created_by=\"avia_inline_auto\" id=\"style-css-av-12o9oyt-580a21aa75c700f4880b043a181f63df\">\n.flex_column.av-12o9oyt-580a21aa75c700f4880b043a181f63df{\nborder-radius:0px 0px 0px 0px;\npadding:20px 20px 20px 20px;\nbackground-color:rgba(0,0,0,0.47);\n}\n<\/style>\n<div  class='flex_column av-12o9oyt-580a21aa75c700f4880b043a181f63df av_two_third  avia-builder-el-1  avia-builder-el-no-sibling  first flex_column_div  '     ><style type=\"text\/css\" data-created_by=\"avia_inline_auto\" id=\"style-css-av-k8n7potp-df59f5cb90843d39bc17ff6f8f79c756\">\n#top .av-special-heading.av-k8n7potp-df59f5cb90843d39bc17ff6f8f79c756{\npadding-bottom:10px;\ncolor:#ffffff;\nfont-size:35px;\n}\nbody .av-special-heading.av-k8n7potp-df59f5cb90843d39bc17ff6f8f79c756 .av-special-heading-tag .heading-char{\nfont-size:25px;\n}\n#top #wrap_all .av-special-heading.av-k8n7potp-df59f5cb90843d39bc17ff6f8f79c756 .av-special-heading-tag{\nfont-size:35px;\n}\n.av-special-heading.av-k8n7potp-df59f5cb90843d39bc17ff6f8f79c756 .special-heading-inner-border{\nborder-color:#ffffff;\n}\n.av-special-heading.av-k8n7potp-df59f5cb90843d39bc17ff6f8f79c756 .av-subheading{\nfont-size:15px;\n}\n\n@media only screen and (min-width: 480px) and (max-width: 767px){ \n#top #wrap_all .av-special-heading.av-k8n7potp-df59f5cb90843d39bc17ff6f8f79c756 .av-special-heading-tag{\nfont-size:0.8em;\n}\n}\n\n@media only screen and (max-width: 479px){ \n#top #wrap_all .av-special-heading.av-k8n7potp-df59f5cb90843d39bc17ff6f8f79c756 .av-special-heading-tag{\nfont-size:0.8em;\n}\n}\n<\/style>\n<div  class='av-special-heading av-k8n7potp-df59f5cb90843d39bc17ff6f8f79c756 av-special-heading-h4 custom-color-heading blockquote modern-quote modern-centered  avia-builder-el-2  avia-builder-el-no-sibling  av-inherit-size av-linked-heading'><h4 class='av-special-heading-tag '  >Location de voiture \u00e0 Cannes<\/h4><div class=\"special-heading-border\"><div class=\"special-heading-inner-border\"><\/div><\/div><\/div><\/div>\n\n<\/div><\/div><\/main><!-- close content main element --><\/div><\/div><\/div><div id='av_section_2'  class='avia-section av-102qpjp-50e807c785d06b908825fe60593b1c52 main_color avia-section-default avia-no-shadow  avia-builder-el-3  el_after_av_section  el_before_av_section  avia-bg-style-scroll container_wrap fullsize'  ><div class='container av-section-cont-open' ><div class='template-page content  av-content-full alpha units'><div class='post-entry post-entry-type-page post-entry-30316'><div class='entry-content-wrapper clearfix'>\n\n<style type=\"text\/css\" data-created_by=\"avia_inline_auto\" id=\"style-css-av-1iwh11c-4162bcb69b9a585d22027dc37815704f\">\n#top .av-special-heading.av-1iwh11c-4162bcb69b9a585d22027dc37815704f{\npadding-bottom:10px;\nfont-size:35px;\n}\nbody .av-special-heading.av-1iwh11c-4162bcb69b9a585d22027dc37815704f .av-special-heading-tag .heading-char{\nfont-size:25px;\n}\n#top #wrap_all .av-special-heading.av-1iwh11c-4162bcb69b9a585d22027dc37815704f .av-special-heading-tag{\nfont-size:35px;\n}\n.av-special-heading.av-1iwh11c-4162bcb69b9a585d22027dc37815704f .av-subheading{\nfont-size:15px;\n}\n\n@media only screen and (min-width: 480px) and (max-width: 767px){ \n#top #wrap_all .av-special-heading.av-1iwh11c-4162bcb69b9a585d22027dc37815704f .av-special-heading-tag{\nfont-size:0.8em;\n}\n}\n\n@media only screen and (max-width: 479px){ \n#top #wrap_all .av-special-heading.av-1iwh11c-4162bcb69b9a585d22027dc37815704f .av-special-heading-tag{\nfont-size:0.8em;\n}\n}\n<\/style>\n<div  class='av-special-heading av-1iwh11c-4162bcb69b9a585d22027dc37815704f av-special-heading-h2 blockquote modern-quote modern-centered  avia-builder-el-4  el_before_av_hr  avia-builder-el-first  av-inherit-size av-linked-heading'><h2 class='av-special-heading-tag '  >Louer une voiture \u00e0 Cannes<\/h2><div class=\"special-heading-border\"><div class=\"special-heading-inner-border\"><\/div><\/div><\/div>\n<div  class='hr av-wdwwhh-fe39e3b60fa79c3d036c4fb06c74dfe0 hr-default  avia-builder-el-5  el_after_av_heading  el_before_av_textblock '><span class='hr-inner '><span class=\"hr-inner-style\"><\/span><\/span><\/div>\n<section  class='av_textblock_section av-ulb5mt-2bac7cd85254fb8f5510a60dc0fcf9d0 '  ><div class='avia_textblock' ><section id=\"block0\" class=\"stripe row-content block0 fullwidth\">\n<div class=\"column small-five small-push-one reset last\">\n<div class=\"boxcontent\">\n<h2><span style=\"font-size: 24pt;\">Location de voiture \u00e0 Cannes<\/span><\/h2>\n<p>Vous cherchez une location de voiture au meilleur prix \u00e0 Cannes ? Consultez nos tarifs et trouvez la voiture qui vous convient.<\/p>\n<p><strong>Le meilleur prix garanti est notre premier objectif<\/strong><\/p>\n<p>Nous adaptons chaque offre aux besoins exacts de nos clients. Toujours en fonction de votre demande, nous vous proposons la location de voiture \u00e0 Cannes et vous aidons \u00e0 profiter au mieux de vos vacances ou de votre voyage d&rsquo;affaires.<\/p>\n<p>Car4rent rend le trajet aussi agr\u00e9able que la destination.<\/p>\n<p><strong>Louez<\/strong> votre voiture \u00e0 <a href=\"https:\/\/www.cannes-destination.fr\/visites-incontournables\" target=\"_blank\" rel=\"noopener\"><strong>Cannes<\/strong><\/a>, C\u00f4te d&rsquo;Azur \u00e0 partir de 230\u20ac\/jour !<\/p>\n<p><img loading=\"lazy\" decoding=\"async\" class=\"alignnone size-medium wp-image-25378\" src=\"https:\/\/car4rent.fr\/wp-content\/uploads\/Cannes-Car-Rental-300x200.jpg\" alt=\"Location de voitures \u00e0 Cannes\" width=\"300\" height=\"200\" title=\"Car4Rent Cannes\" srcset=\"https:\/\/car4rent.fr\/wp-content\/uploads\/Cannes-Car-Rental-300x200.jpg 300w, https:\/\/car4rent.fr\/wp-content\/uploads\/Cannes-Car-Rental-768x512.jpg 768w, https:\/\/car4rent.fr\/wp-content\/uploads\/Cannes-Car-Rental-705x470.jpg 705w, https:\/\/car4rent.fr\/wp-content\/uploads\/Cannes-Car-Rental-450x300.jpg 450w, https:\/\/car4rent.fr\/wp-content\/uploads\/Cannes-Car-Rental.jpg 800w\" sizes=\"auto, (max-width: 300px) 100vw, 300px\" \/><\/p>\n<h2>Location de voiture \u00e0 Cannes<\/h2>\n<p>Vous vous rendez enfin \u00e0 Cannes et vous avez \u00e9tabli une liste des meilleurs endroits \u00e0 visiter. La meilleure solution est d&rsquo;avoir votre propre v\u00e9hicule. Vous pouvez louer une voiture de location \u00e0 Cannes par l&rsquo;interm\u00e9diaire de Car4rent. Mieux encore, profitez du restaurant branch\u00e9 et faites une croisi\u00e8re pour d\u00e9couvrir la C\u00f4te d&rsquo;Azur.<\/p>\n<p>R\u00e9server un cabriolet. Optez pour la libert\u00e9, la libert\u00e9 de faire de vos vacances ce que vous voulez. Vous imaginez le vent dans les cheveux alors que vous roulez sur les petites routes pittoresques ? Il s&rsquo;agit peut-\u00eatre d&rsquo;un d\u00e9palecment important o\u00f9 l&rsquo;on vit \u00e0 fond, et o\u00f9 une voiture de luxe donne le tempo. Mais si vous voulez que ces vacances soient inoubliables, choisissez une voiture de location avec Car4rent.<\/p>\n<p>Imaginez tous les nouveaux endroits que vous d\u00e9couvrirez.<\/p>\n<p><span style=\"font-size: 14pt;\">Le Palais des Festivals<\/span><\/p>\n<p>R\u00e9put\u00e9 pour la mont\u00e9e de ses marches, son tapis rouge et le chemin des \u00e9toiles, vivez une journ\u00e9e sur les traces des acteurs. Le Palais des Festivals accueille chaque ann\u00e9e\u00a0 le Festival de Cannes, qui est au mois de mai l\u2019un des \u00e9v\u00e9nements les plus m\u00e9diatis\u00e9s au monde et probablement le plus important festival de cin\u00e9ma.<\/p>\n<p>Les\u00a0 marches recouvertes de tapis rouge sont instagramm\u00e9es et photographi\u00e9es par nombre de journalistes et film\u00e9es par les t\u00e9l\u00e9visions du monde entier. Prenez la pose comme les stars lors d&rsquo;une mont\u00e9e des marches.<\/p>\n<p>Parcourez le Chemin des \u00c9toiles o\u00f9 r\u00e9alisteurs et acteurs ont laiss\u00e9 leurs signatures. Autour du Palais, plus d&rsquo;une centaine d&#8217;empreintes de mains des plus grandes stars du cin\u00e9ma sont marqu\u00e9es dans le sol : Jean-Paul Belmondo, Leonardo di Caprio, Pedro Almodovar, Quentin Tarantino, et bien d\u2019autres. Prenez plasir \u00e0 les retrouver et \u00e0 vous rappeler les meilleurs films qui y sont associ\u00e9s.<\/p>\n<header class=\"section-header-wrapper grid-container grid-default container-min\">\n<div class=\"section-header text-center\">\n<div class=\"section-titles flex-container flex-dir-column align-middle align-center text-center\">\n<div class=\"section-texts has-pretitle has-title\" style=\"text-align: left;\"><span class=\"section-pretitle block-span\" style=\"font-size: 14pt;\">Cannes et sa mythique Croisette<\/span><\/div>\n<div class=\"section-texts has-pretitle has-title\" style=\"text-align: left;\">Indissociable de l\u2019identit\u00e9 cannoise, la Croisette est un boulevard et constitue une longue promenade au bord de la mer, o\u00f9 il fait bon fl\u00e2ner. Bord\u00e9e d\u2019un c\u00f4t\u00e9 par la baie de Cannes, de ses palmiers et de ses pins, et de l\u2019autre par des b\u00e2timents somptueux, palaces d&rsquo;une autre \u00e9poque, boutiques de luxe et plages de r\u00e9putation mondiale o\u00f9 il fait bon de faire la f\u00eate. En bref un endroit prestigieux et glamour ou le luxe et l&rsquo;exub\u00e9rance\u00a0 vont de pair.<\/div>\n<\/div>\n<\/div>\n<\/header>\n<article class=\"section-layout-wrapper grid-container grid-default\">\n<div class=\"grid_1col_tpl_01 grid-x align-middle grid-padding-x grid-padding-y\">\n<div class=\"cell xmedium-down-order-2\">\n<div class=\"woody-component woody-component-custom-text tpl_02 flex-container flex-dir-column align-center \" data-equalizer=\"data-equalizer\">\n<div class=\"grid-x grid-padding-x\">\n<div class=\"cell\">\n<p>Du Palais des Festivals, jusqu\u2019au Palm Beach, elle longe la mer sur 3 kilom\u00e8tres et fait face aux Iles de L\u00e9rins. Elle se pr\u00eate id\u00e9alement \u00e0 la promenade, pour une balade en roller ou tout simplement \u00e0 la course \u00e0 pied ou \u00e0 v\u00e9lo.<\/p>\n<p><span style=\"font-size: 14pt;\">Les Iles de L\u00e9rins<\/span><\/p>\n<p>L&rsquo;\u00eele Sainte-Marguerite est la plus grande des deux et est le lieu id\u00e9al pour se baigner dans quelques unes des magnifiques criques ou explorer la faune et la flore. Vous pourrez \u00e9galement visiter la cellule de l\u2019homme au masque de fer. Une escapade r\u00eav\u00e9e en famille ou entre amis.<\/p>\n<p>L&rsquo;\u00eele Saint-Honorat est la plus petite des \u00eeles et est un haut lieu monastique pour les amoureux de patrimoine et d&rsquo;histoire. Vous pourrez visiter le Monast\u00e8re et sa haute tour qui offre une vue imprenable sur l\u2019\u00eele et son vignoble ainsi que sur le massif de l\u2019Esterel. Les \u00eeles sont accesibles en bateau navette avec un d\u00e9part assur\u00e9 toutes les demi heures en saison. Vous pourrez d\u00e9jeuner sur chacune des deux mais attention \u00e0 l&rsquo;affluence.<\/p>\n<p>Vous ne pourrez cependant pas y loger car les \u00eeles ne proposent pas d&rsquo;h\u00f4tel et donc il ne faudra pas rater la derni\u00e8re navette-retour \u00e0 18:45. Pensez \u00e9galement \u00e0 vous renseigner pour les d\u00e9parts et retours hors saison ou en hiver. Ceux-ci sont toutefois assur\u00e9s, mais \u00e0 cadence r\u00e9duite.<\/p>\n<header class=\"section-header-wrapper grid-container grid-default container-min\">\n<div class=\"section-header text-center\">\n<div class=\"section-titles flex-container flex-dir-column align-middle align-center text-center\">\n<div class=\"section-texts has-title has-subtitle has-desc\">\n<p class=\"section-title\"><span style=\"font-size: 14pt;\">La Vieille ville et Le Suquet, \u00e0 ne pas manquer<\/span><\/p>\n<div class=\"section-description\">\n<p>Le Suquet est une partie de la vieille ville de Cannes et est situ\u00e9 sur le Mont Chevalier. Class\u00e9 monument historique, le Suquet est le quartier le plus ancien de la ville.<\/p>\n<\/div>\n<\/div>\n<\/div>\n<\/div>\n<\/header>\n<article class=\"section-layout-wrapper grid-container grid-default\">\n<div class=\"grid_2col_tpl_02 grid-x align-middle grid-padding-x grid-padding-y\">\n<div class=\"cell large-8 xmedium-down-order-2\">\n<div class=\"woody-component woody-component-custom-text tpl_01 \" data-equalizer=\"data-equalizer\">\n<div class=\"grid-x grid-padding-x\">\n<div class=\"cell\">\n<p>Nich\u00e9 sur une petite colline, il offre une vue panoramique imprenable sur toute la ville, la baie de Cannes, les \u00eeles de L\u00e9rins, La Croisette et le vieux port. Aventurez-vous dans les ruelles \u00e9troites pav\u00e9es et color\u00e9es et grimpez jusqu\u2019au sommet du Mont Chevalier pour profiter de l\u2019ombre des pins parasols et la vue.<\/p>\n<p>D\u00e9couvrez les vestiges m\u00e9di\u00e9vaux et les plus vieux monuments comme le Mus\u00e9e des Explorations du Monde et la tour carr\u00e9e et l\u2019\u00e9glise Notre-Dame de l\u2019Esp\u00e9rance.<\/p>\n<p>Il s&rsquo;agit d&rsquo;un lieu authentique et a donn\u00e9 l\u2019inspiration \u00e0 de tr\u00e8s nombreux artistes.<\/p>\n<\/div>\n<\/div>\n<\/div>\n<\/div>\n<\/div>\n<\/article>\n<\/div>\n<\/div>\n<\/div>\n<\/div>\n<\/div>\n<\/article>\n<h2>D\u00e9couvrez la C\u00f4te d&rsquo;Azur, mondialement connue, et bien d&rsquo;autres endroits encore<\/h2>\n<p>Cannes est l&rsquo;une des destinations les plus glamour du sud de la France. Que votre famille aime la plage, les activit\u00e9s de plein air ou les attractions culturelles, vous trouverez votre bonheur sur la C\u00f4te d&rsquo;Azur.<\/p>\n<p>Nous disposons de nombreux mod\u00e8les de sport et de luxe disponibles \u00e0 la location, tels que <a href=\"https:\/\/car4rent.fr\/fr\/louer-une-ferrari\/\"><strong>Ferrari<\/strong><\/a>,\n            <a href=\"https:\/\/car4rent.fr\/fr\/louer-une-lamborghini\/\"><strong>Lamborghini<\/strong><\/a>,\n            <a href=\"https:\/\/car4rent.fr\/fr\/louer-une-porsche\/\"><strong>Porsche<\/strong><\/a>,\n            <a href=\"https:\/\/car4rent.fr\/fr\/louer-un-land-rover\/\"><strong>Land Rover<\/strong><\/a>,\n            <a href=\"https:\/\/car4rent.fr\/fr\/louer-une-mercedes\/\"><strong>Mercedes AMG<\/strong><\/a>,\n            <a href=\"https:\/\/car4rent.fr\/fr\/louer-une-bentley\/\"><strong>Bentley<\/strong><\/a>,\n            <a href=\"https:\/\/car4rent.fr\/fr\/louer-une-rolls-royce\/\"><strong>Rolls-Royce<\/strong><\/a>, et\n            <a href=\"https:\/\/car4rent.fr\/fr\/louer-une-audi\/\"><strong>Audi<\/strong><\/a>.. Toutes ces marques sont synonymes de puissance, de performance, d&rsquo;agilit\u00e9 et de s\u00e9curit\u00e9, en un mot d&rsquo;excellence. Nous fournissons un service \u00e0 la hauteur de vos exigences afin de garantir votre satisfaction.<\/p>\n<\/div>\n<\/div>\n<\/section>\n<section id=\"block1\" class=\"stripe row-content block1 fullwidth\">\n<div class=\"images\">\n<p>Venez visiter <a href=\"https:\/\/www.visitmonaco.com\/\" target=\"_blank\" rel=\"noopener\">Monaco<\/a> sur <a href=\"https:\/\/generationvoyage.fr\/visiter-cote-azur-faire-voir\/\" target=\"_blank\" rel=\"noopener\">la C\u00f4te d&rsquo;Azur<\/a>, et d\u00e9couvrez les paysages les plus embl\u00e9matiques. Vous n&rsquo;oublierez jamais la sensation de conduire sur les traces des pilotes de F1 GP.<\/p>\n<p><a href=\"https:\/\/car4rent.fr\/fr\/contact\/\">R\u00e9servez avec nous d\u00e8s maintenant<\/a>!<\/p>\n<\/div>\n<\/section>\n<\/div><\/section>\n\n<style type=\"text\/css\" data-created_by=\"avia_inline_auto\" id=\"style-css-av-tflqph-bed50bae1df2a13e4862a88493a6bf2a\">\n.flex_column.av-tflqph-bed50bae1df2a13e4862a88493a6bf2a{\nborder-radius:0px 0px 0px 0px;\npadding:0px 0px 0px 0px;\n}\n<\/style>\n<div  class='flex_column av-tflqph-bed50bae1df2a13e4862a88493a6bf2a av_one_third  avia-builder-el-7  el_after_av_textblock  el_before_av_one_third  first flex_column_div av-zero-column-padding  column-top-margin'     ><style type=\"text\/css\" data-created_by=\"avia_inline_auto\" id=\"style-css-av-r17qtx-9bd1155528fdb7bcc0bf50850a32fe79\">\n.iconbox.av-r17qtx-9bd1155528fdb7bcc0bf50850a32fe79 .iconbox_icon{\nbackground-color:#6834bd;\n}\n<\/style>\n<article  class='iconbox iconbox_top av-r17qtx-9bd1155528fdb7bcc0bf50850a32fe79  avia-builder-el-8  avia-builder-el-no-sibling  main_color' ><div class=\"iconbox_content\"><header class=\"entry-content-header\" aria-label=\"Ic\u00f4ne : \"><div class='iconbox_icon heading-color avia-iconfont avia-font-entypo-fontello' data-av_icon='\ue82a' data-av_iconfont='entypo-fontello'  ><\/div><\/header><div class='iconbox_content_container ' ><h3>Louer une voiture \u00e0 Cannes<\/h3>\n<hr \/>\n<p>Nous proposons \u00e0 la location des voitures de luxe et de sport, mais \u00e9galement une large gamme de SUV et de cabriolets. D\u00e9couvrez nos voitures de r\u00eave.<\/p>\n<p>Prix \u00e0 partir de 230\u20ac \/ jour.<\/p>\n<\/div><\/div><footer class=\"entry-footer\"><\/footer><\/article><\/div>\n<style type=\"text\/css\" data-created_by=\"avia_inline_auto\" id=\"style-css-av-qaro51-a79e78758e0a10460b8ee4df7b3c823d\">\n.flex_column.av-qaro51-a79e78758e0a10460b8ee4df7b3c823d{\nborder-radius:0px 0px 0px 0px;\npadding:0px 0px 0px 0px;\n}\n<\/style>\n<div  class='flex_column av-qaro51-a79e78758e0a10460b8ee4df7b3c823d av_one_third  avia-builder-el-9  el_after_av_one_third  el_before_av_one_third  flex_column_div av-zero-column-padding  column-top-margin'     ><style type=\"text\/css\" data-created_by=\"avia_inline_auto\" id=\"style-css-av-oc9qed-bac3bc46323cb77f49147975aa860a18\">\n.iconbox.av-oc9qed-bac3bc46323cb77f49147975aa860a18 .iconbox_icon{\nbackground-color:#6834bd;\n}\n<\/style>\n<article  class='iconbox iconbox_top av-oc9qed-bac3bc46323cb77f49147975aa860a18  avia-builder-el-10  avia-builder-el-no-sibling  main_color' ><div class=\"iconbox_content\"><header class=\"entry-content-header\" aria-label=\"Ic\u00f4ne : \"><div class='iconbox_icon heading-color avia-iconfont avia-font-entypo-fontello' data-av_icon='\ue842' data-av_iconfont='entypo-fontello'  ><\/div><\/header><div class='iconbox_content_container ' ><h3>Agences \u00e0 l\u2019a\u00e9roport de Nice, Cannes, Monaco et Saint-Tropez<\/h3>\n<hr \/>\n<p>Nous proposons \u00e0 la location des voitures de sport et de luxe, mais \u00e9galement une large gamme de SUV et de cabriolets. D\u00e9couvrez nos voitures de r\u00eave.<\/p>\n<\/div><\/div><footer class=\"entry-footer\"><\/footer><\/article><\/div>\n<style type=\"text\/css\" data-created_by=\"avia_inline_auto\" id=\"style-css-av-mn6vg5-061543a2fa6236cf4371bbc3b934b20f\">\n.flex_column.av-mn6vg5-061543a2fa6236cf4371bbc3b934b20f{\nborder-radius:0px 0px 0px 0px;\npadding:0px 0px 0px 0px;\n}\n<\/style>\n<div  class='flex_column av-mn6vg5-061543a2fa6236cf4371bbc3b934b20f av_one_third  avia-builder-el-11  el_after_av_one_third  avia-builder-el-last  flex_column_div av-zero-column-padding  column-top-margin'     ><style type=\"text\/css\" data-created_by=\"avia_inline_auto\" id=\"style-css-av-khug91-7360a343bee0b014827620d0e94fd613\">\n.iconbox.av-khug91-7360a343bee0b014827620d0e94fd613 .iconbox_icon{\nbackground-color:#6834bd;\n}\n<\/style>\n<article  class='iconbox iconbox_top av-khug91-7360a343bee0b014827620d0e94fd613  avia-builder-el-12  avia-builder-el-no-sibling  main_color' ><div class=\"iconbox_content\"><header class=\"entry-content-header\" aria-label=\"Ic\u00f4ne : \"><div class='iconbox_icon heading-color avia-iconfont avia-font-entypo-fontello' data-av_icon='\ue80b' data-av_iconfont='entypo-fontello'  ><\/div><\/header><div class='iconbox_content_container ' ><h3>Test Drive &#8211; Faites de votre r\u00eave une r\u00e9alit\u00e9<\/h3>\n<hr \/>\n<p>Offrez-vous une exp\u00e9rience de conduite unique au volant d&rsquo;une supercar. Prenez le volant d&rsquo;une Lamborghini, d&rsquo;une Ferrari ou d&rsquo;une Porsche sans vous ruiner. Pour des raisons de s\u00e9curit\u00e9, vous roulerez accompagn\u00e9. \u00c0 partir de 195\u20ac pp.<\/p>\n<\/div><\/div><footer class=\"entry-footer\"><\/footer><\/article><\/div><\/div><\/div><\/div><!-- close content main div --><\/div><\/div><div id='contactez-nous'  class='avia-section av-jnxmth-fb786b4b1be836a8c0bfe8aa3ace1291 main_color avia-section-default avia-no-border-styling  avia-builder-el-13  el_after_av_section  el_before_av_section  avia-bg-style-scroll container_wrap fullsize'  ><div class='container av-section-cont-open' ><div class='template-page content  av-content-full alpha units'><div class='post-entry post-entry-type-page post-entry-30316'><div class='entry-content-wrapper clearfix'>\n<div  class='hr av-hmnted-66875f364a5339adb99657ffa24088d3 hr-default  avia-builder-el-14  el_before_av_textblock  avia-builder-el-first '><span class='hr-inner '><span class=\"hr-inner-style\"><\/span><\/span><\/div>\n<section  class='av_textblock_section av-493kgl-bdffe2f56806fe3c648e38796b1c0235 '  ><div class='avia_textblock' ><p style=\"text-align: center;\"><span style=\"font-size: 14pt;\">Vous souhaitez louer une voiture de luxe sur la C\u00f4te d\u2019Azur ? Besoin d\u2019un conseil ?<\/span><\/p>\n<\/div><\/section>\n\n<style type=\"text\/css\" data-created_by=\"avia_inline_auto\" id=\"style-css-av-bvyz11-c77252df36098604a755f066fb0b732c\">\n.flex_column.av-bvyz11-c77252df36098604a755f066fb0b732c{\nborder-radius:0px 0px 0px 0px;\npadding:0px 0px 0px 0px;\n}\n<\/style>\n<div  class='flex_column av-bvyz11-c77252df36098604a755f066fb0b732c av_two_third  avia-builder-el-16  el_after_av_textblock  el_before_av_one_third  first flex_column_div av-zero-column-padding  column-top-margin'     ><section  class='av_textblock_section av-lq21jmoq-e3090bfb2ea7a483d5f93309e06eceed '  ><div class='avia_textblock' ><p style=\"text-align: center;\"><span style=\"font-size: 14pt;\">Contactez-nous \u00e0 l\u2019aide du formulaire ci-dessous<\/span><\/p>\n<\/div><\/section><br \/>\n<section  class='av_textblock_section av-8yi8xh-27d016b02a37d6db257521031bcc6c88 '  ><div class='avia_textblock' ><div class=\"wpforms-container wpforms-container-full\" id=\"wpforms-27233\"><form id=\"wpforms-form-27233\" class=\"wpforms-validate wpforms-form\" data-formid=\"27233\" method=\"post\" enctype=\"multipart\/form-data\" action=\"\/fr\/wp-json\/wp\/v2\/pages\/30316\" data-token=\"10d94bb5d601b0fca13a9155a6633d88\" data-token-time=\"1777404000\"><noscript class=\"wpforms-error-noscript\">Veuillez activer JavaScript dans votre navigateur pour remplir ce formulaire.<\/noscript><div class=\"wpforms-field-container\"><div id=\"wpforms-27233-field_5-container\" class=\"wpforms-field wpforms-field-name\" data-field-id=\"5\"><label class=\"wpforms-field-label\">Nom <span class=\"wpforms-required-label\">*<\/span><\/label><div class=\"wpforms-field-row wpforms-field-medium\"><div class=\"wpforms-field-row-block wpforms-first wpforms-one-half\"><input type=\"text\" id=\"wpforms-27233-field_5\" class=\"wpforms-field-name-first wpforms-field-required\" name=\"wpforms[fields][5][first]\" required><label for=\"wpforms-27233-field_5\" class=\"wpforms-field-sublabel after\">First<\/label><\/div><div class=\"wpforms-field-row-block wpforms-one-half\"><input type=\"text\" id=\"wpforms-27233-field_5-last\" class=\"wpforms-field-name-last wpforms-field-required\" name=\"wpforms[fields][5][last]\" required><label for=\"wpforms-27233-field_5-last\" class=\"wpforms-field-sublabel after\">Last<\/label><\/div><\/div><\/div><div id=\"wpforms-27233-field_9-container\" class=\"wpforms-field wpforms-field-layout\" data-field-id=\"9\"><div class=\"wpforms-field-layout-rows wpforms-field-large\"><div class=\"wpforms-layout-row\"><div class=\"wpforms-layout-column wpforms-layout-column-50\"><div id=\"wpforms-27233-field_7-container\" class=\"wpforms-field wpforms-field-email\" data-field-id=\"7\"><label class=\"wpforms-field-label\" for=\"wpforms-27233-field_7\">Courriel <span class=\"wpforms-required-label\">*<\/span><\/label><input type=\"email\" id=\"wpforms-27233-field_7\" class=\"wpforms-field-medium wpforms-field-required\" name=\"wpforms[fields][7]\" spellcheck=\"false\" required><\/div><\/div><div class=\"wpforms-layout-column wpforms-layout-column-50\"><div id=\"wpforms-27233-field_8-container\" class=\"wpforms-field wpforms-field-phone\" data-field-id=\"8\"><label class=\"wpforms-field-label\" for=\"wpforms-27233-field_8\">T\u00e9l\u00e9phone <span class=\"wpforms-required-label\">*<\/span><\/label><input type=\"tel\" id=\"wpforms-27233-field_8\" class=\"wpforms-field-medium wpforms-field-required\" data-rule-int-phone-field=\"true\" name=\"wpforms[fields][8]\" aria-label=\"T\u00e9l\u00e9phone\" required><\/div><\/div><\/div><\/div><\/div><div id=\"wpforms-27233-field_4-container\" class=\"wpforms-field wpforms-field-textarea\" data-field-id=\"4\"><label class=\"wpforms-field-label\" for=\"wpforms-27233-field_4\">Message<\/label><textarea id=\"wpforms-27233-field_4\" class=\"wpforms-field-medium\" name=\"wpforms[fields][4]\" ><\/textarea><\/div><\/div><!-- .wpforms-field-container --><div class=\"wpforms-recaptcha-container wpforms-is-recaptcha wpforms-is-recaptcha-type-v3\" ><input type=\"hidden\" name=\"wpforms[recaptcha]\" value=\"\"><\/div><div class=\"wpforms-submit-container\" ><input type=\"hidden\" name=\"wpforms[id]\" value=\"27233\"><input type=\"hidden\" name=\"page_title\" value=\"\"><input type=\"hidden\" name=\"page_url\" value=\"https:\/\/car4rent.fr\/fr\/wp-json\/wp\/v2\/pages\/30316\"><input type=\"hidden\" name=\"url_referer\" value=\"\"><button type=\"submit\" name=\"wpforms[submit]\" id=\"wpforms-submit-27233\" class=\"wpforms-submit\" data-alt-text=\"Envoi\" data-submit-text=\"Soumettre\" aria-live=\"assertive\" value=\"wpforms-submit\">Soumettre<\/button><\/div><\/form><\/div>  <!-- .wpforms-container -->\n<\/div><\/section><\/p><\/div>\n<style type=\"text\/css\" data-created_by=\"avia_inline_auto\" id=\"style-css-av-89o1kl-337735673270c40fcf78f99c39b6c42d\">\n.flex_column.av-89o1kl-337735673270c40fcf78f99c39b6c42d{\nborder-radius:0px 0px 0px 0px;\npadding:0px 0px 0px 0px;\n}\n<\/style>\n<div  class='flex_column av-89o1kl-337735673270c40fcf78f99c39b6c42d av_one_third  avia-builder-el-19  el_after_av_two_third  avia-builder-el-last  flex_column_div av-zero-column-padding  column-top-margin'     ><section  class='av_textblock_section av-lq21ik57-c44bb22ebca54b450bf447100ad4a41f '  ><div class='avia_textblock' ><p style=\"text-align: center;\"><span style=\"font-size: 14pt;\">Nous contacter par t\u00e9l\u00e9phone<\/span><\/p>\n<\/div><\/section><br \/>\n<section  class='av_textblock_section av-av_textblock-564067357eb74c20cdd60b282c9b50bd '  ><div class='avia_textblock' ><p>Agence de Cannes (09H-12H00 et 15H00-19H00)<br \/>\n10, rue Hibert 06400 Cannes<br \/>\nT\u00e9l\u00e9phone : +<a href=\"tel:0033788278586\">33(0)7 88 27 85 86<\/a><br \/>\nMail : <a href=\"mailto:info@car4rent.fr\">info@car4rent.fr<\/a><\/p>\n<\/div><\/section><\/p><\/div>\n<\/p>\n<\/div><\/div><\/div><!-- close content main div --><\/div><\/div><div id='av_section_4'  class='avia-section av-13f7atc-922b206579da45b9d5877dd50e72480e main_color avia-section-default avia-no-border-styling  avia-builder-el-22  el_after_av_section  avia-builder-el-last  avia-bg-style-scroll container_wrap fullsize'  ><div class='container av-section-cont-open' ><div class='template-page content  av-content-full alpha units'><div class='post-entry post-entry-type-page post-entry-30316'><div class='entry-content-wrapper clearfix'>\n<div  class='avia-builder-widget-area clearfix  avia-builder-el-23  avia-builder-el-no-sibling '><div id=\"text-9\" class=\"widget clearfix widget_text\">\t\t\t<div class=\"textwidget\"><p style=\"text-align: center;\">    <div class=\"car4rent-share-block car4rent-fr\">\n        <a href=\"https:\/\/www.facebook.com\/sharer\/sharer.php?u=\" target=\"_blank\" rel=\"noopener\"><i class=\"fa-brands fa-facebook\"><\/i> Partager<\/a>\n        <a href=\"https:\/\/x.com\/intent\/tweet?url=&amp;text=\" target=\"_blank\" rel=\"noopener\"><i class=\"fa-brands fa-x-twitter\"><\/i> X<\/a>\n        <a href=\"https:\/\/wa.me\/?text=%20\" target=\"_blank\" rel=\"noopener\"><i class=\"fa-brands fa-whatsapp\"><\/i> WhatsApp<\/a>\n        <a href=\"https:\/\/www.instagram.com\/car4rent_cannes\/\" target=\"_blank\" rel=\"noopener\"><i class=\"fa-brands fa-instagram\"><\/i> Instagram<\/a>\n        <a href=\"https:\/\/www.linkedin.com\/company\/car4rent\/about\/\" target=\"_blank\" rel=\"noopener\"><i class=\"fa-brands fa-linkedin\"><\/i> LinkedIn<\/a>\n        <a href=\"https:\/\/www.youtube.com\/@car4rentcannes839\" target=\"_blank\" rel=\"noopener\"><i class=\"fa-brands fa-youtube\"><\/i> YouTube<\/a>\n    <\/div>\n    <\/p>\n<\/div>\n\t\t<\/div><\/div>\n\n","protected":false},"excerpt":{"rendered":"","protected":false},"author":3,"featured_media":29731,"parent":0,"menu_order":1070,"comment_status":"closed","ping_status":"closed","template":"","meta":{"_acf_changed":false,"footnotes":""},"class_list":["post-30316","page","type-page","status-publish","has-post-thumbnail","hentry"],"acf":[],"_links":{"self":[{"href":"https:\/\/car4rent.fr\/fr\/wp-json\/wp\/v2\/pages\/30316","targetHints":{"allow":["GET"]}}],"collection":[{"href":"https:\/\/car4rent.fr\/fr\/wp-json\/wp\/v2\/pages"}],"about":[{"href":"https:\/\/car4rent.fr\/fr\/wp-json\/wp\/v2\/types\/page"}],"author":[{"embeddable":true,"href":"https:\/\/car4rent.fr\/fr\/wp-json\/wp\/v2\/users\/3"}],"replies":[{"embeddable":true,"href":"https:\/\/car4rent.fr\/fr\/wp-json\/wp\/v2\/comments?post=30316"}],"version-history":[{"count":0,"href":"https:\/\/car4rent.fr\/fr\/wp-json\/wp\/v2\/pages\/30316\/revisions"}],"wp:featuredmedia":[{"embeddable":true,"href":"https:\/\/car4rent.fr\/fr\/wp-json\/wp\/v2\/media\/29731"}],"wp:attachment":[{"href":"https:\/\/car4rent.fr\/fr\/wp-json\/wp\/v2\/media?parent=30316"}],"curies":[{"name":"wp","href":"https:\/\/api.w.org\/{rel}","templated":true}]}}