{"id":30199,"date":"2023-11-10T16:56:12","date_gmt":"2023-11-10T15:56:12","guid":{"rendered":"https:\/\/car4rent.fr\/essai-de-conduite\/"},"modified":"2024-06-22T01:33:54","modified_gmt":"2024-06-21T23:33:54","slug":"test-drive-supercar","status":"publish","type":"page","link":"https:\/\/car4rent.fr\/fr\/test-drive-supercar\/","title":{"rendered":"Test Drive supercar"},"content":{"rendered":"\n<style type=\"text\/css\" data-created_by=\"avia_inline_auto\" id=\"style-css-av-1grbszm-e10ea2fb5787746c64f92d0ccb2b7e99\">\n.avia-section.av-1grbszm-e10ea2fb5787746c64f92d0ccb2b7e99 .av-parallax .av-parallax-inner{\nbackground-repeat:no-repeat;\nbackground-image:url(https:\/\/car4rent.fr\/wp-content\/uploads\/targa-2-palm-beach-1-1-1500x630.jpg);\nbackground-position:0% 0%;\nbackground-attachment:scroll;\n}\n<\/style>\n<div id='av_section_1'  class='avia-section av-1grbszm-e10ea2fb5787746c64f92d0ccb2b7e99 main_color avia-section-huge avia-no-border-styling  avia-builder-el-0  el_before_av_one_full  avia-builder-el-first  av-parallax-section avia-bg-style-parallax av-minimum-height av-minimum-height-custom av-height-custom  container_wrap fullsize'  data-section-bg-repeat='no-repeat' data-av_minimum_height_px='350'><div class='av-parallax' data-avia-parallax-ratio='0.3' ><div class='av-parallax-inner main_color avia-full-stretch'><\/div><\/div><div class=\"av-section-color-overlay-wrap\"><a href='#next-section' title='' class='scroll-down-link  avia-svg-icon avia-font-svg_entypo-fontello' data-av_svg_icon='down-open-mini' data-av_iconset='svg_entypo-fontello'><svg version=\"1.1\" xmlns=\"http:\/\/www.w3.org\/2000\/svg\" width=\"15\" height=\"32\" viewBox=\"0 0 15 32\" preserveAspectRatio=\"xMidYMid meet\" aria-labelledby='av-svg-title-1' aria-describedby='av-svg-desc-1' role=\"graphics-symbol\" aria-hidden=\"true\">\n<title id='av-svg-title-1'>Scroller vers la prochaine section<\/title>\n<desc id='av-svg-desc-1'>Scroller vers la prochaine section<\/desc>\n<path d=\"M12.96 12.16q0.704-0.832 1.536 0 0.832 0.704 0 1.536l-6.272 6.144q-0.704 0.704-1.536 0l-6.272-6.144q-0.832-0.832 0-1.536 0.768-0.768 1.6 0l5.44 4.992z\"><\/path>\n<\/svg><\/a><div class='container av-section-cont-open' style='height:350px'><main  class='template-page content  av-content-full alpha units'><div class='post-entry post-entry-type-page post-entry-30199'><div class='entry-content-wrapper clearfix'><\/div><\/div><\/main><!-- close content main element --><\/div><\/div><\/div><div id='after_section_1'  class='main_color av_default_container_wrap container_wrap fullsize'  ><div class='container av-section-cont-open' ><div class='template-page content  av-content-full alpha units'><div class='post-entry post-entry-type-page post-entry-30199'><div class='entry-content-wrapper clearfix'>\n\n<style type=\"text\/css\" data-created_by=\"avia_inline_auto\" id=\"style-css-av-1dwze3m-e7387ddbe2c1de043d5b6cc8529263de\">\n.flex_column.av-1dwze3m-e7387ddbe2c1de043d5b6cc8529263de{\nborder-radius:0px 0px 0px 0px;\npadding:0px 0px 0px 0px;\n}\n<\/style>\n<div  class='flex_column av-1dwze3m-e7387ddbe2c1de043d5b6cc8529263de av_one_full  avia-builder-el-1  el_after_av_section  el_before_av_section  avia-builder-el-no-sibling  first flex_column_div av-zero-column-padding  '     ><p>\n<style type=\"text\/css\" data-created_by=\"avia_inline_auto\" id=\"style-css-av-l7kfb5aj-75cbb9a62bf04c303e0cee0bd1fa6655\">\n#top .av-special-heading.av-l7kfb5aj-75cbb9a62bf04c303e0cee0bd1fa6655{\npadding-bottom:10px;\n}\nbody .av-special-heading.av-l7kfb5aj-75cbb9a62bf04c303e0cee0bd1fa6655 .av-special-heading-tag .heading-char{\nfont-size:25px;\n}\n.av-special-heading.av-l7kfb5aj-75cbb9a62bf04c303e0cee0bd1fa6655 .av-subheading{\nfont-size:15px;\n}\n<\/style>\n<div  class='av-special-heading av-l7kfb5aj-75cbb9a62bf04c303e0cee0bd1fa6655 av-special-heading-h2 blockquote modern-quote modern-centered  avia-builder-el-2  el_before_av_textblock  avia-builder-el-first  av-linked-heading'><h2 class='av-special-heading-tag '  >Test Drive Supercar exclusif &#8211; Faites de votre r\u00eave une r\u00e9alit\u00e9<\/h2><div class=\"special-heading-border\"><div class=\"special-heading-inner-border\"><\/div><\/div><\/div><br \/>\n<section  class='av_textblock_section av-1bq98s2-5c685f6cc0fee75017e3d91853ba7ff9 '  ><div class='avia_textblock' ><p style=\"text-align: center;\">Offrez-vous un test drive supercar avec Car4rent sur la <a href=\"https:\/\/generationvoyage.fr\/visiter-cote-azur-faire-voir\/\" target=\"_blank\" rel=\"noopener\">C\u00f4te d&rsquo;Azur<\/a> \u00e0 <a href=\"https:\/\/www.cannes-destination.fr\/visites-incontournables\" target=\"_blank\" rel=\"noopener\">Cannes<\/a><\/p>\n<p style=\"text-align: center;\"><span style=\"font-size: 14pt;\">Choisissez votre circuit et vivez une exp\u00e9rience inoubliable !<\/span><\/p>\n<p style=\"text-align: center;\">D\u00e9couvrez pourquoi la conduite d&rsquo;une GT est le cadeau id\u00e9al pour les amateurs de voitures de sport ! Nous connaissons tous quelqu&rsquo;un qui est tr\u00e8s attir\u00e9 par la beaut\u00e9 des voitures de sport. Avec Car4rent, offrez-vous une exp\u00e9rience inattendue, faites plaisir \u00e0 un parent ou \u00e0 un ami afin de profiter d&rsquo;un moment inoubliable et passionnant sans vous ruiner. Voici un bref aper\u00e7u de quelques-uns des v\u00e9hicules que nous vous proposond d&rsquo;essayer. <a href=\"https:\/\/car4rent.fr\/fr\/contact\/\" target=\"_blank\" rel=\"noopener\">R\u00e9servez<\/a> un test drive d\u00e8s aujourd&rsquo;hui !<\/p>\n<\/div><\/section><\/p><\/div>\n<\/div><\/div><\/div><!-- close content main div --><\/div><\/div><div id='av_section_2'  class='avia-section av-19uatsi-5fc5546c1e280a3728a3d09f3e0da74c main_color avia-section-default avia-no-border-styling  avia-builder-el-4  el_after_av_one_full  el_before_av_layout_row  avia-bg-style-scroll container_wrap fullsize'  ><div class='container av-section-cont-open' ><div class='template-page content  av-content-full alpha units'><div class='post-entry post-entry-type-page post-entry-30199'><div class='entry-content-wrapper clearfix'>\n\n<style type=\"text\/css\" data-created_by=\"avia_inline_auto\" id=\"style-css-av-17wdgsi-4e0fa0dbcff7a4fffcff8c932e00b7c4\">\n.flex_column.av-17wdgsi-4e0fa0dbcff7a4fffcff8c932e00b7c4{\nborder-radius:0px 0px 0px 0px;\npadding:0px 0px 0px 0px;\n}\n<\/style>\n<div  class='flex_column av-17wdgsi-4e0fa0dbcff7a4fffcff8c932e00b7c4 av_one_full  avia-builder-el-5  el_before_av_hr  avia-builder-el-first  first flex_column_div av-zero-column-padding  '     ><section  class='av_textblock_section av-lv28o1b8-ef52f466cd4c18ab002760223ba9d9ab '  ><div class='avia_textblock' ><p style=\"text-align: center;\"><span style=\"font-size: 14pt;\">Nos voitures disponibles pour un test drive<\/span><\/p>\n<\/div><\/section><\/div>\n<style type=\"text\/css\" data-created_by=\"avia_inline_auto\" id=\"style-css-av-15ap4gy-032edf2a2563484b84a9cbb74ce13beb\">\n#top .hr.hr-invisible.av-15ap4gy-032edf2a2563484b84a9cbb74ce13beb{\nheight:25px;\n}\n<\/style>\n<div  class='hr av-15ap4gy-032edf2a2563484b84a9cbb74ce13beb hr-invisible  avia-builder-el-7  el_after_av_one_full  el_before_av_heading '><span class='hr-inner '><span class=\"hr-inner-style\"><\/span><\/span><\/div>\n\n<style type=\"text\/css\" data-created_by=\"avia_inline_auto\" id=\"style-css-av-l7kfkc7b-f307b7f88c6810875297e5ba2bf97c8c\">\n#top .av-special-heading.av-l7kfkc7b-f307b7f88c6810875297e5ba2bf97c8c{\npadding-bottom:10px;\n}\nbody .av-special-heading.av-l7kfkc7b-f307b7f88c6810875297e5ba2bf97c8c .av-special-heading-tag .heading-char{\nfont-size:25px;\n}\n.av-special-heading.av-l7kfkc7b-f307b7f88c6810875297e5ba2bf97c8c .av-subheading{\nfont-size:15px;\n}\n<\/style>\n<div  class='av-special-heading av-l7kfkc7b-f307b7f88c6810875297e5ba2bf97c8c av-special-heading-h3 blockquote modern-quote modern-centered  avia-builder-el-8  el_after_av_hr  el_before_av_textblock  av-linked-heading'><h3 class='av-special-heading-tag '  >Comment cela fonctionne-t-il ?<\/h3><div class=\"special-heading-border\"><div class=\"special-heading-inner-border\"><\/div><\/div><\/div>\n<section  class='av_textblock_section av-bytajm-2d42c34059087a1887a51b8abe189256 '  ><div class='avia_textblock' ><p style=\"text-align: center;\">L&rsquo;exp\u00e9rience de conduite d&rsquo;une GT est propos\u00e9e \u00e0 partir de 195 euros pour une voiture et par personne. La dur\u00e9e est d&rsquo;environ 1\/2 heure sur un trajet de 14 kilom\u00e8tres le long de la C\u00f4te avoisinnant Cannes et de 395 euros pout 1 heure sur les routes et autoroutes de la C\u00f4te d&rsquo;Azur amenant \u00e0 Cannes. Pour votre s\u00e9curit\u00e9, un de nos moniteurs sp\u00e9cialis\u00e9s sera \u00e0 bord pour vous conseiller. R\u00e9servez d\u00e8s aujourd&rsquo;hui !<\/p>\n<\/div><\/section>\n\n<style type=\"text\/css\" data-created_by=\"avia_inline_auto\" id=\"style-css-av-10yu5u-5ea5cbca81ed5901e7ee739215920727\">\n#top .hr.hr-invisible.av-10yu5u-5ea5cbca81ed5901e7ee739215920727{\nheight:25px;\n}\n<\/style>\n<div  class='hr av-10yu5u-5ea5cbca81ed5901e7ee739215920727 hr-invisible  avia-builder-el-10  el_after_av_textblock  el_before_av_textblock '><span class='hr-inner '><span class=\"hr-inner-style\"><\/span><\/span><\/div>\n<section  class='av_textblock_section av-94n3f6-cc9bfb7ece3f826d387c42a6e89bc0bf '  ><div class='avia_textblock' ><p style=\"text-align: center;\">Vous souhaitez organiser un \u00e9v\u00e9nement pour motiver vos employ\u00e9s, remercier vos clients les plus fid\u00e8les ou renforcer les liens avec vos partenaires ?<\/p>\n<p style=\"text-align: center;\">L&rsquo;heure est \u00e0 l&rsquo;excitation et au frisson d&rsquo;une exp\u00e9rience \u00e0 couper le souffle !<\/p>\n<\/div><\/section>\n<\/div><\/div><\/div><!-- close content main div --><\/div><\/div><div id='av-layout-grid-1'  class='av-layout-grid-container av-lxpbkobm-454251055dd307e102fa0d9ce1826044 entry-content-wrapper main_color av-flex-cells  avia-builder-el-12  el_after_av_section  el_before_av_section  av-cell-min-height av-cell-min-height-25 grid-row-not-first  container_wrap fullsize'   data-av_minimum_height_pc='25'>\n<div class='flex_cell av-av_cell_one_fifth-9049ca77cd381b8eb45853defb5676d4 av-gridrow-cell av_one_fifth no_margin  avia-builder-el-13  el_before_av_cell_one_fifth  avia-builder-el-first '  ><div class='flex_cell_inner'><p>\n<style type=\"text\/css\" data-created_by=\"avia_inline_auto\" id=\"style-css-av-116646q-7826be12722f7b0ac5aae757d893eda8\">\n.avia-image-container.av-116646q-7826be12722f7b0ac5aae757d893eda8 img.avia_image{\nbox-shadow:none;\n}\n.avia-image-container.av-116646q-7826be12722f7b0ac5aae757d893eda8 .av-image-caption-overlay-center{\ncolor:#ffffff;\n}\n<\/style>\n<div  class='avia-image-container av-116646q-7826be12722f7b0ac5aae757d893eda8 av-styling- avia-align-center  avia-builder-el-14  el_before_av_textblock  avia-builder-el-first '  ><div class=\"avia-image-container-inner\"><div class=\"avia-image-overlay-wrap\"><img decoding=\"async\" fetchpriority=\"high\" class='wp-image-30002 avia-img-lazy-loading-not-30002 avia_image ' src=\"https:\/\/car4rent.fr\/wp-content\/uploads\/rent-chevrolet-corvette-3-180x180.jpg\" alt='louer une chevrolet corvette' title='louer une chevrolet corvette'  height=\"180\" width=\"180\" srcset=\"https:\/\/car4rent.fr\/wp-content\/uploads\/rent-chevrolet-corvette-3-180x180.jpg 180w, https:\/\/car4rent.fr\/wp-content\/uploads\/rent-chevrolet-corvette-3-80x80.jpg 80w, https:\/\/car4rent.fr\/wp-content\/uploads\/rent-chevrolet-corvette-3-36x36.jpg 36w, https:\/\/car4rent.fr\/wp-content\/uploads\/rent-chevrolet-corvette-3-120x120.jpg 120w, https:\/\/car4rent.fr\/wp-content\/uploads\/rent-chevrolet-corvette-3-100x100.jpg 100w\" sizes=\"(max-width: 180px) 100vw, 180px\" \/><\/div><\/div><\/div><br \/>\n<section  class='av_textblock_section av-lxpbpo2q-bd19d86cf0ff5e8dd283931865e6485a '  ><div class='avia_textblock' ><p><span style=\"font-size: 14pt;\">Chevrolet Corvette C8 Cabriolet<\/span><\/p>\n<\/div><\/section><\/p>\n<\/div><\/div><div class='flex_cell av-av_cell_one_fifth-9049ca77cd381b8eb45853defb5676d4 av-gridrow-cell av_one_fifth no_margin  avia-builder-el-16  el_after_av_cell_one_fifth  el_before_av_cell_one_fifth '  ><div class='flex_cell_inner'><p>\n<style type=\"text\/css\" data-created_by=\"avia_inline_auto\" id=\"style-css-av-vxua42-fcb268777a5a6413a3d5a61f87f718ce\">\n.avia-image-container.av-vxua42-fcb268777a5a6413a3d5a61f87f718ce img.avia_image{\nbox-shadow:none;\n}\n.avia-image-container.av-vxua42-fcb268777a5a6413a3d5a61f87f718ce .av-image-caption-overlay-center{\ncolor:#ffffff;\n}\n<\/style>\n<div  class='avia-image-container av-vxua42-fcb268777a5a6413a3d5a61f87f718ce av-styling- avia-align-center  avia-builder-el-17  el_before_av_textblock  avia-builder-el-first '  ><div class=\"avia-image-container-inner\"><div class=\"avia-image-overlay-wrap\"><img decoding=\"async\" fetchpriority=\"high\" class='wp-image-30011 avia-img-lazy-loading-not-30011 avia_image ' src=\"https:\/\/car4rent.fr\/wp-content\/uploads\/rent-lamborghini-huracan-spyder-180x180.jpg\" alt='Glossy black Lamborghini Huracan Spyder convertible with green brake calipers.' title='rent lamborghini huracan spyder'  height=\"180\" width=\"180\" srcset=\"https:\/\/car4rent.fr\/wp-content\/uploads\/rent-lamborghini-huracan-spyder-180x180.jpg 180w, https:\/\/car4rent.fr\/wp-content\/uploads\/rent-lamborghini-huracan-spyder-80x80.jpg 80w, https:\/\/car4rent.fr\/wp-content\/uploads\/rent-lamborghini-huracan-spyder-36x36.jpg 36w, https:\/\/car4rent.fr\/wp-content\/uploads\/rent-lamborghini-huracan-spyder-120x120.jpg 120w, https:\/\/car4rent.fr\/wp-content\/uploads\/rent-lamborghini-huracan-spyder-100x100.jpg 100w\" sizes=\"(max-width: 180px) 100vw, 180px\" \/><\/div><\/div><\/div><br \/>\n<section  class='av_textblock_section av-vagdgy-3b4afa9513c55343e28242c2bc161a4b '  ><div class='avia_textblock' ><p style=\"text-align: center;\"><span style=\"font-size: 14pt;\">Lamborghini Huracan Evo Spyder<\/span><\/p>\n<\/div><\/section><\/p>\n<\/div><\/div><div class='flex_cell av-av_cell_one_fifth-9049ca77cd381b8eb45853defb5676d4 av-gridrow-cell av_one_fifth no_margin  avia-builder-el-19  el_after_av_cell_one_fifth  el_before_av_cell_one_fifth '  ><div class='flex_cell_inner'><p>\n<style type=\"text\/css\" data-created_by=\"avia_inline_auto\" id=\"style-css-av-rxag5e-9b21986b968b742418b6731a7461d9e5\">\n.avia-image-container.av-rxag5e-9b21986b968b742418b6731a7461d9e5 img.avia_image{\nbox-shadow:none;\n}\n.avia-image-container.av-rxag5e-9b21986b968b742418b6731a7461d9e5 .av-image-caption-overlay-center{\ncolor:#ffffff;\n}\n<\/style>\n<div  class='avia-image-container av-rxag5e-9b21986b968b742418b6731a7461d9e5 av-styling- avia-align-center  avia-builder-el-20  el_before_av_textblock  avia-builder-el-first '  ><div class=\"avia-image-container-inner\"><div class=\"avia-image-overlay-wrap\"><img decoding=\"async\" fetchpriority=\"high\" class='wp-image-30009 avia-img-lazy-loading-not-30009 avia_image ' src=\"https:\/\/car4rent.fr\/wp-content\/uploads\/Rent-mercedes-g63-180x180.jpg\" alt='Rent a Mercedes G Class in Saint-Tropez, Rent mercedes g63' title='Rent mercedes g63'  height=\"180\" width=\"180\" srcset=\"https:\/\/car4rent.fr\/wp-content\/uploads\/Rent-mercedes-g63-180x180.jpg 180w, https:\/\/car4rent.fr\/wp-content\/uploads\/Rent-mercedes-g63-80x80.jpg 80w, https:\/\/car4rent.fr\/wp-content\/uploads\/Rent-mercedes-g63-36x36.jpg 36w, https:\/\/car4rent.fr\/wp-content\/uploads\/Rent-mercedes-g63-120x120.jpg 120w, https:\/\/car4rent.fr\/wp-content\/uploads\/Rent-mercedes-g63-100x100.jpg 100w\" sizes=\"(max-width: 180px) 100vw, 180px\" \/><\/div><\/div><\/div><br \/>\n<section  class='av_textblock_section av-lxpbsz8v-ff2bdf27e9fc91aa77396e111d24cbcf '  ><div class='avia_textblock' ><p><span style=\"font-size: 14pt;\">Mercedes G63 AMG<\/span><\/p>\n<\/div><\/section><\/p>\n<\/div><\/div><div class='flex_cell av-av_cell_one_fifth-9049ca77cd381b8eb45853defb5676d4 av-gridrow-cell av_one_fifth no_margin  avia-builder-el-22  el_after_av_cell_one_fifth  el_before_av_cell_one_fifth '  ><div class='flex_cell_inner'><p>\n<style type=\"text\/css\" data-created_by=\"avia_inline_auto\" id=\"style-css-av-2akn3m-d857f4a0ae0415679657b650d3520b1a\">\n.avia-image-container.av-2akn3m-d857f4a0ae0415679657b650d3520b1a img.avia_image{\nbox-shadow:none;\n}\n.avia-image-container.av-2akn3m-d857f4a0ae0415679657b650d3520b1a .av-image-caption-overlay-center{\ncolor:#ffffff;\n}\n<\/style>\n<div  class='avia-image-container av-2akn3m-d857f4a0ae0415679657b650d3520b1a av-styling- avia-align-center  avia-builder-el-23  el_before_av_textblock  avia-builder-el-first '  ><div class=\"avia-image-container-inner\"><div class=\"avia-image-overlay-wrap\"><img decoding=\"async\" fetchpriority=\"high\" class='wp-image-30004 avia-img-lazy-loading-not-30004 avia_image ' src=\"https:\/\/car4rent.fr\/wp-content\/uploads\/rent-a-porsche-992-cabriolet-1-180x180.jpeg\" alt='Black Porsche 992 Cabriolet with red leather interior and sleek design.' title='rent a porsche 992 cabriolet'  height=\"180\" width=\"180\" srcset=\"https:\/\/car4rent.fr\/wp-content\/uploads\/rent-a-porsche-992-cabriolet-1-180x180.jpeg 180w, https:\/\/car4rent.fr\/wp-content\/uploads\/rent-a-porsche-992-cabriolet-1-80x80.jpeg 80w, https:\/\/car4rent.fr\/wp-content\/uploads\/rent-a-porsche-992-cabriolet-1-36x36.jpeg 36w, https:\/\/car4rent.fr\/wp-content\/uploads\/rent-a-porsche-992-cabriolet-1-120x120.jpeg 120w, https:\/\/car4rent.fr\/wp-content\/uploads\/rent-a-porsche-992-cabriolet-1-100x100.jpeg 100w\" sizes=\"(max-width: 180px) 100vw, 180px\" \/><\/div><\/div><\/div><br \/>\n<section  class='av_textblock_section av-ksb4b6-18c87db97138c52a6afeb17dcd20bfe7 '  ><div class='avia_textblock' ><p style=\"text-align: center;\"><span style=\"font-size: 14pt;\">Porsche 992 Carrera S Cabrio<\/span><\/p>\n<\/div><\/section><\/p>\n<\/div><\/div><div class='flex_cell av-av_cell_one_fifth-9049ca77cd381b8eb45853defb5676d4 av-gridrow-cell av_one_fifth no_margin  avia-builder-el-25  el_after_av_cell_one_fifth  avia-builder-el-last '  ><div class='flex_cell_inner'><p>\n<style type=\"text\/css\" data-created_by=\"avia_inline_auto\" id=\"style-css-av-gqfx3m-471e022333e3c9dbf3091ceb50eaa102\">\n.avia-image-container.av-gqfx3m-471e022333e3c9dbf3091ceb50eaa102 img.avia_image{\nbox-shadow:none;\n}\n.avia-image-container.av-gqfx3m-471e022333e3c9dbf3091ceb50eaa102 .av-image-caption-overlay-center{\ncolor:#ffffff;\n}\n<\/style>\n<div  class='avia-image-container av-gqfx3m-471e022333e3c9dbf3091ceb50eaa102 av-styling- avia-align-center  avia-builder-el-26  el_before_av_textblock  avia-builder-el-first '  ><div class=\"avia-image-container-inner\"><div class=\"avia-image-overlay-wrap\"><img decoding=\"async\" fetchpriority=\"high\" class='wp-image-30012 avia-img-lazy-loading-not-30012 avia_image ' src=\"https:\/\/car4rent.fr\/wp-content\/uploads\/rent-Ferrari-488-Spider-180x180.jpg\" alt='Rent a stunning red Ferrari 488 Spider sports car.' title='rent Ferrari 488 Spider'  height=\"180\" width=\"180\" srcset=\"https:\/\/car4rent.fr\/wp-content\/uploads\/rent-Ferrari-488-Spider-180x180.jpg 180w, https:\/\/car4rent.fr\/wp-content\/uploads\/rent-Ferrari-488-Spider-80x80.jpg 80w, https:\/\/car4rent.fr\/wp-content\/uploads\/rent-Ferrari-488-Spider-36x36.jpg 36w, https:\/\/car4rent.fr\/wp-content\/uploads\/rent-Ferrari-488-Spider-120x120.jpg 120w, https:\/\/car4rent.fr\/wp-content\/uploads\/rent-Ferrari-488-Spider-100x100.jpg 100w\" sizes=\"(max-width: 180px) 100vw, 180px\" \/><\/div><\/div><\/div><br \/>\n<section  class='av_textblock_section av-fjp7ky-9073e1b9d5c7ce4cf02c45b4d59cd22b '  ><div class='avia_textblock' ><p style=\"text-align: center;\"><span style=\"font-size: 14pt;\">Ferrari 488 Spider<\/span><\/p>\n<\/div><\/section><\/p>\n<\/div><\/div><\/div>\n<style type=\"text\/css\" data-created_by=\"avia_inline_auto\" id=\"style-css-av-745536-6b45cb0223af61edd2d186c65c10505f\">\n.avia-section.av-745536-6b45cb0223af61edd2d186c65c10505f{\nbackground-color:#ffffff;\nbackground-image:unset;\n}\n<\/style>\n<div id='av_section_3'  class='avia-section av-745536-6b45cb0223af61edd2d186c65c10505f main_color avia-section-default avia-no-border-styling  avia-builder-el-28  el_after_av_layout_row  el_before_av_sidebar  avia-bg-style-scroll container_wrap fullsize'  ><div class='container av-section-cont-open' ><div class='template-page content  av-content-full alpha units'><div class='post-entry post-entry-type-page post-entry-30199'><div class='entry-content-wrapper clearfix'>\n\n<style type=\"text\/css\" data-created_by=\"avia_inline_auto\" id=\"style-css-av-l7kfbp9x-6779475f3e8c29b9575e2f35eea552e3\">\n#top .av-special-heading.av-l7kfbp9x-6779475f3e8c29b9575e2f35eea552e3{\npadding-bottom:10px;\ncolor:#0a0a0a;\nfont-size:30px;\n}\nbody .av-special-heading.av-l7kfbp9x-6779475f3e8c29b9575e2f35eea552e3 .av-special-heading-tag .heading-char{\nfont-size:25px;\n}\n#top #wrap_all .av-special-heading.av-l7kfbp9x-6779475f3e8c29b9575e2f35eea552e3 .av-special-heading-tag{\nfont-size:30px;\n}\n.av-special-heading.av-l7kfbp9x-6779475f3e8c29b9575e2f35eea552e3 .special-heading-inner-border{\nborder-color:#0a0a0a;\n}\n.av-special-heading.av-l7kfbp9x-6779475f3e8c29b9575e2f35eea552e3 .av-subheading{\nfont-size:15px;\n}\n\n@media only screen and (min-width: 480px) and (max-width: 767px){ \n#top #wrap_all .av-special-heading.av-l7kfbp9x-6779475f3e8c29b9575e2f35eea552e3 .av-special-heading-tag{\nfont-size:0.8em;\n}\n}\n\n@media only screen and (max-width: 479px){ \n#top #wrap_all .av-special-heading.av-l7kfbp9x-6779475f3e8c29b9575e2f35eea552e3 .av-special-heading-tag{\nfont-size:0.8em;\n}\n}\n<\/style>\n<div  class='av-special-heading av-l7kfbp9x-6779475f3e8c29b9575e2f35eea552e3 av-special-heading-h3 custom-color-heading blockquote modern-quote modern-centered  avia-builder-el-29  el_before_av_codeblock  avia-builder-el-first  av-inherit-size av-linked-heading'><h3 class='av-special-heading-tag '  >Int\u00e9ress\u00e9 par un Test Drive Supercar sur routes ouvertes ?<\/h3><div class=\"special-heading-border\"><div class=\"special-heading-inner-border\"><\/div><\/div><\/div>\n\n<\/div><\/div><\/div><!-- close content main div --><\/div><\/div><div id='after_section_3'  class='main_color av_default_container_wrap container_wrap fullsize'  ><div class='container av-section-cont-open' ><div class='template-page content  av-content-full alpha units'><div class='post-entry post-entry-type-page post-entry-30199'><div class='entry-content-wrapper clearfix'><\/p>\n<div  class='avia-builder-widget-area clearfix  avia-builder-el-31  el_after_av_section  avia-builder-el-no-sibling '><div id=\"text-9\" class=\"widget clearfix widget_text\">\t\t\t<div class=\"textwidget\"><p style=\"text-align: center;\">    <div class=\"car4rent-share-block car4rent-fr\">\n        <a href=\"https:\/\/www.facebook.com\/sharer\/sharer.php?u=\" target=\"_blank\" rel=\"noopener\"><i class=\"fa-brands fa-facebook\"><\/i> Partager<\/a>\n        <a href=\"https:\/\/x.com\/intent\/tweet?url=&amp;text=\" target=\"_blank\" rel=\"noopener\"><i class=\"fa-brands fa-x-twitter\"><\/i> X<\/a>\n        <a href=\"https:\/\/wa.me\/?text=%20\" target=\"_blank\" rel=\"noopener\"><i class=\"fa-brands fa-whatsapp\"><\/i> WhatsApp<\/a>\n        <a href=\"https:\/\/www.instagram.com\/car4rent_cannes\/\" target=\"_blank\" rel=\"noopener\"><i class=\"fa-brands fa-instagram\"><\/i> Instagram<\/a>\n        <a href=\"https:\/\/www.linkedin.com\/company\/car4rent\/about\/\" target=\"_blank\" rel=\"noopener\"><i class=\"fa-brands fa-linkedin\"><\/i> LinkedIn<\/a>\n        <a href=\"https:\/\/www.youtube.com\/@car4rentcannes839\" target=\"_blank\" rel=\"noopener\"><i class=\"fa-brands fa-youtube\"><\/i> YouTube<\/a>\n    <\/div>\n    <\/p>\n<\/div>\n\t\t<\/div><\/div>\n","protected":false},"excerpt":{"rendered":"","protected":false},"author":3,"featured_media":30041,"parent":0,"menu_order":990,"comment_status":"closed","ping_status":"closed","template":"","meta":{"_acf_changed":false,"footnotes":""},"class_list":["post-30199","page","type-page","status-publish","has-post-thumbnail","hentry"],"acf":[],"_links":{"self":[{"href":"https:\/\/car4rent.fr\/fr\/wp-json\/wp\/v2\/pages\/30199","targetHints":{"allow":["GET"]}}],"collection":[{"href":"https:\/\/car4rent.fr\/fr\/wp-json\/wp\/v2\/pages"}],"about":[{"href":"https:\/\/car4rent.fr\/fr\/wp-json\/wp\/v2\/types\/page"}],"author":[{"embeddable":true,"href":"https:\/\/car4rent.fr\/fr\/wp-json\/wp\/v2\/users\/3"}],"replies":[{"embeddable":true,"href":"https:\/\/car4rent.fr\/fr\/wp-json\/wp\/v2\/comments?post=30199"}],"version-history":[{"count":0,"href":"https:\/\/car4rent.fr\/fr\/wp-json\/wp\/v2\/pages\/30199\/revisions"}],"wp:featuredmedia":[{"embeddable":true,"href":"https:\/\/car4rent.fr\/fr\/wp-json\/wp\/v2\/media\/30041"}],"wp:attachment":[{"href":"https:\/\/car4rent.fr\/fr\/wp-json\/wp\/v2\/media?parent=30199"}],"curies":[{"name":"wp","href":"https:\/\/api.w.org\/{rel}","templated":true}]}}